{"id":5363,"date":"2025-01-23T22:08:42","date_gmt":"2025-01-23T21:08:42","guid":{"rendered":"https:\/\/sites.uclouvain.be\/narramuse\/?page_id=5363"},"modified":"2025-04-13T22:40:49","modified_gmt":"2025-04-13T20:40:49","slug":"actualites","status":"publish","type":"page","link":"https:\/\/sites.uclouvain.be\/narramuse\/actualites\/","title":{"rendered":"Actualit\u00e9s"},"content":{"rendered":"\n<div class=\"wp-block-group is-content-justification-center is-nowrap is-layout-flex wp-container-core-group-is-layout-f56f9fcf wp-block-group-is-layout-flex\"><nav class=\"is-responsive wp-block-navigation is-layout-flex wp-block-navigation-is-layout-flex\" aria-label=\"Primary\" \n\t\t data-wp-interactive=\"core\/navigation\" data-wp-context='{\"overlayOpenedBy\":{\"click\":false,\"hover\":false,\"focus\":false},\"type\":\"overlay\",\"roleAttribute\":\"\",\"ariaLabel\":\"Menu\"}'><button aria-haspopup=\"dialog\" aria-label=\"Ouvrir le menu\" class=\"wp-block-navigation__responsive-container-open\" \n\t\t\t\tdata-wp-on--click=\"actions.openMenuOnClick\"\n\t\t\t\tdata-wp-on--keydown=\"actions.handleMenuKeydown\"\n\t\t\t><svg width=\"24\" height=\"24\" xmlns=\"http:\/\/www.w3.org\/2000\/svg\" viewBox=\"0 0 24 24\" aria-hidden=\"true\" focusable=\"false\"><path d=\"M4 7.5h16v1.5H4z\"><\/path><path d=\"M4 15h16v1.5H4z\"><\/path><\/svg><\/button>\n\t\t\t\t<div class=\"wp-block-navigation__responsive-container\"  id=\"modal-1\" \n\t\t\t\tdata-wp-class--has-modal-open=\"state.isMenuOpen\"\n\t\t\t\tdata-wp-class--is-menu-open=\"state.isMenuOpen\"\n\t\t\t\tdata-wp-watch=\"callbacks.initMenu\"\n\t\t\t\tdata-wp-on--keydown=\"actions.handleMenuKeydown\"\n\t\t\t\tdata-wp-on--focusout=\"actions.handleMenuFocusout\"\n\t\t\t\ttabindex=\"-1\"\n\t\t\t>\n\t\t\t\t\t<div class=\"wp-block-navigation__responsive-close\" tabindex=\"-1\">\n\t\t\t\t\t\t<div class=\"wp-block-navigation__responsive-dialog\" \n\t\t\t\tdata-wp-bind--aria-modal=\"state.ariaModal\"\n\t\t\t\tdata-wp-bind--aria-label=\"state.ariaLabel\"\n\t\t\t\tdata-wp-bind--role=\"state.roleAttribute\"\n\t\t\t>\n\t\t\t\t\t\t\t<button aria-label=\"Fermer le menu\" class=\"wp-block-navigation__responsive-container-close\" \n\t\t\t\tdata-wp-on--click=\"actions.closeMenuOnClick\"\n\t\t\t><svg xmlns=\"http:\/\/www.w3.org\/2000\/svg\" viewBox=\"0 0 24 24\" width=\"24\" height=\"24\" aria-hidden=\"true\" focusable=\"false\"><path d=\"m13.06 12 6.47-6.47-1.06-1.06L12 10.94 5.53 4.47 4.47 5.53 10.94 12l-6.47 6.47 1.06 1.06L12 13.06l6.47 6.47 1.06-1.06L13.06 12Z\"><\/path><\/svg><\/button>\n\t\t\t\t\t\t\t<div class=\"wp-block-navigation__responsive-container-content\" \n\t\t\t\tdata-wp-watch=\"callbacks.focusFirstElement\"\n\t\t\t id=\"modal-1-content\">\n\t\t\t\t\t\t\t\t<ul class=\"wp-block-navigation__container is-responsive wp-block-navigation\"><li data-wp-context=\"{ &quot;submenuOpenedBy&quot;: { &quot;click&quot;: false, &quot;hover&quot;: false, &quot;focus&quot;: false }, &quot;type&quot;: &quot;submenu&quot;, &quot;modal&quot;: null, &quot;previousFocus&quot;: null }\" data-wp-interactive=\"core\/navigation\" data-wp-on--focusout=\"actions.handleMenuFocusout\" data-wp-on--keydown=\"actions.handleMenuKeydown\" data-wp-on--pointerenter=\"actions.openMenuOnHover\" data-wp-on--pointerleave=\"actions.closeMenuOnHover\" data-wp-watch=\"callbacks.initMenu\" tabindex=\"-1\" class=\"wp-block-navigation-item has-child open-on-hover-click wp-block-navigation-submenu\"><a class=\"wp-block-navigation-item__content\" href=\"https:\/\/sites.uclouvain.be\/narramuse\/objectifs\/\"><span class=\"wp-block-navigation-item__label\">Recherches<\/span><\/a><button data-wp-bind--aria-expanded=\"state.isSubmenuOpen\" data-wp-on--click=\"actions.toggleMenuOnClick\" aria-label=\"Sous-menu Recherches\" class=\"wp-block-navigation__submenu-icon wp-block-navigation-submenu__toggle\" ><svg xmlns=\"http:\/\/www.w3.org\/2000\/svg\" width=\"12\" height=\"12\" viewBox=\"0 0 12 12\" fill=\"none\" aria-hidden=\"true\" focusable=\"false\"><path d=\"M1.50002 4L6.00002 8L10.5 4\" stroke-width=\"1.5\"><\/path><\/svg><\/button><ul data-wp-on--focus=\"actions.openMenuOnFocus\" class=\"wp-block-navigation__submenu-container wp-block-navigation-submenu\"><li class=\"wp-block-navigation-item wp-block-navigation-link\"><a class=\"wp-block-navigation-item__content\"  href=\"https:\/\/sites.uclouvain.be\/narramuse\/objet-recherche\/\"><span class=\"wp-block-navigation-item__label\">Objet<\/span><\/a><\/li><li class=\"wp-block-navigation-item wp-block-navigation-link\"><a class=\"wp-block-navigation-item__content\"  href=\"https:\/\/sites.uclouvain.be\/narramuse\/programme-recherche\/\"><span class=\"wp-block-navigation-item__label\">Programme<\/span><\/a><\/li><li class=\"wp-block-navigation-item wp-block-navigation-link\"><a class=\"wp-block-navigation-item__content\"  href=\"https:\/\/sites.uclouvain.be\/narramuse\/objectifs\/\"><span class=\"wp-block-navigation-item__label\">Th\u00e8ses<\/span><\/a><\/li><\/ul><\/li><li class=\"wp-block-navigation-item wp-block-navigation-link\"><a class=\"wp-block-navigation-item__content\"  href=\"https:\/\/sites.uclouvain.be\/narramuse\/membres\/\"><span class=\"wp-block-navigation-item__label\">Membres<\/span><\/a><\/li><li data-wp-context=\"{ &quot;submenuOpenedBy&quot;: { &quot;click&quot;: false, &quot;hover&quot;: false, &quot;focus&quot;: false }, &quot;type&quot;: &quot;submenu&quot;, &quot;modal&quot;: null, &quot;previousFocus&quot;: null }\" data-wp-interactive=\"core\/navigation\" data-wp-on--focusout=\"actions.handleMenuFocusout\" data-wp-on--keydown=\"actions.handleMenuKeydown\" data-wp-on--pointerenter=\"actions.openMenuOnHover\" data-wp-on--pointerleave=\"actions.closeMenuOnHover\" data-wp-watch=\"callbacks.initMenu\" tabindex=\"-1\" class=\"wp-block-navigation-item has-child open-on-hover-click wp-block-navigation-submenu\"><a class=\"wp-block-navigation-item__content\" href=\"https:\/\/sites.uclouvain.be\/narramuse\/annonces\/\"><span class=\"wp-block-navigation-item__label\">\u00c9v\u00e9nements<\/span><\/a><button data-wp-bind--aria-expanded=\"state.isSubmenuOpen\" data-wp-on--click=\"actions.toggleMenuOnClick\" aria-label=\"Sous-menu \u00c9v\u00e9nements\" class=\"wp-block-navigation__submenu-icon wp-block-navigation-submenu__toggle\" ><svg xmlns=\"http:\/\/www.w3.org\/2000\/svg\" width=\"12\" height=\"12\" viewBox=\"0 0 12 12\" fill=\"none\" aria-hidden=\"true\" focusable=\"false\"><path d=\"M1.50002 4L6.00002 8L10.5 4\" stroke-width=\"1.5\"><\/path><\/svg><\/button><ul data-wp-on--focus=\"actions.openMenuOnFocus\" class=\"wp-block-navigation__submenu-container wp-block-navigation-submenu\"><li class=\"wp-block-navigation-item wp-block-navigation-link\"><a class=\"wp-block-navigation-item__content\"  href=\"https:\/\/sites.uclouvain.be\/narramuse\/annonces\/\"><span class=\"wp-block-navigation-item__label\">\u00c9v\u00e9nements \u00e0 venir<\/span><\/a><\/li><li class=\"wp-block-navigation-item wp-block-navigation-link\"><a class=\"wp-block-navigation-item__content\"  href=\"https:\/\/sites.uclouvain.be\/narramuse\/evenements-passes-2\/\"><span class=\"wp-block-navigation-item__label\">\u00c9v\u00e9nements pass\u00e9s<\/span><\/a><\/li><li class=\"wp-block-navigation-item wp-block-navigation-link\"><a class=\"wp-block-navigation-item__content\"  href=\"https:\/\/sites.uclouvain.be\/narramuse\/colloque-international\/\"><span class=\"wp-block-navigation-item__label\">Colloque international NarraMuse<\/span><\/a><\/li><\/ul><\/li><li class=\"wp-block-navigation-item wp-block-navigation-link\"><a class=\"wp-block-navigation-item__content\"  href=\"https:\/\/sites.uclouvain.be\/narramuse\/actualites\/\"><span class=\"wp-block-navigation-item__label\">Actualit\u00e9s<\/span><\/a><\/li><li data-wp-context=\"{ &quot;submenuOpenedBy&quot;: { &quot;click&quot;: false, &quot;hover&quot;: false, &quot;focus&quot;: false }, &quot;type&quot;: &quot;submenu&quot;, &quot;modal&quot;: null, &quot;previousFocus&quot;: null }\" data-wp-interactive=\"core\/navigation\" data-wp-on--focusout=\"actions.handleMenuFocusout\" data-wp-on--keydown=\"actions.handleMenuKeydown\" data-wp-on--pointerenter=\"actions.openMenuOnHover\" data-wp-on--pointerleave=\"actions.closeMenuOnHover\" data-wp-watch=\"callbacks.initMenu\" tabindex=\"-1\" class=\"wp-block-navigation-item has-child open-on-hover-click wp-block-navigation-submenu\"><a class=\"wp-block-navigation-item__content\" href=\"https:\/\/sites.uclouvain.be\/narramuse\/projet\/\"><span class=\"wp-block-navigation-item__label\">Biblioth\u00e8que<\/span><\/a><button data-wp-bind--aria-expanded=\"state.isSubmenuOpen\" data-wp-on--click=\"actions.toggleMenuOnClick\" aria-label=\"Sous-menu Biblioth\u00e8que\" class=\"wp-block-navigation__submenu-icon wp-block-navigation-submenu__toggle\" ><svg xmlns=\"http:\/\/www.w3.org\/2000\/svg\" width=\"12\" height=\"12\" viewBox=\"0 0 12 12\" fill=\"none\" aria-hidden=\"true\" focusable=\"false\"><path d=\"M1.50002 4L6.00002 8L10.5 4\" stroke-width=\"1.5\"><\/path><\/svg><\/button><ul data-wp-on--focus=\"actions.openMenuOnFocus\" class=\"wp-block-navigation__submenu-container wp-block-navigation-submenu\"><li class=\"wp-block-navigation-item wp-block-navigation-link\"><a class=\"wp-block-navigation-item__content\"  href=\"https:\/\/sites.uclouvain.be\/narramuse\/projet\/\"><span class=\"wp-block-navigation-item__label\">Projet<\/span><\/a><\/li><li class=\"wp-block-navigation-item wp-block-navigation-link\"><a class=\"wp-block-navigation-item__content\"  href=\"https:\/\/sites.uclouvain.be\/narramuse\/par-auteur\/\"><span class=\"wp-block-navigation-item__label\">Par auteur<\/span><\/a><\/li><li class=\"wp-block-navigation-item wp-block-navigation-link\"><a class=\"wp-block-navigation-item__content\"  href=\"https:\/\/sites.uclouvain.be\/narramuse\/par-mot-cle\/\"><span class=\"wp-block-navigation-item__label\">Par mot-cl\u00e9<\/span><\/a><\/li><\/ul><\/li><li class=\"wp-block-navigation-item wp-block-navigation-link\"><a class=\"wp-block-navigation-item__content\"  href=\"https:\/\/sites.uclouvain.be\/narramuse\/contact\/\"><span class=\"wp-block-navigation-item__label\">Contact<\/span><\/a><\/li><\/ul>\n\t\t\t\t\t\t\t\t\n\t\t\t\t\t\t\t<\/div>\n\t\t\t\t\t\t<\/div>\n\t\t\t\t\t<\/div>\n\t\t\t\t<\/div><\/nav>\n\n<div class=\"widget widget_polylang\"><label class=\"screen-reader-text\" for=\"lang_choice_polylang--1\">Choisir une langue<\/label><select name=\"lang_choice_polylang--1\" id=\"lang_choice_polylang--1\" class=\"pll-switcher-select\">\n\t<option value=\"https:\/\/sites.uclouvain.be\/narramuse\/actualites\/\" lang=\"fr-FR\" selected='selected' data-lang=\"{&quot;id&quot;:0,&quot;name&quot;:&quot;Fran\\u00e7ais&quot;,&quot;slug&quot;:&quot;fr&quot;,&quot;dir&quot;:0}\">Fran\u00e7ais<\/option>\n\t<option value=\"https:\/\/sites.uclouvain.be\/narramuse\/en\/accueil-anglais\/\" lang=\"en-US\" data-lang=\"{&quot;id&quot;:0,&quot;name&quot;:&quot;English&quot;,&quot;slug&quot;:&quot;en&quot;,&quot;dir&quot;:0}\">English<\/option>\n\t<option value=\"https:\/\/sites.uclouvain.be\/narramuse\/de\/accueil-allemand\/\" lang=\"de-DE\" data-lang=\"{&quot;id&quot;:0,&quot;name&quot;:&quot;Deutsch&quot;,&quot;slug&quot;:&quot;de&quot;,&quot;dir&quot;:0}\">Deutsch<\/option>\n\t<option value=\"https:\/\/sites.uclouvain.be\/narramuse\/it\/accueil-italien\/\" lang=\"it-IT\" data-lang=\"{&quot;id&quot;:0,&quot;name&quot;:&quot;Italiano&quot;,&quot;slug&quot;:&quot;it&quot;,&quot;dir&quot;:0}\">Italiano<\/option>\n\n<\/select>\n<script>\n\t\t\t\t\tdocument.getElementById( \"lang_choice_polylang--1\" ).addEventListener( \"change\", function ( event ) { location.href = event.currentTarget.value; } )\n\t\t\t\t<\/script><\/div><\/div>\n\n\n\n<p class=\"wp-block-paragraph\"><\/p>\n\n\n\n<h2 class=\"wp-block-heading\">News<\/h2>\n\n\n\n<div class=\"wp-block-query is-layout-flow wp-block-query-is-layout-flow\"><ul class=\"wp-block-post-template is-layout-flow wp-block-post-template-is-layout-flow\"><li class=\"wp-block-post post-19003 post type-post status-publish format-standard has-post-thumbnail hentry category-non-classe-fr\">\n\n<div class=\"wp-block-columns are-vertically-aligned-center is-layout-flex wp-container-core-columns-is-layout-7387b849 wp-block-columns-is-layout-flex\">\n<div class=\"wp-block-column is-vertically-aligned-center is-layout-flow wp-block-column-is-layout-flow\" style=\"flex-basis:25%\"><figure class=\"wp-block-post-featured-image\"><a href=\"https:\/\/sites.uclouvain.be\/narramuse\/publication-nouvel-article-3\/\" target=\"_self\" ><img loading=\"lazy\" decoding=\"async\" width=\"631\" height=\"396\" src=\"https:\/\/sites.uclouvain.be\/narramuse\/wp-content\/uploads\/2024\/01\/Publi.jpeg\" class=\"attachment-post-thumbnail size-post-thumbnail wp-post-image\" alt=\"Publication d\u2019un nouvel article\" style=\"object-fit:cover;\" srcset=\"https:\/\/sites.uclouvain.be\/narramuse\/wp-content\/uploads\/2024\/01\/Publi.jpeg 631w, https:\/\/sites.uclouvain.be\/narramuse\/wp-content\/uploads\/2024\/01\/Publi-300x188.jpeg 300w\" sizes=\"auto, (max-width: 631px) 100vw, 631px\" \/><\/a><\/figure><\/div>\n\n\n\n<div class=\"wp-block-column is-vertically-aligned-center is-layout-flow wp-block-column-is-layout-flow\" style=\"flex-basis:75%\"><h2 class=\"wp-block-post-title has-normal-font-size\"><a href=\"https:\/\/sites.uclouvain.be\/narramuse\/publication-nouvel-article-3\/\" target=\"_self\" >Publication d\u2019un nouvel article<\/a><\/h2><\/div>\n<\/div>\n\n<\/li><li class=\"wp-block-post post-18253 post type-post status-publish format-standard has-post-thumbnail hentry category-non-classe-fr\">\n\n<div class=\"wp-block-columns are-vertically-aligned-center is-layout-flex wp-container-core-columns-is-layout-7387b849 wp-block-columns-is-layout-flex\">\n<div class=\"wp-block-column is-vertically-aligned-center is-layout-flow wp-block-column-is-layout-flow\" style=\"flex-basis:25%\"><figure class=\"wp-block-post-featured-image\"><a href=\"https:\/\/sites.uclouvain.be\/narramuse\/le-voci-postmigranti-del-rap-italiano-a-leuven\/\" target=\"_self\" ><img loading=\"lazy\" decoding=\"async\" width=\"1920\" height=\"1080\" src=\"https:\/\/sites.uclouvain.be\/narramuse\/wp-content\/uploads\/2025\/12\/Le-voci-postmigranti-del-rap-italiano.png\" class=\"attachment-post-thumbnail size-post-thumbnail wp-post-image\" alt=\"Conf\u00e9rence invit\u00e9e \u00ab\u00a0Le voci postmigranti del rap italiano\u00a0\u00bb \u00e0 Leuven\" style=\"object-fit:cover;\" srcset=\"https:\/\/sites.uclouvain.be\/narramuse\/wp-content\/uploads\/2025\/12\/Le-voci-postmigranti-del-rap-italiano.png 1920w, https:\/\/sites.uclouvain.be\/narramuse\/wp-content\/uploads\/2025\/12\/Le-voci-postmigranti-del-rap-italiano-300x169.png 300w, https:\/\/sites.uclouvain.be\/narramuse\/wp-content\/uploads\/2025\/12\/Le-voci-postmigranti-del-rap-italiano-1024x576.png 1024w, https:\/\/sites.uclouvain.be\/narramuse\/wp-content\/uploads\/2025\/12\/Le-voci-postmigranti-del-rap-italiano-768x432.png 768w, https:\/\/sites.uclouvain.be\/narramuse\/wp-content\/uploads\/2025\/12\/Le-voci-postmigranti-del-rap-italiano-1536x864.png 1536w\" sizes=\"auto, (max-width: 1920px) 100vw, 1920px\" \/><\/a><\/figure><\/div>\n\n\n\n<div class=\"wp-block-column is-vertically-aligned-center is-layout-flow wp-block-column-is-layout-flow\" style=\"flex-basis:75%\"><h2 class=\"wp-block-post-title has-normal-font-size\"><a href=\"https:\/\/sites.uclouvain.be\/narramuse\/le-voci-postmigranti-del-rap-italiano-a-leuven\/\" target=\"_self\" >Conf\u00e9rence invit\u00e9e \u00ab\u00a0Le voci postmigranti del rap italiano\u00a0\u00bb \u00e0 Leuven<\/a><\/h2><\/div>\n<\/div>\n\n<\/li><li class=\"wp-block-post post-18293 post type-post status-publish format-standard has-post-thumbnail hentry category-non-classe-fr\">\n\n<div class=\"wp-block-columns are-vertically-aligned-center is-layout-flex wp-container-core-columns-is-layout-7387b849 wp-block-columns-is-layout-flex\">\n<div class=\"wp-block-column is-vertically-aligned-center is-layout-flow wp-block-column-is-layout-flow\" style=\"flex-basis:25%\"><figure class=\"wp-block-post-featured-image\"><a href=\"https:\/\/sites.uclouvain.be\/narramuse\/cours-invite-forme-e-temi-del-rap-postmigrante-in-italia-a-ku-leuven\/\" target=\"_self\" ><img loading=\"lazy\" decoding=\"async\" width=\"866\" height=\"650\" src=\"https:\/\/sites.uclouvain.be\/narramuse\/wp-content\/uploads\/2025\/12\/ku-leuven-logo.webp\" class=\"attachment-post-thumbnail size-post-thumbnail wp-post-image\" alt=\"Cours invit\u00e9 \u00ab\u00a0Forme e temi del rap postmigrante in Italia\u00a0\u00bb \u00e0 KU Leuven\" style=\"object-fit:cover;\" srcset=\"https:\/\/sites.uclouvain.be\/narramuse\/wp-content\/uploads\/2025\/12\/ku-leuven-logo.webp 866w, https:\/\/sites.uclouvain.be\/narramuse\/wp-content\/uploads\/2025\/12\/ku-leuven-logo-300x225.webp 300w, https:\/\/sites.uclouvain.be\/narramuse\/wp-content\/uploads\/2025\/12\/ku-leuven-logo-768x576.webp 768w\" sizes=\"auto, (max-width: 866px) 100vw, 866px\" \/><\/a><\/figure><\/div>\n\n\n\n<div class=\"wp-block-column is-vertically-aligned-center is-layout-flow wp-block-column-is-layout-flow\" style=\"flex-basis:75%\"><h2 class=\"wp-block-post-title has-normal-font-size\"><a href=\"https:\/\/sites.uclouvain.be\/narramuse\/cours-invite-forme-e-temi-del-rap-postmigrante-in-italia-a-ku-leuven\/\" target=\"_self\" >Cours invit\u00e9 \u00ab\u00a0Forme e temi del rap postmigrante in Italia\u00a0\u00bb \u00e0 KU Leuven<\/a><\/h2><\/div>\n<\/div>\n\n<\/li><li class=\"wp-block-post post-17923 post type-post status-publish format-standard has-post-thumbnail hentry category-non-classe-fr\">\n\n<div class=\"wp-block-columns are-vertically-aligned-center is-layout-flex wp-container-core-columns-is-layout-7387b849 wp-block-columns-is-layout-flex\">\n<div class=\"wp-block-column is-vertically-aligned-center is-layout-flow wp-block-column-is-layout-flow\" style=\"flex-basis:25%\"><figure class=\"wp-block-post-featured-image\"><a href=\"https:\/\/sites.uclouvain.be\/narramuse\/publication-du-numero-postmigration\/\" target=\"_self\" ><img loading=\"lazy\" decoding=\"async\" width=\"306\" height=\"235\" src=\"https:\/\/sites.uclouvain.be\/narramuse\/wp-content\/uploads\/2025\/12\/9782875865359-small480-e1764849239386.jpeg\" class=\"attachment-post-thumbnail size-post-thumbnail wp-post-image\" alt=\"Publication du num\u00e9ro \u00ab\u00a0Postmigration\u00a0\u00bb\" style=\"object-fit:cover;\" srcset=\"https:\/\/sites.uclouvain.be\/narramuse\/wp-content\/uploads\/2025\/12\/9782875865359-small480-e1764849239386.jpeg 306w, https:\/\/sites.uclouvain.be\/narramuse\/wp-content\/uploads\/2025\/12\/9782875865359-small480-e1764849239386-300x230.jpeg 300w\" sizes=\"auto, (max-width: 306px) 100vw, 306px\" \/><\/a><\/figure><\/div>\n\n\n\n<div class=\"wp-block-column is-vertically-aligned-center is-layout-flow wp-block-column-is-layout-flow\" style=\"flex-basis:75%\"><h2 class=\"wp-block-post-title has-normal-font-size\"><a href=\"https:\/\/sites.uclouvain.be\/narramuse\/publication-du-numero-postmigration\/\" target=\"_self\" >Publication du num\u00e9ro \u00ab\u00a0Postmigration\u00a0\u00bb<\/a><\/h2><\/div>\n<\/div>\n\n<\/li><li class=\"wp-block-post post-17993 post type-post status-publish format-standard has-post-thumbnail hentry category-non-classe-fr\">\n\n<div class=\"wp-block-columns are-vertically-aligned-center is-layout-flex wp-container-core-columns-is-layout-7387b849 wp-block-columns-is-layout-flex\">\n<div class=\"wp-block-column is-vertically-aligned-center is-layout-flow wp-block-column-is-layout-flow\" style=\"flex-basis:25%\"><figure class=\"wp-block-post-featured-image\"><a href=\"https:\/\/sites.uclouvain.be\/narramuse\/participation-au-colloque-des-vecus-aux-recits-de-la-postmigration-reinventer-la-narration-de-soi-et-du-monde-dans-les-societes-europeennes-pluralistes\/\" target=\"_self\" ><img loading=\"lazy\" decoding=\"async\" width=\"1401\" height=\"920\" src=\"https:\/\/sites.uclouvain.be\/narramuse\/wp-content\/uploads\/2025\/12\/Affiche_colloque-2.jpg\" class=\"attachment-post-thumbnail size-post-thumbnail wp-post-image\" alt=\"Participation au colloque \u00ab\u00a0Des v\u00e9cus aux r\u00e9cits de la postmigration: r\u00e9inventer la narration de soi et du monde dans les soci\u00e9t\u00e9s europ\u00e9ennes pluralistes\u00a0\u00bb\" style=\"object-fit:cover;\" srcset=\"https:\/\/sites.uclouvain.be\/narramuse\/wp-content\/uploads\/2025\/12\/Affiche_colloque-2.jpg 1401w, https:\/\/sites.uclouvain.be\/narramuse\/wp-content\/uploads\/2025\/12\/Affiche_colloque-2-300x197.jpg 300w, https:\/\/sites.uclouvain.be\/narramuse\/wp-content\/uploads\/2025\/12\/Affiche_colloque-2-1024x672.jpg 1024w, https:\/\/sites.uclouvain.be\/narramuse\/wp-content\/uploads\/2025\/12\/Affiche_colloque-2-768x504.jpg 768w\" sizes=\"auto, (max-width: 1401px) 100vw, 1401px\" \/><\/a><\/figure><\/div>\n\n\n\n<div class=\"wp-block-column is-vertically-aligned-center is-layout-flow wp-block-column-is-layout-flow\" style=\"flex-basis:75%\"><h2 class=\"wp-block-post-title has-normal-font-size\"><a href=\"https:\/\/sites.uclouvain.be\/narramuse\/participation-au-colloque-des-vecus-aux-recits-de-la-postmigration-reinventer-la-narration-de-soi-et-du-monde-dans-les-societes-europeennes-pluralistes\/\" target=\"_self\" >Participation au colloque \u00ab\u00a0Des v\u00e9cus aux r\u00e9cits de la postmigration: r\u00e9inventer la narration de soi et du monde dans les soci\u00e9t\u00e9s europ\u00e9ennes pluralistes\u00a0\u00bb<\/a><\/h2><\/div>\n<\/div>\n\n<\/li><li class=\"wp-block-post post-18023 post type-post status-publish format-standard has-post-thumbnail hentry category-non-classe-fr\">\n\n<div class=\"wp-block-columns are-vertically-aligned-center is-layout-flex wp-container-core-columns-is-layout-7387b849 wp-block-columns-is-layout-flex\">\n<div class=\"wp-block-column is-vertically-aligned-center is-layout-flow wp-block-column-is-layout-flow\" style=\"flex-basis:25%\"><figure class=\"wp-block-post-featured-image\"><a href=\"https:\/\/sites.uclouvain.be\/narramuse\/rencontre-et-entretien-avec-magyd-cherfi\/\" target=\"_self\" ><img loading=\"lazy\" decoding=\"async\" width=\"1422\" height=\"768\" src=\"https:\/\/sites.uclouvain.be\/narramuse\/wp-content\/uploads\/2025\/12\/Cherfi-Serena.jpg\" class=\"attachment-post-thumbnail size-post-thumbnail wp-post-image\" alt=\"Rencontre et entretien avec Magyd Cherfi\" style=\"object-fit:cover;\" srcset=\"https:\/\/sites.uclouvain.be\/narramuse\/wp-content\/uploads\/2025\/12\/Cherfi-Serena.jpg 1422w, https:\/\/sites.uclouvain.be\/narramuse\/wp-content\/uploads\/2025\/12\/Cherfi-Serena-300x162.jpg 300w, https:\/\/sites.uclouvain.be\/narramuse\/wp-content\/uploads\/2025\/12\/Cherfi-Serena-1024x553.jpg 1024w, https:\/\/sites.uclouvain.be\/narramuse\/wp-content\/uploads\/2025\/12\/Cherfi-Serena-768x415.jpg 768w\" sizes=\"auto, (max-width: 1422px) 100vw, 1422px\" \/><\/a><\/figure><\/div>\n\n\n\n<div class=\"wp-block-column is-vertically-aligned-center is-layout-flow wp-block-column-is-layout-flow\" style=\"flex-basis:75%\"><h2 class=\"wp-block-post-title has-normal-font-size\"><a href=\"https:\/\/sites.uclouvain.be\/narramuse\/rencontre-et-entretien-avec-magyd-cherfi\/\" target=\"_self\" >Rencontre et entretien avec Magyd Cherfi<\/a><\/h2><\/div>\n<\/div>\n\n<\/li><li class=\"wp-block-post post-18143 post type-post status-publish format-standard has-post-thumbnail hentry category-non-classe-fr\">\n\n<div class=\"wp-block-columns are-vertically-aligned-center is-layout-flex wp-container-core-columns-is-layout-7387b849 wp-block-columns-is-layout-flex\">\n<div class=\"wp-block-column is-vertically-aligned-center is-layout-flow wp-block-column-is-layout-flow\" style=\"flex-basis:25%\"><figure class=\"wp-block-post-featured-image\"><a href=\"https:\/\/sites.uclouvain.be\/narramuse\/presentation-au-seminaire-biographie-und-subjekt-in-der-postmigrationsgesellschaft-allianzen-und-bundnisse\/\" target=\"_self\" ><img loading=\"lazy\" decoding=\"async\" width=\"2560\" height=\"1280\" src=\"https:\/\/sites.uclouvain.be\/narramuse\/wp-content\/uploads\/2025\/12\/Hauptgebaude_der_Universitat_Innsbruck-e1765885877687.jpeg\" class=\"attachment-post-thumbnail size-post-thumbnail wp-post-image\" alt=\"Pr\u00e9sentation au s\u00e9minaire \u00ab\u00a0Biographie und Subjekt in der (Post)Migrationsgesellschaft: Allianzen und B\u00fcndnisse\u00a0\u00bb\u00a0\" style=\"object-fit:cover;\" srcset=\"https:\/\/sites.uclouvain.be\/narramuse\/wp-content\/uploads\/2025\/12\/Hauptgebaude_der_Universitat_Innsbruck-e1765885877687.jpeg 2560w, https:\/\/sites.uclouvain.be\/narramuse\/wp-content\/uploads\/2025\/12\/Hauptgebaude_der_Universitat_Innsbruck-e1765885877687-300x150.jpeg 300w, https:\/\/sites.uclouvain.be\/narramuse\/wp-content\/uploads\/2025\/12\/Hauptgebaude_der_Universitat_Innsbruck-e1765885877687-1024x512.jpeg 1024w, https:\/\/sites.uclouvain.be\/narramuse\/wp-content\/uploads\/2025\/12\/Hauptgebaude_der_Universitat_Innsbruck-e1765885877687-768x384.jpeg 768w, https:\/\/sites.uclouvain.be\/narramuse\/wp-content\/uploads\/2025\/12\/Hauptgebaude_der_Universitat_Innsbruck-e1765885877687-1536x768.jpeg 1536w, https:\/\/sites.uclouvain.be\/narramuse\/wp-content\/uploads\/2025\/12\/Hauptgebaude_der_Universitat_Innsbruck-e1765885877687-2048x1024.jpeg 2048w\" sizes=\"auto, (max-width: 2560px) 100vw, 2560px\" \/><\/a><\/figure><\/div>\n\n\n\n<div class=\"wp-block-column is-vertically-aligned-center is-layout-flow wp-block-column-is-layout-flow\" style=\"flex-basis:75%\"><h2 class=\"wp-block-post-title has-normal-font-size\"><a href=\"https:\/\/sites.uclouvain.be\/narramuse\/presentation-au-seminaire-biographie-und-subjekt-in-der-postmigrationsgesellschaft-allianzen-und-bundnisse\/\" target=\"_self\" >Pr\u00e9sentation au s\u00e9minaire \u00ab\u00a0Biographie und Subjekt in der (Post)Migrationsgesellschaft: Allianzen und B\u00fcndnisse\u00a0\u00bb\u00a0<\/a><\/h2><\/div>\n<\/div>\n\n<\/li><li class=\"wp-block-post post-18173 post type-post status-publish format-standard has-post-thumbnail hentry category-non-classe-fr\">\n\n<div class=\"wp-block-columns are-vertically-aligned-center is-layout-flex wp-container-core-columns-is-layout-7387b849 wp-block-columns-is-layout-flex\">\n<div class=\"wp-block-column is-vertically-aligned-center is-layout-flow wp-block-column-is-layout-flow\" style=\"flex-basis:25%\"><figure class=\"wp-block-post-featured-image\"><a href=\"https:\/\/sites.uclouvain.be\/narramuse\/presentation-au-college-doctoral-grenzen-grenzverschiebungen-und-grenzuberschreitungen-in-sprache-literatur-medien\/\" target=\"_self\" ><img loading=\"lazy\" decoding=\"async\" width=\"2560\" height=\"1280\" src=\"https:\/\/sites.uclouvain.be\/narramuse\/wp-content\/uploads\/2025\/12\/Hauptgebaude_der_Universitat_Innsbruck-e1765885877687.jpeg\" class=\"attachment-post-thumbnail size-post-thumbnail wp-post-image\" alt=\"Pr\u00e9sentation au coll\u00e8ge doctoral \u00ab\u00a0Grenzen, Grenzverschiebungen und Grenz\u00fcberschreitungen in Sprache, Literatur, Medien\u00a0\u00bb\" style=\"object-fit:cover;\" srcset=\"https:\/\/sites.uclouvain.be\/narramuse\/wp-content\/uploads\/2025\/12\/Hauptgebaude_der_Universitat_Innsbruck-e1765885877687.jpeg 2560w, https:\/\/sites.uclouvain.be\/narramuse\/wp-content\/uploads\/2025\/12\/Hauptgebaude_der_Universitat_Innsbruck-e1765885877687-300x150.jpeg 300w, https:\/\/sites.uclouvain.be\/narramuse\/wp-content\/uploads\/2025\/12\/Hauptgebaude_der_Universitat_Innsbruck-e1765885877687-1024x512.jpeg 1024w, https:\/\/sites.uclouvain.be\/narramuse\/wp-content\/uploads\/2025\/12\/Hauptgebaude_der_Universitat_Innsbruck-e1765885877687-768x384.jpeg 768w, https:\/\/sites.uclouvain.be\/narramuse\/wp-content\/uploads\/2025\/12\/Hauptgebaude_der_Universitat_Innsbruck-e1765885877687-1536x768.jpeg 1536w, https:\/\/sites.uclouvain.be\/narramuse\/wp-content\/uploads\/2025\/12\/Hauptgebaude_der_Universitat_Innsbruck-e1765885877687-2048x1024.jpeg 2048w\" sizes=\"auto, (max-width: 2560px) 100vw, 2560px\" \/><\/a><\/figure><\/div>\n\n\n\n<div class=\"wp-block-column is-vertically-aligned-center is-layout-flow wp-block-column-is-layout-flow\" style=\"flex-basis:75%\"><h2 class=\"wp-block-post-title has-normal-font-size\"><a href=\"https:\/\/sites.uclouvain.be\/narramuse\/presentation-au-college-doctoral-grenzen-grenzverschiebungen-und-grenzuberschreitungen-in-sprache-literatur-medien\/\" target=\"_self\" >Pr\u00e9sentation au coll\u00e8ge doctoral \u00ab\u00a0Grenzen, Grenzverschiebungen und Grenz\u00fcberschreitungen in Sprache, Literatur, Medien\u00a0\u00bb<\/a><\/h2><\/div>\n<\/div>\n\n<\/li><li class=\"wp-block-post post-10303 post type-post status-publish format-standard has-post-thumbnail hentry category-actualites\">\n\n<div class=\"wp-block-columns are-vertically-aligned-center is-layout-flex wp-container-core-columns-is-layout-7387b849 wp-block-columns-is-layout-flex\">\n<div class=\"wp-block-column is-vertically-aligned-center is-layout-flow wp-block-column-is-layout-flow\" style=\"flex-basis:25%\"><figure class=\"wp-block-post-featured-image\"><a href=\"https:\/\/sites.uclouvain.be\/narramuse\/participation-au-symposium-polyphony-and-silence\/\" target=\"_self\" ><img loading=\"lazy\" decoding=\"async\" width=\"2560\" height=\"1707\" src=\"https:\/\/sites.uclouvain.be\/narramuse\/wp-content\/uploads\/2025\/05\/kuleuven-scaled.jpg\" class=\"attachment-post-thumbnail size-post-thumbnail wp-post-image\" alt=\"Participation au symposium \u00ab\u00a0Polyphony and Silence. Counter-hegemonic writing practices, migration, and multilingualism \u00bb\" style=\"object-fit:cover;\" srcset=\"https:\/\/sites.uclouvain.be\/narramuse\/wp-content\/uploads\/2025\/05\/kuleuven-scaled.jpg 2560w, https:\/\/sites.uclouvain.be\/narramuse\/wp-content\/uploads\/2025\/05\/kuleuven-300x200.jpg 300w, https:\/\/sites.uclouvain.be\/narramuse\/wp-content\/uploads\/2025\/05\/kuleuven-1024x683.jpg 1024w, https:\/\/sites.uclouvain.be\/narramuse\/wp-content\/uploads\/2025\/05\/kuleuven-768x512.jpg 768w, https:\/\/sites.uclouvain.be\/narramuse\/wp-content\/uploads\/2025\/05\/kuleuven-1536x1024.jpg 1536w, https:\/\/sites.uclouvain.be\/narramuse\/wp-content\/uploads\/2025\/05\/kuleuven-2048x1365.jpg 2048w\" sizes=\"auto, (max-width: 2560px) 100vw, 2560px\" \/><\/a><\/figure><\/div>\n\n\n\n<div class=\"wp-block-column is-vertically-aligned-center is-layout-flow wp-block-column-is-layout-flow\" style=\"flex-basis:75%\"><h2 class=\"wp-block-post-title has-normal-font-size\"><a href=\"https:\/\/sites.uclouvain.be\/narramuse\/participation-au-symposium-polyphony-and-silence\/\" target=\"_self\" >Participation au symposium \u00ab\u00a0Polyphony and Silence. Counter-hegemonic writing practices, migration, and multilingualism \u00bb<\/a><\/h2><\/div>\n<\/div>\n\n<\/li><li class=\"wp-block-post post-10253 post type-post status-publish format-standard has-post-thumbnail hentry category-actualites\">\n\n<div class=\"wp-block-columns are-vertically-aligned-center is-layout-flex wp-container-core-columns-is-layout-7387b849 wp-block-columns-is-layout-flex\">\n<div class=\"wp-block-column is-vertically-aligned-center is-layout-flow wp-block-column-is-layout-flow\" style=\"flex-basis:25%\"><figure class=\"wp-block-post-featured-image\"><a href=\"https:\/\/sites.uclouvain.be\/narramuse\/participation-princeton-university\/\" target=\"_self\" ><img loading=\"lazy\" decoding=\"async\" width=\"1024\" height=\"680\" src=\"https:\/\/sites.uclouvain.be\/narramuse\/wp-content\/uploads\/2025\/05\/princeton-university-ivy-2.jpg\" class=\"attachment-post-thumbnail size-post-thumbnail wp-post-image\" alt=\"Participation \u00e0 l\u2019AATI Annual Conference 2025 \u00e0 Princeton University\" style=\"object-fit:cover;\" srcset=\"https:\/\/sites.uclouvain.be\/narramuse\/wp-content\/uploads\/2025\/05\/princeton-university-ivy-2.jpg 1024w, https:\/\/sites.uclouvain.be\/narramuse\/wp-content\/uploads\/2025\/05\/princeton-university-ivy-2-300x199.jpg 300w, https:\/\/sites.uclouvain.be\/narramuse\/wp-content\/uploads\/2025\/05\/princeton-university-ivy-2-768x510.jpg 768w\" sizes=\"auto, (max-width: 1024px) 100vw, 1024px\" \/><\/a><\/figure><\/div>\n\n\n\n<div class=\"wp-block-column is-vertically-aligned-center is-layout-flow wp-block-column-is-layout-flow\" style=\"flex-basis:75%\"><h2 class=\"wp-block-post-title has-normal-font-size\"><a href=\"https:\/\/sites.uclouvain.be\/narramuse\/participation-princeton-university\/\" target=\"_self\" >Participation \u00e0 l\u2019AATI Annual Conference 2025 \u00e0 Princeton University<\/a><\/h2><\/div>\n<\/div>\n\n<\/li><li class=\"wp-block-post post-18333 post type-post status-publish format-standard has-post-thumbnail hentry category-non-classe-fr\">\n\n<div class=\"wp-block-columns are-vertically-aligned-center is-layout-flex wp-container-core-columns-is-layout-7387b849 wp-block-columns-is-layout-flex\">\n<div class=\"wp-block-column is-vertically-aligned-center is-layout-flow wp-block-column-is-layout-flow\" style=\"flex-basis:25%\"><figure class=\"wp-block-post-featured-image\"><a href=\"https:\/\/sites.uclouvain.be\/narramuse\/participation-a-lapres-midi-detude-recits-postmigrants-et-sentiment-religieux\/\" target=\"_self\" ><img loading=\"lazy\" decoding=\"async\" width=\"1920\" height=\"1080\" src=\"https:\/\/sites.uclouvain.be\/narramuse\/wp-content\/uploads\/2025\/12\/ghali-central-cee-religiosity.jpg\" class=\"attachment-post-thumbnail size-post-thumbnail wp-post-image\" alt=\"Participation \u00e0 l\u2019apr\u00e8s-midi d\u2019\u00e9tudes \u00ab\u00a0R\u00e9cits postmigrants et sentiment religieux\u00a0\u00bb\" style=\"object-fit:cover;\" srcset=\"https:\/\/sites.uclouvain.be\/narramuse\/wp-content\/uploads\/2025\/12\/ghali-central-cee-religiosity.jpg 1920w, https:\/\/sites.uclouvain.be\/narramuse\/wp-content\/uploads\/2025\/12\/ghali-central-cee-religiosity-300x169.jpg 300w, https:\/\/sites.uclouvain.be\/narramuse\/wp-content\/uploads\/2025\/12\/ghali-central-cee-religiosity-1024x576.jpg 1024w, https:\/\/sites.uclouvain.be\/narramuse\/wp-content\/uploads\/2025\/12\/ghali-central-cee-religiosity-768x432.jpg 768w, https:\/\/sites.uclouvain.be\/narramuse\/wp-content\/uploads\/2025\/12\/ghali-central-cee-religiosity-1536x864.jpg 1536w\" sizes=\"auto, (max-width: 1920px) 100vw, 1920px\" \/><\/a><\/figure><\/div>\n\n\n\n<div class=\"wp-block-column is-vertically-aligned-center is-layout-flow wp-block-column-is-layout-flow\" style=\"flex-basis:75%\"><h2 class=\"wp-block-post-title has-normal-font-size\"><a href=\"https:\/\/sites.uclouvain.be\/narramuse\/participation-a-lapres-midi-detude-recits-postmigrants-et-sentiment-religieux\/\" target=\"_self\" >Participation \u00e0 l\u2019apr\u00e8s-midi d\u2019\u00e9tudes \u00ab\u00a0R\u00e9cits postmigrants et sentiment religieux\u00a0\u00bb<\/a><\/h2><\/div>\n<\/div>\n\n<\/li><li class=\"wp-block-post post-17963 post type-post status-publish format-standard has-post-thumbnail hentry category-non-classe-fr\">\n\n<div class=\"wp-block-columns are-vertically-aligned-center is-layout-flex wp-container-core-columns-is-layout-7387b849 wp-block-columns-is-layout-flex\">\n<div class=\"wp-block-column is-vertically-aligned-center is-layout-flow wp-block-column-is-layout-flow\" style=\"flex-basis:25%\"><figure class=\"wp-block-post-featured-image\"><a href=\"https:\/\/sites.uclouvain.be\/narramuse\/seminaire-magyd-cherfi-et-la-pudeur-une-analyse-sociologique\/\" target=\"_self\" ><img loading=\"lazy\" decoding=\"async\" width=\"1162\" height=\"864\" src=\"https:\/\/sites.uclouvain.be\/narramuse\/wp-content\/uploads\/2025\/12\/Cherfi-BIP.png\" class=\"attachment-post-thumbnail size-post-thumbnail wp-post-image\" alt=\"S\u00e9minaire \u00ab\u00a0Magyd Cherfi et la pudeur: une analyse sociologique\u00a0\u00bb\" style=\"object-fit:cover;\" srcset=\"https:\/\/sites.uclouvain.be\/narramuse\/wp-content\/uploads\/2025\/12\/Cherfi-BIP.png 1162w, https:\/\/sites.uclouvain.be\/narramuse\/wp-content\/uploads\/2025\/12\/Cherfi-BIP-300x223.png 300w, https:\/\/sites.uclouvain.be\/narramuse\/wp-content\/uploads\/2025\/12\/Cherfi-BIP-1024x761.png 1024w, https:\/\/sites.uclouvain.be\/narramuse\/wp-content\/uploads\/2025\/12\/Cherfi-BIP-768x571.png 768w\" sizes=\"auto, (max-width: 1162px) 100vw, 1162px\" \/><\/a><\/figure><\/div>\n\n\n\n<div class=\"wp-block-column is-vertically-aligned-center is-layout-flow wp-block-column-is-layout-flow\" style=\"flex-basis:75%\"><h2 class=\"wp-block-post-title has-normal-font-size\"><a href=\"https:\/\/sites.uclouvain.be\/narramuse\/seminaire-magyd-cherfi-et-la-pudeur-une-analyse-sociologique\/\" target=\"_self\" >S\u00e9minaire \u00ab\u00a0Magyd Cherfi et la pudeur: une analyse sociologique\u00a0\u00bb<\/a><\/h2><\/div>\n<\/div>\n\n<\/li><li class=\"wp-block-post post-18113 post type-post status-publish format-standard has-post-thumbnail hentry category-non-classe-fr\">\n\n<div class=\"wp-block-columns are-vertically-aligned-center is-layout-flex wp-container-core-columns-is-layout-7387b849 wp-block-columns-is-layout-flex\">\n<div class=\"wp-block-column is-vertically-aligned-center is-layout-flow wp-block-column-is-layout-flow\" style=\"flex-basis:25%\"><figure class=\"wp-block-post-featured-image\"><a href=\"https:\/\/sites.uclouvain.be\/narramuse\/midi-litteraire-avec-mina-oualdlhadj\/\" target=\"_self\" ><img loading=\"lazy\" decoding=\"async\" width=\"1172\" height=\"693\" src=\"https:\/\/sites.uclouvain.be\/narramuse\/wp-content\/uploads\/2025\/12\/Midi-litteraire-Mina-e1765885269420.jpeg\" class=\"attachment-post-thumbnail size-post-thumbnail wp-post-image\" alt=\"Midi litt\u00e9raire avec Mina Oualdlhadj\" style=\"object-fit:cover;\" srcset=\"https:\/\/sites.uclouvain.be\/narramuse\/wp-content\/uploads\/2025\/12\/Midi-litteraire-Mina-e1765885269420.jpeg 1172w, https:\/\/sites.uclouvain.be\/narramuse\/wp-content\/uploads\/2025\/12\/Midi-litteraire-Mina-e1765885269420-300x177.jpeg 300w, https:\/\/sites.uclouvain.be\/narramuse\/wp-content\/uploads\/2025\/12\/Midi-litteraire-Mina-e1765885269420-1024x605.jpeg 1024w, https:\/\/sites.uclouvain.be\/narramuse\/wp-content\/uploads\/2025\/12\/Midi-litteraire-Mina-e1765885269420-768x454.jpeg 768w\" sizes=\"auto, (max-width: 1172px) 100vw, 1172px\" \/><\/a><\/figure><\/div>\n\n\n\n<div class=\"wp-block-column is-vertically-aligned-center is-layout-flow wp-block-column-is-layout-flow\" style=\"flex-basis:75%\"><h2 class=\"wp-block-post-title has-normal-font-size\"><a href=\"https:\/\/sites.uclouvain.be\/narramuse\/midi-litteraire-avec-mina-oualdlhadj\/\" target=\"_self\" >Midi litt\u00e9raire avec Mina Oualdlhadj<\/a><\/h2><\/div>\n<\/div>\n\n<\/li><li class=\"wp-block-post post-18083 post type-post status-publish format-standard has-post-thumbnail hentry category-non-classe-fr\">\n\n<div class=\"wp-block-columns are-vertically-aligned-center is-layout-flex wp-container-core-columns-is-layout-7387b849 wp-block-columns-is-layout-flex\">\n<div class=\"wp-block-column is-vertically-aligned-center is-layout-flow wp-block-column-is-layout-flow\" style=\"flex-basis:25%\"><figure class=\"wp-block-post-featured-image\"><a href=\"https:\/\/sites.uclouvain.be\/narramuse\/communication-postkolonialismus-und-postmigration-eine-allgemeine-einfuhrung\/\" target=\"_self\" ><img loading=\"lazy\" decoding=\"async\" width=\"755\" height=\"216\" src=\"https:\/\/sites.uclouvain.be\/narramuse\/wp-content\/uploads\/2025\/12\/erasmus_plus.png\" class=\"attachment-post-thumbnail size-post-thumbnail wp-post-image\" alt=\"Communication \u00ab\u00a0Postkolonialismus und Postmigration: Eine allgemeine Einf\u00fchrung\u00a0\u00bb\" style=\"object-fit:cover;\" srcset=\"https:\/\/sites.uclouvain.be\/narramuse\/wp-content\/uploads\/2025\/12\/erasmus_plus.png 755w, https:\/\/sites.uclouvain.be\/narramuse\/wp-content\/uploads\/2025\/12\/erasmus_plus-300x86.png 300w\" sizes=\"auto, (max-width: 755px) 100vw, 755px\" \/><\/a><\/figure><\/div>\n\n\n\n<div class=\"wp-block-column is-vertically-aligned-center is-layout-flow wp-block-column-is-layout-flow\" style=\"flex-basis:75%\"><h2 class=\"wp-block-post-title has-normal-font-size\"><a href=\"https:\/\/sites.uclouvain.be\/narramuse\/communication-postkolonialismus-und-postmigration-eine-allgemeine-einfuhrung\/\" target=\"_self\" >Communication \u00ab\u00a0Postkolonialismus und Postmigration: Eine allgemeine Einf\u00fchrung\u00a0\u00bb<\/a><\/h2><\/div>\n<\/div>\n\n<\/li><li class=\"wp-block-post post-9753 post type-post status-publish format-standard has-post-thumbnail hentry category-actualites\">\n\n<div class=\"wp-block-columns are-vertically-aligned-center is-layout-flex wp-container-core-columns-is-layout-7387b849 wp-block-columns-is-layout-flex\">\n<div class=\"wp-block-column is-vertically-aligned-center is-layout-flow wp-block-column-is-layout-flow\" style=\"flex-basis:25%\"><figure class=\"wp-block-post-featured-image\"><a href=\"https:\/\/sites.uclouvain.be\/narramuse\/participation-borderlands-mobility-and-rights-in-the-era-of-glocalization\/\" target=\"_self\" ><img loading=\"lazy\" decoding=\"async\" width=\"810\" height=\"528\" src=\"https:\/\/sites.uclouvain.be\/narramuse\/wp-content\/uploads\/2025\/04\/Capture-decran-2025-04-13-a-22.49.20-e1744577569649.jpg\" class=\"attachment-post-thumbnail size-post-thumbnail wp-post-image\" alt=\"Participation au 1er congr\u00e8s d&rsquo;\u00e9tudes transculturelles \u00ab\u00a0Borderlands, Mobility and Rights in the Era of Glocalization: Transculturality as a (Re-)Constructive Method\u00a0\u00bb\" style=\"object-fit:cover;\" srcset=\"https:\/\/sites.uclouvain.be\/narramuse\/wp-content\/uploads\/2025\/04\/Capture-decran-2025-04-13-a-22.49.20-e1744577569649.jpg 810w, https:\/\/sites.uclouvain.be\/narramuse\/wp-content\/uploads\/2025\/04\/Capture-decran-2025-04-13-a-22.49.20-e1744577569649-300x196.jpg 300w, https:\/\/sites.uclouvain.be\/narramuse\/wp-content\/uploads\/2025\/04\/Capture-decran-2025-04-13-a-22.49.20-e1744577569649-768x501.jpg 768w\" sizes=\"auto, (max-width: 810px) 100vw, 810px\" \/><\/a><\/figure><\/div>\n\n\n\n<div class=\"wp-block-column is-vertically-aligned-center is-layout-flow wp-block-column-is-layout-flow\" style=\"flex-basis:75%\"><h2 class=\"wp-block-post-title has-normal-font-size\"><a href=\"https:\/\/sites.uclouvain.be\/narramuse\/participation-borderlands-mobility-and-rights-in-the-era-of-glocalization\/\" target=\"_self\" >Participation au 1er congr\u00e8s d&rsquo;\u00e9tudes transculturelles \u00ab\u00a0Borderlands, Mobility and Rights in the Era of Glocalization: Transculturality as a (Re-)Constructive Method\u00a0\u00bb<\/a><\/h2><\/div>\n<\/div>\n\n<\/li><li class=\"wp-block-post post-9713 post type-post status-publish format-standard has-post-thumbnail hentry category-actualites\">\n\n<div class=\"wp-block-columns are-vertically-aligned-center is-layout-flex wp-container-core-columns-is-layout-7387b849 wp-block-columns-is-layout-flex\">\n<div class=\"wp-block-column is-vertically-aligned-center is-layout-flow wp-block-column-is-layout-flow\" style=\"flex-basis:25%\"><figure class=\"wp-block-post-featured-image\"><a href=\"https:\/\/sites.uclouvain.be\/narramuse\/publication-nouvel-article-2\/\" target=\"_self\" ><img loading=\"lazy\" decoding=\"async\" width=\"631\" height=\"396\" src=\"https:\/\/sites.uclouvain.be\/narramuse\/wp-content\/uploads\/2024\/01\/Publi.jpeg\" class=\"attachment-post-thumbnail size-post-thumbnail wp-post-image\" alt=\"Publication d&rsquo;un nouvel article\" style=\"object-fit:cover;\" srcset=\"https:\/\/sites.uclouvain.be\/narramuse\/wp-content\/uploads\/2024\/01\/Publi.jpeg 631w, https:\/\/sites.uclouvain.be\/narramuse\/wp-content\/uploads\/2024\/01\/Publi-300x188.jpeg 300w\" sizes=\"auto, (max-width: 631px) 100vw, 631px\" \/><\/a><\/figure><\/div>\n\n\n\n<div class=\"wp-block-column is-vertically-aligned-center is-layout-flow wp-block-column-is-layout-flow\" style=\"flex-basis:75%\"><h2 class=\"wp-block-post-title has-normal-font-size\"><a href=\"https:\/\/sites.uclouvain.be\/narramuse\/publication-nouvel-article-2\/\" target=\"_self\" >Publication d&rsquo;un nouvel article<\/a><\/h2><\/div>\n<\/div>\n\n<\/li><li class=\"wp-block-post post-9463 post type-post status-publish format-standard has-post-thumbnail hentry category-actualites\">\n\n<div class=\"wp-block-columns are-vertically-aligned-center is-layout-flex wp-container-core-columns-is-layout-7387b849 wp-block-columns-is-layout-flex\">\n<div class=\"wp-block-column is-vertically-aligned-center is-layout-flow wp-block-column-is-layout-flow\" style=\"flex-basis:25%\"><figure class=\"wp-block-post-featured-image\"><a href=\"https:\/\/sites.uclouvain.be\/narramuse\/les-rappeurs-post-migrants-italiens-universite-de-gand\/\" target=\"_self\" ><img loading=\"lazy\" decoding=\"async\" width=\"1177\" height=\"716\" src=\"https:\/\/sites.uclouvain.be\/narramuse\/wp-content\/uploads\/2025\/02\/universiteit-gent-logo-1.png\" class=\"attachment-post-thumbnail size-post-thumbnail wp-post-image\" alt=\"Cours invit\u00e9 \u00ab\u00a0I rapper postmigranti in Italia\u00a0\u00bb \u00e0 Universiteit Gent\" style=\"object-fit:cover;\" srcset=\"https:\/\/sites.uclouvain.be\/narramuse\/wp-content\/uploads\/2025\/02\/universiteit-gent-logo-1.png 1177w, https:\/\/sites.uclouvain.be\/narramuse\/wp-content\/uploads\/2025\/02\/universiteit-gent-logo-1-300x182.png 300w, https:\/\/sites.uclouvain.be\/narramuse\/wp-content\/uploads\/2025\/02\/universiteit-gent-logo-1-1024x623.png 1024w, https:\/\/sites.uclouvain.be\/narramuse\/wp-content\/uploads\/2025\/02\/universiteit-gent-logo-1-768x467.png 768w\" sizes=\"auto, (max-width: 1177px) 100vw, 1177px\" \/><\/a><\/figure><\/div>\n\n\n\n<div class=\"wp-block-column is-vertically-aligned-center is-layout-flow wp-block-column-is-layout-flow\" style=\"flex-basis:75%\"><h2 class=\"wp-block-post-title has-normal-font-size\"><a href=\"https:\/\/sites.uclouvain.be\/narramuse\/les-rappeurs-post-migrants-italiens-universite-de-gand\/\" target=\"_self\" >Cours invit\u00e9 \u00ab\u00a0I rapper postmigranti in Italia\u00a0\u00bb \u00e0 Universiteit Gent<\/a><\/h2><\/div>\n<\/div>\n\n<\/li><li class=\"wp-block-post post-18193 post type-post status-publish format-standard has-post-thumbnail hentry category-non-classe-fr\">\n\n<div class=\"wp-block-columns are-vertically-aligned-center is-layout-flex wp-container-core-columns-is-layout-7387b849 wp-block-columns-is-layout-flex\">\n<div class=\"wp-block-column is-vertically-aligned-center is-layout-flow wp-block-column-is-layout-flow\" style=\"flex-basis:25%\"><figure class=\"wp-block-post-featured-image\"><a href=\"https:\/\/sites.uclouvain.be\/narramuse\/participation-au-workshop-current-research-on-islam-in-europe\/\" target=\"_self\" ><img loading=\"lazy\" decoding=\"async\" width=\"2466\" height=\"661\" src=\"https:\/\/sites.uclouvain.be\/narramuse\/wp-content\/uploads\/2025\/12\/Schedule-BCRS-Workshop.jpg\" class=\"attachment-post-thumbnail size-post-thumbnail wp-post-image\" alt=\"Participation au workshop \u00ab\u00a0Current Research on Islam in Europe\u00a0\u00bb\" style=\"object-fit:cover;\" srcset=\"https:\/\/sites.uclouvain.be\/narramuse\/wp-content\/uploads\/2025\/12\/Schedule-BCRS-Workshop.jpg 2466w, https:\/\/sites.uclouvain.be\/narramuse\/wp-content\/uploads\/2025\/12\/Schedule-BCRS-Workshop-300x80.jpg 300w, https:\/\/sites.uclouvain.be\/narramuse\/wp-content\/uploads\/2025\/12\/Schedule-BCRS-Workshop-1024x274.jpg 1024w, https:\/\/sites.uclouvain.be\/narramuse\/wp-content\/uploads\/2025\/12\/Schedule-BCRS-Workshop-768x206.jpg 768w, https:\/\/sites.uclouvain.be\/narramuse\/wp-content\/uploads\/2025\/12\/Schedule-BCRS-Workshop-1536x412.jpg 1536w, https:\/\/sites.uclouvain.be\/narramuse\/wp-content\/uploads\/2025\/12\/Schedule-BCRS-Workshop-2048x549.jpg 2048w\" sizes=\"auto, (max-width: 2466px) 100vw, 2466px\" \/><\/a><\/figure><\/div>\n\n\n\n<div class=\"wp-block-column is-vertically-aligned-center is-layout-flow wp-block-column-is-layout-flow\" style=\"flex-basis:75%\"><h2 class=\"wp-block-post-title has-normal-font-size\"><a href=\"https:\/\/sites.uclouvain.be\/narramuse\/participation-au-workshop-current-research-on-islam-in-europe\/\" target=\"_self\" >Participation au workshop \u00ab\u00a0Current Research on Islam in Europe\u00a0\u00bb<\/a><\/h2><\/div>\n<\/div>\n\n<\/li><li class=\"wp-block-post post-3823 post type-post status-publish format-standard has-post-thumbnail hentry category-actualites\">\n\n<div class=\"wp-block-columns are-vertically-aligned-center is-layout-flex wp-container-core-columns-is-layout-7387b849 wp-block-columns-is-layout-flex\">\n<div class=\"wp-block-column is-vertically-aligned-center is-layout-flow wp-block-column-is-layout-flow\" style=\"flex-basis:25%\"><figure class=\"wp-block-post-featured-image\"><a href=\"https:\/\/sites.uclouvain.be\/narramuse\/publication-nouvel-article\/\" target=\"_self\" ><img loading=\"lazy\" decoding=\"async\" width=\"631\" height=\"396\" src=\"https:\/\/sites.uclouvain.be\/narramuse\/wp-content\/uploads\/2024\/01\/Publi.jpeg\" class=\"attachment-post-thumbnail size-post-thumbnail wp-post-image\" alt=\"Publication d&rsquo;un nouvel article\" style=\"object-fit:cover;\" srcset=\"https:\/\/sites.uclouvain.be\/narramuse\/wp-content\/uploads\/2024\/01\/Publi.jpeg 631w, https:\/\/sites.uclouvain.be\/narramuse\/wp-content\/uploads\/2024\/01\/Publi-300x188.jpeg 300w\" sizes=\"auto, (max-width: 631px) 100vw, 631px\" \/><\/a><\/figure><\/div>\n\n\n\n<div class=\"wp-block-column is-vertically-aligned-center is-layout-flow wp-block-column-is-layout-flow\" style=\"flex-basis:75%\"><h2 class=\"wp-block-post-title has-normal-font-size\"><a href=\"https:\/\/sites.uclouvain.be\/narramuse\/publication-nouvel-article\/\" target=\"_self\" >Publication d&rsquo;un nouvel article<\/a><\/h2><\/div>\n<\/div>\n\n<\/li><li class=\"wp-block-post post-3913 post type-post status-publish format-standard has-post-thumbnail hentry category-actualites\">\n\n<div class=\"wp-block-columns are-vertically-aligned-center is-layout-flex wp-container-core-columns-is-layout-7387b849 wp-block-columns-is-layout-flex\">\n<div class=\"wp-block-column is-vertically-aligned-center is-layout-flow wp-block-column-is-layout-flow\" style=\"flex-basis:25%\"><figure class=\"wp-block-post-featured-image\"><a href=\"https:\/\/sites.uclouvain.be\/narramuse\/participation-au-colloque-ecrits-de-femmes-au-coeur-des-francophonies\/\" target=\"_self\" ><img loading=\"lazy\" decoding=\"async\" width=\"799\" height=\"407\" src=\"https:\/\/sites.uclouvain.be\/narramuse\/wp-content\/uploads\/2025\/01\/Cartel-Coloquio.jpg\" class=\"attachment-post-thumbnail size-post-thumbnail wp-post-image\" alt=\"Participation au colloque \u00ab\u00a0\u00c9crits de Femmes au C\u0153ur des Francophonies\u00a0\u00bb\" style=\"object-fit:cover;\" srcset=\"https:\/\/sites.uclouvain.be\/narramuse\/wp-content\/uploads\/2025\/01\/Cartel-Coloquio.jpg 799w, https:\/\/sites.uclouvain.be\/narramuse\/wp-content\/uploads\/2025\/01\/Cartel-Coloquio-300x153.jpg 300w, https:\/\/sites.uclouvain.be\/narramuse\/wp-content\/uploads\/2025\/01\/Cartel-Coloquio-768x391.jpg 768w\" sizes=\"auto, (max-width: 799px) 100vw, 799px\" \/><\/a><\/figure><\/div>\n\n\n\n<div class=\"wp-block-column is-vertically-aligned-center is-layout-flow wp-block-column-is-layout-flow\" style=\"flex-basis:75%\"><h2 class=\"wp-block-post-title has-normal-font-size\"><a href=\"https:\/\/sites.uclouvain.be\/narramuse\/participation-au-colloque-ecrits-de-femmes-au-coeur-des-francophonies\/\" target=\"_self\" >Participation au colloque \u00ab\u00a0\u00c9crits de Femmes au C\u0153ur des Francophonies\u00a0\u00bb<\/a><\/h2><\/div>\n<\/div>\n\n<\/li><li class=\"wp-block-post post-3843 post type-post status-publish format-standard has-post-thumbnail hentry category-actualites\">\n\n<div class=\"wp-block-columns are-vertically-aligned-center is-layout-flex wp-container-core-columns-is-layout-7387b849 wp-block-columns-is-layout-flex\">\n<div class=\"wp-block-column is-vertically-aligned-center is-layout-flow wp-block-column-is-layout-flow\" style=\"flex-basis:25%\"><figure class=\"wp-block-post-featured-image\"><a href=\"https:\/\/sites.uclouvain.be\/narramuse\/participation-8th-conference-on-migration-research-in-austria\/\" target=\"_self\" ><img loading=\"lazy\" decoding=\"async\" width=\"1220\" height=\"522\" src=\"https:\/\/sites.uclouvain.be\/narramuse\/wp-content\/uploads\/2025\/01\/csm_Jahrestagung_Migrationsforschung_11e7df68f0.jpeg\" class=\"attachment-post-thumbnail size-post-thumbnail wp-post-image\" alt=\"Participation \u00e0 la 8th Conference on Migration Research in Austria\" style=\"object-fit:cover;\" srcset=\"https:\/\/sites.uclouvain.be\/narramuse\/wp-content\/uploads\/2025\/01\/csm_Jahrestagung_Migrationsforschung_11e7df68f0.jpeg 1220w, https:\/\/sites.uclouvain.be\/narramuse\/wp-content\/uploads\/2025\/01\/csm_Jahrestagung_Migrationsforschung_11e7df68f0-300x128.jpeg 300w, https:\/\/sites.uclouvain.be\/narramuse\/wp-content\/uploads\/2025\/01\/csm_Jahrestagung_Migrationsforschung_11e7df68f0-1024x438.jpeg 1024w, https:\/\/sites.uclouvain.be\/narramuse\/wp-content\/uploads\/2025\/01\/csm_Jahrestagung_Migrationsforschung_11e7df68f0-768x329.jpeg 768w\" sizes=\"auto, (max-width: 1220px) 100vw, 1220px\" \/><\/a><\/figure><\/div>\n\n\n\n<div class=\"wp-block-column is-vertically-aligned-center is-layout-flow wp-block-column-is-layout-flow\" style=\"flex-basis:75%\"><h2 class=\"wp-block-post-title has-normal-font-size\"><a href=\"https:\/\/sites.uclouvain.be\/narramuse\/participation-8th-conference-on-migration-research-in-austria\/\" target=\"_self\" >Participation \u00e0 la 8th Conference on Migration Research in Austria<\/a><\/h2><\/div>\n<\/div>\n\n<\/li><li class=\"wp-block-post post-9653 post type-post status-publish format-standard has-post-thumbnail hentry category-actualites\">\n\n<div class=\"wp-block-columns are-vertically-aligned-center is-layout-flex wp-container-core-columns-is-layout-7387b849 wp-block-columns-is-layout-flex\">\n<div class=\"wp-block-column is-vertically-aligned-center is-layout-flow wp-block-column-is-layout-flow\" style=\"flex-basis:25%\"><figure class=\"wp-block-post-featured-image\"><a href=\"https:\/\/sites.uclouvain.be\/narramuse\/participation-au-44e-congres-de-la-societe-francaise-de-litterature-generale-et-comparee-sflgc-litteratures-mondialisation\/\" target=\"_self\" ><img loading=\"lazy\" decoding=\"async\" width=\"1588\" height=\"798\" src=\"https:\/\/sites.uclouvain.be\/narramuse\/wp-content\/uploads\/2025\/03\/Capture-decran-2025-03-19-a-12.34.47.png\" class=\"attachment-post-thumbnail size-post-thumbnail wp-post-image\" alt=\"Participation au 44e Congr\u00e8s de la Soci\u00e9t\u00e9 Fran\u00e7aise de Litt\u00e9rature G\u00e9n\u00e9rale et Compar\u00e9e (SFLGC), \u00ab\u00a0Litt\u00e9ratures &amp; mondialisation\u00a0\u00bb\" style=\"object-fit:cover;\" srcset=\"https:\/\/sites.uclouvain.be\/narramuse\/wp-content\/uploads\/2025\/03\/Capture-decran-2025-03-19-a-12.34.47.png 1588w, https:\/\/sites.uclouvain.be\/narramuse\/wp-content\/uploads\/2025\/03\/Capture-decran-2025-03-19-a-12.34.47-300x151.png 300w, https:\/\/sites.uclouvain.be\/narramuse\/wp-content\/uploads\/2025\/03\/Capture-decran-2025-03-19-a-12.34.47-1024x515.png 1024w, https:\/\/sites.uclouvain.be\/narramuse\/wp-content\/uploads\/2025\/03\/Capture-decran-2025-03-19-a-12.34.47-768x386.png 768w, https:\/\/sites.uclouvain.be\/narramuse\/wp-content\/uploads\/2025\/03\/Capture-decran-2025-03-19-a-12.34.47-1536x772.png 1536w\" sizes=\"auto, (max-width: 1588px) 100vw, 1588px\" \/><\/a><\/figure><\/div>\n\n\n\n<div class=\"wp-block-column is-vertically-aligned-center is-layout-flow wp-block-column-is-layout-flow\" style=\"flex-basis:75%\"><h2 class=\"wp-block-post-title has-normal-font-size\"><a href=\"https:\/\/sites.uclouvain.be\/narramuse\/participation-au-44e-congres-de-la-societe-francaise-de-litterature-generale-et-comparee-sflgc-litteratures-mondialisation\/\" target=\"_self\" >Participation au 44e Congr\u00e8s de la Soci\u00e9t\u00e9 Fran\u00e7aise de Litt\u00e9rature G\u00e9n\u00e9rale et Compar\u00e9e (SFLGC), \u00ab\u00a0Litt\u00e9ratures &amp; mondialisation\u00a0\u00bb<\/a><\/h2><\/div>\n<\/div>\n\n<\/li><li class=\"wp-block-post post-3943 post type-post status-publish format-standard has-post-thumbnail hentry category-actualites\">\n\n<div class=\"wp-block-columns are-vertically-aligned-center is-layout-flex wp-container-core-columns-is-layout-7387b849 wp-block-columns-is-layout-flex\">\n<div class=\"wp-block-column is-vertically-aligned-center is-layout-flow wp-block-column-is-layout-flow\" style=\"flex-basis:25%\"><figure class=\"wp-block-post-featured-image\"><a href=\"https:\/\/sites.uclouvain.be\/narramuse\/presentation-migration-und-literatur\/\" target=\"_self\" ><img loading=\"lazy\" decoding=\"async\" width=\"1588\" height=\"812\" src=\"https:\/\/sites.uclouvain.be\/narramuse\/wp-content\/uploads\/2025\/01\/Woman_speaking_at_an_event_-_Public_Speaking_Illustration_-_51296406638.jpeg\" class=\"attachment-post-thumbnail size-post-thumbnail wp-post-image\" alt=\"Pr\u00e9sentation au groupe de travail \u00ab\u00a0Migration und Literatur\u00a0\u00bb\" style=\"object-fit:cover;\" srcset=\"https:\/\/sites.uclouvain.be\/narramuse\/wp-content\/uploads\/2025\/01\/Woman_speaking_at_an_event_-_Public_Speaking_Illustration_-_51296406638.jpeg 1588w, https:\/\/sites.uclouvain.be\/narramuse\/wp-content\/uploads\/2025\/01\/Woman_speaking_at_an_event_-_Public_Speaking_Illustration_-_51296406638-300x153.jpeg 300w, https:\/\/sites.uclouvain.be\/narramuse\/wp-content\/uploads\/2025\/01\/Woman_speaking_at_an_event_-_Public_Speaking_Illustration_-_51296406638-1024x524.jpeg 1024w, https:\/\/sites.uclouvain.be\/narramuse\/wp-content\/uploads\/2025\/01\/Woman_speaking_at_an_event_-_Public_Speaking_Illustration_-_51296406638-768x393.jpeg 768w, https:\/\/sites.uclouvain.be\/narramuse\/wp-content\/uploads\/2025\/01\/Woman_speaking_at_an_event_-_Public_Speaking_Illustration_-_51296406638-1536x785.jpeg 1536w\" sizes=\"auto, (max-width: 1588px) 100vw, 1588px\" \/><\/a><\/figure><\/div>\n\n\n\n<div class=\"wp-block-column is-vertically-aligned-center is-layout-flow wp-block-column-is-layout-flow\" style=\"flex-basis:75%\"><h2 class=\"wp-block-post-title has-normal-font-size\"><a href=\"https:\/\/sites.uclouvain.be\/narramuse\/presentation-migration-und-literatur\/\" target=\"_self\" >Pr\u00e9sentation au groupe de travail \u00ab\u00a0Migration und Literatur\u00a0\u00bb<\/a><\/h2><\/div>\n<\/div>\n\n<\/li><li class=\"wp-block-post post-2993 post type-post status-publish format-standard has-post-thumbnail hentry category-actualites\">\n\n<div class=\"wp-block-columns are-vertically-aligned-center is-layout-flex wp-container-core-columns-is-layout-7387b849 wp-block-columns-is-layout-flex\">\n<div class=\"wp-block-column is-vertically-aligned-center is-layout-flow wp-block-column-is-layout-flow\" style=\"flex-basis:25%\"><figure class=\"wp-block-post-featured-image\"><a href=\"https:\/\/sites.uclouvain.be\/narramuse\/participation-au-colloque-postmigration-et-postcolonialisme-dans-les-litteratures-et-les-musiques-francophones-et-germanophones\/\" target=\"_self\" ><img loading=\"lazy\" decoding=\"async\" width=\"740\" height=\"480\" src=\"https:\/\/sites.uclouvain.be\/narramuse\/wp-content\/uploads\/2024\/03\/e59d1b7255bfdf747d211c2e0744d3.jpeg\" class=\"attachment-post-thumbnail size-post-thumbnail wp-post-image\" alt=\"Participation au colloque \u00ab\u00a0Postmigration et postcolonialisme dans les litt\u00e9ratures et les musiques francophones et germanophones\u00a0\u00bb\" style=\"object-fit:cover;\" srcset=\"https:\/\/sites.uclouvain.be\/narramuse\/wp-content\/uploads\/2024\/03\/e59d1b7255bfdf747d211c2e0744d3.jpeg 740w, https:\/\/sites.uclouvain.be\/narramuse\/wp-content\/uploads\/2024\/03\/e59d1b7255bfdf747d211c2e0744d3-300x195.jpeg 300w\" sizes=\"auto, (max-width: 740px) 100vw, 740px\" \/><\/a><\/figure><\/div>\n\n\n\n<div class=\"wp-block-column is-vertically-aligned-center is-layout-flow wp-block-column-is-layout-flow\" style=\"flex-basis:75%\"><h2 class=\"wp-block-post-title has-normal-font-size\"><a href=\"https:\/\/sites.uclouvain.be\/narramuse\/participation-au-colloque-postmigration-et-postcolonialisme-dans-les-litteratures-et-les-musiques-francophones-et-germanophones\/\" target=\"_self\" >Participation au colloque \u00ab\u00a0Postmigration et postcolonialisme dans les litt\u00e9ratures et les musiques francophones et germanophones\u00a0\u00bb<\/a><\/h2><\/div>\n<\/div>\n\n<\/li><li class=\"wp-block-post post-3023 post type-post status-publish format-standard has-post-thumbnail hentry category-actualites\">\n\n<div class=\"wp-block-columns are-vertically-aligned-center is-layout-flex wp-container-core-columns-is-layout-7387b849 wp-block-columns-is-layout-flex\">\n<div class=\"wp-block-column is-vertically-aligned-center is-layout-flow wp-block-column-is-layout-flow\" style=\"flex-basis:25%\"><figure class=\"wp-block-post-featured-image\"><a href=\"https:\/\/sites.uclouvain.be\/narramuse\/rencontre-avec-nora-balile\/\" target=\"_self\" ><img loading=\"lazy\" decoding=\"async\" width=\"1197\" height=\"780\" src=\"https:\/\/sites.uclouvain.be\/narramuse\/wp-content\/uploads\/2024\/02\/PHOTO-2024-03-20-10-39-43.jpeg\" class=\"attachment-post-thumbnail size-post-thumbnail wp-post-image\" alt=\"Rencontre avec Nora Balile\" style=\"object-fit:cover;\" srcset=\"https:\/\/sites.uclouvain.be\/narramuse\/wp-content\/uploads\/2024\/02\/PHOTO-2024-03-20-10-39-43.jpeg 1197w, https:\/\/sites.uclouvain.be\/narramuse\/wp-content\/uploads\/2024\/02\/PHOTO-2024-03-20-10-39-43-300x195.jpeg 300w, https:\/\/sites.uclouvain.be\/narramuse\/wp-content\/uploads\/2024\/02\/PHOTO-2024-03-20-10-39-43-1024x667.jpeg 1024w, https:\/\/sites.uclouvain.be\/narramuse\/wp-content\/uploads\/2024\/02\/PHOTO-2024-03-20-10-39-43-768x500.jpeg 768w\" sizes=\"auto, (max-width: 1197px) 100vw, 1197px\" \/><\/a><\/figure><\/div>\n\n\n\n<div class=\"wp-block-column is-vertically-aligned-center is-layout-flow wp-block-column-is-layout-flow\" style=\"flex-basis:75%\"><h2 class=\"wp-block-post-title has-normal-font-size\"><a href=\"https:\/\/sites.uclouvain.be\/narramuse\/rencontre-avec-nora-balile\/\" target=\"_self\" >Rencontre avec Nora Balile<\/a><\/h2><\/div>\n<\/div>\n\n<\/li><li class=\"wp-block-post post-2843 post type-post status-publish format-standard has-post-thumbnail hentry category-actualites\">\n\n<div class=\"wp-block-columns are-vertically-aligned-center is-layout-flex wp-container-core-columns-is-layout-7387b849 wp-block-columns-is-layout-flex\">\n<div class=\"wp-block-column is-vertically-aligned-center is-layout-flow wp-block-column-is-layout-flow\" style=\"flex-basis:25%\"><figure class=\"wp-block-post-featured-image\"><a href=\"https:\/\/sites.uclouvain.be\/narramuse\/participation-au-colloque-migrations\/\" target=\"_self\" ><img loading=\"lazy\" decoding=\"async\" width=\"1840\" height=\"1122\" src=\"https:\/\/sites.uclouvain.be\/narramuse\/wp-content\/uploads\/2024\/01\/colloque_mons.jpg\" class=\"attachment-post-thumbnail size-post-thumbnail wp-post-image\" alt=\"Participation au colloque \u00ab\u00a0Migrations\u00a0\u00bb\" style=\"object-fit:cover;\" srcset=\"https:\/\/sites.uclouvain.be\/narramuse\/wp-content\/uploads\/2024\/01\/colloque_mons.jpg 1840w, https:\/\/sites.uclouvain.be\/narramuse\/wp-content\/uploads\/2024\/01\/colloque_mons-300x183.jpg 300w, https:\/\/sites.uclouvain.be\/narramuse\/wp-content\/uploads\/2024\/01\/colloque_mons-1024x624.jpg 1024w, https:\/\/sites.uclouvain.be\/narramuse\/wp-content\/uploads\/2024\/01\/colloque_mons-768x468.jpg 768w, https:\/\/sites.uclouvain.be\/narramuse\/wp-content\/uploads\/2024\/01\/colloque_mons-1536x937.jpg 1536w\" sizes=\"auto, (max-width: 1840px) 100vw, 1840px\" \/><\/a><\/figure><\/div>\n\n\n\n<div class=\"wp-block-column is-vertically-aligned-center is-layout-flow wp-block-column-is-layout-flow\" style=\"flex-basis:75%\"><h2 class=\"wp-block-post-title has-normal-font-size\"><a href=\"https:\/\/sites.uclouvain.be\/narramuse\/participation-au-colloque-migrations\/\" target=\"_self\" >Participation au colloque \u00ab\u00a0Migrations\u00a0\u00bb<\/a><\/h2><\/div>\n<\/div>\n\n<\/li><li class=\"wp-block-post post-2723 post type-post status-publish format-standard has-post-thumbnail hentry category-actualites\">\n\n<div class=\"wp-block-columns are-vertically-aligned-center is-layout-flex wp-container-core-columns-is-layout-7387b849 wp-block-columns-is-layout-flex\">\n<div class=\"wp-block-column is-vertically-aligned-center is-layout-flow wp-block-column-is-layout-flow\" style=\"flex-basis:25%\"><figure class=\"wp-block-post-featured-image\"><a href=\"https:\/\/sites.uclouvain.be\/narramuse\/publication-nouvel-article-1\/\" target=\"_self\" ><img loading=\"lazy\" decoding=\"async\" width=\"631\" height=\"396\" src=\"https:\/\/sites.uclouvain.be\/narramuse\/wp-content\/uploads\/2024\/01\/Publi.jpeg\" class=\"attachment-post-thumbnail size-post-thumbnail wp-post-image\" alt=\"Publication d&rsquo;un nouvel article\" style=\"object-fit:cover;\" srcset=\"https:\/\/sites.uclouvain.be\/narramuse\/wp-content\/uploads\/2024\/01\/Publi.jpeg 631w, https:\/\/sites.uclouvain.be\/narramuse\/wp-content\/uploads\/2024\/01\/Publi-300x188.jpeg 300w\" sizes=\"auto, (max-width: 631px) 100vw, 631px\" \/><\/a><\/figure><\/div>\n\n\n\n<div class=\"wp-block-column is-vertically-aligned-center is-layout-flow wp-block-column-is-layout-flow\" style=\"flex-basis:75%\"><h2 class=\"wp-block-post-title has-normal-font-size\"><a href=\"https:\/\/sites.uclouvain.be\/narramuse\/publication-nouvel-article-1\/\" target=\"_self\" >Publication d&rsquo;un nouvel article<\/a><\/h2><\/div>\n<\/div>\n\n<\/li><li class=\"wp-block-post post-3873 post type-post status-publish format-standard has-post-thumbnail hentry category-actualites\">\n\n<div class=\"wp-block-columns are-vertically-aligned-center is-layout-flex wp-container-core-columns-is-layout-7387b849 wp-block-columns-is-layout-flex\">\n<div class=\"wp-block-column is-vertically-aligned-center is-layout-flow wp-block-column-is-layout-flow\" style=\"flex-basis:25%\"><figure class=\"wp-block-post-featured-image\"><a href=\"https:\/\/sites.uclouvain.be\/narramuse\/participation-au-colloque-litteratures-en-marges\/\" target=\"_self\" ><img loading=\"lazy\" decoding=\"async\" width=\"1292\" height=\"623\" src=\"https:\/\/sites.uclouvain.be\/narramuse\/wp-content\/uploads\/2025\/01\/114541_7afbb1602613ec52b265d7a54ad27330.jpg\" class=\"attachment-post-thumbnail size-post-thumbnail wp-post-image\" alt=\"Participation au colloque \u00ab\u00a0Litt\u00e9ratures en marges\u00a0\u00bb\" style=\"object-fit:cover;\" srcset=\"https:\/\/sites.uclouvain.be\/narramuse\/wp-content\/uploads\/2025\/01\/114541_7afbb1602613ec52b265d7a54ad27330.jpg 1292w, https:\/\/sites.uclouvain.be\/narramuse\/wp-content\/uploads\/2025\/01\/114541_7afbb1602613ec52b265d7a54ad27330-300x145.jpg 300w, https:\/\/sites.uclouvain.be\/narramuse\/wp-content\/uploads\/2025\/01\/114541_7afbb1602613ec52b265d7a54ad27330-1024x494.jpg 1024w, https:\/\/sites.uclouvain.be\/narramuse\/wp-content\/uploads\/2025\/01\/114541_7afbb1602613ec52b265d7a54ad27330-768x370.jpg 768w\" sizes=\"auto, (max-width: 1292px) 100vw, 1292px\" \/><\/a><\/figure><\/div>\n\n\n\n<div class=\"wp-block-column is-vertically-aligned-center is-layout-flow wp-block-column-is-layout-flow\" style=\"flex-basis:75%\"><h2 class=\"wp-block-post-title has-normal-font-size\"><a href=\"https:\/\/sites.uclouvain.be\/narramuse\/participation-au-colloque-litteratures-en-marges\/\" target=\"_self\" >Participation au colloque \u00ab\u00a0Litt\u00e9ratures en marges\u00a0\u00bb<\/a><\/h2><\/div>\n<\/div>\n\n<\/li><li class=\"wp-block-post post-3053 post type-post status-publish format-standard has-post-thumbnail hentry category-actualites\">\n\n<div class=\"wp-block-columns are-vertically-aligned-center is-layout-flex wp-container-core-columns-is-layout-7387b849 wp-block-columns-is-layout-flex\">\n<div class=\"wp-block-column is-vertically-aligned-center is-layout-flow wp-block-column-is-layout-flow\" style=\"flex-basis:25%\"><figure class=\"wp-block-post-featured-image\"><a href=\"https:\/\/sites.uclouvain.be\/narramuse\/rencontre-avec-youssef-swatts\/\" target=\"_self\" ><img loading=\"lazy\" decoding=\"async\" width=\"639\" height=\"430\" src=\"https:\/\/sites.uclouvain.be\/narramuse\/wp-content\/uploads\/2023\/03\/Photo_Youssef_Swatts.jpeg\" class=\"attachment-post-thumbnail size-post-thumbnail wp-post-image\" alt=\"Rencontre avec Youssef Swatt&rsquo;s\" style=\"object-fit:cover;\" srcset=\"https:\/\/sites.uclouvain.be\/narramuse\/wp-content\/uploads\/2023\/03\/Photo_Youssef_Swatts.jpeg 639w, https:\/\/sites.uclouvain.be\/narramuse\/wp-content\/uploads\/2023\/03\/Photo_Youssef_Swatts-300x202.jpeg 300w\" sizes=\"auto, (max-width: 639px) 100vw, 639px\" \/><\/a><\/figure><\/div>\n\n\n\n<div class=\"wp-block-column is-vertically-aligned-center is-layout-flow wp-block-column-is-layout-flow\" style=\"flex-basis:75%\"><h2 class=\"wp-block-post-title has-normal-font-size\"><a href=\"https:\/\/sites.uclouvain.be\/narramuse\/rencontre-avec-youssef-swatts\/\" target=\"_self\" >Rencontre avec Youssef Swatt&rsquo;s<\/a><\/h2><\/div>\n<\/div>\n\n<\/li><\/ul><\/div>\n\n\n\n<p class=\"wp-block-paragraph\"><\/p>\n","protected":false},"excerpt":{"rendered":"<p>News<\/p>\n","protected":false},"author":53,"featured_media":0,"parent":0,"menu_order":0,"comment_status":"closed","ping_status":"closed","template":"header-footer-only","meta":{"footnotes":""},"class_list":["post-5363","page","type-page","status-publish","hentry"],"_links":{"self":[{"href":"https:\/\/sites.uclouvain.be\/narramuse\/wp-json\/wp\/v2\/pages\/5363","targetHints":{"allow":["GET"]}}],"collection":[{"href":"https:\/\/sites.uclouvain.be\/narramuse\/wp-json\/wp\/v2\/pages"}],"about":[{"href":"https:\/\/sites.uclouvain.be\/narramuse\/wp-json\/wp\/v2\/types\/page"}],"author":[{"embeddable":true,"href":"https:\/\/sites.uclouvain.be\/narramuse\/wp-json\/wp\/v2\/users\/53"}],"replies":[{"embeddable":true,"href":"https:\/\/sites.uclouvain.be\/narramuse\/wp-json\/wp\/v2\/comments?post=5363"}],"version-history":[{"count":9,"href":"https:\/\/sites.uclouvain.be\/narramuse\/wp-json\/wp\/v2\/pages\/5363\/revisions"}],"predecessor-version":[{"id":10223,"href":"https:\/\/sites.uclouvain.be\/narramuse\/wp-json\/wp\/v2\/pages\/5363\/revisions\/10223"}],"wp:attachment":[{"href":"https:\/\/sites.uclouvain.be\/narramuse\/wp-json\/wp\/v2\/media?parent=5363"}],"curies":[{"name":"wp","href":"https:\/\/api.w.org\/{rel}","templated":true}]}}