{"id":4663,"date":"2025-01-23T16:50:58","date_gmt":"2025-01-23T15:50:58","guid":{"rendered":"https:\/\/sites.uclouvain.be\/narramuse\/?page_id=4663"},"modified":"2025-01-27T09:53:43","modified_gmt":"2025-01-27T08:53:43","slug":"accueil-italien","status":"publish","type":"page","link":"https:\/\/sites.uclouvain.be\/narramuse\/it\/accueil-italien\/","title":{"rendered":"Accueil italien"},"content":{"rendered":"\n<div class=\"wp-block-group is-content-justification-center is-nowrap is-layout-flex wp-container-core-group-is-layout-f56f9fcf wp-block-group-is-layout-flex\"><nav class=\"is-responsive items-justified-center wp-block-navigation is-content-justification-center is-layout-flex wp-container-core-navigation-is-layout-3e41869c wp-block-navigation-is-layout-flex\" aria-label=\"Navigation 2\" \n\t\t data-wp-interactive=\"core\/navigation\" data-wp-context='{\"overlayOpenedBy\":{\"click\":false,\"hover\":false,\"focus\":false},\"type\":\"overlay\",\"roleAttribute\":\"\",\"ariaLabel\":\"Menu\"}'><button aria-haspopup=\"dialog\" aria-label=\"Ouvrir le menu\" class=\"wp-block-navigation__responsive-container-open\" \n\t\t\t\tdata-wp-on--click=\"actions.openMenuOnClick\"\n\t\t\t\tdata-wp-on--keydown=\"actions.handleMenuKeydown\"\n\t\t\t><svg width=\"24\" height=\"24\" xmlns=\"http:\/\/www.w3.org\/2000\/svg\" viewBox=\"0 0 24 24\" aria-hidden=\"true\" focusable=\"false\"><path d=\"M4 7.5h16v1.5H4z\"><\/path><path d=\"M4 15h16v1.5H4z\"><\/path><\/svg><\/button>\n\t\t\t\t<div class=\"wp-block-navigation__responsive-container\"  id=\"modal-1\" \n\t\t\t\tdata-wp-class--has-modal-open=\"state.isMenuOpen\"\n\t\t\t\tdata-wp-class--is-menu-open=\"state.isMenuOpen\"\n\t\t\t\tdata-wp-watch=\"callbacks.initMenu\"\n\t\t\t\tdata-wp-on--keydown=\"actions.handleMenuKeydown\"\n\t\t\t\tdata-wp-on--focusout=\"actions.handleMenuFocusout\"\n\t\t\t\ttabindex=\"-1\"\n\t\t\t>\n\t\t\t\t\t<div class=\"wp-block-navigation__responsive-close\" tabindex=\"-1\">\n\t\t\t\t\t\t<div class=\"wp-block-navigation__responsive-dialog\" \n\t\t\t\tdata-wp-bind--aria-modal=\"state.ariaModal\"\n\t\t\t\tdata-wp-bind--aria-label=\"state.ariaLabel\"\n\t\t\t\tdata-wp-bind--role=\"state.roleAttribute\"\n\t\t\t>\n\t\t\t\t\t\t\t<button aria-label=\"Fermer le menu\" class=\"wp-block-navigation__responsive-container-close\" \n\t\t\t\tdata-wp-on--click=\"actions.closeMenuOnClick\"\n\t\t\t><svg xmlns=\"http:\/\/www.w3.org\/2000\/svg\" viewBox=\"0 0 24 24\" width=\"24\" height=\"24\" aria-hidden=\"true\" focusable=\"false\"><path d=\"m13.06 12 6.47-6.47-1.06-1.06L12 10.94 5.53 4.47 4.47 5.53 10.94 12l-6.47 6.47 1.06 1.06L12 13.06l6.47 6.47 1.06-1.06L13.06 12Z\"><\/path><\/svg><\/button>\n\t\t\t\t\t\t\t<div class=\"wp-block-navigation__responsive-container-content\" \n\t\t\t\tdata-wp-watch=\"callbacks.focusFirstElement\"\n\t\t\t id=\"modal-1-content\">\n\t\t\t\t\t\t\t\t<ul class=\"wp-block-navigation__container is-responsive items-justified-center wp-block-navigation\"><li data-wp-context=\"{ &quot;submenuOpenedBy&quot;: { &quot;click&quot;: false, &quot;hover&quot;: false, &quot;focus&quot;: false }, &quot;type&quot;: &quot;submenu&quot;, &quot;modal&quot;: null, &quot;previousFocus&quot;: null }\" data-wp-interactive=\"core\/navigation\" data-wp-on--focusout=\"actions.handleMenuFocusout\" data-wp-on--keydown=\"actions.handleMenuKeydown\" data-wp-on--pointerenter=\"actions.openMenuOnHover\" data-wp-on--pointerleave=\"actions.closeMenuOnHover\" data-wp-watch=\"callbacks.initMenu\" tabindex=\"-1\" class=\"wp-block-navigation-item has-child open-on-hover-click wp-block-navigation-submenu\"><a class=\"wp-block-navigation-item__content\" href=\"https:\/\/sites.uclouvain.be\/narramuse\/it\/ricerca\/\"><span class=\"wp-block-navigation-item__label\">Ricerca<\/span><\/a><button data-wp-bind--aria-expanded=\"state.isSubmenuOpen\" data-wp-on--click=\"actions.toggleMenuOnClick\" aria-label=\"Sous-menu Ricerca\" class=\"wp-block-navigation__submenu-icon wp-block-navigation-submenu__toggle\" ><svg xmlns=\"http:\/\/www.w3.org\/2000\/svg\" width=\"12\" height=\"12\" viewBox=\"0 0 12 12\" fill=\"none\" aria-hidden=\"true\" focusable=\"false\"><path d=\"M1.50002 4L6.00002 8L10.5 4\" stroke-width=\"1.5\"><\/path><\/svg><\/button><ul data-wp-on--focus=\"actions.openMenuOnFocus\" class=\"wp-block-navigation__submenu-container wp-block-navigation-submenu\"><li class=\"wp-block-navigation-item wp-block-navigation-link\"><a class=\"wp-block-navigation-item__content\"  href=\"https:\/\/sites.uclouvain.be\/narramuse\/it\/oggetto-di-ricerca\/\"><span class=\"wp-block-navigation-item__label\">Oggetto<\/span><\/a><\/li><li class=\"wp-block-navigation-item wp-block-navigation-link\"><a class=\"wp-block-navigation-item__content\"  href=\"https:\/\/sites.uclouvain.be\/narramuse\/it\/programma-di-ricerca\/\"><span class=\"wp-block-navigation-item__label\">Programma<\/span><\/a><\/li><li class=\"wp-block-navigation-item wp-block-navigation-link\"><a class=\"wp-block-navigation-item__content\"  href=\"https:\/\/sites.uclouvain.be\/narramuse\/it\/ricerca\/\"><span class=\"wp-block-navigation-item__label\">Tesi<\/span><\/a><\/li><\/ul><\/li><li class=\"wp-block-navigation-item wp-block-navigation-link\"><a class=\"wp-block-navigation-item__content\"  href=\"https:\/\/sites.uclouvain.be\/narramuse\/it\/membri\/\"><span class=\"wp-block-navigation-item__label\">Chi siamo<\/span><\/a><\/li><li data-wp-context=\"{ &quot;submenuOpenedBy&quot;: { &quot;click&quot;: false, &quot;hover&quot;: false, &quot;focus&quot;: false }, &quot;type&quot;: &quot;submenu&quot;, &quot;modal&quot;: null, &quot;previousFocus&quot;: null }\" data-wp-interactive=\"core\/navigation\" data-wp-on--focusout=\"actions.handleMenuFocusout\" data-wp-on--keydown=\"actions.handleMenuKeydown\" data-wp-on--pointerenter=\"actions.openMenuOnHover\" data-wp-on--pointerleave=\"actions.closeMenuOnHover\" data-wp-watch=\"callbacks.initMenu\" tabindex=\"-1\" class=\"wp-block-navigation-item has-child open-on-hover-click wp-block-navigation-submenu\"><a class=\"wp-block-navigation-item__content\" href=\"https:\/\/sites.uclouvain.be\/narramuse\/it\/eventi-futuri\/\"><span class=\"wp-block-navigation-item__label\">Eventi<\/span><\/a><button data-wp-bind--aria-expanded=\"state.isSubmenuOpen\" data-wp-on--click=\"actions.toggleMenuOnClick\" aria-label=\"Sous-menu Eventi\" class=\"wp-block-navigation__submenu-icon wp-block-navigation-submenu__toggle\" ><svg xmlns=\"http:\/\/www.w3.org\/2000\/svg\" width=\"12\" height=\"12\" viewBox=\"0 0 12 12\" fill=\"none\" aria-hidden=\"true\" focusable=\"false\"><path d=\"M1.50002 4L6.00002 8L10.5 4\" stroke-width=\"1.5\"><\/path><\/svg><\/button><ul data-wp-on--focus=\"actions.openMenuOnFocus\" class=\"wp-block-navigation__submenu-container wp-block-navigation-submenu\"><li class=\"wp-block-navigation-item wp-block-navigation-link\"><a class=\"wp-block-navigation-item__content\"  href=\"https:\/\/sites.uclouvain.be\/narramuse\/it\/eventi-futuri\/\"><span class=\"wp-block-navigation-item__label\">Prossimi eventi<\/span><\/a><\/li><li class=\"wp-block-navigation-item wp-block-navigation-link\"><a class=\"wp-block-navigation-item__content\"  href=\"https:\/\/sites.uclouvain.be\/narramuse\/it\/eventi-passati-2\/\"><span class=\"wp-block-navigation-item__label\">Eventi passati<\/span><\/a><\/li><li class=\"wp-block-navigation-item wp-block-navigation-link\"><a class=\"wp-block-navigation-item__content\"  href=\"https:\/\/sites.uclouvain.be\/narramuse\/it\/convegno-internazionale\/\"><span class=\"wp-block-navigation-item__label\">Convegno internazionale NarraMuse<\/span><\/a><\/li><\/ul><\/li><li class=\"wp-block-navigation-item wp-block-navigation-link\"><a class=\"wp-block-navigation-item__content\"  href=\"https:\/\/sites.uclouvain.be\/narramuse\/actualites\/\"><span class=\"wp-block-navigation-item__label\">News<\/span><\/a><\/li><li class=\"wp-block-navigation-item wp-block-navigation-link\"><a class=\"wp-block-navigation-item__content\"  href=\"https:\/\/sites.uclouvain.be\/narramuse\/it\/contatto\/\"><span class=\"wp-block-navigation-item__label\">Contattaci<\/span><\/a><\/li><\/ul>\n\t\t\t\t\t\t\t\t\n\t\t\t\t\t\t\t<\/div>\n\t\t\t\t\t\t<\/div>\n\t\t\t\t\t<\/div>\n\t\t\t\t<\/div><\/nav>\n\n<div class=\"widget widget_polylang\"><label class=\"screen-reader-text\" for=\"lang_choice_polylang--1\">Choisir une langue<\/label><select name=\"lang_choice_polylang--1\" id=\"lang_choice_polylang--1\" class=\"pll-switcher-select\">\n\t<option value=\"https:\/\/sites.uclouvain.be\/narramuse\/\" lang=\"fr-FR\" selected='selected' data-lang=\"{&quot;id&quot;:0,&quot;name&quot;:&quot;Fran\\u00e7ais&quot;,&quot;slug&quot;:&quot;fr&quot;,&quot;dir&quot;:0}\">Fran\u00e7ais<\/option>\n\t<option value=\"https:\/\/sites.uclouvain.be\/narramuse\/en\/accueil-anglais\/\" lang=\"en-US\" data-lang=\"{&quot;id&quot;:0,&quot;name&quot;:&quot;English&quot;,&quot;slug&quot;:&quot;en&quot;,&quot;dir&quot;:0}\">English<\/option>\n\t<option value=\"https:\/\/sites.uclouvain.be\/narramuse\/de\/accueil-allemand\/\" lang=\"de-DE\" data-lang=\"{&quot;id&quot;:0,&quot;name&quot;:&quot;Deutsch&quot;,&quot;slug&quot;:&quot;de&quot;,&quot;dir&quot;:0}\">Deutsch<\/option>\n\t<option value=\"https:\/\/sites.uclouvain.be\/narramuse\/it\/accueil-italien\/\" lang=\"it-IT\" data-lang=\"{&quot;id&quot;:0,&quot;name&quot;:&quot;Italiano&quot;,&quot;slug&quot;:&quot;it&quot;,&quot;dir&quot;:0}\">Italiano<\/option>\n\n<\/select>\n<script>\n\t\t\t\t\tdocument.getElementById( \"lang_choice_polylang--1\" ).addEventListener( \"change\", function ( event ) { location.href = event.currentTarget.value; } )\n\t\t\t\t<\/script><\/div><\/div>\n\n\n\n<div class=\"wp-block-columns is-layout-flex wp-container-core-columns-is-layout-7387b849 wp-block-columns-is-layout-flex\">\n<div class=\"wp-block-column is-layout-flow wp-block-column-is-layout-flow\">\n<p class=\"wp-block-paragraph\"><strong>NarraMuse<\/strong> si dedica allo studio di testi narrativi &#8211; in tedesco, francese e italiano &#8211; di autrici e autori di ascendenza musulmana e di varie origini etno-nazionali in contesti della postmigrazione.<\/p>\n\n\n\n<p class=\"wp-block-paragraph\">In una variet\u00e0 di forme narrative che vanno dai racconti brevi ai romanzi e alle canzoni pop, questi autori e autrici illustrano e affrontano i \u201cnodi dell&rsquo;identit\u00e0\u201d, le sfide, le opportunit\u00e0 e le difficolt\u00e0 dell&rsquo;appartenenza a diversi ambienti culturali. Viene inoltre messo in evidenza il divario tra le radici parentali e l&rsquo;ambiente socio-culturale europeo.<\/p>\n<\/div>\n\n\n\n<div class=\"wp-block-column is-layout-flow wp-block-column-is-layout-flow\">\n<figure class=\"wp-block-image size-full\"><img loading=\"lazy\" decoding=\"async\" width=\"553\" height=\"560\" src=\"https:\/\/sites.uclouvain.be\/narramuse\/wp-content\/uploads\/2025\/01\/PHOTO-2025-01-06-15-54-41-4-1.jpg\" alt=\"\" class=\"wp-image-5963\" srcset=\"https:\/\/sites.uclouvain.be\/narramuse\/wp-content\/uploads\/2025\/01\/PHOTO-2025-01-06-15-54-41-4-1.jpg 553w, https:\/\/sites.uclouvain.be\/narramuse\/wp-content\/uploads\/2025\/01\/PHOTO-2025-01-06-15-54-41-4-1-296x300.jpg 296w\" sizes=\"auto, (max-width: 553px) 100vw, 553px\" \/><\/figure>\n<\/div>\n<\/div>\n\n\n\n<div class=\"wp-block-columns is-layout-flex wp-container-core-columns-is-layout-7387b849 wp-block-columns-is-layout-flex\">\n<div class=\"wp-block-column is-layout-flow wp-block-column-is-layout-flow\" style=\"flex-basis:66.66%\">\n<figure class=\"wp-block-image size-large\"><img loading=\"lazy\" decoding=\"async\" width=\"1024\" height=\"683\" src=\"https:\/\/sites.uclouvain.be\/narramuse\/wp-content\/uploads\/2025\/01\/bunte-vielfalt-2-1024x683.jpeg\" alt=\"\" class=\"wp-image-6003\" srcset=\"https:\/\/sites.uclouvain.be\/narramuse\/wp-content\/uploads\/2025\/01\/bunte-vielfalt-2-1024x683.jpeg 1024w, https:\/\/sites.uclouvain.be\/narramuse\/wp-content\/uploads\/2025\/01\/bunte-vielfalt-2-300x200.jpeg 300w, https:\/\/sites.uclouvain.be\/narramuse\/wp-content\/uploads\/2025\/01\/bunte-vielfalt-2-768x512.jpeg 768w, https:\/\/sites.uclouvain.be\/narramuse\/wp-content\/uploads\/2025\/01\/bunte-vielfalt-2-1536x1024.jpeg 1536w, https:\/\/sites.uclouvain.be\/narramuse\/wp-content\/uploads\/2025\/01\/bunte-vielfalt-2.jpeg 1920w\" sizes=\"auto, (max-width: 1024px) 100vw, 1024px\" \/><\/figure>\n<\/div>\n\n\n\n<div class=\"wp-block-column is-layout-flow wp-block-column-is-layout-flow\" style=\"flex-basis:33.33%\">\n<p class=\"wp-block-paragraph\">Queste voci narrative polifoniche esplorano aspetti dell&rsquo;interculturalit\u00e0, della reciprocit\u00e0 e delle immagini del S\u00e9 e dell&rsquo;Altro, nonch\u00e9 delle relazioni tra musulmani e non musulmani. NarraMuse si interessa particolarmente ai processi di scrittura e alle strategie di comunicazione attraverso cui questi testi si posizionano su questioni socio-culturali legate all&rsquo;identit\u00e0.<\/p>\n<\/div>\n<\/div>\n\n\n\n<div class=\"wp-block-cover alignfull has-parallax\" style=\"min-height:278px;aspect-ratio:unset;\"><span aria-hidden=\"true\" class=\"wp-block-cover__background has-background-dim-40 has-background-dim\" style=\"background-color:#000000\"><\/span><div class=\"wp-block-cover__image-background wp-image-7313 has-parallax\" style=\"background-position:50% 50%;background-image:url(https:\/\/sites.uclouvain.be\/narramuse\/wp-content\/uploads\/2025\/01\/9782213726823-001-X-imageonline.co-merged-1.png)\"><\/div><div class=\"wp-block-cover__inner-container is-layout-flow wp-block-cover-is-layout-flow\">\n<h2 class=\"wp-block-heading alignwide has-white-color has-text-color\" style=\"font-size:48px;line-height:1.2\"><strong>Save the date<\/strong>!<\/h2>\n\n\n\n<div class=\"wp-block-columns alignwide is-layout-flex wp-container-core-columns-is-layout-7387b849 wp-block-columns-is-layout-flex\">\n<div class=\"wp-block-column is-layout-flow wp-block-column-is-layout-flow\" style=\"flex-basis:60%\">\n<p class=\"has-text-color wp-block-paragraph\" style=\"color:#ffffff\">Dal 17 al 19 settembre 2025, NarraMuse organizza il convegno \u201cDal vissuto al racconto della postmigrazione\u201d. Il Call for Papers \u00e8 online.&nbsp;<br><\/p>\n\n\n\n<div class=\"wp-block-buttons is-layout-flex wp-block-buttons-is-layout-flex\">\n<div class=\"wp-block-button is-style-outline is-style-outline--2\"><a class=\"wp-block-button__link has-text-color has-background wp-element-button\" href=\"https:\/\/sites.uclouvain.be\/narramuse\/it\/eventi-futuri\/\" style=\"color:#ffffff;background-color:#000000\">Per saperne di pi\u00f9<\/a><\/div>\n<\/div>\n<\/div>\n\n\n\n<div class=\"wp-block-column is-layout-flow wp-block-column-is-layout-flow\"><\/div>\n<\/div>\n<\/div><\/div>\n\n\n\n<p class=\"wp-block-paragraph\"><\/p>\n\n\n\n<p class=\"wp-block-paragraph\"><\/p>\n","protected":false},"excerpt":{"rendered":"<p>NarraMuse si dedica allo studio di testi narrativi &#8211; in tedesco, francese e italiano &#8211; di autrici e autori di ascendenza musulmana e di varie origini etno-nazionali in contesti della postmigrazione. In una variet\u00e0 di forme narrative che vanno dai racconti brevi ai romanzi e alle canzoni pop, questi autori e autrici illustrano e affrontano [&hellip;]<\/p>\n","protected":false},"author":53,"featured_media":0,"parent":0,"menu_order":0,"comment_status":"closed","ping_status":"closed","template":"header-footer-only","meta":{"footnotes":""},"class_list":["post-4663","page","type-page","status-publish","hentry"],"_links":{"self":[{"href":"https:\/\/sites.uclouvain.be\/narramuse\/wp-json\/wp\/v2\/pages\/4663","targetHints":{"allow":["GET"]}}],"collection":[{"href":"https:\/\/sites.uclouvain.be\/narramuse\/wp-json\/wp\/v2\/pages"}],"about":[{"href":"https:\/\/sites.uclouvain.be\/narramuse\/wp-json\/wp\/v2\/types\/page"}],"author":[{"embeddable":true,"href":"https:\/\/sites.uclouvain.be\/narramuse\/wp-json\/wp\/v2\/users\/53"}],"replies":[{"embeddable":true,"href":"https:\/\/sites.uclouvain.be\/narramuse\/wp-json\/wp\/v2\/comments?post=4663"}],"version-history":[{"count":17,"href":"https:\/\/sites.uclouvain.be\/narramuse\/wp-json\/wp\/v2\/pages\/4663\/revisions"}],"predecessor-version":[{"id":9173,"href":"https:\/\/sites.uclouvain.be\/narramuse\/wp-json\/wp\/v2\/pages\/4663\/revisions\/9173"}],"wp:attachment":[{"href":"https:\/\/sites.uclouvain.be\/narramuse\/wp-json\/wp\/v2\/media?parent=4663"}],"curies":[{"name":"wp","href":"https:\/\/api.w.org\/{rel}","templated":true}]}}