{"id":14203,"date":"2025-09-05T23:40:59","date_gmt":"2025-09-05T21:40:59","guid":{"rendered":"https:\/\/sites.uclouvain.be\/narramuse\/?page_id=14203"},"modified":"2025-09-05T23:42:46","modified_gmt":"2025-09-05T21:42:46","slug":"spectacle-cherfi","status":"publish","type":"page","link":"https:\/\/sites.uclouvain.be\/narramuse\/spectacle-cherfi\/","title":{"rendered":"Spectacle Cherfi"},"content":{"rendered":"\n<div class=\"wp-block-group is-content-justification-center is-nowrap is-layout-flex wp-container-core-group-is-layout-f56f9fcf wp-block-group-is-layout-flex\"><nav class=\"is-responsive wp-block-navigation is-layout-flex wp-block-navigation-is-layout-flex\" aria-label=\"Primary\" \n\t\t data-wp-interactive=\"core\/navigation\" data-wp-context='{\"overlayOpenedBy\":{\"click\":false,\"hover\":false,\"focus\":false},\"type\":\"overlay\",\"roleAttribute\":\"\",\"ariaLabel\":\"Menu\"}'><button aria-haspopup=\"dialog\" aria-label=\"Ouvrir le menu\" class=\"wp-block-navigation__responsive-container-open\" \n\t\t\t\tdata-wp-on--click=\"actions.openMenuOnClick\"\n\t\t\t\tdata-wp-on--keydown=\"actions.handleMenuKeydown\"\n\t\t\t><svg width=\"24\" height=\"24\" xmlns=\"http:\/\/www.w3.org\/2000\/svg\" viewBox=\"0 0 24 24\" aria-hidden=\"true\" focusable=\"false\"><path d=\"M4 7.5h16v1.5H4z\"><\/path><path d=\"M4 15h16v1.5H4z\"><\/path><\/svg><\/button>\n\t\t\t\t<div class=\"wp-block-navigation__responsive-container\"  id=\"modal-1\" \n\t\t\t\tdata-wp-class--has-modal-open=\"state.isMenuOpen\"\n\t\t\t\tdata-wp-class--is-menu-open=\"state.isMenuOpen\"\n\t\t\t\tdata-wp-watch=\"callbacks.initMenu\"\n\t\t\t\tdata-wp-on--keydown=\"actions.handleMenuKeydown\"\n\t\t\t\tdata-wp-on--focusout=\"actions.handleMenuFocusout\"\n\t\t\t\ttabindex=\"-1\"\n\t\t\t>\n\t\t\t\t\t<div class=\"wp-block-navigation__responsive-close\" tabindex=\"-1\">\n\t\t\t\t\t\t<div class=\"wp-block-navigation__responsive-dialog\" \n\t\t\t\tdata-wp-bind--aria-modal=\"state.ariaModal\"\n\t\t\t\tdata-wp-bind--aria-label=\"state.ariaLabel\"\n\t\t\t\tdata-wp-bind--role=\"state.roleAttribute\"\n\t\t\t>\n\t\t\t\t\t\t\t<button aria-label=\"Fermer le menu\" class=\"wp-block-navigation__responsive-container-close\" \n\t\t\t\tdata-wp-on--click=\"actions.closeMenuOnClick\"\n\t\t\t><svg xmlns=\"http:\/\/www.w3.org\/2000\/svg\" viewBox=\"0 0 24 24\" width=\"24\" height=\"24\" aria-hidden=\"true\" focusable=\"false\"><path d=\"m13.06 12 6.47-6.47-1.06-1.06L12 10.94 5.53 4.47 4.47 5.53 10.94 12l-6.47 6.47 1.06 1.06L12 13.06l6.47 6.47 1.06-1.06L13.06 12Z\"><\/path><\/svg><\/button>\n\t\t\t\t\t\t\t<div class=\"wp-block-navigation__responsive-container-content\" \n\t\t\t\tdata-wp-watch=\"callbacks.focusFirstElement\"\n\t\t\t id=\"modal-1-content\">\n\t\t\t\t\t\t\t\t<ul class=\"wp-block-navigation__container is-responsive wp-block-navigation\"><li data-wp-context=\"{ &quot;submenuOpenedBy&quot;: { &quot;click&quot;: false, &quot;hover&quot;: false, &quot;focus&quot;: false }, &quot;type&quot;: &quot;submenu&quot;, &quot;modal&quot;: null, &quot;previousFocus&quot;: null }\" data-wp-interactive=\"core\/navigation\" data-wp-on--focusout=\"actions.handleMenuFocusout\" data-wp-on--keydown=\"actions.handleMenuKeydown\" data-wp-on--pointerenter=\"actions.openMenuOnHover\" data-wp-on--pointerleave=\"actions.closeMenuOnHover\" data-wp-watch=\"callbacks.initMenu\" tabindex=\"-1\" class=\"wp-block-navigation-item has-child open-on-hover-click wp-block-navigation-submenu\"><a class=\"wp-block-navigation-item__content\" href=\"https:\/\/sites.uclouvain.be\/narramuse\/objectifs\/\"><span class=\"wp-block-navigation-item__label\">Recherches<\/span><\/a><button data-wp-bind--aria-expanded=\"state.isSubmenuOpen\" data-wp-on--click=\"actions.toggleMenuOnClick\" aria-label=\"Sous-menu Recherches\" class=\"wp-block-navigation__submenu-icon wp-block-navigation-submenu__toggle\" ><svg xmlns=\"http:\/\/www.w3.org\/2000\/svg\" width=\"12\" height=\"12\" viewBox=\"0 0 12 12\" fill=\"none\" aria-hidden=\"true\" focusable=\"false\"><path d=\"M1.50002 4L6.00002 8L10.5 4\" stroke-width=\"1.5\"><\/path><\/svg><\/button><ul data-wp-on--focus=\"actions.openMenuOnFocus\" class=\"wp-block-navigation__submenu-container wp-block-navigation-submenu\"><li class=\"wp-block-navigation-item wp-block-navigation-link\"><a class=\"wp-block-navigation-item__content\"  href=\"https:\/\/sites.uclouvain.be\/narramuse\/objet-recherche\/\"><span class=\"wp-block-navigation-item__label\">Objet<\/span><\/a><\/li><li class=\"wp-block-navigation-item wp-block-navigation-link\"><a class=\"wp-block-navigation-item__content\"  href=\"https:\/\/sites.uclouvain.be\/narramuse\/programme-recherche\/\"><span class=\"wp-block-navigation-item__label\">Programme<\/span><\/a><\/li><li class=\"wp-block-navigation-item wp-block-navigation-link\"><a class=\"wp-block-navigation-item__content\"  href=\"https:\/\/sites.uclouvain.be\/narramuse\/objectifs\/\"><span class=\"wp-block-navigation-item__label\">Th\u00e8ses<\/span><\/a><\/li><\/ul><\/li><li class=\"wp-block-navigation-item wp-block-navigation-link\"><a class=\"wp-block-navigation-item__content\"  href=\"https:\/\/sites.uclouvain.be\/narramuse\/membres\/\"><span class=\"wp-block-navigation-item__label\">Membres<\/span><\/a><\/li><li data-wp-context=\"{ &quot;submenuOpenedBy&quot;: { &quot;click&quot;: false, &quot;hover&quot;: false, &quot;focus&quot;: false }, &quot;type&quot;: &quot;submenu&quot;, &quot;modal&quot;: null, &quot;previousFocus&quot;: null }\" data-wp-interactive=\"core\/navigation\" data-wp-on--focusout=\"actions.handleMenuFocusout\" data-wp-on--keydown=\"actions.handleMenuKeydown\" data-wp-on--pointerenter=\"actions.openMenuOnHover\" data-wp-on--pointerleave=\"actions.closeMenuOnHover\" data-wp-watch=\"callbacks.initMenu\" tabindex=\"-1\" class=\"wp-block-navigation-item has-child open-on-hover-click wp-block-navigation-submenu\"><a class=\"wp-block-navigation-item__content\" href=\"https:\/\/sites.uclouvain.be\/narramuse\/annonces\/\"><span class=\"wp-block-navigation-item__label\">\u00c9v\u00e9nements<\/span><\/a><button data-wp-bind--aria-expanded=\"state.isSubmenuOpen\" data-wp-on--click=\"actions.toggleMenuOnClick\" aria-label=\"Sous-menu \u00c9v\u00e9nements\" class=\"wp-block-navigation__submenu-icon wp-block-navigation-submenu__toggle\" ><svg xmlns=\"http:\/\/www.w3.org\/2000\/svg\" width=\"12\" height=\"12\" viewBox=\"0 0 12 12\" fill=\"none\" aria-hidden=\"true\" focusable=\"false\"><path d=\"M1.50002 4L6.00002 8L10.5 4\" stroke-width=\"1.5\"><\/path><\/svg><\/button><ul data-wp-on--focus=\"actions.openMenuOnFocus\" class=\"wp-block-navigation__submenu-container wp-block-navigation-submenu\"><li class=\"wp-block-navigation-item wp-block-navigation-link\"><a class=\"wp-block-navigation-item__content\"  href=\"https:\/\/sites.uclouvain.be\/narramuse\/annonces\/\"><span class=\"wp-block-navigation-item__label\">\u00c9v\u00e9nements \u00e0 venir<\/span><\/a><\/li><li class=\"wp-block-navigation-item wp-block-navigation-link\"><a class=\"wp-block-navigation-item__content\"  href=\"https:\/\/sites.uclouvain.be\/narramuse\/evenements-passes-2\/\"><span class=\"wp-block-navigation-item__label\">\u00c9v\u00e9nements pass\u00e9s<\/span><\/a><\/li><li class=\"wp-block-navigation-item wp-block-navigation-link\"><a class=\"wp-block-navigation-item__content\"  href=\"https:\/\/sites.uclouvain.be\/narramuse\/colloque-international\/\"><span class=\"wp-block-navigation-item__label\">Colloque international NarraMuse<\/span><\/a><\/li><\/ul><\/li><li class=\"wp-block-navigation-item wp-block-navigation-link\"><a class=\"wp-block-navigation-item__content\"  href=\"https:\/\/sites.uclouvain.be\/narramuse\/actualites\/\"><span class=\"wp-block-navigation-item__label\">Actualit\u00e9s<\/span><\/a><\/li><li data-wp-context=\"{ &quot;submenuOpenedBy&quot;: { &quot;click&quot;: false, &quot;hover&quot;: false, &quot;focus&quot;: false }, &quot;type&quot;: &quot;submenu&quot;, &quot;modal&quot;: null, &quot;previousFocus&quot;: null }\" data-wp-interactive=\"core\/navigation\" data-wp-on--focusout=\"actions.handleMenuFocusout\" data-wp-on--keydown=\"actions.handleMenuKeydown\" data-wp-on--pointerenter=\"actions.openMenuOnHover\" data-wp-on--pointerleave=\"actions.closeMenuOnHover\" data-wp-watch=\"callbacks.initMenu\" tabindex=\"-1\" class=\"wp-block-navigation-item has-child open-on-hover-click wp-block-navigation-submenu\"><a class=\"wp-block-navigation-item__content\" href=\"https:\/\/sites.uclouvain.be\/narramuse\/projet\/\"><span class=\"wp-block-navigation-item__label\">Biblioth\u00e8que<\/span><\/a><button data-wp-bind--aria-expanded=\"state.isSubmenuOpen\" data-wp-on--click=\"actions.toggleMenuOnClick\" aria-label=\"Sous-menu Biblioth\u00e8que\" class=\"wp-block-navigation__submenu-icon wp-block-navigation-submenu__toggle\" ><svg xmlns=\"http:\/\/www.w3.org\/2000\/svg\" width=\"12\" height=\"12\" viewBox=\"0 0 12 12\" fill=\"none\" aria-hidden=\"true\" focusable=\"false\"><path d=\"M1.50002 4L6.00002 8L10.5 4\" stroke-width=\"1.5\"><\/path><\/svg><\/button><ul data-wp-on--focus=\"actions.openMenuOnFocus\" class=\"wp-block-navigation__submenu-container wp-block-navigation-submenu\"><li class=\"wp-block-navigation-item wp-block-navigation-link\"><a class=\"wp-block-navigation-item__content\"  href=\"https:\/\/sites.uclouvain.be\/narramuse\/projet\/\"><span class=\"wp-block-navigation-item__label\">Projet<\/span><\/a><\/li><li class=\"wp-block-navigation-item wp-block-navigation-link\"><a class=\"wp-block-navigation-item__content\"  href=\"https:\/\/sites.uclouvain.be\/narramuse\/par-auteur\/\"><span class=\"wp-block-navigation-item__label\">Par auteur<\/span><\/a><\/li><li class=\"wp-block-navigation-item wp-block-navigation-link\"><a class=\"wp-block-navigation-item__content\"  href=\"https:\/\/sites.uclouvain.be\/narramuse\/par-mot-cle\/\"><span class=\"wp-block-navigation-item__label\">Par mot-cl\u00e9<\/span><\/a><\/li><\/ul><\/li><li class=\"wp-block-navigation-item wp-block-navigation-link\"><a class=\"wp-block-navigation-item__content\"  href=\"https:\/\/sites.uclouvain.be\/narramuse\/contact\/\"><span class=\"wp-block-navigation-item__label\">Contact<\/span><\/a><\/li><\/ul>\n\t\t\t\t\t\t\t\t\n\t\t\t\t\t\t\t<\/div>\n\t\t\t\t\t\t<\/div>\n\t\t\t\t\t<\/div>\n\t\t\t\t<\/div><\/nav>\n\n<div class=\"widget widget_polylang\"><label class=\"screen-reader-text\" for=\"lang_choice_polylang--1\">Choisir une langue<\/label><select name=\"lang_choice_polylang--1\" id=\"lang_choice_polylang--1\" class=\"pll-switcher-select\">\n\t<option value=\"https:\/\/sites.uclouvain.be\/narramuse\/spectacle-cherfi\/\" lang=\"fr-FR\" selected='selected' data-lang=\"{&quot;id&quot;:0,&quot;name&quot;:&quot;Fran\\u00e7ais&quot;,&quot;slug&quot;:&quot;fr&quot;,&quot;dir&quot;:0}\">Fran\u00e7ais<\/option>\n\t<option value=\"https:\/\/sites.uclouvain.be\/narramuse\/en\/cherfis-performance\/\" lang=\"en-US\" data-lang=\"{&quot;id&quot;:0,&quot;name&quot;:&quot;English&quot;,&quot;slug&quot;:&quot;en&quot;,&quot;dir&quot;:0}\">English<\/option>\n\t<option value=\"https:\/\/sites.uclouvain.be\/narramuse\/de\/cherfi-performance\/\" lang=\"de-DE\" data-lang=\"{&quot;id&quot;:0,&quot;name&quot;:&quot;Deutsch&quot;,&quot;slug&quot;:&quot;de&quot;,&quot;dir&quot;:0}\">Deutsch<\/option>\n\t<option value=\"https:\/\/sites.uclouvain.be\/narramuse\/it\/spettacolo-cherfi\/\" lang=\"it-IT\" data-lang=\"{&quot;id&quot;:0,&quot;name&quot;:&quot;Italiano&quot;,&quot;slug&quot;:&quot;it&quot;,&quot;dir&quot;:0}\">Italiano<\/option>\n\n<\/select>\n<script>\n\t\t\t\t\tdocument.getElementById( \"lang_choice_polylang--1\" ).addEventListener( \"change\", function ( event ) { location.href = event.currentTarget.value; } )\n\t\t\t\t<\/script><\/div><\/div>\n\n\n\n<p class=\"wp-block-paragraph\"><\/p>\n\n\n\n<h2 class=\"wp-block-heading\">\u00ab\u00a0Longue haleine\u00a0\u00bb: lecture musicale de Magyd Cherfi, avec \u00c9tienne Choquet<\/h2>\n\n\n\n<figure class=\"wp-block-image aligncenter size-large is-resized\"><img loading=\"lazy\" decoding=\"async\" width=\"1024\" height=\"724\" src=\"https:\/\/sites.uclouvain.be\/narramuse\/wp-content\/uploads\/2025\/09\/longue-haleine-web-1024x724.jpg\" alt=\"\" class=\"wp-image-14213\" style=\"width:auto;height:300px\" srcset=\"https:\/\/sites.uclouvain.be\/narramuse\/wp-content\/uploads\/2025\/09\/longue-haleine-web-1024x724.jpg 1024w, https:\/\/sites.uclouvain.be\/narramuse\/wp-content\/uploads\/2025\/09\/longue-haleine-web-300x212.jpg 300w, https:\/\/sites.uclouvain.be\/narramuse\/wp-content\/uploads\/2025\/09\/longue-haleine-web-768x543.jpg 768w, https:\/\/sites.uclouvain.be\/narramuse\/wp-content\/uploads\/2025\/09\/longue-haleine-web-1536x1086.jpg 1536w, https:\/\/sites.uclouvain.be\/narramuse\/wp-content\/uploads\/2025\/09\/longue-haleine-web-2048x1448.jpg 2048w\" sizes=\"auto, (max-width: 1024px) 100vw, 1024px\" \/><\/figure>\n\n\n\n<p class=\"wp-block-paragraph\"><\/p>\n\n\n\n<p class=\"wp-block-paragraph\"><em><strong>Longue Haleine<\/strong><\/em>\u00a0est un concentr\u00e9 de textes, une s\u00e9lection des meilleurs moments de cinq romans \u00e9crits par <strong>Magyd Cherfi<\/strong>, une quintessence de sa vie.<\/p>\n\n\n\n<p class=\"wp-block-paragraph\"><em>Longue Haleine<\/em>\u00a0c\u2019est la lecture gourmande de ses plus belles pages.<\/p>\n\n\n\n<p class=\"wp-block-paragraph\"><em>Longue Haleine<\/em>\u00a0est aussi le cabotinage d\u2019un auteur qui se raconte, se montre sans fards, se livre, s\u2019effeuille comme une danseuse-Lido.<\/p>\n\n\n\n<p class=\"wp-block-paragraph\"><em>Longue Haleine<\/em>\u00a0est un masque qui tombe pour d\u00e9voiler l\u2019enfant qu\u2019il a \u00e9t\u00e9, l\u2019homme qu\u2019il est devenu.<br>C\u2019est un spectacle intime ouvert \u00e0 tous, une fa\u00e7on de dire \u00ab d\u00e9couvrez moi \u00bb vous y trouverez de vous \u2026<\/p>\n\n\n\n<p class=\"wp-block-paragraph\">Le spectacle aura lieu \u00e0 la Ferme du Bi\u00e9reau de Louvain-la-Neuve, le 18 septembre 2025 \u00e0 20h. Il sera pr\u00e9c\u00e9d\u00e9 d\u2019une\u00a0<strong>rencontre avec le public<\/strong>\u00a0et d\u2019une s\u00e9ance de\u00a0<strong>d\u00e9dicaces<\/strong>, \u00e0 18h15, toujours \u00e0 la Ferme du Bi\u00e9reau.<\/p>\n\n\n\n<p class=\"wp-block-paragraph\">Ce spectacle est organis\u00e9 dans le cadre du colloque <strong>\u00ab\u00a0Des v\u00e9cus aux r\u00e9cits de la postmigration\u00a0\u00bb<\/strong> (17-19 septembre 2025, UCLouvain).<\/p>\n","protected":false},"excerpt":{"rendered":"<p>\u00ab\u00a0Longue haleine\u00a0\u00bb: lecture musicale de Magyd Cherfi, avec \u00c9tienne Choquet Longue Haleine\u00a0est un concentr\u00e9 de textes, une s\u00e9lection des meilleurs moments de cinq romans \u00e9crits par Magyd Cherfi, une quintessence de sa vie. Longue Haleine\u00a0c\u2019est la lecture gourmande de ses plus belles pages. Longue Haleine\u00a0est aussi le cabotinage d\u2019un auteur qui se raconte, se montre [&hellip;]<\/p>\n","protected":false},"author":53,"featured_media":0,"parent":0,"menu_order":0,"comment_status":"closed","ping_status":"closed","template":"header-footer-only","meta":{"footnotes":""},"class_list":["post-14203","page","type-page","status-publish","hentry"],"_links":{"self":[{"href":"https:\/\/sites.uclouvain.be\/narramuse\/wp-json\/wp\/v2\/pages\/14203","targetHints":{"allow":["GET"]}}],"collection":[{"href":"https:\/\/sites.uclouvain.be\/narramuse\/wp-json\/wp\/v2\/pages"}],"about":[{"href":"https:\/\/sites.uclouvain.be\/narramuse\/wp-json\/wp\/v2\/types\/page"}],"author":[{"embeddable":true,"href":"https:\/\/sites.uclouvain.be\/narramuse\/wp-json\/wp\/v2\/users\/53"}],"replies":[{"embeddable":true,"href":"https:\/\/sites.uclouvain.be\/narramuse\/wp-json\/wp\/v2\/comments?post=14203"}],"version-history":[{"count":2,"href":"https:\/\/sites.uclouvain.be\/narramuse\/wp-json\/wp\/v2\/pages\/14203\/revisions"}],"predecessor-version":[{"id":14243,"href":"https:\/\/sites.uclouvain.be\/narramuse\/wp-json\/wp\/v2\/pages\/14203\/revisions\/14243"}],"wp:attachment":[{"href":"https:\/\/sites.uclouvain.be\/narramuse\/wp-json\/wp\/v2\/media?parent=14203"}],"curies":[{"name":"wp","href":"https:\/\/api.w.org\/{rel}","templated":true}]}}