{"id":14143,"date":"2025-09-05T22:26:24","date_gmt":"2025-09-05T20:26:24","guid":{"rendered":"https:\/\/sites.uclouvain.be\/narramuse\/?page_id=14143"},"modified":"2025-09-05T22:31:35","modified_gmt":"2025-09-05T20:31:35","slug":"panel-ecrivains","status":"publish","type":"page","link":"https:\/\/sites.uclouvain.be\/narramuse\/panel-ecrivains\/","title":{"rendered":"Panel \u00e9crivains"},"content":{"rendered":"\n<div class=\"wp-block-group is-content-justification-center is-nowrap is-layout-flex wp-container-core-group-is-layout-f56f9fcf wp-block-group-is-layout-flex\"><nav class=\"is-responsive wp-block-navigation is-layout-flex wp-block-navigation-is-layout-flex\" aria-label=\"Primary\" \n\t\t data-wp-interactive=\"core\/navigation\" data-wp-context='{\"overlayOpenedBy\":{\"click\":false,\"hover\":false,\"focus\":false},\"type\":\"overlay\",\"roleAttribute\":\"\",\"ariaLabel\":\"Menu\"}'><button aria-haspopup=\"dialog\" aria-label=\"Ouvrir le menu\" class=\"wp-block-navigation__responsive-container-open\" \n\t\t\t\tdata-wp-on--click=\"actions.openMenuOnClick\"\n\t\t\t\tdata-wp-on--keydown=\"actions.handleMenuKeydown\"\n\t\t\t><svg width=\"24\" height=\"24\" xmlns=\"http:\/\/www.w3.org\/2000\/svg\" viewBox=\"0 0 24 24\" aria-hidden=\"true\" focusable=\"false\"><path d=\"M4 7.5h16v1.5H4z\"><\/path><path d=\"M4 15h16v1.5H4z\"><\/path><\/svg><\/button>\n\t\t\t\t<div class=\"wp-block-navigation__responsive-container\"  id=\"modal-1\" \n\t\t\t\tdata-wp-class--has-modal-open=\"state.isMenuOpen\"\n\t\t\t\tdata-wp-class--is-menu-open=\"state.isMenuOpen\"\n\t\t\t\tdata-wp-watch=\"callbacks.initMenu\"\n\t\t\t\tdata-wp-on--keydown=\"actions.handleMenuKeydown\"\n\t\t\t\tdata-wp-on--focusout=\"actions.handleMenuFocusout\"\n\t\t\t\ttabindex=\"-1\"\n\t\t\t>\n\t\t\t\t\t<div class=\"wp-block-navigation__responsive-close\" tabindex=\"-1\">\n\t\t\t\t\t\t<div class=\"wp-block-navigation__responsive-dialog\" \n\t\t\t\tdata-wp-bind--aria-modal=\"state.ariaModal\"\n\t\t\t\tdata-wp-bind--aria-label=\"state.ariaLabel\"\n\t\t\t\tdata-wp-bind--role=\"state.roleAttribute\"\n\t\t\t>\n\t\t\t\t\t\t\t<button aria-label=\"Fermer le menu\" class=\"wp-block-navigation__responsive-container-close\" \n\t\t\t\tdata-wp-on--click=\"actions.closeMenuOnClick\"\n\t\t\t><svg xmlns=\"http:\/\/www.w3.org\/2000\/svg\" viewBox=\"0 0 24 24\" width=\"24\" height=\"24\" aria-hidden=\"true\" focusable=\"false\"><path d=\"m13.06 12 6.47-6.47-1.06-1.06L12 10.94 5.53 4.47 4.47 5.53 10.94 12l-6.47 6.47 1.06 1.06L12 13.06l6.47 6.47 1.06-1.06L13.06 12Z\"><\/path><\/svg><\/button>\n\t\t\t\t\t\t\t<div class=\"wp-block-navigation__responsive-container-content\" \n\t\t\t\tdata-wp-watch=\"callbacks.focusFirstElement\"\n\t\t\t id=\"modal-1-content\">\n\t\t\t\t\t\t\t\t<ul class=\"wp-block-navigation__container is-responsive wp-block-navigation\"><li data-wp-context=\"{ &quot;submenuOpenedBy&quot;: { &quot;click&quot;: false, &quot;hover&quot;: false, &quot;focus&quot;: false }, &quot;type&quot;: &quot;submenu&quot;, &quot;modal&quot;: null, &quot;previousFocus&quot;: null }\" data-wp-interactive=\"core\/navigation\" data-wp-on--focusout=\"actions.handleMenuFocusout\" data-wp-on--keydown=\"actions.handleMenuKeydown\" data-wp-on--pointerenter=\"actions.openMenuOnHover\" data-wp-on--pointerleave=\"actions.closeMenuOnHover\" data-wp-watch=\"callbacks.initMenu\" tabindex=\"-1\" class=\"wp-block-navigation-item has-child open-on-hover-click wp-block-navigation-submenu\"><a class=\"wp-block-navigation-item__content\" href=\"https:\/\/sites.uclouvain.be\/narramuse\/objectifs\/\"><span class=\"wp-block-navigation-item__label\">Recherches<\/span><\/a><button data-wp-bind--aria-expanded=\"state.isSubmenuOpen\" data-wp-on--click=\"actions.toggleMenuOnClick\" aria-label=\"Sous-menu Recherches\" class=\"wp-block-navigation__submenu-icon wp-block-navigation-submenu__toggle\" ><svg xmlns=\"http:\/\/www.w3.org\/2000\/svg\" width=\"12\" height=\"12\" viewBox=\"0 0 12 12\" fill=\"none\" aria-hidden=\"true\" focusable=\"false\"><path d=\"M1.50002 4L6.00002 8L10.5 4\" stroke-width=\"1.5\"><\/path><\/svg><\/button><ul data-wp-on--focus=\"actions.openMenuOnFocus\" class=\"wp-block-navigation__submenu-container wp-block-navigation-submenu\"><li class=\"wp-block-navigation-item wp-block-navigation-link\"><a class=\"wp-block-navigation-item__content\"  href=\"https:\/\/sites.uclouvain.be\/narramuse\/objet-recherche\/\"><span class=\"wp-block-navigation-item__label\">Objet<\/span><\/a><\/li><li class=\"wp-block-navigation-item wp-block-navigation-link\"><a class=\"wp-block-navigation-item__content\"  href=\"https:\/\/sites.uclouvain.be\/narramuse\/programme-recherche\/\"><span class=\"wp-block-navigation-item__label\">Programme<\/span><\/a><\/li><li class=\"wp-block-navigation-item wp-block-navigation-link\"><a class=\"wp-block-navigation-item__content\"  href=\"https:\/\/sites.uclouvain.be\/narramuse\/objectifs\/\"><span class=\"wp-block-navigation-item__label\">Th\u00e8ses<\/span><\/a><\/li><\/ul><\/li><li class=\"wp-block-navigation-item wp-block-navigation-link\"><a class=\"wp-block-navigation-item__content\"  href=\"https:\/\/sites.uclouvain.be\/narramuse\/membres\/\"><span class=\"wp-block-navigation-item__label\">Membres<\/span><\/a><\/li><li data-wp-context=\"{ &quot;submenuOpenedBy&quot;: { &quot;click&quot;: false, &quot;hover&quot;: false, &quot;focus&quot;: false }, &quot;type&quot;: &quot;submenu&quot;, &quot;modal&quot;: null, &quot;previousFocus&quot;: null }\" data-wp-interactive=\"core\/navigation\" data-wp-on--focusout=\"actions.handleMenuFocusout\" data-wp-on--keydown=\"actions.handleMenuKeydown\" data-wp-on--pointerenter=\"actions.openMenuOnHover\" data-wp-on--pointerleave=\"actions.closeMenuOnHover\" data-wp-watch=\"callbacks.initMenu\" tabindex=\"-1\" class=\"wp-block-navigation-item has-child open-on-hover-click wp-block-navigation-submenu\"><a class=\"wp-block-navigation-item__content\" href=\"https:\/\/sites.uclouvain.be\/narramuse\/annonces\/\"><span class=\"wp-block-navigation-item__label\">\u00c9v\u00e9nements<\/span><\/a><button data-wp-bind--aria-expanded=\"state.isSubmenuOpen\" data-wp-on--click=\"actions.toggleMenuOnClick\" aria-label=\"Sous-menu \u00c9v\u00e9nements\" class=\"wp-block-navigation__submenu-icon wp-block-navigation-submenu__toggle\" ><svg xmlns=\"http:\/\/www.w3.org\/2000\/svg\" width=\"12\" height=\"12\" viewBox=\"0 0 12 12\" fill=\"none\" aria-hidden=\"true\" focusable=\"false\"><path d=\"M1.50002 4L6.00002 8L10.5 4\" stroke-width=\"1.5\"><\/path><\/svg><\/button><ul data-wp-on--focus=\"actions.openMenuOnFocus\" class=\"wp-block-navigation__submenu-container wp-block-navigation-submenu\"><li class=\"wp-block-navigation-item wp-block-navigation-link\"><a class=\"wp-block-navigation-item__content\"  href=\"https:\/\/sites.uclouvain.be\/narramuse\/annonces\/\"><span class=\"wp-block-navigation-item__label\">\u00c9v\u00e9nements \u00e0 venir<\/span><\/a><\/li><li class=\"wp-block-navigation-item wp-block-navigation-link\"><a class=\"wp-block-navigation-item__content\"  href=\"https:\/\/sites.uclouvain.be\/narramuse\/evenements-passes-2\/\"><span class=\"wp-block-navigation-item__label\">\u00c9v\u00e9nements pass\u00e9s<\/span><\/a><\/li><li class=\"wp-block-navigation-item wp-block-navigation-link\"><a class=\"wp-block-navigation-item__content\"  href=\"https:\/\/sites.uclouvain.be\/narramuse\/colloque-international\/\"><span class=\"wp-block-navigation-item__label\">Colloque international NarraMuse<\/span><\/a><\/li><\/ul><\/li><li class=\"wp-block-navigation-item wp-block-navigation-link\"><a class=\"wp-block-navigation-item__content\"  href=\"https:\/\/sites.uclouvain.be\/narramuse\/actualites\/\"><span class=\"wp-block-navigation-item__label\">Actualit\u00e9s<\/span><\/a><\/li><li data-wp-context=\"{ &quot;submenuOpenedBy&quot;: { &quot;click&quot;: false, &quot;hover&quot;: false, &quot;focus&quot;: false }, &quot;type&quot;: &quot;submenu&quot;, &quot;modal&quot;: null, &quot;previousFocus&quot;: null }\" data-wp-interactive=\"core\/navigation\" data-wp-on--focusout=\"actions.handleMenuFocusout\" data-wp-on--keydown=\"actions.handleMenuKeydown\" data-wp-on--pointerenter=\"actions.openMenuOnHover\" data-wp-on--pointerleave=\"actions.closeMenuOnHover\" data-wp-watch=\"callbacks.initMenu\" tabindex=\"-1\" class=\"wp-block-navigation-item has-child open-on-hover-click wp-block-navigation-submenu\"><a class=\"wp-block-navigation-item__content\" href=\"https:\/\/sites.uclouvain.be\/narramuse\/projet\/\"><span class=\"wp-block-navigation-item__label\">Biblioth\u00e8que<\/span><\/a><button data-wp-bind--aria-expanded=\"state.isSubmenuOpen\" data-wp-on--click=\"actions.toggleMenuOnClick\" aria-label=\"Sous-menu Biblioth\u00e8que\" class=\"wp-block-navigation__submenu-icon wp-block-navigation-submenu__toggle\" ><svg xmlns=\"http:\/\/www.w3.org\/2000\/svg\" width=\"12\" height=\"12\" viewBox=\"0 0 12 12\" fill=\"none\" aria-hidden=\"true\" focusable=\"false\"><path d=\"M1.50002 4L6.00002 8L10.5 4\" stroke-width=\"1.5\"><\/path><\/svg><\/button><ul data-wp-on--focus=\"actions.openMenuOnFocus\" class=\"wp-block-navigation__submenu-container wp-block-navigation-submenu\"><li class=\"wp-block-navigation-item wp-block-navigation-link\"><a class=\"wp-block-navigation-item__content\"  href=\"https:\/\/sites.uclouvain.be\/narramuse\/projet\/\"><span class=\"wp-block-navigation-item__label\">Projet<\/span><\/a><\/li><li class=\"wp-block-navigation-item wp-block-navigation-link\"><a class=\"wp-block-navigation-item__content\"  href=\"https:\/\/sites.uclouvain.be\/narramuse\/par-auteur\/\"><span class=\"wp-block-navigation-item__label\">Par auteur<\/span><\/a><\/li><li class=\"wp-block-navigation-item wp-block-navigation-link\"><a class=\"wp-block-navigation-item__content\"  href=\"https:\/\/sites.uclouvain.be\/narramuse\/par-mot-cle\/\"><span class=\"wp-block-navigation-item__label\">Par mot-cl\u00e9<\/span><\/a><\/li><\/ul><\/li><li class=\"wp-block-navigation-item wp-block-navigation-link\"><a class=\"wp-block-navigation-item__content\"  href=\"https:\/\/sites.uclouvain.be\/narramuse\/contact\/\"><span class=\"wp-block-navigation-item__label\">Contact<\/span><\/a><\/li><\/ul>\n\t\t\t\t\t\t\t\t\n\t\t\t\t\t\t\t<\/div>\n\t\t\t\t\t\t<\/div>\n\t\t\t\t\t<\/div>\n\t\t\t\t<\/div><\/nav>\n\n<div class=\"widget widget_polylang\"><label class=\"screen-reader-text\" for=\"lang_choice_polylang--1\">Choisir une langue<\/label><select name=\"lang_choice_polylang--1\" id=\"lang_choice_polylang--1\" class=\"pll-switcher-select\">\n\t<option value=\"https:\/\/sites.uclouvain.be\/narramuse\/panel-ecrivains\/\" lang=\"fr-FR\" selected='selected' data-lang=\"{&quot;id&quot;:0,&quot;name&quot;:&quot;Fran\\u00e7ais&quot;,&quot;slug&quot;:&quot;fr&quot;,&quot;dir&quot;:0}\">Fran\u00e7ais<\/option>\n\t<option value=\"https:\/\/sites.uclouvain.be\/narramuse\/en\/writers-panel\/\" lang=\"en-US\" data-lang=\"{&quot;id&quot;:0,&quot;name&quot;:&quot;English&quot;,&quot;slug&quot;:&quot;en&quot;,&quot;dir&quot;:0}\">English<\/option>\n\t<option value=\"https:\/\/sites.uclouvain.be\/narramuse\/de\/autorenpanel\/\" lang=\"de-DE\" data-lang=\"{&quot;id&quot;:0,&quot;name&quot;:&quot;Deutsch&quot;,&quot;slug&quot;:&quot;de&quot;,&quot;dir&quot;:0}\">Deutsch<\/option>\n\t<option value=\"https:\/\/sites.uclouvain.be\/narramuse\/it\/panel-di-scrittori\/\" lang=\"it-IT\" data-lang=\"{&quot;id&quot;:0,&quot;name&quot;:&quot;Italiano&quot;,&quot;slug&quot;:&quot;it&quot;,&quot;dir&quot;:0}\">Italiano<\/option>\n\n<\/select>\n<script>\n\t\t\t\t\tdocument.getElementById( \"lang_choice_polylang--1\" ).addEventListener( \"change\", function ( event ) { location.href = event.currentTarget.value; } )\n\t\t\t\t<\/script><\/div><\/div>\n\n\n\n<p class=\"wp-block-paragraph\"><\/p>\n\n\n\n<h2 class=\"wp-block-heading\">\u00ab\u00a0Figures du Nous\u00a0\u00bb: Six voix de la litt\u00e9rature francophone contemporaine en dialogue<\/h2>\n\n\n\n<figure class=\"wp-block-image aligncenter size-large is-resized\"><img loading=\"lazy\" decoding=\"async\" width=\"724\" height=\"1024\" src=\"https:\/\/sites.uclouvain.be\/narramuse\/wp-content\/uploads\/2025\/09\/recit-postmigration-2-724x1024.jpg\" alt=\"\" class=\"wp-image-14153\" style=\"width:300px\" srcset=\"https:\/\/sites.uclouvain.be\/narramuse\/wp-content\/uploads\/2025\/09\/recit-postmigration-2-724x1024.jpg 724w, https:\/\/sites.uclouvain.be\/narramuse\/wp-content\/uploads\/2025\/09\/recit-postmigration-2-212x300.jpg 212w, https:\/\/sites.uclouvain.be\/narramuse\/wp-content\/uploads\/2025\/09\/recit-postmigration-2-768x1086.jpg 768w, https:\/\/sites.uclouvain.be\/narramuse\/wp-content\/uploads\/2025\/09\/recit-postmigration-2-1086x1536.jpg 1086w, https:\/\/sites.uclouvain.be\/narramuse\/wp-content\/uploads\/2025\/09\/recit-postmigration-2-1448x2048.jpg 1448w, https:\/\/sites.uclouvain.be\/narramuse\/wp-content\/uploads\/2025\/09\/recit-postmigration-2-scaled.jpg 1810w\" sizes=\"auto, (max-width: 724px) 100vw, 724px\" \/><\/figure>\n\n\n\n<p class=\"wp-block-paragraph\"><\/p>\n\n\n\n<p class=\"wp-block-paragraph\"><strong>Nour Cadour, Hajar Azell et Asya Djoula\u00eft<\/strong>, tout comme <strong>Diadi\u00e9 Demb\u00e9l\u00e9, Zied Bakir <\/strong>et<strong> Sabre Bougrine<\/strong> explorent, dans leurs \u0153uvres, ce qui ne cesse de les traverser\u00a0: la m\u00e9moire familiale, l\u2019exp\u00e9rience migratoire, le jeu de balancier entre les espaces et les langues, ce que nous\u00a0sommes et ce qui nous\u00a0somme.<\/p>\n\n\n\n<p class=\"wp-block-paragraph\">Ces six auteurs et autrices rendront compte du meilleur et du rire dans l\u2019aventure de l\u2019\u00e9criture\u00a0lors d\u2019une <strong>table ronde singuli\u00e8re<\/strong> suivie d\u2019un \u00e9change avec le public qui aura lieu au Mus\u00e9e L de Louvain-la-Neuve le 17 septembre 2025, de 18h \u00e0 20h. Une s\u00e9ance de d\u00e9dicaces est \u00e9galement pr\u00e9vue<\/p>\n\n\n\n<p class=\"wp-block-paragraph\">Ce panel est organis\u00e9 dans le cadre du colloque <strong>\u00ab\u00a0Des v\u00e9cus aux r\u00e9cits de la postmigration\u00a0\u00bb<\/strong> (17-19 septembre 2025, UCLouvain).<\/p>\n","protected":false},"excerpt":{"rendered":"<p>\u00ab\u00a0Figures du Nous\u00a0\u00bb: Six voix de la litt\u00e9rature francophone contemporaine en dialogue Nour Cadour, Hajar Azell et Asya Djoula\u00eft, tout comme Diadi\u00e9 Demb\u00e9l\u00e9, Zied Bakir et Sabre Bougrine explorent, dans leurs \u0153uvres, ce qui ne cesse de les traverser\u00a0: la m\u00e9moire familiale, l\u2019exp\u00e9rience migratoire, le jeu de balancier entre les espaces et les langues, ce [&hellip;]<\/p>\n","protected":false},"author":53,"featured_media":0,"parent":0,"menu_order":0,"comment_status":"closed","ping_status":"closed","template":"header-footer-only","meta":{"footnotes":""},"class_list":["post-14143","page","type-page","status-publish","hentry"],"_links":{"self":[{"href":"https:\/\/sites.uclouvain.be\/narramuse\/wp-json\/wp\/v2\/pages\/14143","targetHints":{"allow":["GET"]}}],"collection":[{"href":"https:\/\/sites.uclouvain.be\/narramuse\/wp-json\/wp\/v2\/pages"}],"about":[{"href":"https:\/\/sites.uclouvain.be\/narramuse\/wp-json\/wp\/v2\/types\/page"}],"author":[{"embeddable":true,"href":"https:\/\/sites.uclouvain.be\/narramuse\/wp-json\/wp\/v2\/users\/53"}],"replies":[{"embeddable":true,"href":"https:\/\/sites.uclouvain.be\/narramuse\/wp-json\/wp\/v2\/comments?post=14143"}],"version-history":[{"count":2,"href":"https:\/\/sites.uclouvain.be\/narramuse\/wp-json\/wp\/v2\/pages\/14143\/revisions"}],"predecessor-version":[{"id":14173,"href":"https:\/\/sites.uclouvain.be\/narramuse\/wp-json\/wp\/v2\/pages\/14143\/revisions\/14173"}],"wp:attachment":[{"href":"https:\/\/sites.uclouvain.be\/narramuse\/wp-json\/wp\/v2\/media?parent=14143"}],"curies":[{"name":"wp","href":"https:\/\/api.w.org\/{rel}","templated":true}]}}