{"id":793,"date":"2020-06-02T01:26:25","date_gmt":"2020-06-01T23:26:25","guid":{"rendered":"https:\/\/sites.uclouvain.be\/lovele\/?page_id=793"},"modified":"2024-11-01T17:58:50","modified_gmt":"2024-11-01T16:58:50","slug":"certificado-universitario","status":"publish","type":"page","link":"https:\/\/sites.uclouvain.be\/lovele\/certificado-universitario\/","title":{"rendered":"Certificado universitario"},"content":{"rendered":"<p>[et_pb_section fb_built=\u00bb1&#8243; admin_label=\u00bbHeader\u00bb _builder_version=\u00bb4.16&#8243; background_color=\u00bb#1a1844&#8243; use_background_color_gradient=\u00bbon\u00bb background_color_gradient_type=\u00bbcircular\u00bb background_color_gradient_direction_radial=\u00bbbottom left\u00bb background_color_gradient_stops=\u00bb#2b3ea0 0%|#1a1844 45%\u00bb background_color_gradient_start=\u00bb#2b3ea0&#8243; background_color_gradient_end=\u00bb#1a1844&#8243; background_color_gradient_end_position=\u00bb45%\u00bb background_image=\u00bbhttps:\/\/sites.uclouvain.be\/lovele\/wp-content\/uploads\/2020\/07\/11_podcast.png\u00bb parallax=\u00bbon\u00bb min_height=\u00bb794px\u00bb custom_padding=\u00bb0||0px||false|false\u00bb global_colors_info=\u00bb{}\u00bb background_size__hover=\u00bbcover\u00bb background_size__hover_enabled=\u00bbcover\u00bb][et_pb_row column_structure=\u00bb2_3,1_3&#8243; make_equal=\u00bbon\u00bb custom_padding_last_edited=\u00bbon|desktop\u00bb padding_top_bottom_link_1=\u00bbfalse\u00bb padding_top_bottom_link_2=\u00bbfalse\u00bb padding_left_right_link_1=\u00bbtrue\u00bb padding_left_right_link_2=\u00bbtrue\u00bb _builder_version=\u00bb4.18.0&#8243; background_position=\u00bbtop_center\u00bb width=\u00bb100%\u00bb min_height=\u00bb604px\u00bb height=\u00bb692px\u00bb custom_margin=\u00bb|auto|68px|auto||\u00bb custom_padding=\u00bb0|0|0px|10%|false|false\u00bb custom_padding_tablet=\u00bb|0%||0%||true\u00bb custom_padding_phone=\u00bb\u00bb animation_style=\u00bbslide\u00bb animation_direction=\u00bbbottom\u00bb animation_intensity_slide=\u00bb1%\u00bb use_custom_width=\u00bbon\u00bb width_unit=\u00bboff\u00bb custom_width_percent=\u00bb100%\u00bb global_colors_info=\u00bb{}\u00bb][et_pb_column type=\u00bb2_3&#8243; _builder_version=\u00bb4.16&#8243; custom_padding=\u00bb8vw||80px|\u00bb custom_padding_tablet=\u00bb|10%||10%||true\u00bb custom_padding_phone=\u00bb\u00bb custom_padding_last_edited=\u00bbon|tablet\u00bb global_colors_info=\u00bb{}\u00bb padding_tablet=\u00bb|10%||10%||true\u00bb padding_last_edited=\u00bbon|tablet\u00bb custom_padding__hover=\u00bb|||\u00bb padding_phone=\u00bb|10%||10%||true\u00bb][et_pb_text _builder_version=\u00bb4.16&#8243; text_font=\u00bb||||||||\u00bb text_font_size=\u00bb20px\u00bb text_line_height=\u00bb1.8em\u00bb header_font=\u00bbLato|900|||||||\u00bb header_font_size=\u00bb82px\u00bb header_letter_spacing=\u00bb1px\u00bb header_line_height=\u00bb1.2em\u00bb header_4_font=\u00bbRaleway|||on|||||\u00bb header_4_font_size=\u00bb22px\u00bb header_4_letter_spacing=\u00bb4px\u00bb header_4_line_height=\u00bb1.6em\u00bb transform_scale=\u00bb90%|90%\u00bb transform_translate=\u00bb8px|19px\u00bb text_orientation=\u00bbcenter\u00bb background_layout=\u00bbdark\u00bb max_width=\u00bb800px\u00bb module_alignment=\u00bbcenter\u00bb min_height=\u00bb88px\u00bb custom_margin=\u00bb|-44px|32px|||\u00bb custom_padding=\u00bb||0px|0px|false|false\u00bb text_font_size_tablet=\u00bb\u00bb text_font_size_phone=\u00bb14px\u00bb text_font_size_last_edited=\u00bbon|desktop\u00bb header_font_size_tablet=\u00bb62px\u00bb header_font_size_phone=\u00bb38px\u00bb header_font_size_last_edited=\u00bbon|phone\u00bb global_colors_info=\u00bb{}\u00bb]<\/p>\n<h1><span style=\"font-family: Lato, Helvetica, Arial, Lucida, sans-serif; font-size: xx-large; letter-spacing: 1px; text-transform: none;\">T\u00edtulo universitario de 30 cr\u00e9ditos<\/span><a href=\"https:\/\/studies.uclouvain.be\/continuing_education\/home\/DIES2FC\/\"><span style=\"font-family: Lato, Helvetica, Arial, Lucida, sans-serif; font-size: xx-large; letter-spacing: 1px; text-transform: none;\"><br \/><\/span><\/a><\/h1>\n<p>[\/et_pb_text][et_pb_button button_url=\u00bbhttps:\/\/sites.uclouvain.be\/lovele\/campus-virtual\/\u00bb button_text=\u00bbFormaci\u00f3n online\u00bb button_alignment=\u00bbcenter\u00bb _builder_version=\u00bb4.16&#8243; transform_scale_tablet=\u00bb\u00bb transform_scale_phone=\u00bb\u00bb transform_scale_last_edited=\u00bbon|desktop\u00bb transform_translate=\u00bb0px|-199px\u00bb transform_translate_tablet=\u00bb\u00bb transform_translate_phone=\u00bb\u00bb transform_translate_last_edited=\u00bbon|desktop\u00bb transform_rotate_tablet=\u00bb\u00bb transform_rotate_phone=\u00bb\u00bb transform_rotate_last_edited=\u00bbon|desktop\u00bb transform_skew_tablet=\u00bb\u00bb transform_skew_phone=\u00bb\u00bb transform_skew_last_edited=\u00bbon|desktop\u00bb transform_origin_tablet=\u00bb\u00bb transform_origin_phone=\u00bb\u00bb transform_origin_last_edited=\u00bbon|desktop\u00bb transform_styles_last_edited=\u00bbon|desktop\u00bb background_layout=\u00bbdark\u00bb transform_styles_tablet=\u00bb\u00bb transform_styles_phone=\u00bb\u00bb box_shadow_style=\u00bbpreset1&#8243; box_shadow_spread=\u00bb7px\u00bb global_colors_info=\u00bb{}\u00bb][\/et_pb_button][et_pb_divider color=\u00bb#2875ef\u00bb divider_position=\u00bbcenter\u00bb divider_weight=\u00bb7px\u00bb _builder_version=\u00bb4.16&#8243; max_width=\u00bb700px\u00bb max_height=\u00bb1000px\u00bb custom_margin=\u00bb|-160px||||\u00bb custom_padding=\u00bb|91px|3px|||\u00bb locked=\u00bboff\u00bb global_colors_info=\u00bb{}\u00bb][\/et_pb_divider][et_pb_slider _builder_version=\u00bb4.16&#8243; min_height=\u00bb333px\u00bb global_colors_info=\u00bb{}\u00bb][et_pb_slide _builder_version=\u00bb4.16&#8243; global_colors_info=\u00bb{}\u00bb sticky_transition=\u00bbon\u00bb]<\/p>\n<p><span style=\"font-size: x-large;\">La formaci\u00f3n de los profesores de ELE es una necesidad para que los docentes puedan actualizarse y aprovechar totalmente los logros de la investigaci\u00f3n moderna en su pr\u00e1ctica diaria<\/span><\/p>\n<p>[\/et_pb_slide][et_pb_slide _builder_version=\u00bb4.16&#8243; custom_padding=\u00bb0px|1px|0px|2px|false|false\u00bb global_colors_info=\u00bb{}\u00bb sticky_transition=\u00bbon\u00bb]<\/p>\n<p><span style=\"font-size: x-large;\">Expertos e investigadores han desarrollado el Certificado LovELE un programa universitario de formaci\u00f3n innovador y de calidad,\u00a0 dirigido a personas que quieren formarse y actualizarse\u00a0 en las \u00faltimas tendencias en did\u00e1ctica de ELE<\/span><\/p>\n<p>[\/et_pb_slide][et_pb_slide _builder_version=\u00bb4.16&#8243; custom_padding=\u00bb1px|0px|1px|2px|false|false\u00bb global_colors_info=\u00bb{}\u00bb sticky_transition=\u00bbon\u00bb]<\/p>\n<p><span style=\"font-size: x-large;\">La originalidad de esta formaci\u00f3n es incluir un panel de actividades en l\u00ednea basadas en los logros m\u00e1s recientes de la investigaci\u00f3n en did\u00e1ctica de lenguas extranjeras <br \/><\/span><\/p>\n<p>[\/et_pb_slide][\/et_pb_slider][\/et_pb_column][et_pb_column type=\u00bb1_3&#8243; _builder_version=\u00bb4.16&#8243; background_color=\u00bb#8090ff\u00bb custom_padding=\u00bb8vw|5%||5%\u00bb custom_padding_tablet=\u00bb8vw|10%||10%||true\u00bb custom_padding_phone=\u00bb\u00bb custom_padding_last_edited=\u00bbon|tablet\u00bb global_colors_info=\u00bb{}\u00bb padding_tablet=\u00bb8vw|10%||10%||true\u00bb padding_last_edited=\u00bbon|tablet\u00bb custom_padding__hover=\u00bb|||\u00bb padding_phone=\u00bb8vw|10%||10%||true\u00bb][et_pb_button button_text=\u00bb30 cr\u00e9ditos universitarios\u00bb button_alignment=\u00bbcenter\u00bb _builder_version=\u00bb4.18.0&#8243; custom_button=\u00bbon\u00bb button_text_size=\u00bb23px\u00bb button_text_color=\u00bb#00457a\u00bb button_border_radius=\u00bb39px\u00bb button_letter_spacing=\u00bb0px\u00bb button_use_icon=\u00bboff\u00bb custom_padding=\u00bb|39px||||\u00bb box_shadow_style=\u00bbpreset1&#8243; box_shadow_spread=\u00bb7px\u00bb global_colors_info=\u00bb{}\u00bb][\/et_pb_button][et_pb_button _builder_version=\u00bb4.16&#8243; custom_button=\u00bbon\u00bb global_colors_info=\u00bb{}\u00bb][\/et_pb_button][et_pb_text _builder_version=\u00bb4.16&#8243; text_font=\u00bb||||||||\u00bb text_font_size=\u00bb15px\u00bb text_line_height=\u00bb1.4em\u00bb link_font=\u00bb||||on||||\u00bb link_text_color=\u00bb#ffffff\u00bb header_font=\u00bb||||||||\u00bb header_4_font=\u00bbLato|700|||||||\u00bb header_4_text_color=\u00bb#1a1844&#8243; header_4_line_height=\u00bb1.8em\u00bb background_layout=\u00bbdark\u00bb custom_margin=\u00bb||19px|||\u00bb custom_padding=\u00bb||0px|||\u00bb locked=\u00bboff\u00bb global_colors_info=\u00bb{}\u00bb]<\/p>\n<p>&nbsp;<\/p>\n<h4><span style=\"color: #ffffff;\">T\u00edtulo de la Universidad de Lovaina\u00a0 (UCLouvain)<\/span><\/h4>\n<p>[\/et_pb_text][et_pb_text _builder_version=\u00bb4.19.4&#8243; text_font=\u00bb||||||||\u00bb text_font_size=\u00bb15px\u00bb text_line_height=\u00bb1.4em\u00bb link_font=\u00bb||||on||||\u00bb link_text_color=\u00bb#ffffff\u00bb header_font=\u00bb||||||||\u00bb header_4_font=\u00bbLato|700|||||||\u00bb header_4_text_color=\u00bb#1a1844&#8243; header_4_line_height=\u00bb1.8em\u00bb background_layout=\u00bbdark\u00bb min_height=\u00bb157px\u00bb height=\u00bb230px\u00bb custom_padding=\u00bb||43px|||\u00bb locked=\u00bboff\u00bb global_colors_info=\u00bb{}\u00bb]<\/p>\n<h4>\u00a0<b>Condiciones de acceso:<\/b><\/h4>\n<p>T\u00edtulo universitario previo y\/o experiencia profesional como docente y\/o formaci\u00f3n espec\u00edfica en ELE<\/p>\n<h4>Calendario<\/h4>\n<p>Inicio: Enero 2025<\/p>\n<p>Final: Junio 2025<\/p>\n<p>[\/et_pb_text][et_pb_button button_url=\u00bbhttps:\/\/studies.uclouvain.be\/continuing_education\/home\/DIES2FC\/\u00bb url_new_window=\u00bbon\u00bb button_text=\u00bbAdmisi\u00f3n y matr\u00edcula\u00bb button_alignment=\u00bbcenter\u00bb _builder_version=\u00bb4.16&#8243; custom_button=\u00bbon\u00bb button_text_size=\u00bb23px\u00bb button_text_color=\u00bb#ffffff\u00bb button_bg_color=\u00bb#00457a\u00bb button_border_radius=\u00bb39px\u00bb button_letter_spacing=\u00bb0px\u00bb button_icon=\u00bb&#x41;||divi||400&#8243; button_icon_color=\u00bb#ffffff\u00bb box_shadow_style=\u00bbpreset1&#8243; box_shadow_spread=\u00bb7px\u00bb global_colors_info=\u00bb{}\u00bb][\/et_pb_button][\/et_pb_column][\/et_pb_row][et_pb_row _builder_version=\u00bb4.18.0&#8243; custom_margin=\u00bb|auto|-33px|auto||\u00bb custom_padding=\u00bb88px|||||\u00bb locked=\u00bboff\u00bb global_colors_info=\u00bb{}\u00bb][et_pb_column type=\u00bb4_4&#8243; _builder_version=\u00bb4.16&#8243; custom_padding=\u00bb|||\u00bb global_colors_info=\u00bb{}\u00bb custom_padding__hover=\u00bb|||\u00bb][et_pb_comments show_count=\u00bboff\u00bb _builder_version=\u00bb4.16&#8243; form_field_background_color=\u00bb#ffffff\u00bb header_level=\u00bbh4&#8243; header_font=\u00bbLato|700|||||||\u00bb header_line_height=\u00bb1.4em\u00bb meta_font=\u00bb||||||||\u00bb body_font=\u00bb||||||||\u00bb form_field_font=\u00bbOpen Sans||||||||\u00bb form_field_font_size=\u00bb15px\u00bb form_field_line_height=\u00bb2em\u00bb custom_button=\u00bbon\u00bb button_text_size=\u00bb14px\u00bb button_text_color=\u00bb#ffffff\u00bb button_bg_color=\u00bb#fe4943&#8243; button_border_width=\u00bb12px\u00bb button_border_color=\u00bbrgba(0,0,0,0)\u00bb button_letter_spacing=\u00bb4px\u00bb button_font=\u00bbRaleway|700||on|||||\u00bb background_layout=\u00bbdark\u00bb custom_margin=\u00bb-138px|||||\u00bb header_font_size_tablet=\u00bb40px\u00bb header_font_size_phone=\u00bb30px\u00bb header_font_size_last_edited=\u00bboff|desktop\u00bb border_radii=\u00bbon|3px|3px|3px|3px\u00bb form_background_color=\u00bb#ffffff\u00bb global_colors_info=\u00bb{}\u00bb button_text_size__hover_enabled=\u00bboff\u00bb button_text_color__hover_enabled=\u00bboff\u00bb button_bg_color__hover_enabled=\u00bboff\u00bb button_border_width__hover_enabled=\u00bboff\u00bb button_border_color__hover_enabled=\u00bboff\u00bb button_border_radius__hover_enabled=\u00bboff\u00bb button_letter_spacing__hover_enabled=\u00bboff\u00bb][\/et_pb_comments][\/et_pb_column][\/et_pb_row][\/et_pb_section][et_pb_section fb_built=\u00bb1&#8243; admin_label=\u00bbEpisode Details\u00bb _builder_version=\u00bb4.16&#8243; background_color=\u00bb#1a1844&#8243; use_background_color_gradient=\u00bbon\u00bb background_color_gradient_direction=\u00bb90deg\u00bb background_color_gradient_stops=\u00bbrgba(254,73,67,0) 0%|rgba(254,73,67,0.26) 100%\u00bb background_color_gradient_start=\u00bbrgba(254,73,67,0)\u00bb background_color_gradient_end=\u00bbrgba(254,73,67,0.26)\u00bb parallax=\u00bbon\u00bb min_height=\u00bb1029px\u00bb custom_margin=\u00bb0px||577px|||\u00bb custom_padding=\u00bb0px|0px|80px|0px|false|false\u00bb global_colors_info=\u00bb{}\u00bb background_size__hover=\u00bbcover\u00bb background_size__hover_enabled=\u00bbcover\u00bb][et_pb_row _builder_version=\u00bb4.16&#8243; min_height=\u00bb123px\u00bb custom_width_px__hover=\u00bb1080px\u00bb custom_width_px__hover_enabled=\u00bb1080px\u00bb custom_width_percent__hover=\u00bb80%\u00bb custom_width_percent__hover_enabled=\u00bb80%\u00bb global_colors_info=\u00bb{}\u00bb use_custom_width__hover=\u00bboff\u00bb use_custom_width__hover_enabled=\u00bboff\u00bb width_unit__hover=\u00bbon\u00bb width_unit__hover_enabled=\u00bbon\u00bb gutter_width__hover=\u00bb3&#8243; gutter_width__hover_enabled=\u00bb3&#8243; parallax_1__hover=\u00bboff\u00bb parallax_1__hover_enabled=\u00bboff\u00bb parallax_2__hover=\u00bboff\u00bb parallax_2__hover_enabled=\u00bboff\u00bb parallax_3__hover=\u00bboff\u00bb parallax_3__hover_enabled=\u00bboff\u00bb parallax_4__hover=\u00bboff\u00bb parallax_4__hover_enabled=\u00bboff\u00bb parallax_5__hover=\u00bboff\u00bb parallax_5__hover_enabled=\u00bboff\u00bb parallax_6__hover=\u00bboff\u00bb parallax_6__hover_enabled=\u00bboff\u00bb parallax_method_1__hover=\u00bbon\u00bb parallax_method_1__hover_enabled=\u00bbon\u00bb parallax_method_2__hover=\u00bbon\u00bb parallax_method_2__hover_enabled=\u00bbon\u00bb parallax_method_3__hover=\u00bbon\u00bb parallax_method_3__hover_enabled=\u00bbon\u00bb parallax_method_4__hover=\u00bbon\u00bb parallax_method_4__hover_enabled=\u00bbon\u00bb parallax_method_5__hover=\u00bbon\u00bb parallax_method_5__hover_enabled=\u00bbon\u00bb parallax_method_6__hover=\u00bbon\u00bb parallax_method_6__hover_enabled=\u00bbon\u00bb use_background_color_gradient__hover=\u00bboff\u00bb use_background_color_gradient__hover_enabled=\u00bboff\u00bb background_color_gradient_start__hover=\u00bb#2b87da\u00bb background_color_gradient_start__hover_enabled=\u00bb#2b87da\u00bb background_color_gradient_end__hover=\u00bb#29c4a9&#8243; background_color_gradient_end__hover_enabled=\u00bb#29c4a9&#8243; background_color_gradient_overlays_image__hover=\u00bboff\u00bb background_color_gradient_overlays_image__hover_enabled=\u00bboff\u00bb background_position__hover=\u00bbcenter\u00bb background_position__hover_enabled=\u00bbcenter\u00bb animation_style__hover=\u00bbnone\u00bb animation_style__hover_enabled=\u00bbnone\u00bb animation_direction__hover=\u00bbcenter\u00bb animation_direction__hover_enabled=\u00bbcenter\u00bb animation_intensity_slide__hover=\u00bb50%\u00bb animation_intensity_slide__hover_enabled=\u00bb50%\u00bb background_color_gradient_type__hover=\u00bblinear\u00bb background_color_gradient_type__hover_enabled=\u00bblinear\u00bb background_color_gradient_direction__hover=\u00bb180deg\u00bb background_color_gradient_direction__hover_enabled=\u00bb180deg\u00bb background_color_gradient_direction_radial__hover=\u00bbcenter\u00bb background_color_gradient_direction_radial__hover_enabled=\u00bbcenter\u00bb background_color_gradient_start_position__hover=\u00bb0%\u00bb background_color_gradient_start_position__hover_enabled=\u00bb0%\u00bb background_color_gradient_end_position__hover=\u00bb100%\u00bb background_color_gradient_end_position__hover_enabled=\u00bb100%\u00bb parallax__hover=\u00bboff\u00bb parallax__hover_enabled=\u00bboff\u00bb parallax_method__hover=\u00bbon\u00bb parallax_method__hover_enabled=\u00bbon\u00bb background_size__hover=\u00bbcover\u00bb background_size__hover_enabled=\u00bbcover\u00bb background_repeat__hover=\u00bbno-repeat\u00bb background_repeat__hover_enabled=\u00bbno-repeat\u00bb background_blend__hover=\u00bbnormal\u00bb background_blend__hover_enabled=\u00bbnormal\u00bb allow_player_pause__hover=\u00bboff\u00bb allow_player_pause__hover_enabled=\u00bboff\u00bb background_video_pause_outside_viewport__hover=\u00bbon\u00bb background_video_pause_outside_viewport__hover_enabled=\u00bbon\u00bb make_fullwidth__hover=\u00bboff\u00bb make_fullwidth__hover_enabled=\u00bboff\u00bb use_custom_gutter__hover=\u00bboff\u00bb use_custom_gutter__hover_enabled=\u00bboff\u00bb make_equal__hover=\u00bboff\u00bb make_equal__hover_enabled=\u00bboff\u00bb border_radii__hover=\u00bbon||||\u00bb border_radii__hover_enabled=\u00bbon||||\u00bb box_shadow_style__hover=\u00bbnone\u00bb box_shadow_style__hover_enabled=\u00bbnone\u00bb box_shadow_color__hover=\u00bbrgba(0,0,0,0.3)\u00bb box_shadow_color__hover_enabled=\u00bbrgba(0,0,0,0.3)\u00bb filter_hue_rotate__hover=\u00bb0deg\u00bb filter_hue_rotate__hover_enabled=\u00bb0deg\u00bb filter_saturate__hover=\u00bb100%\u00bb filter_saturate__hover_enabled=\u00bb100%\u00bb filter_brightness__hover=\u00bb100%\u00bb filter_brightness__hover_enabled=\u00bb100%\u00bb filter_contrast__hover=\u00bb100%\u00bb filter_contrast__hover_enabled=\u00bb100%\u00bb filter_invert__hover=\u00bb0%\u00bb filter_invert__hover_enabled=\u00bb0%\u00bb filter_sepia__hover=\u00bb0%\u00bb filter_sepia__hover_enabled=\u00bb0%\u00bb filter_opacity__hover=\u00bb100%\u00bb filter_opacity__hover_enabled=\u00bb100%\u00bb filter_blur__hover=\u00bb0px\u00bb filter_blur__hover_enabled=\u00bb0px\u00bb mix_blend_mode__hover=\u00bbnormal\u00bb mix_blend_mode__hover_enabled=\u00bbnormal\u00bb animation_repeat__hover=\u00bbonce\u00bb animation_repeat__hover_enabled=\u00bbonce\u00bb animation_duration__hover=\u00bb1000ms\u00bb animation_duration__hover_enabled=\u00bb1000ms\u00bb animation_delay__hover=\u00bb0ms\u00bb animation_delay__hover_enabled=\u00bb0ms\u00bb animation_intensity_zoom__hover=\u00bb50%\u00bb animation_intensity_zoom__hover_enabled=\u00bb50%\u00bb animation_intensity_flip__hover=\u00bb50%\u00bb animation_intensity_flip__hover_enabled=\u00bb50%\u00bb animation_intensity_fold__hover=\u00bb50%\u00bb animation_intensity_fold__hover_enabled=\u00bb50%\u00bb animation_intensity_roll__hover=\u00bb50%\u00bb animation_intensity_roll__hover_enabled=\u00bb50%\u00bb animation_starting_opacity__hover=\u00bb0%\u00bb animation_starting_opacity__hover_enabled=\u00bb0%\u00bb animation_speed_curve__hover=\u00bbease-in-out\u00bb animation_speed_curve__hover_enabled=\u00bbease-in-out\u00bb hover_transition_duration__hover=\u00bb300ms\u00bb hover_transition_duration__hover_enabled=\u00bb300ms\u00bb hover_transition_delay__hover=\u00bb0ms\u00bb hover_transition_delay__hover_enabled=\u00bb0ms\u00bb hover_transition_speed_curve__hover=\u00bbease\u00bb hover_transition_speed_curve__hover_enabled=\u00bbease\u00bb background_color_gradient_stops__hover=\u00bb#2b87da 0%|#29c4a9 100%\u00bb][et_pb_column type=\u00bb4_4&#8243; _builder_version=\u00bb4.16&#8243; custom_padding=\u00bb|||\u00bb global_colors_info=\u00bb{}\u00bb custom_padding__hover=\u00bb|||\u00bb][et_pb_text _builder_version=\u00bb4.16&#8243; text_font=\u00bb||||||||\u00bb header_font=\u00bb||||||||\u00bb header_2_font=\u00bbLato|700|||||||\u00bb header_2_font_size=\u00bb52px\u00bb header_2_line_height=\u00bb1.2em\u00bb background_layout=\u00bbdark\u00bb header_2_font_size_tablet=\u00bb\u00bb header_2_font_size_phone=\u00bb36px\u00bb header_2_font_size_last_edited=\u00bbon|phone\u00bb locked=\u00bboff\u00bb global_colors_info=\u00bb{}\u00bb]<\/p>\n<p><span style=\"font-family: Lato, Helvetica, Arial, Lucida, sans-serif; font-size: 52px; font-weight: bold;\">\u00bfPor qu\u00e9 realizar el Certificado LovELE?<\/span><\/p>\n<p>[\/et_pb_text][et_pb_divider color=\u00bb#2875ef\u00bb divider_weight=\u00bb5px\u00bb _builder_version=\u00bb4.16&#8243; max_width=\u00bb120px\u00bb locked=\u00bboff\u00bb global_colors_info=\u00bb{}\u00bb][\/et_pb_divider][\/et_pb_column][\/et_pb_row][et_pb_row column_structure=\u00bb1_2,1_2&#8243; use_custom_gutter=\u00bbon\u00bb gutter_width=\u00bb1&#8243; _builder_version=\u00bb4.16&#8243; background_color=\u00bb#2875ef\u00bb use_background_color_gradient=\u00bbon\u00bb background_color_gradient_stops=\u00bb#2b87da 0%|#120087 100%\u00bb background_color_gradient_end=\u00bb#120087&#8243; min_height=\u00bb527px\u00bb custom_margin=\u00bb|auto|-10px|auto||\u00bb custom_padding=\u00bb0px|0px|0px|0px||\u00bb animation_style=\u00bbzoom\u00bb animation_intensity_zoom=\u00bb6%\u00bb box_shadow_style=\u00bbpreset1&#8243; box_shadow_vertical=\u00bb10px\u00bb box_shadow_blur=\u00bb60px\u00bb box_shadow_color=\u00bbrgba(71,74,182,0.12)\u00bb global_colors_info=\u00bb{}\u00bb][et_pb_column type=\u00bb1_2&#8243; module_class=\u00bbet_pb_column_1_2&#8243; _builder_version=\u00bb4.16&#8243; use_background_color_gradient=\u00bbon\u00bb background_color_gradient_stops=\u00bb#2b87da 0%|#0d0da8 100%\u00bb background_color_gradient_end=\u00bb#0d0da8&#8243; custom_padding=\u00bb|||\u00bb global_colors_info=\u00bb{}\u00bb parallax__hover=\u00bboff\u00bb parallax_method__hover=\u00bbon\u00bb module_class__hover=\u00bbet_pb_column_1_2&#8243; custom_padding__hover=\u00bb|||\u00bb][et_pb_blurb title=\u00bbT\u00edtulo de la Universidad de Lovaina  (UCLouvain)\u00bb url=\u00bb#\u00bb image=\u00bbhttps:\/\/sites.uclouvain.be\/lovele\/wp-content\/uploads\/2020\/07\/coding-icon_8.jpg\u00bb icon_placement=\u00bbleft\u00bb image_icon_width=\u00bb64px\u00bb content_max_width=\u00bb1100px\u00bb _builder_version=\u00bb4.16&#8243; header_font=\u00bb|on|||\u00bb header_text_color=\u00bb#2e2545&#8243; header_line_height=\u00bb1.5em\u00bb body_text_color=\u00bb#8585bd\u00bb body_line_height=\u00bb1.9em\u00bb background_color=\u00bb#ffffff\u00bb custom_margin=\u00bb|||\u00bb custom_padding=\u00bb30px|30px|30px|30px\u00bb animation_style=\u00bbzoom\u00bb animation_direction=\u00bbbottom\u00bb animation_intensity_zoom=\u00bb20%\u00bb animation_starting_opacity=\u00bb100%\u00bb box_shadow_style=\u00bbpreset7&#8243; box_shadow_horizontal=\u00bb-1px\u00bb box_shadow_vertical=\u00bb-1px\u00bb box_shadow_color=\u00bbrgba(71,74,182,0.12)\u00bb image_max_width=\u00bb64px\u00bb locked=\u00bboff\u00bb global_colors_info=\u00bb{}\u00bb]<\/p>\n<ul>\n<li style=\"font-weight: 400;\"><span style=\"font-weight: 400;\">T\u00edtulo espec\u00edfico en did\u00e1ctica del espa\u00f1ol como lengua extranjera (ELE) y muy dirigido a la pr\u00e1ctica docente <br \/><\/span><span style=\"font-weight: 400;\"><\/span><\/li>\n<\/ul>\n<p>[\/et_pb_blurb][et_pb_blurb title=\u00bbGrupo\u00bb url=\u00bb#\u00bb image=\u00bbhttps:\/\/sites.uclouvain.be\/lovele\/wp-content\/uploads\/2020\/07\/coding-icon_1.jpg\u00bb icon_placement=\u00bbleft\u00bb image_icon_width=\u00bb64px\u00bb content_max_width=\u00bb1100px\u00bb _builder_version=\u00bb4.16&#8243; header_font=\u00bb|on|||\u00bb header_text_color=\u00bb#2e2545&#8243; header_line_height=\u00bb1.5em\u00bb body_text_color=\u00bb#8585bd\u00bb body_line_height=\u00bb1.9em\u00bb background_color=\u00bb#ffffff\u00bb min_height=\u00bb151px\u00bb custom_margin=\u00bb|||\u00bb custom_padding=\u00bb30px|30px|30px|30px\u00bb animation_style=\u00bbzoom\u00bb animation_direction=\u00bbbottom\u00bb animation_intensity_zoom=\u00bb20%\u00bb animation_starting_opacity=\u00bb100%\u00bb box_shadow_style=\u00bbpreset7&#8243; box_shadow_horizontal=\u00bb-1px\u00bb box_shadow_vertical=\u00bb-1px\u00bb box_shadow_color=\u00bbrgba(71,74,182,0.12)\u00bb image_max_width=\u00bb64px\u00bb locked=\u00bboff\u00bb global_colors_info=\u00bb{}\u00bb]<\/p>\n<p><span style=\"font-weight: 400;\">Grupo reducido de participantes<\/span><\/p>\n<p>[\/et_pb_blurb][et_pb_blurb title=\u00bbFormaci\u00f3n en l\u00ednea\u00bb url=\u00bb#\u00bb image=\u00bbhttps:\/\/sites.uclouvain.be\/lovele\/wp-content\/uploads\/2020\/07\/coding-icon_3.jpg\u00bb icon_placement=\u00bbleft\u00bb image_icon_width=\u00bb64px\u00bb content_max_width=\u00bb1100px\u00bb _builder_version=\u00bb4.16&#8243; header_font=\u00bb|on|||\u00bb header_text_color=\u00bb#2e2545&#8243; header_line_height=\u00bb1.5em\u00bb body_text_color=\u00bb#8585bd\u00bb body_line_height=\u00bb1.9em\u00bb background_color=\u00bb#ffffff\u00bb min_height=\u00bb122px\u00bb custom_margin=\u00bb||-221px|||\u00bb custom_padding=\u00bb30px|30px|13px|30px||\u00bb animation_style=\u00bbzoom\u00bb animation_direction=\u00bbbottom\u00bb animation_intensity_zoom=\u00bb20%\u00bb animation_starting_opacity=\u00bb100%\u00bb box_shadow_style=\u00bbpreset7&#8243; box_shadow_horizontal=\u00bb-1px\u00bb box_shadow_vertical=\u00bb-1px\u00bb box_shadow_color=\u00bbrgba(71,74,182,0.12)\u00bb image_max_width=\u00bb64px\u00bb locked=\u00bboff\u00bb global_colors_info=\u00bb{}\u00bb]<\/p>\n<p><span style=\"font-weight: 400;\">LovELE brinda la oportunidad de compaginar\u00a0 trabajo y vida familiar con clases retransmitidas<br \/><\/span><\/p>\n<ul>\n<ul>\n<li style=\"font-weight: 400;\"><span style=\"font-weight: 400;\">Clases y talleres viernes por la tarde<\/span><\/li>\n<li style=\"font-weight: 400;\"><span style=\"font-weight: 400;\">Cada uno de los m\u00f3dulos\u00a0 puede realizarse por separado<\/span><\/li>\n<\/ul>\n<\/ul>\n<p>[\/et_pb_blurb][\/et_pb_column][et_pb_column type=\u00bb1_2&#8243; module_class=\u00bbet_pb_column_1_2&#8243; _builder_version=\u00bb4.16&#8243; custom_padding=\u00bb|||\u00bb global_colors_info=\u00bb{}\u00bb parallax__hover=\u00bboff\u00bb parallax_method__hover=\u00bbon\u00bb module_class__hover=\u00bbet_pb_column_1_2&#8243; custom_padding__hover=\u00bb|||\u00bb][et_pb_blurb title=\u00bbCr\u00e9ditos ECTS\u00bb url=\u00bb#\u00bb image=\u00bbhttps:\/\/sites.uclouvain.be\/lovele\/wp-content\/uploads\/2020\/07\/coding-icon_7.jpg\u00bb icon_placement=\u00bbleft\u00bb image_icon_width=\u00bb64px\u00bb content_max_width=\u00bb1100px\u00bb _builder_version=\u00bb4.16&#8243; header_font=\u00bb|on|||\u00bb header_text_color=\u00bb#2e2545&#8243; header_line_height=\u00bb1.5em\u00bb body_text_color=\u00bb#8585bd\u00bb body_line_height=\u00bb1.9em\u00bb background_color=\u00bb#ffffff\u00bb min_height=\u00bb173px\u00bb custom_margin=\u00bb|||\u00bb custom_padding=\u00bb30px|30px|30px|30px\u00bb animation_style=\u00bbzoom\u00bb animation_direction=\u00bbbottom\u00bb animation_intensity_zoom=\u00bb20%\u00bb animation_starting_opacity=\u00bb100%\u00bb box_shadow_style=\u00bbpreset7&#8243; box_shadow_horizontal=\u00bb-1px\u00bb box_shadow_vertical=\u00bb-1px\u00bb box_shadow_color=\u00bbrgba(71,74,182,0.12)\u00bb image_max_width=\u00bb64px\u00bb locked=\u00bboff\u00bb global_colors_info=\u00bb{}\u00bb]<\/p>\n<p><span style=\"font-weight: 400;\">30 cr\u00e9ditos ECTS con valor europeo<\/span><\/p>\n<p>[\/et_pb_blurb][et_pb_blurb title=\u00bbAtenci\u00f3n individualizada\u00bb url=\u00bb#\u00bb image=\u00bbhttps:\/\/sites.uclouvain.be\/lovele\/wp-content\/uploads\/2020\/07\/coding-icon_2.jpg\u00bb icon_placement=\u00bbleft\u00bb image_icon_width=\u00bb64px\u00bb content_max_width=\u00bb1100px\u00bb _builder_version=\u00bb4.16&#8243; header_font=\u00bb|on|||\u00bb header_text_color=\u00bb#2e2545&#8243; header_line_height=\u00bb1.5em\u00bb body_text_color=\u00bb#8585bd\u00bb body_line_height=\u00bb1.9em\u00bb background_color=\u00bb#ffffff\u00bb custom_margin=\u00bb|||\u00bb custom_padding=\u00bb30px|30px|30px|30px\u00bb animation_style=\u00bbzoom\u00bb animation_direction=\u00bbbottom\u00bb animation_intensity_zoom=\u00bb20%\u00bb animation_starting_opacity=\u00bb100%\u00bb box_shadow_style=\u00bbpreset7&#8243; box_shadow_horizontal=\u00bb-1px\u00bb box_shadow_vertical=\u00bb-1px\u00bb box_shadow_color=\u00bbrgba(71,74,182,0.12)\u00bb image_max_width=\u00bb64px\u00bb locked=\u00bboff\u00bb global_colors_info=\u00bb{}\u00bb]<\/p>\n<p><span style=\"font-weight: 400;\">Seguimiento personalizado gracias a un conjunto de excelentes profesionales de ELE<\/span><\/p>\n<p>[\/et_pb_blurb][et_pb_blurb title=\u00bbColaboraci\u00f3n con universidades europeas, instituciones y empresas de prestigio\u00bb url=\u00bb#\u00bb image=\u00bbhttps:\/\/sites.uclouvain.be\/lovele\/wp-content\/uploads\/2020\/07\/coding-icon_4.jpg\u00bb icon_placement=\u00bbleft\u00bb image_icon_width=\u00bb64px\u00bb content_max_width=\u00bb1100px\u00bb _builder_version=\u00bb4.19.0&#8243; header_font=\u00bb|on|||\u00bb header_text_color=\u00bb#2e2545&#8243; header_line_height=\u00bb1.5em\u00bb body_text_color=\u00bb#8585bd\u00bb body_line_height=\u00bb1.9em\u00bb background_color=\u00bb#ffffff\u00bb min_height=\u00bb232px\u00bb custom_margin=\u00bb||-14px|||\u00bb custom_padding=\u00bb30px|30px|2px|30px||\u00bb animation_style=\u00bbzoom\u00bb animation_direction=\u00bbbottom\u00bb animation_intensity_zoom=\u00bb20%\u00bb animation_starting_opacity=\u00bb100%\u00bb box_shadow_style=\u00bbpreset7&#8243; box_shadow_horizontal=\u00bb-1px\u00bb box_shadow_vertical=\u00bb-1px\u00bb box_shadow_color=\u00bbrgba(71,74,182,0.12)\u00bb image_max_width=\u00bb64px\u00bb locked=\u00bboff\u00bb global_colors_info=\u00bb{}\u00bb]<\/p>\n<p><span style=\"font-weight: 400;\">Consejer\u00eda de Educaci\u00f3n de B\u00e9lgica, Luxemburgo y Pa\u00edses Bajos; Consejer\u00eda Cultural y Cient\u00edfica de la Embajada de la Embajada de Espa\u00f1a en B\u00e9lgica Instituto Cervantes, I<\/span><i><span style=\"font-weight: 400;\">nstitut des langues Vivantes; <\/span><\/i><span style=\"font-weight: 400;\">Language and Cultural Encounters; le CLL centres des langues; Talenland<br \/><\/span><\/p>\n<p>[\/et_pb_blurb][\/et_pb_column][\/et_pb_row][\/et_pb_section][et_pb_section fb_built=\u00bb1&#8243; admin_label=\u00bbComments\u00bb _builder_version=\u00bb4.19.0&#8243; background_color=\u00bb#1a1844&#8243; use_background_color_gradient=\u00bbon\u00bb background_color_gradient_type=\u00bbcircular\u00bb background_color_gradient_direction_radial=\u00bbtop right\u00bb background_color_gradient_stops=\u00bb#2b3ea0 0%|#1a1844 36%\u00bb background_color_gradient_start=\u00bb#2b3ea0&#8243; background_color_gradient_end=\u00bb#1a1844&#8243; background_color_gradient_end_position=\u00bb36%\u00bb background_image=\u00bbhttps:\/\/sites.uclouvain.be\/lovele\/wp-content\/uploads\/2020\/07\/podcast-01.png\u00bb parallax=\u00bbon\u00bb min_height=\u00bb5092px\u00bb height=\u00bb1000px\u00bb custom_margin=\u00bb25px||46px|||\u00bb custom_padding=\u00bb26px|||||\u00bb global_colors_info=\u00bb{}\u00bb background_size__hover=\u00bbcover\u00bb background_size__hover_enabled=\u00bbcover\u00bb][et_pb_row _builder_version=\u00bb4.16&#8243; locked=\u00bboff\u00bb global_colors_info=\u00bb{}\u00bb custom_padding=\u00bb0px|||||\u00bb][et_pb_column type=\u00bb4_4&#8243; _builder_version=\u00bb4.16&#8243; custom_padding=\u00bb|||\u00bb global_colors_info=\u00bb{}\u00bb custom_padding__hover=\u00bb|||\u00bb][et_pb_text _builder_version=\u00bb4.16&#8243; text_font=\u00bb||||||||\u00bb header_font=\u00bb||||||||\u00bb header_2_font=\u00bbLato|700|||||||\u00bb header_2_font_size=\u00bb52px\u00bb header_2_line_height=\u00bb1.2em\u00bb background_layout=\u00bbdark\u00bb header_2_font_size_tablet=\u00bb\u00bb header_2_font_size_phone=\u00bb36px\u00bb header_2_font_size_last_edited=\u00bbon|phone\u00bb locked=\u00bboff\u00bb global_colors_info=\u00bb{}\u00bb]<\/p>\n<h2>Opciones del curso<\/h2>\n<p>[\/et_pb_text][et_pb_divider color=\u00bb#2875ef\u00bb divider_weight=\u00bb5px\u00bb _builder_version=\u00bb4.16&#8243; max_width=\u00bb120px\u00bb locked=\u00bboff\u00bb global_colors_info=\u00bb{}\u00bb][\/et_pb_divider][\/et_pb_column][\/et_pb_row][et_pb_row column_structure=\u00bb1_2,1_2&#8243; _builder_version=\u00bb4.19.0&#8243; min_height=\u00bb766px\u00bb custom_margin=\u00bb||5px||false|false\u00bb global_colors_info=\u00bb{}\u00bb][et_pb_column type=\u00bb1_2&#8243; _builder_version=\u00bb4.16&#8243; global_colors_info=\u00bb{}\u00bb][et_pb_blurb title=\u00bbCertificado interuniversitario            FORMACI\u00d3N COMPLETA (online)\u00bb image=\u00bbhttps:\/\/sites.uclouvain.be\/lovele\/wp-content\/uploads\/2020\/07\/jeshoots-com-LtNvQHdKkmw-unsplash.jpg\u00bb _builder_version=\u00bb4.16&#8243; header_font=\u00bbShare Tech||||||||\u00bb header_font_size=\u00bb24px\u00bb header_line_height=\u00bb1.2em\u00bb body_font=\u00bbOpen Sans||||||||\u00bb body_font_size=\u00bb16px\u00bb body_line_height=\u00bb1.8em\u00bb background_color=\u00bb#ffffff\u00bb min_height=\u00bb592.1px\u00bb custom_padding=\u00bb40px|30px|15px|30px|false|true\u00bb animation_style=\u00bbfold\u00bb animation_delay=\u00bb450ms\u00bb animation=\u00bboff\u00bb border_width_all=\u00bb1px\u00bb border_color_all=\u00bbrgba(21,49,78,0.17)\u00bb locked=\u00bboff\u00bb global_colors_info=\u00bb{}\u00bb]<\/p>\n<p style=\"text-align: center;\"><span style=\"font-size: 16px;\">30 cr\u00e9ditos<\/span><\/p>\n<h6 class=\"elementor-heading-title elementor-size-medium\"><span><\/span><\/h6>\n<h6 class=\"elementor-heading-title elementor-size-medium\" style=\"text-align: center;\"><span>Certificado por Universidad de Lovaina <\/span><\/h6>\n<h6 class=\"elementor-heading-title elementor-size-medium\" style=\"text-align: center;\"><span>(UCLouvain)<br \/><\/span><\/h6>\n<div class=\"elementor-element elementor-element-422b40e elementor-widget elementor-widget-heading\" data-id=\"422b40e\" data-element_type=\"widget\" data-widget_type=\"heading.default\">\n<div class=\"elementor-widget-container\">\n<ul class=\"elementor-icon-list-items\">\n<li class=\"elementor-icon-list-item\"><span class=\"elementor-icon-list-icon\"><i class=\"fa fa-check\" aria-hidden=\"true\"><span>\u00a04<\/span><\/i> talleres\u00a0 <span style=\"font-weight: 400;\">pr\u00e1cticos con especialistas invitados<\/span>\u00a0<span style=\"font-size: small;\">\u00a0(viernes 14h-17h)<\/span><\/span><\/li>\n<li class=\"elementor-icon-list-item\"><span class=\"elementor-icon-list-text\">4 m\u00f3dulos\u00a0<span> mensuales con dos clases\u00a0 <span style=\"font-size: small;\">(viernes de 15h-19h)<\/span><\/span><span style=\"font-size: small;\">\u00a0<\/span><br \/><\/span><\/li>\n<li class=\"elementor-icon-list-item\"><span class=\"elementor-icon-list-icon\"><i class=\"fa fa-check\" aria-hidden=\"true\"><span><span>3 <\/span><\/span><\/i>m\u00f3dulos transversales <span style=\"font-weight: 400;\">con 4 clases <span class=\"elementor-icon-list-text\"><span style=\"font-size: small;\">(viernes de 15h-19h)<\/span>\u00a0<\/span><\/span>:\u00a0<\/span>\n<ul>\n<li class=\"elementor-icon-list-item\"><span class=\"elementor-icon-list-icon\">M\u00f3dulo pr\u00e1cticas, m\u00f3dulo ePortolio y m\u00f3dulo herramientas de creaci\u00f3n<\/span><\/li>\n<\/ul>\n<\/li>\n<li class=\"elementor-icon-list-item\"><strong>Precio: 900 \u20ac<\/strong><\/li>\n<\/ul>\n<\/div>\n<\/div>\n<p>[\/et_pb_blurb][et_pb_button button_url=\u00bbhttps:\/\/studies.uclouvain.be\/continuing_education\/home\/DIES2FC\/\u00bb button_text=\u00bbAdmisi\u00f3n y Matr\u00edcula\u00bb _builder_version=\u00bb4.18.0&#8243; custom_button=\u00bbon\u00bb button_text_color=\u00bb#ffffff\u00bb button_bg_color=\u00bb#2875ef\u00bb button_border_width=\u00bb1px\u00bb button_border_radius=\u00bb86px\u00bb button_icon=\u00bb&#x52;||divi||400&#8243; custom_padding=\u00bb0px|44px||||\u00bb box_shadow_style=\u00bbpreset1&#8243; global_colors_info=\u00bb{}\u00bb][\/et_pb_button][\/et_pb_column][et_pb_column type=\u00bb1_2&#8243; _builder_version=\u00bb4.16&#8243; global_colors_info=\u00bb{}\u00bb][et_pb_blurb title=\u00bbCertificado interuniversitario                 FORMACI\u00d3N POR M\u00d3DULOS ( online)\u00bb image=\u00bbhttps:\/\/sites.uclouvain.be\/lovele\/wp-content\/uploads\/2020\/07\/scott-graham-OQMZwNd3ThU-unsplash.jpg\u00bb _builder_version=\u00bb4.19.0&#8243; header_font=\u00bbShare Tech||||||||\u00bb header_font_size=\u00bb24px\u00bb header_line_height=\u00bb1.2em\u00bb body_font=\u00bbOpen Sans||||||||\u00bb body_font_size=\u00bb16px\u00bb body_line_height=\u00bb1.8em\u00bb background_color=\u00bb#ffffff\u00bb min_height=\u00bb675px\u00bb custom_margin=\u00bb||3px|||\u00bb custom_padding=\u00bb40px|30px|108px|30px|false|true\u00bb animation_style=\u00bbfold\u00bb animation_delay=\u00bb450ms\u00bb animation=\u00bboff\u00bb border_width_all=\u00bb1px\u00bb border_color_all=\u00bbrgba(21,49,78,0.17)\u00bb locked=\u00bboff\u00bb global_colors_info=\u00bb{}\u00bb]<\/p>\n<div class=\"elementor-element elementor-element-422b40e elementor-widget elementor-widget-heading\" data-id=\"422b40e\" data-element_type=\"widget\" data-widget_type=\"heading.default\">\n<div class=\"elementor-widget-container\">\n<h6 class=\"elementor-heading-title elementor-size-medium\" style=\"text-align: center;\"><span>Certificado por Universidad de Lovaina <\/span><\/h6>\n<h6 class=\"elementor-heading-title elementor-size-medium\" style=\"text-align: center;\"><span>(<span style=\"font-size: small;\">UCLouvain<\/span>)<br \/><\/span><\/h6>\n<\/div>\n<\/div>\n<div class=\"elementor-element elementor-element-5fdf5c7 elementor-icon-list--layout-traditional elementor-widget elementor-widget-icon-list\" data-id=\"5fdf5c7\" data-element_type=\"widget\" data-widget_type=\"icon-list.default\">\n<div class=\"elementor-widget-container\">\n<ul class=\"elementor-icon-list-items\">\n<li><span>\u00a04 talleres<span><span class=\"elementor-icon-list-icon\"> pr\u00e1cticos con especialistas invitados<\/span><span class=\"elementor-icon-list-icon\">\u00a0 <span style=\"font-size: small;\">(viernes 14h-17h)<\/span><\/span><\/span><\/span><span class=\"elementor-icon-list-icon\"><\/span><\/li>\n<li><span class=\"elementor-icon-list-icon\">M\u00f3dulos separados: el precio es por m\u00f3dulo<\/span><\/li>\n<li class=\"elementor-icon-list-item\"><span class=\"elementor-icon-list-text\">Se puede hacer la formaci\u00f3n a tu ritmo<br \/><\/span><\/li>\n<\/ul>\n<ul class=\"elementor-icon-list-items\">\n<li><strong>Precio: 250 \u20ac<br \/><\/strong><\/li>\n<\/ul>\n<\/div>\n<\/div>\n<p>[\/et_pb_blurb][et_pb_button button_url=\u00bbhttps:\/\/studies.uclouvain.be\/continuing_education\/home\/DIES2FC\/\u00bb button_text=\u00bbAdmisi\u00f3n y Matr\u00edcula\u00bb _builder_version=\u00bb4.19.0&#8243; custom_button=\u00bbon\u00bb button_text_color=\u00bb#ffffff\u00bb button_bg_color=\u00bb#2875ef\u00bb button_border_width=\u00bb1px\u00bb button_border_radius=\u00bb86px\u00bb button_icon=\u00bb&#x52;||divi||400&#8243; custom_margin=\u00bb34px||||false|false\u00bb custom_padding=\u00bb0px|44px||||\u00bb box_shadow_style=\u00bbpreset1&#8243; global_colors_info=\u00bb{}\u00bb][\/et_pb_button][\/et_pb_column][\/et_pb_row][et_pb_row _builder_version=\u00bb4.16&#8243; custom_width_px__hover=\u00bb1080px\u00bb custom_width_px__hover_enabled=\u00bb1080px\u00bb custom_width_percent__hover=\u00bb80%\u00bb custom_width_percent__hover_enabled=\u00bb80%\u00bb global_colors_info=\u00bb{}\u00bb use_custom_width__hover=\u00bboff\u00bb use_custom_width__hover_enabled=\u00bboff\u00bb width_unit__hover=\u00bbon\u00bb width_unit__hover_enabled=\u00bbon\u00bb gutter_width__hover=\u00bb3&#8243; gutter_width__hover_enabled=\u00bb3&#8243; parallax_1__hover=\u00bboff\u00bb parallax_1__hover_enabled=\u00bboff\u00bb parallax_2__hover=\u00bboff\u00bb parallax_2__hover_enabled=\u00bboff\u00bb parallax_3__hover=\u00bboff\u00bb parallax_3__hover_enabled=\u00bboff\u00bb parallax_4__hover=\u00bboff\u00bb parallax_4__hover_enabled=\u00bboff\u00bb parallax_5__hover=\u00bboff\u00bb parallax_5__hover_enabled=\u00bboff\u00bb parallax_6__hover=\u00bboff\u00bb parallax_6__hover_enabled=\u00bboff\u00bb parallax_method_1__hover=\u00bbon\u00bb parallax_method_1__hover_enabled=\u00bbon\u00bb parallax_method_2__hover=\u00bbon\u00bb parallax_method_2__hover_enabled=\u00bbon\u00bb parallax_method_3__hover=\u00bbon\u00bb parallax_method_3__hover_enabled=\u00bbon\u00bb parallax_method_4__hover=\u00bbon\u00bb parallax_method_4__hover_enabled=\u00bbon\u00bb parallax_method_5__hover=\u00bbon\u00bb parallax_method_5__hover_enabled=\u00bbon\u00bb parallax_method_6__hover=\u00bbon\u00bb parallax_method_6__hover_enabled=\u00bbon\u00bb use_background_color_gradient__hover=\u00bboff\u00bb use_background_color_gradient__hover_enabled=\u00bboff\u00bb background_color_gradient_start__hover=\u00bb#2b87da\u00bb background_color_gradient_start__hover_enabled=\u00bb#2b87da\u00bb background_color_gradient_end__hover=\u00bb#29c4a9&#8243; background_color_gradient_end__hover_enabled=\u00bb#29c4a9&#8243; background_color_gradient_overlays_image__hover=\u00bboff\u00bb background_color_gradient_overlays_image__hover_enabled=\u00bboff\u00bb background_position__hover=\u00bbcenter\u00bb background_position__hover_enabled=\u00bbcenter\u00bb animation_style__hover=\u00bbnone\u00bb animation_style__hover_enabled=\u00bbnone\u00bb animation_direction__hover=\u00bbcenter\u00bb animation_direction__hover_enabled=\u00bbcenter\u00bb animation_intensity_slide__hover=\u00bb50%\u00bb animation_intensity_slide__hover_enabled=\u00bb50%\u00bb background_color_gradient_type__hover=\u00bblinear\u00bb background_color_gradient_type__hover_enabled=\u00bblinear\u00bb background_color_gradient_direction__hover=\u00bb180deg\u00bb background_color_gradient_direction__hover_enabled=\u00bb180deg\u00bb background_color_gradient_direction_radial__hover=\u00bbcenter\u00bb background_color_gradient_direction_radial__hover_enabled=\u00bbcenter\u00bb background_color_gradient_start_position__hover=\u00bb0%\u00bb background_color_gradient_start_position__hover_enabled=\u00bb0%\u00bb background_color_gradient_end_position__hover=\u00bb100%\u00bb background_color_gradient_end_position__hover_enabled=\u00bb100%\u00bb parallax__hover=\u00bboff\u00bb parallax__hover_enabled=\u00bboff\u00bb parallax_method__hover=\u00bbon\u00bb parallax_method__hover_enabled=\u00bbon\u00bb background_size__hover=\u00bbcover\u00bb background_size__hover_enabled=\u00bbcover\u00bb background_repeat__hover=\u00bbno-repeat\u00bb background_repeat__hover_enabled=\u00bbno-repeat\u00bb background_blend__hover=\u00bbnormal\u00bb background_blend__hover_enabled=\u00bbnormal\u00bb allow_player_pause__hover=\u00bboff\u00bb allow_player_pause__hover_enabled=\u00bboff\u00bb background_video_pause_outside_viewport__hover=\u00bbon\u00bb background_video_pause_outside_viewport__hover_enabled=\u00bbon\u00bb make_fullwidth__hover=\u00bboff\u00bb make_fullwidth__hover_enabled=\u00bboff\u00bb use_custom_gutter__hover=\u00bboff\u00bb use_custom_gutter__hover_enabled=\u00bboff\u00bb make_equal__hover=\u00bboff\u00bb make_equal__hover_enabled=\u00bboff\u00bb border_radii__hover=\u00bbon||||\u00bb border_radii__hover_enabled=\u00bbon||||\u00bb box_shadow_style__hover=\u00bbnone\u00bb box_shadow_style__hover_enabled=\u00bbnone\u00bb box_shadow_color__hover=\u00bbrgba(0,0,0,0.3)\u00bb box_shadow_color__hover_enabled=\u00bbrgba(0,0,0,0.3)\u00bb filter_hue_rotate__hover=\u00bb0deg\u00bb filter_hue_rotate__hover_enabled=\u00bb0deg\u00bb filter_saturate__hover=\u00bb100%\u00bb filter_saturate__hover_enabled=\u00bb100%\u00bb filter_brightness__hover=\u00bb100%\u00bb filter_brightness__hover_enabled=\u00bb100%\u00bb filter_contrast__hover=\u00bb100%\u00bb filter_contrast__hover_enabled=\u00bb100%\u00bb filter_invert__hover=\u00bb0%\u00bb filter_invert__hover_enabled=\u00bb0%\u00bb filter_sepia__hover=\u00bb0%\u00bb filter_sepia__hover_enabled=\u00bb0%\u00bb filter_opacity__hover=\u00bb100%\u00bb filter_opacity__hover_enabled=\u00bb100%\u00bb filter_blur__hover=\u00bb0px\u00bb filter_blur__hover_enabled=\u00bb0px\u00bb mix_blend_mode__hover=\u00bbnormal\u00bb mix_blend_mode__hover_enabled=\u00bbnormal\u00bb animation_repeat__hover=\u00bbonce\u00bb animation_repeat__hover_enabled=\u00bbonce\u00bb animation_duration__hover=\u00bb1000ms\u00bb animation_duration__hover_enabled=\u00bb1000ms\u00bb animation_delay__hover=\u00bb0ms\u00bb animation_delay__hover_enabled=\u00bb0ms\u00bb animation_intensity_zoom__hover=\u00bb50%\u00bb animation_intensity_zoom__hover_enabled=\u00bb50%\u00bb animation_intensity_flip__hover=\u00bb50%\u00bb animation_intensity_flip__hover_enabled=\u00bb50%\u00bb animation_intensity_fold__hover=\u00bb50%\u00bb animation_intensity_fold__hover_enabled=\u00bb50%\u00bb animation_intensity_roll__hover=\u00bb50%\u00bb animation_intensity_roll__hover_enabled=\u00bb50%\u00bb animation_starting_opacity__hover=\u00bb0%\u00bb animation_starting_opacity__hover_enabled=\u00bb0%\u00bb animation_speed_curve__hover=\u00bbease-in-out\u00bb animation_speed_curve__hover_enabled=\u00bbease-in-out\u00bb hover_transition_duration__hover=\u00bb300ms\u00bb hover_transition_duration__hover_enabled=\u00bb300ms\u00bb hover_transition_delay__hover=\u00bb0ms\u00bb hover_transition_delay__hover_enabled=\u00bb0ms\u00bb hover_transition_speed_curve__hover=\u00bbease\u00bb hover_transition_speed_curve__hover_enabled=\u00bbease\u00bb background_color_gradient_stops__hover=\u00bb#2b87da 0%|#29c4a9 100%\u00bb][et_pb_column type=\u00bb4_4&#8243; _builder_version=\u00bb4.16&#8243; custom_padding=\u00bb|||\u00bb global_colors_info=\u00bb{}\u00bb custom_padding__hover=\u00bb|||\u00bb][et_pb_divider color=\u00bb#2875ef\u00bb divider_weight=\u00bb5px\u00bb _builder_version=\u00bb4.16&#8243; max_width=\u00bb120px\u00bb locked=\u00bboff\u00bb global_colors_info=\u00bb{}\u00bb][\/et_pb_divider][\/et_pb_column][\/et_pb_row][et_pb_row _builder_version=\u00bb4.16&#8243; locked=\u00bboff\u00bb global_colors_info=\u00bb{}\u00bb][et_pb_column type=\u00bb4_4&#8243; _builder_version=\u00bb4.16&#8243; custom_padding=\u00bb|||\u00bb global_colors_info=\u00bb{}\u00bb custom_padding__hover=\u00bb|||\u00bb][et_pb_comments show_count=\u00bboff\u00bb _builder_version=\u00bb4.16&#8243; form_field_background_color=\u00bb#ffffff\u00bb header_level=\u00bbh4&#8243; header_font=\u00bbLato|700|||||||\u00bb header_line_height=\u00bb1.4em\u00bb meta_font=\u00bb||||||||\u00bb body_font=\u00bb||||||||\u00bb form_field_font=\u00bbOpen Sans||||||||\u00bb form_field_font_size=\u00bb15px\u00bb form_field_line_height=\u00bb2em\u00bb custom_button=\u00bbon\u00bb button_text_size=\u00bb14px\u00bb button_text_color=\u00bb#ffffff\u00bb button_bg_color=\u00bb#fe4943&#8243; button_border_width=\u00bb12px\u00bb button_border_color=\u00bbrgba(0,0,0,0)\u00bb button_letter_spacing=\u00bb4px\u00bb button_font=\u00bbRaleway|700||on|||||\u00bb background_layout=\u00bbdark\u00bb custom_margin=\u00bb-138px|||||\u00bb header_font_size_tablet=\u00bb40px\u00bb header_font_size_phone=\u00bb30px\u00bb header_font_size_last_edited=\u00bboff|desktop\u00bb border_radii=\u00bbon|3px|3px|3px|3px\u00bb form_background_color=\u00bb#ffffff\u00bb global_colors_info=\u00bb{}\u00bb button_text_size__hover_enabled=\u00bboff\u00bb button_text_color__hover_enabled=\u00bboff\u00bb button_bg_color__hover_enabled=\u00bboff\u00bb button_border_width__hover_enabled=\u00bboff\u00bb button_border_color__hover_enabled=\u00bboff\u00bb button_border_radius__hover_enabled=\u00bboff\u00bb button_letter_spacing__hover_enabled=\u00bboff\u00bb][\/et_pb_comments][et_pb_text _builder_version=\u00bb4.18.0&#8243; text_font=\u00bb||||||||\u00bb header_font=\u00bb||||||||\u00bb header_2_font=\u00bbLato|700|||||||\u00bb header_2_font_size=\u00bb52px\u00bb header_2_line_height=\u00bb1.2em\u00bb background_layout=\u00bbdark\u00bb min_height=\u00bb75.2px\u00bb custom_margin=\u00bb||43px|||\u00bb header_2_font_size_tablet=\u00bb\u00bb header_2_font_size_phone=\u00bb36px\u00bb header_2_font_size_last_edited=\u00bbon|phone\u00bb locked=\u00bboff\u00bb global_colors_info=\u00bb{}\u00bb]<\/p>\n<p style=\"text-align: justify;\"><span style=\"font-family: Lato, Helvetica, Arial, Lucida, sans-serif; font-size: 52px; font-weight: bold; color: #ffffff;\">Programa del curso<\/span><\/p>\n<p>[\/et_pb_text][et_pb_toggle title=\u00bbM\u00f3dulo 1: Fundamentos de la ense\u00f1anza del espa\u00f1ol como lengua extranjera \u00bb _builder_version=\u00bb4.16&#8243; custom_margin=\u00bb||74px|||\u00bb custom_padding=\u00bb|||20px||\u00bb global_colors_info=\u00bb{}\u00bb]<\/p>\n<p><strong>Profesoras: Bego\u00f1a Montmany, International House Barcelona y Paula Lorente, Universit\u00e9 catholique de Louvain<\/strong>\u00a0<span>\u00a0\u00a0<\/span><\/p>\n<p>&nbsp;<\/p>\n<ul>\n<li><span>Estudio y reflexi\u00f3n sobre la ense\u00f1anza de una lengua extranjera: objetivos y enfoques. El MCER y El PCIC; enfoques esenciales para la ense\u00f1anza y adquisici\u00f3n de la L2<\/span><\/li>\n<li><span>Reflexiones sobre el concepto de competencia comunicativa (competencia ling\u00fc\u00edstica, socioling\u00fc\u00edstica y pragm\u00e1tica)<\/span><\/li>\n<li><span>An\u00e1lisis de\u00a0 las necesidades para el desarrollo profesional docente desde la propia pr\u00e1ctica<\/span><\/li>\n<li>3 cr\u00e9ditos ECTS<span><\/span><\/li>\n<\/ul>\n<p>[\/et_pb_toggle][et_pb_toggle title=\u00bbM\u00f3dulo 2: Las TICS en la ense\u00f1anza del espa\u00f1ol como lengua extranjera \u00bb _builder_version=\u00bb4.16&#8243; min_height=\u00bb63.7px\u00bb custom_padding=\u00bb|||20px||\u00bb global_colors_info=\u00bb{}\u00bb]<\/p>\n<p>&nbsp;<\/p>\n<p><b>Profesores: H\u00e9ctor R\u00edos, Universit\u00e1 degli studi di Cagliari y Cristina Montasell<\/b><\/p>\n<p>&nbsp;<\/p>\n<p><b><\/b><\/p>\n<p><b><\/b><\/p>\n<ul>\n<li><span>Revisar los \u00faltimos avances en el mundo de las TIC y la Web 2.0<\/span><\/li>\n<li><span>Integrar innovadoras herramientas en el aula, analizando el valor a\u00f1adido de las mismas en los cursos de ELE<\/span><\/li>\n<li>3 cr\u00e9ditos ECTS.<span><\/span><\/li>\n<\/ul>\n<p>[\/et_pb_toggle][et_pb_toggle title=\u00bbM\u00f3dulo 3: Did\u00e1ctica de la gram\u00e1tica y el l\u00e9xico\u00bb _builder_version=\u00bb4.16&#8243; custom_padding=\u00bb|||20px||\u00bb global_colors_info=\u00bb{}\u00bb]<\/p>\n<p><b>Profesoras: Lourdes Miquel, Escuelas Oficiales de Idiomas y Lola Chamorro, Universidad de Granada<\/b><\/p>\n<p><b><\/b><\/p>\n<p><b><\/b><\/p>\n<ul>\n<li style=\"font-weight: 400;\"><span style=\"font-weight: 400;\">Interpretaci\u00f3n del sistema formal y su tratamiento did\u00e1ctico<\/span><\/li>\n<li style=\"font-weight: 400;\"><span style=\"font-weight: 400;\">Reconocimiento de problemas espec\u00edficos en el aprendizaje del l\u00e9xico y de la gram\u00e1tica<\/span><\/li>\n<li style=\"font-weight: 400;\"><span style=\"font-weight: 400;\">Conceptos b\u00e1sicos de pragm\u00e1tica para el an\u00e1lisis y descripci\u00f3n de la lengua<\/span><\/li>\n<li>3 cr\u00e9ditos ECTS<\/li>\n<\/ul>\n<p>[\/et_pb_toggle][et_pb_toggle title=\u00bbM\u00f3dulo 4: Metodolog\u00eda y evaluaci\u00f3n  del espa\u00f1ol como lengua extranjera \u00bb _builder_version=\u00bb4.23.1&#8243; custom_padding=\u00bb|||20px||\u00bb global_colors_info=\u00bb{}\u00bb]<\/p>\n<p><b>Profesoras: Vicenta Gonz\u00e1lez, Universitat de Barcelona y Susana Llori\u00e1n, Universidad Complutense de Madrid<\/b><\/p>\n<p><b><\/b><\/p>\n<p><b><\/b><\/p>\n<ul>\n<li style=\"font-weight: 400;\"><span style=\"font-weight: 400;\">An\u00e1lisis de los materiales existentes y presentaci\u00f3n de enfoques did\u00e1cticos actuales<\/span><\/li>\n<li style=\"font-weight: 400;\"><span style=\"font-weight: 400;\">Creaci\u00f3n\u00a0 de actividades espec\u00edficas para los diferentes contextos de aprendizaje o la adaptaci\u00f3n de lo que ya existe<\/span><\/li>\n<li style=\"font-weight: 400;\"><span style=\"font-weight: 400;\">Reflexi\u00f3n sobre los tipos de evaluaci\u00f3n y c\u00f3mo integrarla en el proceso de ense\u00f1anza<\/span><\/li>\n<li style=\"font-weight: 400;\"><span style=\"font-weight: 400;\">3 cr\u00e9ditos ECTS<\/span><\/li>\n<\/ul>\n<p>[\/et_pb_toggle][et_pb_toggle title=\u00bbM\u00f3dulo ePortfolio: Pr\u00e1ctica reflexiva en la ense\u00f1anza de ELE \u00bb _builder_version=\u00bb4.19.0&#8243; global_colors_info=\u00bb{}\u00bb]<\/p>\n<p><b>Profesora: Alicia Tirado, Universit\u00e9 catholique de Louvain<\/b><\/p>\n<p>&nbsp;<\/p>\n<ul>\n<li style=\"font-weight: 400;\"><span style=\"font-weight: 400;\">Elaboraci\u00f3n de un <\/span><i><span style=\"font-weight: 400;\">ePortfolio <\/span><\/i><span style=\"font-weight: 400;\">reflexivo de formaci\u00f3n<\/span><\/li>\n<li style=\"font-weight: 400;\"><span style=\"font-weight: 400;\"><span>5 cr\u00e9ditos ECTS<\/span><\/span><\/li>\n<\/ul>\n<p>[\/et_pb_toggle][et_pb_toggle title=\u00bbM\u00f3dulo Pr\u00e1cticas: An\u00e1lisis y mejora de la pr\u00e1ctica docente en el aula \u00bb _builder_version=\u00bb4.16&#8243; custom_padding=\u00bb|||20px||\u00bb global_colors_info=\u00bb{}\u00bb]<b>Profesora: Bego\u00f1a Garc\u00eda, Universit\u00e9 catholique de Louvain y Mar\u00eda Est\u00e9vez, Centro de Lenguas Modernas de la Universidad de Granada <\/b><\/p>\n<p><b><\/b><\/p>\n<p><b><\/b><\/p>\n<ul>\n<li style=\"font-weight: 400;\"><span style=\"font-weight: 400;\">Dise\u00f1o de la programaci\u00f3n de parte de un curso ELE<\/span><\/li>\n<li style=\"font-weight: 400;\"><span style=\"font-weight: 400;\">An\u00e1lisis de la propia pr\u00e1ctica a partir de grabaciones<\/span><\/li>\n<li><span>3 cr\u00e9ditos ECTS<\/span><\/li>\n<\/ul>\n<p>[\/et_pb_toggle][et_pb_toggle title=\u00bbM\u00f3dulo : Herramientas de creaci\u00f3n docente\u00bb _builder_version=\u00bb4.18.0&#8243; custom_padding=\u00bb|||20px||\u00bb global_colors_info=\u00bb{}\u00bb]<\/p>\n<p><strong>Profesoras: Paloma Manzanera de la Fuente, Instituto de Idiomas Modernos de la Universidad Pontificia Comillas<\/strong><span>\u00a0\u00a0<\/span><\/p>\n<p>&nbsp;<\/p>\n<ul>\n<li><span>Activaci\u00f3n del potencial creativo de los docentes<br \/><\/span><\/li>\n<li>Creaci\u00f3n de puentes entre la pr\u00e1ctica real de aula y la investigaci\u00f3n en did\u00e1ctica<\/li>\n<li>Co-creaci\u00f3n de espacios de apoyo mutuo y construcci\u00f3n de conociemiento (comunidades docentes)<\/li>\n<li>Integraci\u00f3n de los contenidos de los diferentes m\u00f3dulos para la propia pr\u00e1ctica profesional<\/li>\n<\/ul>\n<p>[\/et_pb_toggle][\/et_pb_column][\/et_pb_row][et_pb_row _builder_version=\u00bb4.16&#8243; custom_width_px__hover=\u00bb1080px\u00bb custom_width_px__hover_enabled=\u00bb1080px\u00bb custom_width_percent__hover=\u00bb80%\u00bb custom_width_percent__hover_enabled=\u00bb80%\u00bb global_colors_info=\u00bb{}\u00bb use_custom_width__hover=\u00bboff\u00bb use_custom_width__hover_enabled=\u00bboff\u00bb width_unit__hover=\u00bbon\u00bb width_unit__hover_enabled=\u00bbon\u00bb gutter_width__hover=\u00bb3&#8243; gutter_width__hover_enabled=\u00bb3&#8243; parallax_1__hover=\u00bboff\u00bb parallax_1__hover_enabled=\u00bboff\u00bb parallax_2__hover=\u00bboff\u00bb parallax_2__hover_enabled=\u00bboff\u00bb parallax_3__hover=\u00bboff\u00bb parallax_3__hover_enabled=\u00bboff\u00bb parallax_4__hover=\u00bboff\u00bb parallax_4__hover_enabled=\u00bboff\u00bb parallax_5__hover=\u00bboff\u00bb parallax_5__hover_enabled=\u00bboff\u00bb parallax_6__hover=\u00bboff\u00bb parallax_6__hover_enabled=\u00bboff\u00bb parallax_method_1__hover=\u00bbon\u00bb parallax_method_1__hover_enabled=\u00bbon\u00bb parallax_method_2__hover=\u00bbon\u00bb parallax_method_2__hover_enabled=\u00bbon\u00bb parallax_method_3__hover=\u00bbon\u00bb parallax_method_3__hover_enabled=\u00bbon\u00bb parallax_method_4__hover=\u00bbon\u00bb parallax_method_4__hover_enabled=\u00bbon\u00bb parallax_method_5__hover=\u00bbon\u00bb parallax_method_5__hover_enabled=\u00bbon\u00bb parallax_method_6__hover=\u00bbon\u00bb parallax_method_6__hover_enabled=\u00bbon\u00bb use_background_color_gradient__hover=\u00bboff\u00bb use_background_color_gradient__hover_enabled=\u00bboff\u00bb background_color_gradient_start__hover=\u00bb#2b87da\u00bb background_color_gradient_start__hover_enabled=\u00bb#2b87da\u00bb background_color_gradient_end__hover=\u00bb#29c4a9&#8243; background_color_gradient_end__hover_enabled=\u00bb#29c4a9&#8243; background_color_gradient_overlays_image__hover=\u00bboff\u00bb background_color_gradient_overlays_image__hover_enabled=\u00bboff\u00bb background_position__hover=\u00bbcenter\u00bb background_position__hover_enabled=\u00bbcenter\u00bb animation_style__hover=\u00bbnone\u00bb animation_style__hover_enabled=\u00bbnone\u00bb animation_direction__hover=\u00bbcenter\u00bb animation_direction__hover_enabled=\u00bbcenter\u00bb animation_intensity_slide__hover=\u00bb50%\u00bb animation_intensity_slide__hover_enabled=\u00bb50%\u00bb background_color_gradient_type__hover=\u00bblinear\u00bb background_color_gradient_type__hover_enabled=\u00bblinear\u00bb background_color_gradient_direction__hover=\u00bb180deg\u00bb background_color_gradient_direction__hover_enabled=\u00bb180deg\u00bb background_color_gradient_direction_radial__hover=\u00bbcenter\u00bb background_color_gradient_direction_radial__hover_enabled=\u00bbcenter\u00bb background_color_gradient_start_position__hover=\u00bb0%\u00bb background_color_gradient_start_position__hover_enabled=\u00bb0%\u00bb background_color_gradient_end_position__hover=\u00bb100%\u00bb background_color_gradient_end_position__hover_enabled=\u00bb100%\u00bb parallax__hover=\u00bboff\u00bb parallax__hover_enabled=\u00bboff\u00bb parallax_method__hover=\u00bbon\u00bb parallax_method__hover_enabled=\u00bbon\u00bb background_size__hover=\u00bbcover\u00bb background_size__hover_enabled=\u00bbcover\u00bb background_repeat__hover=\u00bbno-repeat\u00bb background_repeat__hover_enabled=\u00bbno-repeat\u00bb background_blend__hover=\u00bbnormal\u00bb background_blend__hover_enabled=\u00bbnormal\u00bb allow_player_pause__hover=\u00bboff\u00bb allow_player_pause__hover_enabled=\u00bboff\u00bb background_video_pause_outside_viewport__hover=\u00bbon\u00bb background_video_pause_outside_viewport__hover_enabled=\u00bbon\u00bb make_fullwidth__hover=\u00bboff\u00bb make_fullwidth__hover_enabled=\u00bboff\u00bb use_custom_gutter__hover=\u00bboff\u00bb use_custom_gutter__hover_enabled=\u00bboff\u00bb make_equal__hover=\u00bboff\u00bb make_equal__hover_enabled=\u00bboff\u00bb border_radii__hover=\u00bbon||||\u00bb border_radii__hover_enabled=\u00bbon||||\u00bb box_shadow_style__hover=\u00bbnone\u00bb box_shadow_style__hover_enabled=\u00bbnone\u00bb box_shadow_color__hover=\u00bbrgba(0,0,0,0.3)\u00bb box_shadow_color__hover_enabled=\u00bbrgba(0,0,0,0.3)\u00bb filter_hue_rotate__hover=\u00bb0deg\u00bb filter_hue_rotate__hover_enabled=\u00bb0deg\u00bb filter_saturate__hover=\u00bb100%\u00bb filter_saturate__hover_enabled=\u00bb100%\u00bb filter_brightness__hover=\u00bb100%\u00bb filter_brightness__hover_enabled=\u00bb100%\u00bb filter_contrast__hover=\u00bb100%\u00bb filter_contrast__hover_enabled=\u00bb100%\u00bb filter_invert__hover=\u00bb0%\u00bb filter_invert__hover_enabled=\u00bb0%\u00bb filter_sepia__hover=\u00bb0%\u00bb filter_sepia__hover_enabled=\u00bb0%\u00bb filter_opacity__hover=\u00bb100%\u00bb filter_opacity__hover_enabled=\u00bb100%\u00bb filter_blur__hover=\u00bb0px\u00bb filter_blur__hover_enabled=\u00bb0px\u00bb mix_blend_mode__hover=\u00bbnormal\u00bb mix_blend_mode__hover_enabled=\u00bbnormal\u00bb animation_repeat__hover=\u00bbonce\u00bb animation_repeat__hover_enabled=\u00bbonce\u00bb animation_duration__hover=\u00bb1000ms\u00bb animation_duration__hover_enabled=\u00bb1000ms\u00bb animation_delay__hover=\u00bb0ms\u00bb animation_delay__hover_enabled=\u00bb0ms\u00bb animation_intensity_zoom__hover=\u00bb50%\u00bb animation_intensity_zoom__hover_enabled=\u00bb50%\u00bb animation_intensity_flip__hover=\u00bb50%\u00bb animation_intensity_flip__hover_enabled=\u00bb50%\u00bb animation_intensity_fold__hover=\u00bb50%\u00bb animation_intensity_fold__hover_enabled=\u00bb50%\u00bb animation_intensity_roll__hover=\u00bb50%\u00bb animation_intensity_roll__hover_enabled=\u00bb50%\u00bb animation_starting_opacity__hover=\u00bb0%\u00bb animation_starting_opacity__hover_enabled=\u00bb0%\u00bb animation_speed_curve__hover=\u00bbease-in-out\u00bb animation_speed_curve__hover_enabled=\u00bbease-in-out\u00bb hover_transition_duration__hover=\u00bb300ms\u00bb hover_transition_duration__hover_enabled=\u00bb300ms\u00bb hover_transition_delay__hover=\u00bb0ms\u00bb hover_transition_delay__hover_enabled=\u00bb0ms\u00bb hover_transition_speed_curve__hover=\u00bbease\u00bb hover_transition_speed_curve__hover_enabled=\u00bbease\u00bb background_color_gradient_stops__hover=\u00bb#2b87da 0%|#29c4a9 100%\u00bb][et_pb_column type=\u00bb4_4&#8243; _builder_version=\u00bb4.16&#8243; custom_padding=\u00bb|||\u00bb global_colors_info=\u00bb{}\u00bb custom_padding__hover=\u00bb|||\u00bb][et_pb_text _builder_version=\u00bb4.18.0&#8243; text_font=\u00bb||||||||\u00bb header_font=\u00bb||||||||\u00bb header_2_font=\u00bbLato|700|||||||\u00bb header_2_font_size=\u00bb52px\u00bb header_2_line_height=\u00bb1.2em\u00bb background_layout=\u00bbdark\u00bb header_2_font_size_tablet=\u00bb\u00bb header_2_font_size_phone=\u00bb36px\u00bb header_2_font_size_last_edited=\u00bbon|phone\u00bb locked=\u00bboff\u00bb global_colors_info=\u00bb{}\u00bb]<\/p>\n<p><span style=\"color: #ffffff;\"><span style=\"font-family: Lato, Helvetica, Arial, Lucida, sans-serif; font-size: 52px;\"><b>Objetivos<\/b><span style=\"font-weight: 400;\">\u00a0<\/span><\/span><span style=\"font-size: 14px;\">\u00a0<\/span><\/span><\/p>\n<p>[\/et_pb_text][et_pb_divider color=\u00bb#2875ef\u00bb divider_weight=\u00bb5px\u00bb _builder_version=\u00bb4.16&#8243; max_width=\u00bb120px\u00bb locked=\u00bboff\u00bb global_colors_info=\u00bb{}\u00bb][\/et_pb_divider][et_pb_toggle title=\u00bb\u00bfQue podr\u00e1 lograr el estudiante despu\u00e9s de realizar el curso?\u00bb _builder_version=\u00bb4.16&#8243; global_colors_info=\u00bb{}\u00bb]<\/p>\n<p>&nbsp;<\/p>\n<ul>\n<li style=\"font-weight: 400;\"><span style=\"font-weight: 400;\">Analizar las l\u00edneas metodol\u00f3gicas de la did\u00e1ctica aplicadas a la ense\u00f1anza de idiomas, con el fin de\u00a0 sacar el m\u00e1ximo provecho de los logros de la investigaci\u00f3n moderna para la propia pr\u00e1ctica docente<\/span><\/li>\n<li style=\"font-weight: 400;\"><span style=\"font-weight: 400;\">Desarrollar un proceso educativo mediante el uso de plataformas de aprendizaje<\/span><\/li>\n<li style=\"font-weight: 400;\"><span style=\"font-weight: 400;\">Actualizar sus conocimientos en TIC y reflexionar sobre los principios pedag\u00f3gicos en su utilizaci\u00f3n<\/span><\/li>\n<li style=\"font-weight: 400;\"><span style=\"font-weight: 400;\">Actualizar, comprender y analizar su propia pr\u00e1ctica docente desde una perspectiva cr\u00edtica<\/span><\/li>\n<li style=\"font-weight: 400;\"><span style=\"font-weight: 400;\">Resolver problemas espec\u00edficos de espa\u00f1ol con el fin de integrar los contenidos en el proceso de aprendizaje.<\/span><\/li>\n<li style=\"font-weight: 400;\"><span style=\"font-weight: 400;\">Reflexionar sobre el desarrollo de las actividades que se ocupan de los aspectos motivacionales y emocionales en el aprendizaje de un idioma<\/span><\/li>\n<li style=\"font-weight: 400;\"><span style=\"font-weight: 400;\">Trabajar y gestionar colaborativamente y cooperativamente en el \u00e1mbito de la ense\u00f1anza y el aprendizaje del espa\u00f1ol como lengua extranjera (ELE).<\/span><\/li>\n<li style=\"font-weight: 400;\"><span style=\"font-weight: 400;\">Crear herramientas para promover la autonom\u00eda del alumno<\/span><\/li>\n<li style=\"font-weight: 400;\"><span style=\"font-weight: 400;\">Trabajar el idioma a trav\u00e9s de un enfoque basado en metodolog\u00edas de aprendizaje en la pr\u00e1ctica (Learning by doing) <br \/><\/span><\/li>\n<li style=\"font-weight: 400;\"><span style=\"font-weight: 400;\">Dise\u00f1ar, implementar y evaluar cr\u00edticamente una ense\u00f1anza de ELE<\/span><\/li>\n<\/ul>\n<p>[\/et_pb_toggle][\/et_pb_column][\/et_pb_row][et_pb_row _builder_version=\u00bb4.16&#8243; custom_width_px__hover=\u00bb1080px\u00bb custom_width_px__hover_enabled=\u00bb1080px\u00bb custom_width_percent__hover=\u00bb80%\u00bb custom_width_percent__hover_enabled=\u00bb80%\u00bb global_colors_info=\u00bb{}\u00bb use_custom_width__hover=\u00bboff\u00bb use_custom_width__hover_enabled=\u00bboff\u00bb width_unit__hover=\u00bbon\u00bb width_unit__hover_enabled=\u00bbon\u00bb gutter_width__hover=\u00bb3&#8243; gutter_width__hover_enabled=\u00bb3&#8243; parallax_1__hover=\u00bboff\u00bb parallax_1__hover_enabled=\u00bboff\u00bb parallax_2__hover=\u00bboff\u00bb parallax_2__hover_enabled=\u00bboff\u00bb parallax_3__hover=\u00bboff\u00bb parallax_3__hover_enabled=\u00bboff\u00bb parallax_4__hover=\u00bboff\u00bb parallax_4__hover_enabled=\u00bboff\u00bb parallax_5__hover=\u00bboff\u00bb parallax_5__hover_enabled=\u00bboff\u00bb parallax_6__hover=\u00bboff\u00bb parallax_6__hover_enabled=\u00bboff\u00bb parallax_method_1__hover=\u00bbon\u00bb parallax_method_1__hover_enabled=\u00bbon\u00bb parallax_method_2__hover=\u00bbon\u00bb parallax_method_2__hover_enabled=\u00bbon\u00bb parallax_method_3__hover=\u00bbon\u00bb parallax_method_3__hover_enabled=\u00bbon\u00bb parallax_method_4__hover=\u00bbon\u00bb parallax_method_4__hover_enabled=\u00bbon\u00bb parallax_method_5__hover=\u00bbon\u00bb parallax_method_5__hover_enabled=\u00bbon\u00bb parallax_method_6__hover=\u00bbon\u00bb parallax_method_6__hover_enabled=\u00bbon\u00bb use_background_color_gradient__hover=\u00bboff\u00bb use_background_color_gradient__hover_enabled=\u00bboff\u00bb background_color_gradient_start__hover=\u00bb#2b87da\u00bb background_color_gradient_start__hover_enabled=\u00bb#2b87da\u00bb background_color_gradient_end__hover=\u00bb#29c4a9&#8243; background_color_gradient_end__hover_enabled=\u00bb#29c4a9&#8243; background_color_gradient_overlays_image__hover=\u00bboff\u00bb background_color_gradient_overlays_image__hover_enabled=\u00bboff\u00bb background_position__hover=\u00bbcenter\u00bb background_position__hover_enabled=\u00bbcenter\u00bb animation_style__hover=\u00bbnone\u00bb animation_style__hover_enabled=\u00bbnone\u00bb animation_direction__hover=\u00bbcenter\u00bb animation_direction__hover_enabled=\u00bbcenter\u00bb animation_intensity_slide__hover=\u00bb50%\u00bb animation_intensity_slide__hover_enabled=\u00bb50%\u00bb background_color_gradient_type__hover=\u00bblinear\u00bb background_color_gradient_type__hover_enabled=\u00bblinear\u00bb background_color_gradient_direction__hover=\u00bb180deg\u00bb background_color_gradient_direction__hover_enabled=\u00bb180deg\u00bb background_color_gradient_direction_radial__hover=\u00bbcenter\u00bb background_color_gradient_direction_radial__hover_enabled=\u00bbcenter\u00bb background_color_gradient_start_position__hover=\u00bb0%\u00bb background_color_gradient_start_position__hover_enabled=\u00bb0%\u00bb background_color_gradient_end_position__hover=\u00bb100%\u00bb background_color_gradient_end_position__hover_enabled=\u00bb100%\u00bb parallax__hover=\u00bboff\u00bb parallax__hover_enabled=\u00bboff\u00bb parallax_method__hover=\u00bbon\u00bb parallax_method__hover_enabled=\u00bbon\u00bb background_size__hover=\u00bbcover\u00bb background_size__hover_enabled=\u00bbcover\u00bb background_repeat__hover=\u00bbno-repeat\u00bb background_repeat__hover_enabled=\u00bbno-repeat\u00bb background_blend__hover=\u00bbnormal\u00bb background_blend__hover_enabled=\u00bbnormal\u00bb allow_player_pause__hover=\u00bboff\u00bb allow_player_pause__hover_enabled=\u00bboff\u00bb background_video_pause_outside_viewport__hover=\u00bbon\u00bb background_video_pause_outside_viewport__hover_enabled=\u00bbon\u00bb make_fullwidth__hover=\u00bboff\u00bb make_fullwidth__hover_enabled=\u00bboff\u00bb use_custom_gutter__hover=\u00bboff\u00bb use_custom_gutter__hover_enabled=\u00bboff\u00bb make_equal__hover=\u00bboff\u00bb make_equal__hover_enabled=\u00bboff\u00bb border_radii__hover=\u00bbon||||\u00bb border_radii__hover_enabled=\u00bbon||||\u00bb box_shadow_style__hover=\u00bbnone\u00bb box_shadow_style__hover_enabled=\u00bbnone\u00bb box_shadow_color__hover=\u00bbrgba(0,0,0,0.3)\u00bb box_shadow_color__hover_enabled=\u00bbrgba(0,0,0,0.3)\u00bb filter_hue_rotate__hover=\u00bb0deg\u00bb filter_hue_rotate__hover_enabled=\u00bb0deg\u00bb filter_saturate__hover=\u00bb100%\u00bb filter_saturate__hover_enabled=\u00bb100%\u00bb filter_brightness__hover=\u00bb100%\u00bb filter_brightness__hover_enabled=\u00bb100%\u00bb filter_contrast__hover=\u00bb100%\u00bb filter_contrast__hover_enabled=\u00bb100%\u00bb filter_invert__hover=\u00bb0%\u00bb filter_invert__hover_enabled=\u00bb0%\u00bb filter_sepia__hover=\u00bb0%\u00bb filter_sepia__hover_enabled=\u00bb0%\u00bb filter_opacity__hover=\u00bb100%\u00bb filter_opacity__hover_enabled=\u00bb100%\u00bb filter_blur__hover=\u00bb0px\u00bb filter_blur__hover_enabled=\u00bb0px\u00bb mix_blend_mode__hover=\u00bbnormal\u00bb mix_blend_mode__hover_enabled=\u00bbnormal\u00bb animation_repeat__hover=\u00bbonce\u00bb animation_repeat__hover_enabled=\u00bbonce\u00bb animation_duration__hover=\u00bb1000ms\u00bb animation_duration__hover_enabled=\u00bb1000ms\u00bb animation_delay__hover=\u00bb0ms\u00bb animation_delay__hover_enabled=\u00bb0ms\u00bb animation_intensity_zoom__hover=\u00bb50%\u00bb animation_intensity_zoom__hover_enabled=\u00bb50%\u00bb animation_intensity_flip__hover=\u00bb50%\u00bb animation_intensity_flip__hover_enabled=\u00bb50%\u00bb animation_intensity_fold__hover=\u00bb50%\u00bb animation_intensity_fold__hover_enabled=\u00bb50%\u00bb animation_intensity_roll__hover=\u00bb50%\u00bb animation_intensity_roll__hover_enabled=\u00bb50%\u00bb animation_starting_opacity__hover=\u00bb0%\u00bb animation_starting_opacity__hover_enabled=\u00bb0%\u00bb animation_speed_curve__hover=\u00bbease-in-out\u00bb animation_speed_curve__hover_enabled=\u00bbease-in-out\u00bb hover_transition_duration__hover=\u00bb300ms\u00bb hover_transition_duration__hover_enabled=\u00bb300ms\u00bb hover_transition_delay__hover=\u00bb0ms\u00bb hover_transition_delay__hover_enabled=\u00bb0ms\u00bb hover_transition_speed_curve__hover=\u00bbease\u00bb hover_transition_speed_curve__hover_enabled=\u00bbease\u00bb background_color_gradient_stops__hover=\u00bb#2b87da 0%|#29c4a9 100%\u00bb][et_pb_column type=\u00bb4_4&#8243; _builder_version=\u00bb4.16&#8243; custom_padding=\u00bb|||\u00bb global_colors_info=\u00bb{}\u00bb custom_padding__hover=\u00bb|||\u00bb][et_pb_text _builder_version=\u00bb4.18.0&#8243; text_font=\u00bb||||||||\u00bb header_font=\u00bb||||||||\u00bb header_2_font=\u00bbLato|700|||||||\u00bb header_2_font_size=\u00bb52px\u00bb header_2_line_height=\u00bb1.2em\u00bb background_layout=\u00bbdark\u00bb header_2_font_size_tablet=\u00bb\u00bb header_2_font_size_phone=\u00bb36px\u00bb header_2_font_size_last_edited=\u00bbon|phone\u00bb locked=\u00bboff\u00bb global_colors_info=\u00bb{}\u00bb]<\/p>\n<p><span style=\"font-family: Lato, Helvetica, Arial, Lucida, sans-serif; font-size: 52px; font-weight: bold;\"><\/span><\/p>\n<p><span style=\"color: #000000;\">\u00a0<\/span><\/p>\n<p><span style=\"color: #ffffff;\"><span style=\"font-family: Lato, Helvetica, Arial, Lucida, sans-serif; font-size: 52px; font-weight: bold;\"><span style=\"font-weight: 400;\"><strong>Metodolog\u00eda y evaluaci\u00f3n<\/strong>\u00a0<\/span><\/span><span style=\"font-size: 14px;\">\u00a0<\/span><\/span><\/p>\n<p>[\/et_pb_text][et_pb_toggle title=\u00bb\u00bfC\u00f3mo se imparte?\u00bb _builder_version=\u00bb4.16&#8243; global_colors_info=\u00bb{}\u00bb]<\/p>\n<p><span style=\"font-weight: 400;\">La finalidad del proceso de aprendizaje es eminentemente pr\u00e1ctica y aplicable directamente al aula. La metodolog\u00eda del programa\u00a0 se basa en:<\/span><\/p>\n<ul>\n<li style=\"font-weight: 400;\"><span style=\"font-weight: 400;\">Los principios del trabajo cooperativo<\/span><\/li>\n<li style=\"font-weight: 400;\"><span style=\"font-weight: 400;\">Autonom\u00eda del aprendizaje y adaptado al participante<\/span><\/li>\n<li style=\"font-weight: 400;\"><span style=\"font-weight: 400;\">Herramientas de reflexi\u00f3n sobre el propio aprendizaje<\/span><\/li>\n<\/ul>\n<p><span style=\"font-weight: 400;\">La formaci\u00f3n se dispensa\u00a0 totalmente a distancia durante seis meses (enero-junio) <\/span><span style=\"font-weight: 400;\">y cuenta con el apoyo y la retroalimentaci\u00f3n de los profesores y tutores.<\/span><\/p>\n<p>[\/et_pb_toggle][et_pb_toggle title=\u00bb\u00bfC\u00f3mo se eval\u00faa?\u00bb _builder_version=\u00bb4.16&#8243; global_colors_info=\u00bb{}\u00bb]<\/p>\n<p><span style=\"font-weight: 400;\">lEvaluaci\u00f3n certificativa de\u00a0 30 cr\u00e9ditos univeristarios. EL cr\u00e9dito ECTS (<\/span><i><span style=\"font-weight: 400;\">European Credit Transfer System<\/span><\/i><span style=\"font-weight: 400;\">) implica\u00a0 30 horas de trabajo del estudiante (ya sea en clase o fuera de clase de manera aut\u00f3noma).\u00a0<\/span><\/p>\n<ul>\n<li style=\"font-weight: 400;\"><span style=\"font-weight: 400;\">Nuestro certificado es un t\u00edtulo universitario<\/span><span style=\"font-weight: 400;\">, que puede ser valorizado <\/span><i><span style=\"font-weight: 400;\">a posteriori<\/span><\/i><span style=\"font-weight: 400;\"> en otras formaciones acad\u00e9micas europeas.\u00a0<\/span><\/li>\n<li style=\"font-weight: 400;\"><span style=\"font-weight: 400;\">Durante los diferentes m\u00f3dulos, los participantes:<\/span>\n<ul>\n<li style=\"font-weight: 400;\"><span style=\"font-weight: 400;\">Entregan tareas, que son revisadas por los profesores y tutores\u00a0 (evaluaci\u00f3n formativa)<\/span><\/li>\n<li style=\"font-weight: 400;\"><span style=\"font-weight: 400;\">Asisten a las clases on line (cursos y talleres)<\/span><\/li>\n<li style=\"font-weight: 400;\"><span style=\"font-weight: 400;\">Participan activamente en\u00a0 las actividades y trabajos <br \/><\/span><\/li>\n<li style=\"font-weight: 400;\"><span style=\"font-weight: 400;\">Construyen un portafolio de formaci\u00f3n<\/span><\/li>\n<\/ul>\n<\/li>\n<\/ul>\n<p><span style=\"font-weight: 400;\">Para obtener el certificado, los estudiantes deben presentar todos los trabajos, completar con \u00e9xito todas las actividades de cada m\u00f3dulo y entregar el portafolio.<\/span><\/p>\n<p>[\/et_pb_toggle][et_pb_text _builder_version=\u00bb4.18.0&#8243; text_font=\u00bb||||||||\u00bb header_font=\u00bb||||||||\u00bb header_2_font=\u00bbLato|700|||||||\u00bb header_2_font_size=\u00bb52px\u00bb header_2_line_height=\u00bb1.2em\u00bb background_layout=\u00bbdark\u00bb header_2_font_size_tablet=\u00bb\u00bb header_2_font_size_phone=\u00bb36px\u00bb header_2_font_size_last_edited=\u00bbon|phone\u00bb locked=\u00bboff\u00bb global_colors_info=\u00bb{}\u00bb]<\/p>\n<p><span style=\"font-family: Lato, Helvetica, Arial, Lucida, sans-serif; font-size: 52px; font-weight: bold;\"><\/span><\/p>\n<p><span style=\"color: #000000;\">\u00a0<\/span><\/p>\n<p><span style=\"color: #ffffff;\"><span style=\"font-family: Lato, Helvetica, Arial, Lucida, sans-serif; font-size: 52px; font-weight: bold;\"><span style=\"font-weight: 400;\"><strong>Equipo docente<\/strong>\u00a0<\/span><\/span><span style=\"font-size: 14px;\">\u00a0<\/span><\/span><\/p>\n<p>[\/et_pb_text][\/et_pb_column][\/et_pb_row][et_pb_row column_structure=\u00bb1_2,1_2&#8243; admin_label=\u00bbTestimonial\u00bb _builder_version=\u00bb4.16&#8243; custom_padding=\u00bb|||\u00bb global_colors_info=\u00bb{}\u00bb][et_pb_column type=\u00bb1_2&#8243; _builder_version=\u00bb4.16&#8243; custom_padding=\u00bb|||\u00bb global_colors_info=\u00bb{}\u00bb custom_padding__hover=\u00bb|||\u00bb][et_pb_divider color=\u00bb#2875ef\u00bb divider_weight=\u00bb5px\u00bb _builder_version=\u00bb4.16&#8243; max_width=\u00bb120px\u00bb locked=\u00bboff\u00bb global_colors_info=\u00bb{}\u00bb][\/et_pb_divider][et_pb_testimonial author=\u00bbCoordinadora de LovELE y M\u00f3dulo 1&#8243; job_title=\u00bbPAULA LORENTE \u00bb portrait_url=\u00bbhttps:\/\/sites.uclouvain.be\/lovele\/wp-content\/uploads\/2020\/07\/paula-lorente-150&#215;150-1.png\u00bb quote_icon=\u00bboff\u00bb _builder_version=\u00bb4.16&#8243; body_font=\u00bbMontserrat||||\u00bb body_text_color=\u00bb#747d88&#8243; body_font_size=\u00bb16px\u00bb body_line_height=\u00bb1.8em\u00bb use_background_color=\u00bboff\u00bb animation_style=\u00bbslide\u00bb animation_direction=\u00bbleft\u00bb animation_intensity_slide=\u00bb20%\u00bb global_colors_info=\u00bb{}\u00bb][\/et_pb_testimonial][et_pb_toggle title=\u00bbPaula Lorente \u00bb _builder_version=\u00bb4.16&#8243; global_colors_info=\u00bb{}\u00bb]<\/p>\n<p style=\"text-align: justify;\"><span style=\"font-weight: 400;\">Paula Lorente es doctora en Ling\u00fc\u00edstica por la Universidad de Lovaina (UCLouvain, B\u00e9lgica), diplomada en Filolog\u00eda Hisp\u00e1nica, licenciada en Filolog\u00eda Cl\u00e1sica por la Universidad de Oviedo y M\u00e1ster en Did\u00e1ctica de ELE por la Universitat de Barcelona y Universitat Pompeu Fabra. <\/span><\/p>\n<p style=\"text-align: justify;\"><span style=\"font-weight: 400;\">Premier Ma\u00eetre de Langues del Centro de Lenguas Modernas de la Universidad de Lovaina (Institut des langues vivantes)\u00a0 donde ha sido durante 15 a\u00f1os Presidenta del Departamento de Lenguas Rom\u00e1nicas (espa\u00f1ol, italiano, portugu\u00e9s y catal\u00e1n) y donde imparte clases de ELE a estudiantes universitarios de la Facultad de Filolog\u00eda (Estudios Hisp\u00e1nicos; Lenguas Modernas) desde 1994. Lider\u00f3 el proyecto europeo ERASMUS+ <a href=\"https:\/\/sites.uclouvain.be\/DCP_Tusele\/\">DCP_Tusele (2020-2023) <\/a>sobre el desarrollo de las competencias de los tutores de pr\u00e1cticas. <br \/><\/span><\/p>\n<p style=\"text-align: justify;\"><span style=\"font-weight: 400;\">Es miembro de diferentes comit\u00e9s Cient\u00edficos como el\u00a0 CIEFE (Congreso Internacional de Espa\u00f1ol para Fines Espec\u00edficos) o el del AHBx y examinadora jefe del Centro de ex\u00e1menes DELE y SIELE de la UCLouvain. Coordina y se encarga de la tutorizaci\u00f3n de profesores de intercambio (Erasmus pr\u00e1cticas; auxiliares de conversaci\u00f3n; estudiantes del M\u00e1ster ELE de diferentes universidades). <br \/><\/span><\/p>\n<p style=\"text-align: justify;\"><span style=\"font-weight: 400;\">Sus \u00e1reas de inter\u00e9s son: uso de ePortfolios; formaci\u00f3n continua del profesorado a trav\u00e9s de la pr\u00e1ctica reflexiva; metodolog\u00eda y did\u00e1ctica de ELE; tutorizaci\u00f3n de profesores en formaci\u00f3n ELE.<\/span><\/p>\n<p>[\/et_pb_toggle][\/et_pb_column][et_pb_column type=\u00bb1_2&#8243; _builder_version=\u00bb4.16&#8243; custom_padding=\u00bb|||\u00bb global_colors_info=\u00bb{}\u00bb custom_padding__hover=\u00bb|||\u00bb][et_pb_divider color=\u00bb#2875ef\u00bb divider_weight=\u00bb5px\u00bb _builder_version=\u00bb4.16&#8243; max_width=\u00bb120px\u00bb locked=\u00bboff\u00bb global_colors_info=\u00bb{}\u00bb][\/et_pb_divider][et_pb_testimonial author=\u00bbM\u00f3dulo 1&#8243; job_title=\u00bbBEGO\u00d1A MONTMANY \u00bb portrait_url=\u00bbhttps:\/\/sites.uclouvain.be\/lovele\/wp-content\/uploads\/2022\/10\/Captura-de-Pantalla-2022-09-23-a-las-9.41.15.png\u00bb quote_icon=\u00bboff\u00bb _builder_version=\u00bb4.18.0&#8243; body_font=\u00bbMontserrat||||\u00bb body_text_color=\u00bb#747d88&#8243; body_font_size=\u00bb16px\u00bb body_line_height=\u00bb1.8em\u00bb use_background_color=\u00bboff\u00bb animation_style=\u00bbslide\u00bb animation_direction=\u00bbleft\u00bb animation_intensity_slide=\u00bb20%\u00bb global_colors_info=\u00bb{}\u00bb][\/et_pb_testimonial][et_pb_toggle title=\u00bbBego\u00f1a Montmany\u00bb _builder_version=\u00bb4.16&#8243; global_colors_info=\u00bb{}\u00bb]<\/p>\n<p style=\"text-align: justify;\">Licenciada <span style=\"color: #636363;\"><span style=\"caret-color: #000000; font-family: Arial, sans-serif; font-size: 16px; font-style: normal; font-variant-caps: normal; font-weight: 400; letter-spacing: normal; text-align: start; text-indent: 0px; text-transform: none; white-space: normal; word-spacing: 0px; -webkit-text-stroke-width: 0px; text-decoration: none; display: inline !important; float: none;\">Licenciada en Filolog\u00eda Hisp\u00e1nica, Suficiencia investigadora en Ling\u00fc\u00edstica y comunicaci\u00f3n y M\u00e1ster de profesores noveles universitarios (Universitat de Barcelona). Ha trabajado como docente en la Facultad de Educaci\u00f3n de la Universitat de Barcelona, Universitat Pompeu Fabra, en la UIMP-IC, SDI M\u00fcnchen.<\/span><\/span><\/p>\n<p style=\"text-align: justify;\"><span style=\"color: #636363;\"><span style=\"caret-color: #000000; font-family: Arial, sans-serif; font-size: 16px; font-style: normal; font-variant-caps: normal; font-weight: 400; letter-spacing: normal; text-align: start; text-indent: 0px; text-transform: none; white-space: normal; word-spacing: 0px; -webkit-text-stroke-width: 0px; text-decoration: none; display: inline !important; float: none;\">Ha sido directora del departamento de formaci\u00f3n de International House y coorganizadora de los Encuentros pr\u00e1cticos de profesores de ELE durante todas sus ediciones.<\/span><span style=\"caret-color: #000000; font-family: Arial, sans-serif; font-size: 16px; font-style: normal; font-variant-caps: normal; font-weight: 400; letter-spacing: normal; text-align: start; text-indent: 0px; text-transform: none; white-space: normal; word-spacing: 0px; -webkit-text-stroke-width: 0px; text-decoration: none;\">\u00a0 <span style=\"caret-color: #000000; font-family: Arial, sans-serif; font-size: 16px; font-style: normal; font-variant-caps: normal; font-weight: 400; letter-spacing: normal; text-align: start; text-indent: 0px; text-transform: none; white-space: normal; word-spacing: 0px; -webkit-text-stroke-width: 0px; text-decoration: none; display: inline !important; float: none;\">Fue miembro del grupo del proyecto europeo ERASMUS+ <a href=\"https:\/\/sites.uclouvain.be\/DCP_Tusele\/\">DCP_Tusele (2020-2023).<\/a><\/span><\/span><\/span><\/p>\n<p style=\"text-align: justify;\"><span style=\"color: #636363;\"><span style=\"caret-color: #000000; font-family: Arial, sans-serif; font-size: 16px; font-style: normal; font-variant-caps: normal; font-weight: 400; letter-spacing: normal; text-align: start; text-indent: 0px; text-transform: none; white-space: normal; word-spacing: 0px; -webkit-text-stroke-width: 0px; text-decoration: none; display: inline !important; float: none;\">En la actualidad compagina la docencia en m\u00e1steres de ELE con su labor de profesora de ELE en la escuela Mediterr\u00e1neo de Barcelona. <br \/><\/span><\/span><\/p>\n<p>[\/et_pb_toggle][\/et_pb_column][\/et_pb_row][et_pb_row column_structure=\u00bb1_2,1_2&#8243; admin_label=\u00bbTestimonial\u00bb _builder_version=\u00bb4.16&#8243; custom_padding=\u00bb|||\u00bb global_colors_info=\u00bb{}\u00bb][et_pb_column type=\u00bb1_2&#8243; _builder_version=\u00bb4.16&#8243; custom_padding=\u00bb|||\u00bb global_colors_info=\u00bb{}\u00bb custom_padding__hover=\u00bb|||\u00bb][et_pb_divider color=\u00bb#2875ef\u00bb divider_weight=\u00bb5px\u00bb _builder_version=\u00bb4.16&#8243; max_width=\u00bb120px\u00bb locked=\u00bboff\u00bb global_colors_info=\u00bb{}\u00bb][\/et_pb_divider][et_pb_testimonial author=\u00bbM\u00f3dulo 2&#8243; job_title=\u00bbH\u00c9CTOR R\u00cdOS \u00bb portrait_url=\u00bbhttps:\/\/sites.uclouvain.be\/lovele\/wp-content\/uploads\/2020\/07\/Foto-He\u0301ctor-Ri\u0301os-1-150&#215;150-1.png\u00bb quote_icon=\u00bboff\u00bb _builder_version=\u00bb4.16&#8243; body_font=\u00bbMontserrat||||\u00bb body_text_color=\u00bb#747d88&#8243; body_font_size=\u00bb16px\u00bb body_line_height=\u00bb1.8em\u00bb use_background_color=\u00bboff\u00bb animation_style=\u00bbslide\u00bb animation_direction=\u00bbleft\u00bb animation_intensity_slide=\u00bb20%\u00bb global_colors_info=\u00bb{}\u00bb][\/et_pb_testimonial][et_pb_toggle title=\u00bbH\u00e9ctor R\u00edos \u00bb _builder_version=\u00bb4.16&#8243; global_colors_info=\u00bb{}\u00bb]<\/p>\n<p style=\"text-align: justify;\"><span style=\"font-weight: 400;\">Docente de Lengua espa\u00f1ola en las facultades de Ciencias de la Comunicaci\u00f3n y Ciencias Pol\u00edticas\u00a0 de la Universidad de Cagliari. Profesor de Espa\u00f1ol como Lengua Extranjera en la Scuola Superiore per Mediatori Linguistici SSML Verbum de Cagliari, lector de Lengua Espa\u00f1ola en la Facolt\u00e0 di Studi Umanistici dell\u2019Universit\u00e0 di Cagliari y formador de profesores.<\/span><\/p>\n<p style=\"text-align: justify;\"><span style=\"font-weight: 400;\">Doctorando en Ling\u00fc\u00edstica Aplicada por la Universidad Pablo de Olavide de Sevilla, cuenta con dos m\u00e1steres -M\u00e1ster en Ense\u00f1anza del Espa\u00f1ol como Lengua Extranjera del instituto IL3 de la UB y M\u00e1ster de Investigaci\u00f3n en Did\u00e1ctica de la Lengua y la Literatura de la UB- y con el curso de formaci\u00f3n FELE (Formaci\u00f3n de Espa\u00f1ol como Lengua Extranjera) organizado por CLIC International House Sevilla.<\/span><\/p>\n<p style=\"text-align: justify;\"><span style=\"font-weight: 400;\">Entre sus l\u00edneas de investigaci\u00f3n destacan el desarrollo de la competencia comunicativa digital en aprendientes de lenguas extranjeras a trav\u00e9s de la prosumirtuaci\u00f3n en ELE (consumir-producir-interactuar) y la aplicaci\u00f3n de las TIC-TAC-TEP en procesos de aprendizaje. Actualmente centra su investigaci\u00f3n en el aprendizaje-servicio (ApS) y la producci\u00f3n de contenido digital en la ense\u00f1anza de ELE en \u00e1mbito universitario.<\/span><\/p>\n<p>[\/et_pb_toggle][\/et_pb_column][et_pb_column type=\u00bb1_2&#8243; _builder_version=\u00bb4.16&#8243; custom_padding=\u00bb|||\u00bb global_colors_info=\u00bb{}\u00bb custom_padding__hover=\u00bb|||\u00bb][et_pb_divider color=\u00bb#2875ef\u00bb divider_weight=\u00bb5px\u00bb _builder_version=\u00bb4.16&#8243; max_width=\u00bb120px\u00bb locked=\u00bboff\u00bb global_colors_info=\u00bb{}\u00bb][\/et_pb_divider][et_pb_testimonial author=\u00bbM\u00f3dulo 2&#8243; job_title=\u00bbCRISTINA MONTASELL \u00bb portrait_url=\u00bbhttps:\/\/sites.uclouvain.be\/lovele\/wp-content\/uploads\/2020\/07\/cRISTINA-MONTASELL-1.jpeg\u00bb quote_icon=\u00bboff\u00bb _builder_version=\u00bb4.16&#8243; body_font=\u00bbMontserrat||||\u00bb body_text_color=\u00bb#747d88&#8243; body_font_size=\u00bb16px\u00bb body_line_height=\u00bb1.8em\u00bb use_background_color=\u00bboff\u00bb animation_style=\u00bbslide\u00bb animation_direction=\u00bbleft\u00bb animation_intensity_slide=\u00bb20%\u00bb global_colors_info=\u00bb{}\u00bb][\/et_pb_testimonial][et_pb_toggle title=\u00bbCristina Montasell\u00bb _builder_version=\u00bb4.16&#8243; global_colors_info=\u00bb{}\u00bb]<\/p>\n<p style=\"text-align: justify;\"><span style=\"font-weight: 400;\">M\u00e1ster en educaci\u00f3n y TIC (e-learning) en la Especialidad de Dise\u00f1o Tecnopedag\u00f3gico en Educaci\u00f3n por la Universitat Oberta de Catalunya. Diplomada en magisterio, especialidad de lenguas extranjeras por la Facultad de Psicolog\u00eda y Ciencias de la Educaci\u00f3n y del Deporte Blanquerna, Universidad Ram\u00f3n Llull de Barcelona. En 2017, ha sido profesora de espa\u00f1ol en el Institut des langues vivantes de la Universidad de Lovaina (ILV-UCLouvain) e imparti\u00f3 espa\u00f1ol m\u00e9dico y espa\u00f1ol econ\u00f3mico en la Katholieke Universiteit Leuven (KU Leuven). Colabor\u00f3 en clases de conversaci\u00f3n de espa\u00f1ol en la CVO- Strombeek grimbergen de B\u00e8lgica.\u00a0\u00a0<\/span><\/p>\n<p style=\"text-align: justify;\">\n<p style=\"text-align: justify;\"><span style=\"font-weight: 400;\">En la actualidad, es profesora de idiomas en educaci\u00f3n infantil y educaci\u00f3n primaria en el Departamento de Educaci\u00f3n de la Generalitat de Catalunya donde imparte y realiza proyectos de innovaci\u00f3n docente, implantado metodolog\u00edas Blended-learning y e-learning para fomentar y potenciar la creatividad y motivaci\u00f3n en la ense\u00f1anza de una lengua extranjera.<\/span><\/p>\n<p>[\/et_pb_toggle][\/et_pb_column][\/et_pb_row][et_pb_row column_structure=\u00bb1_2,1_2&#8243; admin_label=\u00bbTestimonial\u00bb _builder_version=\u00bb4.16&#8243; custom_padding=\u00bb|||\u00bb global_colors_info=\u00bb{}\u00bb][et_pb_column type=\u00bb1_2&#8243; _builder_version=\u00bb4.16&#8243; custom_padding=\u00bb|||\u00bb global_colors_info=\u00bb{}\u00bb custom_padding__hover=\u00bb|||\u00bb][et_pb_divider color=\u00bb#2875ef\u00bb divider_weight=\u00bb5px\u00bb _builder_version=\u00bb4.16&#8243; max_width=\u00bb120px\u00bb locked=\u00bboff\u00bb global_colors_info=\u00bb{}\u00bb][\/et_pb_divider][et_pb_testimonial author=\u00bbM\u00f3dulo 3&#8243; job_title=\u00bbLOLA CHAMORRO\u00bb portrait_url=\u00bbhttps:\/\/sites.uclouvain.be\/lovele\/wp-content\/uploads\/2020\/07\/logoweb-scaled.jpg\u00bb quote_icon=\u00bboff\u00bb _builder_version=\u00bb4.16&#8243; body_font=\u00bbMontserrat||||\u00bb body_text_color=\u00bb#747d88&#8243; body_font_size=\u00bb16px\u00bb body_line_height=\u00bb1.8em\u00bb use_background_color=\u00bboff\u00bb animation_style=\u00bbslide\u00bb animation_direction=\u00bbleft\u00bb animation_intensity_slide=\u00bb20%\u00bb global_colors_info=\u00bb{}\u00bb][\/et_pb_testimonial][et_pb_toggle title=\u00bbLola Chamorro\u00bb _builder_version=\u00bb4.16&#8243; global_colors_info=\u00bb{}\u00bb]<\/p>\n<p style=\"text-align: justify;\">Doctora en Filolog\u00eda Hisp\u00e1nica por la Universidad de Granada, y desde 1991 profesora titular del Centro de Lenguas Modernas de esta universidad. Durante muchos a\u00f1os se ha dedicado a distintos \u00e1mbitos de la ense\u00f1anza del espa\u00f1ol: al margen de su docencia en el CLM, ha sido profesora asociada en el Departamento de Estudios Hisp\u00e1nicos de la Universidad de Brown (EEUU) y profesora y asistente de investigaci\u00f3n en la Instituci\u00f3n de Lenguas Rom\u00e1nicas de la Universidad de Lund (Suecia). Ha colaborado adem\u00e1s en numerosos cursos de formaci\u00f3n de profesores organizados por distintas instituciones (Universidad Men\u00e9ndez Pelayo, Instituto Cervantes) e imparte docencia habitualmente en los M\u00e1ster de did\u00e1ctica de ELE de la Universidad de Granada, en los que ha dirigido trabajos de investigaci\u00f3n sobre distintos aspectos de la did\u00e1ctica del espa\u00f1ol.<\/p>\n<p style=\"text-align: justify;\">La mayor parte de su tarea investigadora la ha dedicado a la ense\u00f1anza de la gram\u00e1tica y del vocabulario y, m\u00e1s recientemente, a la did\u00e1ctica de la escritura.<\/p>\n<p style=\"text-align: justify;\">Es coautora de materiales de ense\u00f1anza de espa\u00f1ol como<span>\u00a0<\/span><em>Abanico<\/em><span>\u00a0<\/span>(1995),<span>\u00a0<\/span><em>Ventilador<\/em><span>\u00a0<\/span>(2006) y de la serie de Libros de ejercicios de<span>\u00a0<\/span><em>Bit\u00e1cora 1, 2, 3, 4<span>\u00a0<\/span><\/em>(2011-2014). En 2014 particip\u00f3 en el monogr\u00e1fico<span>\u00a0<\/span><em>Ense\u00f1anza de gram\u00e1tica avanzada de ELE: criterios y recursos.<span>\u00a0<\/span><\/em>En la actualidad pertenece al equipo de evaluaci\u00f3n responsable de la elaboraci\u00f3n del examen de acreditaci\u00f3n de dominio en l\u00ednea eLADE.<\/p>\n<p>[\/et_pb_toggle][\/et_pb_column][et_pb_column type=\u00bb1_2&#8243; _builder_version=\u00bb4.16&#8243; custom_padding=\u00bb|||\u00bb global_colors_info=\u00bb{}\u00bb custom_padding__hover=\u00bb|||\u00bb][et_pb_divider color=\u00bb#2875ef\u00bb divider_weight=\u00bb5px\u00bb _builder_version=\u00bb4.16&#8243; max_width=\u00bb120px\u00bb locked=\u00bboff\u00bb global_colors_info=\u00bb{}\u00bb][\/et_pb_divider][et_pb_testimonial author=\u00bbM\u00f3dulo 3&#8243; job_title=\u00bbLOURDES MIQUEL\u00bb portrait_url=\u00bbhttps:\/\/sites.uclouvain.be\/lovele\/wp-content\/uploads\/2020\/07\/lourdes-miquel-1-150&#215;150-1.jpg\u00bb quote_icon=\u00bboff\u00bb _builder_version=\u00bb4.16&#8243; body_font=\u00bbMontserrat||||\u00bb body_text_color=\u00bb#747d88&#8243; body_font_size=\u00bb16px\u00bb body_line_height=\u00bb1.8em\u00bb use_background_color=\u00bboff\u00bb animation_style=\u00bbslide\u00bb animation_direction=\u00bbleft\u00bb animation_intensity_slide=\u00bb20%\u00bb global_colors_info=\u00bb{}\u00bb][\/et_pb_testimonial][et_pb_toggle title=\u00bbLourdes Miquel\u00bb _builder_version=\u00bb4.16&#8243; global_colors_info=\u00bb{}\u00bb]<\/p>\n<p style=\"text-align: justify;\"><span style=\"font-weight: 400;\">Catedr\u00e1tica de espa\u00f1ol para extranjeros (ELE) de Escuelas Oficiales de Idiomas. Formadora de profesores en distintas instituciones, tanto espa\u00f1olas como extranjeras.<\/span><\/p>\n<p style=\"text-align: justify;\"><span style=\"font-weight: 400;\"> Profesora en varios Masters y postgrados de la especialidad en materias relacionadas con la ense\u00f1anza de la gram\u00e1tica y el tratamiento del error. Autora de manuales de E\/LE, de materiales complementarios, de distintas colecciones de lecturas graduadas y coautora de la Gram\u00e1tica B\u00e1sica del estudiante de espa\u00f1ol. Autora de art\u00edculos te\u00f3ricos sobre la relaci\u00f3n entre lengua y cultura, la ense\u00f1anza de E\/LE a inmigrantes, sobre la ense\u00f1anza de la gram\u00e1tica y las actividades gramaticales.<\/span><\/p>\n<p>[\/et_pb_toggle][\/et_pb_column][\/et_pb_row][et_pb_row column_structure=\u00bb1_2,1_2&#8243; admin_label=\u00bbTestimonial\u00bb _builder_version=\u00bb4.16&#8243; custom_padding=\u00bb|||\u00bb global_colors_info=\u00bb{}\u00bb][et_pb_column type=\u00bb1_2&#8243; _builder_version=\u00bb4.16&#8243; custom_padding=\u00bb|||\u00bb global_colors_info=\u00bb{}\u00bb custom_padding__hover=\u00bb|||\u00bb][et_pb_divider color=\u00bb#2875ef\u00bb divider_weight=\u00bb5px\u00bb _builder_version=\u00bb4.16&#8243; max_width=\u00bb120px\u00bb locked=\u00bboff\u00bb global_colors_info=\u00bb{}\u00bb][\/et_pb_divider][et_pb_testimonial author=\u00bbM\u00f3dulo 4&#8243; job_title=\u00bbVICENTA GONZ\u00c1LEZ\u00bb portrait_url=\u00bbhttps:\/\/sites.uclouvain.be\/lovele\/wp-content\/uploads\/2020\/07\/vicenta-gonzalez-150&#215;150-1.jpg\u00bb quote_icon=\u00bboff\u00bb _builder_version=\u00bb4.16&#8243; body_font=\u00bbMontserrat||||\u00bb body_text_color=\u00bb#747d88&#8243; body_font_size=\u00bb16px\u00bb body_line_height=\u00bb1.8em\u00bb use_background_color=\u00bboff\u00bb animation_style=\u00bbslide\u00bb animation_direction=\u00bbleft\u00bb animation_intensity_slide=\u00bb20%\u00bb global_colors_info=\u00bb{}\u00bb][\/et_pb_testimonial][et_pb_toggle title=\u00bbVicenta Gonz\u00e1lez\u00bb _builder_version=\u00bb4.16&#8243; global_colors_info=\u00bb{}\u00bb]<\/p>\n<p style=\"text-align: justify;\"><span style=\"font-weight: 400;\">Doctora en Filosof\u00eda y Ciencias de la Educaci\u00f3n (Universidad de Barcelona). Es profesora del Departamento de Educaci\u00f3n ling\u00fc\u00edstica y literaria, en la Facultad de Educaci\u00f3n de la Universidad de Barcelona y coordinadora de los cursos online de\u00a0 Formaci\u00f3n de Profesores de E\/LE (IL3\u2013Universidad de Barcelona), y del M\u00e1ster online de Formaci\u00f3n de profesores de ELE(UNIBA- Universidad de Barcelona). Es miembro del grupo de invetigaci\u00f3n REALTIC (Recerca i aprenentatge de lleng\u00fces i TIC), y de los grupos de innovaci\u00f3n docente DIDAL (Discurso y did\u00e1ctica en el aprendizaje de lenguas) y GID-CAV (grupo de innovaci\u00f3n docente en Comunicaci\u00f3n Audiovisual).<\/span><\/p>\n<p style=\"text-align: justify;\"><span style=\"font-weight: 400;\">Su investigaci\u00f3n se centra en el discurso did\u00e1ctico en el aula presencial y no presencial, en el discurso reflexivo como herramienta de desarrollo profesional y en la Gamificaci\u00f3n en la ense\u00f1anza de lenguas extranjeras. Colabora con diferentes programas de m\u00e1ster de formaci\u00f3n de profesor de espa\u00f1ol como lengua extranjera.<\/span><\/p>\n<p>[\/et_pb_toggle][\/et_pb_column][et_pb_column type=\u00bb1_2&#8243; _builder_version=\u00bb4.16&#8243; custom_padding=\u00bb|||\u00bb global_colors_info=\u00bb{}\u00bb custom_padding__hover=\u00bb|||\u00bb][et_pb_divider color=\u00bb#2875ef\u00bb divider_weight=\u00bb5px\u00bb _builder_version=\u00bb4.16&#8243; max_width=\u00bb120px\u00bb locked=\u00bboff\u00bb global_colors_info=\u00bb{}\u00bb][\/et_pb_divider][et_pb_testimonial author=\u00bbM\u00f3dulo 4&#8243; job_title=\u00bbSUSANA LLORI\u00c1N\u00bb portrait_url=\u00bbhttps:\/\/sites.uclouvain.be\/lovele\/wp-content\/uploads\/2020\/07\/susana-llorian-150&#215;150-1.jpg\u00bb quote_icon=\u00bboff\u00bb _builder_version=\u00bb4.18.0&#8243; body_font=\u00bbMontserrat||||\u00bb body_text_color=\u00bb#747d88&#8243; body_font_size=\u00bb16px\u00bb body_line_height=\u00bb1.8em\u00bb use_background_color=\u00bboff\u00bb animation_style=\u00bbslide\u00bb animation_direction=\u00bbleft\u00bb animation_intensity_slide=\u00bb20%\u00bb global_colors_info=\u00bb{}\u00bb][\/et_pb_testimonial][et_pb_toggle title=\u00bbSusana Llori\u00e1n\u00bb _builder_version=\u00bb4.16&#8243; global_colors_info=\u00bb{}\u00bb]<\/p>\n<p style=\"text-align: justify;\"><span style=\"font-weight: 400;\">Es profesora en la Facultad de Filolog\u00eda de la Universidad Complutense de Madrid. Participa en dos proyectos de investigaci\u00f3n como miembro de los grupos PAREFRAS y CORPEN. Fue profesora de plantilla en el Instituto Cervantes de Damasco (Siria) y\u00a0 t\u00e9cnico de la Direcci\u00f3n Acad\u00e9mica delesta instituci\u00f3n desde 1999 hasta 2011. En este \u00e1mbito, trabaj\u00f3 en la gesti\u00f3n del desarrollo curricular de los centros de la red. Es miembro del Consejo de redacci\u00f3n del Plan Curricular del Instituto Cervantes. Estuvo a cargo del proyecto SICELE (Sistema de Certificaci\u00f3n del Espa\u00f1ol como Lengua Extranjera). Puso en marcha los procesos de vinculaci\u00f3n del DELE (Diploma de Espa\u00f1ol como Lengua extranjera) al Marco com\u00fan europeo de referencia, adem\u00e1s de dise\u00f1ar y desarrollar el modelo de los cursos que se sigue actualmente en la capacitaci\u00f3n de examinadores del DELE. Trabaj\u00f3 en la gesti\u00f3n de varios sistemas de certificaci\u00f3n ling\u00fc\u00edstica. Dise\u00f1\u00f3 el sistema de organizaci\u00f3n de la base de datos Didactiteca del Centro Virtual Cervantes y moder\u00f3, tambi\u00e9n en el CVC, el Foro del Espa\u00f1ol con Fines Espec\u00edficos.\u00a0<\/span><\/p>\n<p style=\"text-align: justify;\"><span style=\"font-weight: 400;\">Ha participado como especialista de dise\u00f1o curricular y evaluaci\u00f3n en ocho programas de m\u00e1ster (Universidad Castilla La Mancha, Fundaci\u00f3n Comillas y Universidad de Cantabria, Universidad Internacional Men\u00e9ndez Pelayo, Instituto Cervantes, Universidad Nebrija, Universidad de M\u00e1laga, Universidad de Las Palmas de Gran Canaria). Imparte regularmente conferencias plenarias, ponencias y comunicaciones en congresos y jornadas relacionadas con la did\u00e1ctica de lenguas.<\/span><\/p>\n<p style=\"text-align: justify;\"><span style=\"font-weight: 400;\">Es autora de materiales did\u00e1cticos y de una amplia lista de art\u00edculos y libros, centrados en las siguientes l\u00edneas de trabajo e investigaci\u00f3n: evaluaci\u00f3n certificativa, vinculaci\u00f3n de ex\u00e1menes a sistemas de referencia externos, dise\u00f1o y desarrollo del curr\u00edculo, dise\u00f1o de programas de aprendizaje, factores que influyen en el aprendizaje, metodolog\u00eda de corpus, comunicaci\u00f3n profesional y fraseolog\u00eda especializada.<\/span><\/p>\n<p>[\/et_pb_toggle][\/et_pb_column][\/et_pb_row][et_pb_row column_structure=\u00bb1_2,1_2&#8243; admin_label=\u00bbTestimonial\u00bb _builder_version=\u00bb4.18.0&#8243; custom_padding=\u00bb|||\u00bb global_colors_info=\u00bb{}\u00bb][et_pb_column type=\u00bb1_2&#8243; _builder_version=\u00bb4.16&#8243; custom_padding=\u00bb|||\u00bb global_colors_info=\u00bb{}\u00bb custom_padding__hover=\u00bb|||\u00bb][et_pb_divider color=\u00bb#2875ef\u00bb divider_weight=\u00bb5px\u00bb _builder_version=\u00bb4.16&#8243; max_width=\u00bb120px\u00bb locked=\u00bboff\u00bb global_colors_info=\u00bb{}\u00bb][\/et_pb_divider][et_pb_testimonial author=\u00bbM\u00f3dulo Pr\u00e1cticas\u00bb job_title=\u00bbBEGO\u00d1A GARC\u00cdA\u00bb portrait_url=\u00bbhttps:\/\/sites.uclouvain.be\/lovele\/wp-content\/uploads\/2022\/10\/Captura_de_Pantalla_2022-09-24_a_las_13.52.37-removebg-preview1.png\u00bb quote_icon=\u00bboff\u00bb _builder_version=\u00bb4.18.0&#8243; body_font=\u00bbMontserrat||||\u00bb body_text_color=\u00bb#747d88&#8243; body_font_size=\u00bb16px\u00bb body_line_height=\u00bb1.8em\u00bb use_background_color=\u00bboff\u00bb animation_style=\u00bbslide\u00bb animation_direction=\u00bbleft\u00bb animation_intensity_slide=\u00bb20%\u00bb global_colors_info=\u00bb{}\u00bb][\/et_pb_testimonial][et_pb_toggle title=\u00bbBego\u00f1a Garc\u00eda\u00bb _builder_version=\u00bb4.16&#8243; global_colors_info=\u00bb{}\u00bb]<\/p>\n<p style=\"text-align: justify;\">Licenciada en Filolog\u00eda Hisp\u00e1nica, M\u00e1ster en<span>\u00a0<\/span><em>Aprendizaje y Ense\u00f1anza del Espa\u00f1ol en Contextos Multiling\u00fces e Internacionales, y doctoranda<span>\u00a0<\/span><\/em>en la Universidad de Valencia. Desde 2001 ha trabajado en distintos \u00e1mbitos de la did\u00e1ctica de la lengua y la literatura, incluyendo la impartici\u00f3n de asignaturas de la licenciatura de Hisp\u00e1nicas para no nativos, la ense\u00f1anza de ELE y la formaci\u00f3n de profesores en pa\u00edses como Suiza, Suecia, Estados Unidos y Vietnam, adem\u00e1s de en Espa\u00f1a.<\/p>\n<p style=\"text-align: justify;\">Fue durante m\u00e1s de 3 a\u00f1os Coordinadora del Instituto Cervantes de Han\u00f3i donde destaca su labor en gesti\u00f3n acad\u00e9mica, la difusi\u00f3n y administraci\u00f3n de los ex\u00e1menes DELE y la puesta en marcha de programas de formaci\u00f3n del profesorado de ELE orientados a la creaci\u00f3n y consolidaci\u00f3n de departamentos de espa\u00f1ol de universidades vietnamitas. Actualmente, desempe\u00f1a su trabajo en el Institut des langues vivantes de la Universidad de Lovaina (UCLouvain) y colabora con otras instituciones como la Universidad de Valencia y la Universidad Jaime I de Castell\u00f3n.<\/p>\n<p style=\"text-align: justify;\">Sus principales \u00e1reas de inter\u00e9s en ELE son la expresi\u00f3n escrita, la ense\u00f1anza mediante tareas (EMT), la ense\u00f1anza por contenidos (AICLE\/CLIL), el aprendizaje cooperativo y la ling\u00fc\u00edstica textual. En la formaci\u00f3n de profesores, su \u00e1mbito de estudio es la pr\u00e1ctica reflexiva y la observaci\u00f3n de clases.<\/p>\n<p>[\/et_pb_toggle][et_pb_divider color=\u00bb#2875ef\u00bb divider_weight=\u00bb5px\u00bb _builder_version=\u00bb4.16&#8243; max_width=\u00bb120px\u00bb locked=\u00bboff\u00bb global_colors_info=\u00bb{}\u00bb][\/et_pb_divider][et_pb_testimonial author=\u00bbM\u00f3dulo ePortfolio\u00bb job_title=\u00bbALICIA TIRADO\u00bb portrait_url=\u00bbhttps:\/\/sites.uclouvain.be\/lovele\/wp-content\/uploads\/2022\/10\/Captura-de-Pantalla-2022-09-23-a-las-20.52.20.png\u00bb quote_icon=\u00bboff\u00bb _builder_version=\u00bb4.18.0&#8243; body_font=\u00bbMontserrat||||\u00bb body_text_color=\u00bb#747d88&#8243; body_font_size=\u00bb16px\u00bb body_line_height=\u00bb1.8em\u00bb use_background_color=\u00bboff\u00bb animation_style=\u00bbslide\u00bb animation_direction=\u00bbleft\u00bb animation_intensity_slide=\u00bb20%\u00bb global_colors_info=\u00bb{}\u00bb][\/et_pb_testimonial][et_pb_toggle title=\u00bbAlicia Tirado\u00bb _builder_version=\u00bb4.16&#8243; global_colors_info=\u00bb{}\u00bb]<\/p>\n<p style=\"text-align: justify;\"><span lang=\"fr\">Experta universitaria en Ense\u00f1anza del Espa\u00f1ol como Lengua Extranjera por la UNED, <\/span><span lang=\"fr\">Licenciada en Ciencias de la Informaci\u00f3n y\u00a0<\/span><span lang=\"fr\">M\u00e1ster<\/span><span lang=\"fr\">\u00a0<\/span><span lang=\"fr\">en Radio y en\u00a0Comunicaci\u00f3n institucional y corporativa. Desde 2001 ha trabajado en distintos \u00e1mbitos de la comunicaci\u00f3n y la formaci\u00f3n<\/span><span lang=\"fr\">, as\u00ed como en la ense\u00f1anza del espa\u00f1ol como lengua extranjera, tanto en Francia (<\/span><span lang=\"fr\">U<\/span><span lang=\"fr\">niversidad<\/span><span lang=\"fr\">\u00a0<\/span><span lang=\"fr\">de Estrasburgo\u00a0\u2013\u00a0UNISTRA) como en B\u00e9lgica. <\/span><\/p>\n<p style=\"text-align: justify;\"><span lang=\"fr\">Colabor\u00f3 con el Instituto Cervantes de Bruselas como docente. En la actualidad trabaja como Ma\u00eftre des Langues en el <\/span><span lang=\"fr\">Institut des langues vivantes\u00a0<\/span><span lang=\"fr\">de la\u00a0<\/span><span lang=\"fr\">Universidad de Lovaina\u00a0<\/span><span lang=\"fr\"> (UC Louvain). <\/span><\/p>\n<p style=\"text-align: justify;\"><span lang=\"fr\">Sus \u00e1r<\/span><span lang=\"fr\">eas de inter\u00e9s actuales son\u00a0<\/span><span lang=\"fr\">la pr\u00e1ctica reflexiva, uso de portafolios y comunidades de aprendizaje<\/span><span lang=\"fr\">\u00a0as\u00ed como creaci\u00f3n de materiales tecnopedag\u00f3gicos.<\/span><\/p>\n<p>[\/et_pb_toggle][\/et_pb_column][et_pb_column type=\u00bb1_2&#8243; _builder_version=\u00bb4.16&#8243; custom_padding=\u00bb|||\u00bb global_colors_info=\u00bb{}\u00bb custom_padding__hover=\u00bb|||\u00bb][et_pb_divider color=\u00bb#2875ef\u00bb divider_weight=\u00bb5px\u00bb _builder_version=\u00bb4.16&#8243; max_width=\u00bb120px\u00bb locked=\u00bboff\u00bb global_colors_info=\u00bb{}\u00bb][\/et_pb_divider][et_pb_testimonial author=\u00bbM\u00f3dulo Pr\u00e1cticas\u00bb job_title=\u00bbMar\u00eda Est\u00e9vez\u00bb portrait_url=\u00bbhttps:\/\/sites.uclouvain.be\/lovele\/wp-content\/uploads\/2022\/10\/Captura-de-Pantalla-2022-09-23-a-las-10.22.21.png\u00bb quote_icon=\u00bboff\u00bb _builder_version=\u00bb4.18.0&#8243; body_font=\u00bbMontserrat||||\u00bb body_text_color=\u00bb#747d88&#8243; body_font_size=\u00bb16px\u00bb body_line_height=\u00bb1.8em\u00bb use_background_color=\u00bboff\u00bb animation_style=\u00bbslide\u00bb animation_direction=\u00bbleft\u00bb animation_intensity_slide=\u00bb20%\u00bb global_colors_info=\u00bb{}\u00bb][\/et_pb_testimonial][et_pb_toggle title=\u00bbMar\u00eda Est\u00e9vez\u00bb _builder_version=\u00bb4.18.0&#8243; global_colors_info=\u00bb{}\u00bb]<\/p>\n<p style=\"text-align: justify;\">Licenciada en Filolog\u00eda Inglesa por la Universidad de Granada y con un M\u00e1ster en <strong>Ense\u00f1anza del Espa\u00f1ol como Lengua Extranjera<\/strong> cursado en la <em>Universidad de Antonio de Nebrija<\/em>. Se dedica desde el a\u00f1o 1998 a la ense\u00f1anza del espa\u00f1ol para extranjeros. En 2003 empieza a trabajar como profesora de espa\u00f1ol en el Centro de Lenguas Modernas (CLM) de la Universidad de Granada, donde ahora ocupa el cargo de Subdirectora Acad\u00e9mica de espa\u00f1ol. Participa en los cursos de formaci\u00f3n de profesorado extranjeros de espa\u00f1ol. Igualmente, forma parte de la plantilla que imparte el M\u00e1ster para la ense\u00f1anza\/aprendizaje del idioma espa\u00f1ol y su cultura<em>, <\/em>impartido en el CLM. Imparte, asimismo, cursos de formaci\u00f3n interna sobre diferentes aspectos pr\u00e1cticos relacionados con la docencia de ELE.<\/p>\n<p style=\"text-align: justify;\">\u00a0A lo largo de su carrera ha participado como ponente en diferentes Encuentros, Jornadas y Congresos relacionados con la ense\u00f1anza del Espa\u00f1ol como Lengua Extranjera (ELE). Doctoranda en el programa de Ciencias Humanas y Sociales de la Universidad de Almer\u00eda.<\/p>\n<p style=\"text-align: justify;\">Sus l\u00edneas de investigaci\u00f3n se centran en la Formaci\u00f3n inicial del profesorado a trav\u00e9s de la Pr\u00e1ctica reflexiva y la ense\u00f1anza de lenguas dentro de un enfoque socioconstructivista.<\/p>\n<p>[\/et_pb_toggle][et_pb_divider color=\u00bb#2875ef\u00bb divider_weight=\u00bb5px\u00bb _builder_version=\u00bb4.16&#8243; max_width=\u00bb120px\u00bb locked=\u00bboff\u00bb global_colors_info=\u00bb{}\u00bb][\/et_pb_divider][et_pb_testimonial author=\u00bbHerramientas de creaci\u00f3n docente\u00bb job_title=\u00bbPaloma Manzanera de la Fuente\u00bb portrait_url=\u00bbhttps:\/\/sites.uclouvain.be\/lovele\/wp-content\/uploads\/2024\/10\/Paloma.png\u00bb quote_icon=\u00bboff\u00bb _builder_version=\u00bb4.27.2&#8243; body_font=\u00bbMontserrat||||\u00bb body_text_color=\u00bb#747d88&#8243; body_font_size=\u00bb16px\u00bb body_line_height=\u00bb1.8em\u00bb use_background_color=\u00bboff\u00bb animation_style=\u00bbslide\u00bb animation_direction=\u00bbleft\u00bb animation_intensity_slide=\u00bb20%\u00bb global_colors_info=\u00bb{}\u00bb][\/et_pb_testimonial][et_pb_toggle title=\u00bbPaloma Manzanera de la Fuente\u00bb _builder_version=\u00bb4.27.2&#8243; global_colors_info=\u00bb{}\u00bb]<\/p>\n<div class=\"\">\n<div dir=\"ltr\" class=\"\">\n<p class=\"\" style=\"margin-bottom: 0.21cm;\" align=\"JUSTIFY\"><span class=\"\" style=\"font-size: small;\"><span class=\"\" style=\"font-family: verdana, sans-serif;\"><span class=\"\">Paloma Manzanera es licenciada en Filosof\u00eda y Ciencias de la Educaci\u00f3n (\u00e1rea de Psicolog\u00eda Social) por la Universidad de Salamanca y Experta Universitaria en la Ense\u00f1anza del Espa\u00f1ol como Lengua Extranjera. Trabaja como profesora en los cursos de espa\u00f1ol para estudiantes de intercambio en la Universidad Pontificia Comillas desde el a\u00f1o 2014. Compagina la actividad docente con estudios de investigaci\u00f3n vinculados a la necesidad de un cambio de paradigma en el sistema educativo actual. Fue una de las co-fundadoras de Pedagog\u00edas Invisibles, un colectivo con iniciativas vinculadas a Arte + Educaci\u00f3n, donde adem\u00e1s de realizar tareas de investigaci\u00f3n, form\u00f3 parte de los equipos destinados al dise\u00f1o e implementaci\u00f3n de actividades de formaci\u00f3n docente y de mediaci\u00f3n cultural en varias salas de arte de la Comunidad de Madrid. Es una de las propulsoras de una l\u00ednea de trabajo que pretende facilitar recursos del arte contempor\u00e1neo para la ense\u00f1anza de lenguas, denominada ALE (Arte como Lengua Extranjera). <\/span><\/span><\/span><\/p>\n<\/div>\n<\/div>\n<div style=\"display: none;\"><\/div>\n<p>[\/et_pb_toggle][\/et_pb_column][\/et_pb_row][et_pb_row _builder_version=\u00bb4.16&#8243; min_height=\u00bb416.5px\u00bb custom_width_px__hover=\u00bb1080px\u00bb custom_width_px__hover_enabled=\u00bb1080px\u00bb custom_width_percent__hover=\u00bb80%\u00bb custom_width_percent__hover_enabled=\u00bb80%\u00bb global_colors_info=\u00bb{}\u00bb use_custom_width__hover=\u00bboff\u00bb use_custom_width__hover_enabled=\u00bboff\u00bb width_unit__hover=\u00bbon\u00bb width_unit__hover_enabled=\u00bbon\u00bb gutter_width__hover=\u00bb3&#8243; gutter_width__hover_enabled=\u00bb3&#8243; parallax_1__hover=\u00bboff\u00bb parallax_1__hover_enabled=\u00bboff\u00bb parallax_2__hover=\u00bboff\u00bb parallax_2__hover_enabled=\u00bboff\u00bb parallax_3__hover=\u00bboff\u00bb parallax_3__hover_enabled=\u00bboff\u00bb parallax_4__hover=\u00bboff\u00bb parallax_4__hover_enabled=\u00bboff\u00bb parallax_5__hover=\u00bboff\u00bb parallax_5__hover_enabled=\u00bboff\u00bb parallax_6__hover=\u00bboff\u00bb parallax_6__hover_enabled=\u00bboff\u00bb parallax_method_1__hover=\u00bbon\u00bb parallax_method_1__hover_enabled=\u00bbon\u00bb parallax_method_2__hover=\u00bbon\u00bb parallax_method_2__hover_enabled=\u00bbon\u00bb parallax_method_3__hover=\u00bbon\u00bb parallax_method_3__hover_enabled=\u00bbon\u00bb parallax_method_4__hover=\u00bbon\u00bb parallax_method_4__hover_enabled=\u00bbon\u00bb parallax_method_5__hover=\u00bbon\u00bb parallax_method_5__hover_enabled=\u00bbon\u00bb parallax_method_6__hover=\u00bbon\u00bb parallax_method_6__hover_enabled=\u00bbon\u00bb use_background_color_gradient__hover=\u00bboff\u00bb use_background_color_gradient__hover_enabled=\u00bboff\u00bb background_color_gradient_start__hover=\u00bb#2b87da\u00bb background_color_gradient_start__hover_enabled=\u00bb#2b87da\u00bb background_color_gradient_end__hover=\u00bb#29c4a9&#8243; background_color_gradient_end__hover_enabled=\u00bb#29c4a9&#8243; background_color_gradient_overlays_image__hover=\u00bboff\u00bb background_color_gradient_overlays_image__hover_enabled=\u00bboff\u00bb background_position__hover=\u00bbcenter\u00bb background_position__hover_enabled=\u00bbcenter\u00bb animation_style__hover=\u00bbnone\u00bb animation_style__hover_enabled=\u00bbnone\u00bb animation_direction__hover=\u00bbcenter\u00bb animation_direction__hover_enabled=\u00bbcenter\u00bb animation_intensity_slide__hover=\u00bb50%\u00bb animation_intensity_slide__hover_enabled=\u00bb50%\u00bb background_color_gradient_type__hover=\u00bblinear\u00bb background_color_gradient_type__hover_enabled=\u00bblinear\u00bb background_color_gradient_direction__hover=\u00bb180deg\u00bb background_color_gradient_direction__hover_enabled=\u00bb180deg\u00bb background_color_gradient_direction_radial__hover=\u00bbcenter\u00bb background_color_gradient_direction_radial__hover_enabled=\u00bbcenter\u00bb background_color_gradient_start_position__hover=\u00bb0%\u00bb background_color_gradient_start_position__hover_enabled=\u00bb0%\u00bb background_color_gradient_end_position__hover=\u00bb100%\u00bb background_color_gradient_end_position__hover_enabled=\u00bb100%\u00bb parallax__hover=\u00bboff\u00bb parallax__hover_enabled=\u00bboff\u00bb parallax_method__hover=\u00bbon\u00bb parallax_method__hover_enabled=\u00bbon\u00bb background_size__hover=\u00bbcover\u00bb background_size__hover_enabled=\u00bbcover\u00bb background_repeat__hover=\u00bbno-repeat\u00bb background_repeat__hover_enabled=\u00bbno-repeat\u00bb background_blend__hover=\u00bbnormal\u00bb background_blend__hover_enabled=\u00bbnormal\u00bb allow_player_pause__hover=\u00bboff\u00bb allow_player_pause__hover_enabled=\u00bboff\u00bb background_video_pause_outside_viewport__hover=\u00bbon\u00bb background_video_pause_outside_viewport__hover_enabled=\u00bbon\u00bb make_fullwidth__hover=\u00bboff\u00bb make_fullwidth__hover_enabled=\u00bboff\u00bb use_custom_gutter__hover=\u00bboff\u00bb use_custom_gutter__hover_enabled=\u00bboff\u00bb make_equal__hover=\u00bboff\u00bb make_equal__hover_enabled=\u00bboff\u00bb border_radii__hover=\u00bbon||||\u00bb border_radii__hover_enabled=\u00bbon||||\u00bb box_shadow_style__hover=\u00bbnone\u00bb box_shadow_style__hover_enabled=\u00bbnone\u00bb box_shadow_color__hover=\u00bbrgba(0,0,0,0.3)\u00bb box_shadow_color__hover_enabled=\u00bbrgba(0,0,0,0.3)\u00bb filter_hue_rotate__hover=\u00bb0deg\u00bb filter_hue_rotate__hover_enabled=\u00bb0deg\u00bb filter_saturate__hover=\u00bb100%\u00bb filter_saturate__hover_enabled=\u00bb100%\u00bb filter_brightness__hover=\u00bb100%\u00bb filter_brightness__hover_enabled=\u00bb100%\u00bb filter_contrast__hover=\u00bb100%\u00bb filter_contrast__hover_enabled=\u00bb100%\u00bb filter_invert__hover=\u00bb0%\u00bb filter_invert__hover_enabled=\u00bb0%\u00bb filter_sepia__hover=\u00bb0%\u00bb filter_sepia__hover_enabled=\u00bb0%\u00bb filter_opacity__hover=\u00bb100%\u00bb filter_opacity__hover_enabled=\u00bb100%\u00bb filter_blur__hover=\u00bb0px\u00bb filter_blur__hover_enabled=\u00bb0px\u00bb mix_blend_mode__hover=\u00bbnormal\u00bb mix_blend_mode__hover_enabled=\u00bbnormal\u00bb animation_repeat__hover=\u00bbonce\u00bb animation_repeat__hover_enabled=\u00bbonce\u00bb animation_duration__hover=\u00bb1000ms\u00bb animation_duration__hover_enabled=\u00bb1000ms\u00bb animation_delay__hover=\u00bb0ms\u00bb animation_delay__hover_enabled=\u00bb0ms\u00bb animation_intensity_zoom__hover=\u00bb50%\u00bb animation_intensity_zoom__hover_enabled=\u00bb50%\u00bb animation_intensity_flip__hover=\u00bb50%\u00bb animation_intensity_flip__hover_enabled=\u00bb50%\u00bb animation_intensity_fold__hover=\u00bb50%\u00bb animation_intensity_fold__hover_enabled=\u00bb50%\u00bb animation_intensity_roll__hover=\u00bb50%\u00bb animation_intensity_roll__hover_enabled=\u00bb50%\u00bb animation_starting_opacity__hover=\u00bb0%\u00bb animation_starting_opacity__hover_enabled=\u00bb0%\u00bb animation_speed_curve__hover=\u00bbease-in-out\u00bb animation_speed_curve__hover_enabled=\u00bbease-in-out\u00bb hover_transition_duration__hover=\u00bb300ms\u00bb hover_transition_duration__hover_enabled=\u00bb300ms\u00bb hover_transition_delay__hover=\u00bb0ms\u00bb hover_transition_delay__hover_enabled=\u00bb0ms\u00bb hover_transition_speed_curve__hover=\u00bbease\u00bb hover_transition_speed_curve__hover_enabled=\u00bbease\u00bb background_color_gradient_stops__hover=\u00bb#2b87da 0%|#29c4a9 100%\u00bb][et_pb_column type=\u00bb4_4&#8243; _builder_version=\u00bb4.16&#8243; custom_padding=\u00bb|||\u00bb global_colors_info=\u00bb{}\u00bb custom_padding__hover=\u00bb|||\u00bb][et_pb_text _builder_version=\u00bb4.18.0&#8243; text_font=\u00bb||||||||\u00bb header_font=\u00bb||||||||\u00bb header_2_font=\u00bbLato|700|||||||\u00bb header_2_font_size=\u00bb52px\u00bb header_2_line_height=\u00bb1.2em\u00bb background_layout=\u00bbdark\u00bb header_2_font_size_tablet=\u00bb\u00bb header_2_font_size_phone=\u00bb36px\u00bb header_2_font_size_last_edited=\u00bbon|phone\u00bb locked=\u00bboff\u00bb global_colors_info=\u00bb{}\u00bb]<\/p>\n<p><span style=\"font-family: Lato, Helvetica, Arial, Lucida, sans-serif; font-size: 52px; font-weight: bold;\"><\/span><\/p>\n<p><span style=\"color: #ffffff;\">\u00a0 <br \/><\/span><\/p>\n<p><span style=\"color: #ffffff;\"><span style=\"font-family: Lato, Helvetica, Arial, Lucida, sans-serif; font-size: 52px;\"><b>Calendario y horarios\u00a0 <\/b><span style=\"font-weight: 400;\">\u00a0 <\/span><\/span><span style=\"font-size: 14px;\"><br \/><\/span><\/span><\/p>\n<p>[\/et_pb_text][et_pb_divider color=\u00bb#2875ef\u00bb divider_weight=\u00bb5px\u00bb _builder_version=\u00bb4.16&#8243; max_width=\u00bb120px\u00bb locked=\u00bboff\u00bb global_colors_info=\u00bb{}\u00bb][\/et_pb_divider][et_pb_toggle title=\u00bbM\u00f3dulos\u00bb _builder_version=\u00bb4.23.4&#8243; custom_margin=\u00bb-38px|||||\u00bb global_colors_info=\u00bb{}\u00bb]<\/p>\n<p>&nbsp;<\/p>\n<h4><strong>Clases : v<\/strong><strong>iernes de 15h-19h<br \/><\/strong><\/h4>\n<div style=\"width: 100%;\">\n<div style=\"position: relative; padding-bottom: 58.75%; padding-top: 0; height: 0;\"><iframe loading=\"lazy\" title=\"Calendario M\u00d3DULOS LOVELE\" frameborder=\"0\" width=\"1531.9148936170213\" height=\"900\" style=\"position: absolute; top: 0; left: 0; width: 100%; height: 100%;\" src=\"https:\/\/view.genial.ly\/5f182fa0fbeabf0cf7b3b41e\" type=\"text\/html\" allowscriptaccess=\"always\" allowfullscreen=\"true\" scrolling=\"yes\" allownetworking=\"all\"><\/iframe><\/div>\n<\/div>\n<p>[\/et_pb_toggle][et_pb_toggle title=\u00bbTalleres\u00bb _builder_version=\u00bb4.22.2&#8243; global_colors_info=\u00bb{}\u00bb]<\/p>\n<p><strong>4 Talleres por edici\u00f3n: viernes de 14h-17h<br \/><\/strong><\/p>\n<div style=\"width: 100%;\">\n<div style=\"position: relative; padding-bottom: 58.75%; padding-top: 0; height: 0;\"><iframe loading=\"lazy\" style=\"position: absolute; top: 0; left: 0; width: 100%; height: 100%;\" src=\"https:\/\/view.genial.ly\/5f1bef4e2bae010cf05753d2\" type=\"text\/html\" allowscriptaccess=\"always\" allowfullscreen=\"true\" scrolling=\"yes\" allownetworking=\"all\" width=\"1531.9148936170213px\" height=\"900px\" frameborder=\"0\"><\/iframe><\/div>\n<\/div>\n<p><span style=\"border-block: unset; border-inline: unset; border-start-start-radius: unset; border-start-end-radius: unset; border-end-start-radius: unset; border-end-end-radius: unset; overflow-inline: unset; overflow-block: unset; overscroll-behavior-inline: unset; overscroll-behavior-block: unset; margin-block: unset; margin-inline: unset; scroll-margin-block: unset; scroll-margin-inline: unset; padding-block: unset; padding-inline: unset; scroll-padding-block: unset; scroll-padding-inline: unset; inset-block: unset; inset-inline: unset; block-size: unset; min-block-size: unset; max-block-size: unset; inline-size: unset; min-inline-size: unset; max-inline-size: unset; background: unset; background-blend-mode: unset; border: unset; border-radius: unset; box-decoration-break: unset; -moz-float-edge: unset; display: unset; position: fixed; float: unset; clear: unset; vertical-align: unset; overflow: unset; overflow-anchor: unset; transition: unset; animation: unset; transform: unset; rotate: unset; scale: unset; translate: unset; offset: unset; scroll-behavior: unset; scroll-snap-align: unset; scroll-snap-type: unset; overscroll-behavior: unset; isolation: unset; break-after: unset; break-before: unset; break-inside: unset; resize: unset; perspective: unset; perspective-origin: unset; backface-visibility: unset; transform-box: unset; transform-style: unset; transform-origin: unset; contain: unset; -moz-appearance: unset; -moz-orient: unset; will-change: unset; shape-image-threshold: unset; shape-margin: unset; shape-outside: unset; touch-action: unset; -webkit-line-clamp: unset; columns: unset; column-fill: unset; column-rule: unset; column-span: unset; content: unset; counter-increment: unset; counter-reset: unset; counter-set: unset; opacity: unset; box-shadow: unset; clip: rect(0px, 0px, 0px, 0px); filter: unset; mix-blend-mode: unset; font: unset; font-synthesis: unset; visibility: unset; writing-mode: unset; text-orientation: unset; color-adjust: unset; image-rendering: unset; image-orientation: unset; dominant-baseline: unset; text-anchor: unset; color-interpolation: unset; color-interpolation-filters: unset; fill: unset; fill-opacity: unset; fill-rule: unset; shape-rendering: unset; stroke: unset; stroke-width: unset; stroke-linecap: unset; stroke-linejoin: unset; stroke-miterlimit: unset; stroke-opacity: unset; stroke-dasharray: unset; stroke-dashoffset: unset; clip-rule: unset; marker: unset; paint-order: unset; -moz-context-properties: unset; border-collapse: unset; empty-cells: unset; caption-side: unset; border-spacing: unset; color: unset; text-transform: unset; hyphens: unset; -moz-text-size-adjust: unset; text-indent: unset; overflow-wrap: unset; word-break: unset; text-justify: unset; text-align-last: unset; text-align: unset; letter-spacing: unset; word-spacing: unset; white-space: pre; text-shadow: unset; text-emphasis: unset; text-emphasis-position: unset; -moz-tab-size: unset; line-break: unset; -webkit-text-fill-color: unset; -webkit-text-stroke: unset; ruby-align: unset; ruby-position: unset; text-combine-upright: unset; text-rendering: unset; -moz-control-character-visibility: unset; text-underline-offset: unset; text-underline-position: unset; text-decoration-skip-ink: unset; cursor: unset; pointer-events: unset; -moz-user-input: unset; -moz-user-modify: unset; -moz-user-focus: unset; caret-color: unset; scrollbar-color: unset; list-style: unset; quotes: unset; -moz-image-region: unset; margin: unset; scroll-margin: unset; outline: unset; -moz-outline-radius: unset; outline-offset: unset; padding: unset; scroll-padding: unset; top: 0px; right: unset; bottom: unset; left: unset; z-index: unset; flex-flow: unset; place-content: unset; place-items: unset; flex: unset; place-self: unset; order: unset; width: unset; min-width: unset; max-width: unset; height: unset; min-height: unset; max-height: unset; box-sizing: unset; object-fit: unset; object-position: unset; grid-area: unset; grid: unset; gap: unset; vector-effect: unset; stop-color: unset; stop-opacity: unset; flood-color: unset; flood-opacity: unset; lighting-color: unset; mask-type: unset; clip-path: unset; mask: unset; x: unset; y: unset; cx: unset; cy: unset; rx: unset; ry: unset; r: unset; table-layout: unset; text-overflow: unset; text-decoration: unset; ime-mode: unset; scrollbar-width: unset; user-select: text; -moz-window-dragging: unset; -moz-force-broken-image-icon: unset; -moz-box-align: unset; -moz-box-direction: unset; -moz-box-flex: unset; -moz-box-orient: unset; -moz-box-pack: unset; -moz-box-ordinal-group: unset;\">&lt;div style=\u00bbwidth: 100%;\u00bb&gt;&lt;div style=\u00bbposition: relative; padding-bottom: 58.75%; padding-top: 0; height: 0;\u00bb&gt;&lt;iframe frameborder=\u00bb0&#8243; width=\u00bb1531.9148936170213px\u00bb height=\u00bb900px\u00bb style=\u00bbposition: absolute; top: 0; left: 0; width: 100%; height: 100%;\u00bb src=\u00bbhttps:\/\/view.genial.ly\/5f1bef4e2bae010cf05753d2&#8243; type=\u00bbtext\/html\u00bb allowscriptaccess=\u00bbalways\u00bb allowfullscreen=\u00bbtrue\u00bb scrolling=\u00bbyes\u00bb allownetworking=\u00bball\u00bb&gt;&lt;\/iframe&gt; &lt;\/div&gt; &lt;\/div&gt;<\/span><\/p>\n<p>&nbsp;<\/p>\n<p>&nbsp;<\/p>\n<p>[\/et_pb_toggle][et_pb_toggle title=\u00bbGraduaci\u00f3n\u00bb _builder_version=\u00bb4.16&#8243; global_colors_info=\u00bb{}\u00bb]<\/p>\n<p><span>Entrega de diplomas: al final del curso se realizar\u00e1 la entrega de certificados en un acto oficial y presencial.<br \/><\/span><\/p>\n<p>[\/et_pb_toggle][et_pb_toggle title=\u00bbM\u00e1s informaci\u00f3n \u00bb _builder_version=\u00bb4.27.0&#8243; global_colors_info=\u00bb{}\u00bb]<\/p>\n<p><a href=\"https:\/\/uclouvain.be\/prog-2024-dies2fc\">Certificat d&#8217;universit\u00e9 : Didactique de l&#8217;espagnol langue \u00e9trang\u00e8re (ELE) (uclouvain.be)<\/a><\/p>\n<p>[\/et_pb_toggle][\/et_pb_column][\/et_pb_row][\/et_pb_section]<\/p>\n","protected":false},"excerpt":{"rendered":"<p>T\u00edtulo universitario de 30 cr\u00e9ditosLa formaci\u00f3n de los profesores de ELE es una necesidad para que los docentes puedan actualizarse y aprovechar totalmente los logros de la investigaci\u00f3n moderna en su pr\u00e1ctica diariaExpertos e investigadores han desarrollado el Certificado LovELE un programa universitario de formaci\u00f3n innovador y de calidad,\u00a0 dirigido a personas que quieren formarse [&hellip;]<\/p>\n","protected":false},"author":13,"featured_media":0,"parent":0,"menu_order":0,"comment_status":"closed","ping_status":"open","template":"","meta":{"_et_pb_use_builder":"on","_et_pb_old_content":"","_et_gb_content_width":"","footnotes":""},"class_list":["post-793","page","type-page","status-publish","hentry"],"yoast_head":"<!-- This site is optimized with the Yoast SEO plugin v27.4 - https:\/\/yoast.com\/product\/yoast-seo-wordpress\/ -->\n<title>Certificado universitario - LovELE<\/title>\n<meta name=\"robots\" content=\"index, follow, max-snippet:-1, max-image-preview:large, max-video-preview:-1\" \/>\n<link rel=\"canonical\" href=\"https:\/\/sites.uclouvain.be\/lovele\/certificado-universitario\/\" \/>\n<meta property=\"og:locale\" content=\"es_ES\" \/>\n<meta property=\"og:type\" content=\"article\" \/>\n<meta property=\"og:title\" content=\"Certificado universitario - LovELE\" \/>\n<meta property=\"og:description\" content=\"T\u00edtulo universitario de 30 cr\u00e9ditosLa formaci\u00f3n de los profesores de ELE es una necesidad para que los docentes puedan actualizarse y aprovechar totalmente los logros de la investigaci\u00f3n moderna en su pr\u00e1ctica diariaExpertos e investigadores han desarrollado el Certificado LovELE un programa universitario de formaci\u00f3n innovador y de calidad,\u00a0 dirigido a personas que quieren formarse [&hellip;]\" \/>\n<meta property=\"og:url\" content=\"https:\/\/sites.uclouvain.be\/lovele\/certificado-universitario\/\" \/>\n<meta property=\"og:site_name\" content=\"LovELE\" \/>\n<meta property=\"article:publisher\" content=\"https:\/\/www.facebook.com\/Loveleucl\/\" \/>\n<meta property=\"article:modified_time\" content=\"2024-11-01T16:58:50+00:00\" \/>\n<meta name=\"twitter:card\" content=\"summary_large_image\" \/>\n<meta name=\"twitter:site\" content=\"@lovele_ucl\" \/>\n<meta name=\"twitter:label1\" content=\"Tiempo de lectura\" \/>\n\t<meta name=\"twitter:data1\" content=\"58 minutos\" \/>\n<script type=\"application\/ld+json\" class=\"yoast-schema-graph\">{\"@context\":\"https:\\\/\\\/schema.org\",\"@graph\":[{\"@type\":\"WebPage\",\"@id\":\"https:\\\/\\\/sites.uclouvain.be\\\/lovele\\\/certificado-universitario\\\/\",\"url\":\"https:\\\/\\\/sites.uclouvain.be\\\/lovele\\\/certificado-universitario\\\/\",\"name\":\"Certificado universitario - LovELE\",\"isPartOf\":{\"@id\":\"https:\\\/\\\/sites.uclouvain.be\\\/lovele\\\/#website\"},\"datePublished\":\"2020-06-01T23:26:25+00:00\",\"dateModified\":\"2024-11-01T16:58:50+00:00\",\"breadcrumb\":{\"@id\":\"https:\\\/\\\/sites.uclouvain.be\\\/lovele\\\/certificado-universitario\\\/#breadcrumb\"},\"inLanguage\":\"es\",\"potentialAction\":[{\"@type\":\"ReadAction\",\"target\":[\"https:\\\/\\\/sites.uclouvain.be\\\/lovele\\\/certificado-universitario\\\/\"]}]},{\"@type\":\"BreadcrumbList\",\"@id\":\"https:\\\/\\\/sites.uclouvain.be\\\/lovele\\\/certificado-universitario\\\/#breadcrumb\",\"itemListElement\":[{\"@type\":\"ListItem\",\"position\":1,\"name\":\"Portada\",\"item\":\"https:\\\/\\\/sites.uclouvain.be\\\/lovele\\\/\"},{\"@type\":\"ListItem\",\"position\":2,\"name\":\"Certificado universitario\"}]},{\"@type\":\"WebSite\",\"@id\":\"https:\\\/\\\/sites.uclouvain.be\\\/lovele\\\/#website\",\"url\":\"https:\\\/\\\/sites.uclouvain.be\\\/lovele\\\/\",\"name\":\"LovELE\",\"description\":\"Ense\u00f1anza y el aprendizaje del espa\u00f1ol como lengua extranjera (ELE)\",\"publisher\":{\"@id\":\"https:\\\/\\\/sites.uclouvain.be\\\/lovele\\\/#organization\"},\"potentialAction\":[{\"@type\":\"SearchAction\",\"target\":{\"@type\":\"EntryPoint\",\"urlTemplate\":\"https:\\\/\\\/sites.uclouvain.be\\\/lovele\\\/?s={search_term_string}\"},\"query-input\":{\"@type\":\"PropertyValueSpecification\",\"valueRequired\":true,\"valueName\":\"search_term_string\"}}],\"inLanguage\":\"es\"},{\"@type\":\"Organization\",\"@id\":\"https:\\\/\\\/sites.uclouvain.be\\\/lovele\\\/#organization\",\"name\":\"LovELE\",\"url\":\"https:\\\/\\\/sites.uclouvain.be\\\/lovele\\\/\",\"logo\":{\"@type\":\"ImageObject\",\"inLanguage\":\"es\",\"@id\":\"https:\\\/\\\/sites.uclouvain.be\\\/lovele\\\/#\\\/schema\\\/logo\\\/image\\\/\",\"url\":\"\",\"contentUrl\":\"\",\"caption\":\"LovELE\"},\"image\":{\"@id\":\"https:\\\/\\\/sites.uclouvain.be\\\/lovele\\\/#\\\/schema\\\/logo\\\/image\\\/\"},\"sameAs\":[\"https:\\\/\\\/www.facebook.com\\\/Loveleucl\\\/\",\"https:\\\/\\\/x.com\\\/lovele_ucl\",\"https:\\\/\\\/www.instagram.com\\\/lovele_ucl\\\/\",\"https:\\\/\\\/www.youtube.com\\\/channel\\\/UCz5iDZlU09JIL3uuOngurFA\"]}]}<\/script>\n<!-- \/ Yoast SEO plugin. -->","yoast_head_json":{"title":"Certificado universitario - LovELE","robots":{"index":"index","follow":"follow","max-snippet":"max-snippet:-1","max-image-preview":"max-image-preview:large","max-video-preview":"max-video-preview:-1"},"canonical":"https:\/\/sites.uclouvain.be\/lovele\/certificado-universitario\/","og_locale":"es_ES","og_type":"article","og_title":"Certificado universitario - LovELE","og_description":"T\u00edtulo universitario de 30 cr\u00e9ditosLa formaci\u00f3n de los profesores de ELE es una necesidad para que los docentes puedan actualizarse y aprovechar totalmente los logros de la investigaci\u00f3n moderna en su pr\u00e1ctica diariaExpertos e investigadores han desarrollado el Certificado LovELE un programa universitario de formaci\u00f3n innovador y de calidad,\u00a0 dirigido a personas que quieren formarse [&hellip;]","og_url":"https:\/\/sites.uclouvain.be\/lovele\/certificado-universitario\/","og_site_name":"LovELE","article_publisher":"https:\/\/www.facebook.com\/Loveleucl\/","article_modified_time":"2024-11-01T16:58:50+00:00","twitter_card":"summary_large_image","twitter_site":"@lovele_ucl","twitter_misc":{"Tiempo de lectura":"58 minutos"},"schema":{"@context":"https:\/\/schema.org","@graph":[{"@type":"WebPage","@id":"https:\/\/sites.uclouvain.be\/lovele\/certificado-universitario\/","url":"https:\/\/sites.uclouvain.be\/lovele\/certificado-universitario\/","name":"Certificado universitario - LovELE","isPartOf":{"@id":"https:\/\/sites.uclouvain.be\/lovele\/#website"},"datePublished":"2020-06-01T23:26:25+00:00","dateModified":"2024-11-01T16:58:50+00:00","breadcrumb":{"@id":"https:\/\/sites.uclouvain.be\/lovele\/certificado-universitario\/#breadcrumb"},"inLanguage":"es","potentialAction":[{"@type":"ReadAction","target":["https:\/\/sites.uclouvain.be\/lovele\/certificado-universitario\/"]}]},{"@type":"BreadcrumbList","@id":"https:\/\/sites.uclouvain.be\/lovele\/certificado-universitario\/#breadcrumb","itemListElement":[{"@type":"ListItem","position":1,"name":"Portada","item":"https:\/\/sites.uclouvain.be\/lovele\/"},{"@type":"ListItem","position":2,"name":"Certificado universitario"}]},{"@type":"WebSite","@id":"https:\/\/sites.uclouvain.be\/lovele\/#website","url":"https:\/\/sites.uclouvain.be\/lovele\/","name":"LovELE","description":"Ense\u00f1anza y el aprendizaje del espa\u00f1ol como lengua extranjera (ELE)","publisher":{"@id":"https:\/\/sites.uclouvain.be\/lovele\/#organization"},"potentialAction":[{"@type":"SearchAction","target":{"@type":"EntryPoint","urlTemplate":"https:\/\/sites.uclouvain.be\/lovele\/?s={search_term_string}"},"query-input":{"@type":"PropertyValueSpecification","valueRequired":true,"valueName":"search_term_string"}}],"inLanguage":"es"},{"@type":"Organization","@id":"https:\/\/sites.uclouvain.be\/lovele\/#organization","name":"LovELE","url":"https:\/\/sites.uclouvain.be\/lovele\/","logo":{"@type":"ImageObject","inLanguage":"es","@id":"https:\/\/sites.uclouvain.be\/lovele\/#\/schema\/logo\/image\/","url":"","contentUrl":"","caption":"LovELE"},"image":{"@id":"https:\/\/sites.uclouvain.be\/lovele\/#\/schema\/logo\/image\/"},"sameAs":["https:\/\/www.facebook.com\/Loveleucl\/","https:\/\/x.com\/lovele_ucl","https:\/\/www.instagram.com\/lovele_ucl\/","https:\/\/www.youtube.com\/channel\/UCz5iDZlU09JIL3uuOngurFA"]}]}},"_links":{"self":[{"href":"https:\/\/sites.uclouvain.be\/lovele\/wp-json\/wp\/v2\/pages\/793","targetHints":{"allow":["GET"]}}],"collection":[{"href":"https:\/\/sites.uclouvain.be\/lovele\/wp-json\/wp\/v2\/pages"}],"about":[{"href":"https:\/\/sites.uclouvain.be\/lovele\/wp-json\/wp\/v2\/types\/page"}],"author":[{"embeddable":true,"href":"https:\/\/sites.uclouvain.be\/lovele\/wp-json\/wp\/v2\/users\/13"}],"replies":[{"embeddable":true,"href":"https:\/\/sites.uclouvain.be\/lovele\/wp-json\/wp\/v2\/comments?post=793"}],"version-history":[{"count":23,"href":"https:\/\/sites.uclouvain.be\/lovele\/wp-json\/wp\/v2\/pages\/793\/revisions"}],"predecessor-version":[{"id":36593,"href":"https:\/\/sites.uclouvain.be\/lovele\/wp-json\/wp\/v2\/pages\/793\/revisions\/36593"}],"wp:attachment":[{"href":"https:\/\/sites.uclouvain.be\/lovele\/wp-json\/wp\/v2\/media?parent=793"}],"curies":[{"name":"wp","href":"https:\/\/api.w.org\/{rel}","templated":true}]}}