{"id":6563,"date":"2020-07-17T13:51:00","date_gmt":"2020-07-17T11:51:00","guid":{"rendered":"https:\/\/sites.uclouvain.be\/lovele\/?page_id=6563"},"modified":"2020-07-17T14:28:59","modified_gmt":"2020-07-17T12:28:59","slug":"talleres-2018","status":"publish","type":"page","link":"https:\/\/sites.uclouvain.be\/lovele\/talleres-2018\/","title":{"rendered":"Talleres 2018"},"content":{"rendered":"<p>[et_pb_section fb_built=\u00bb1&#8243; fullwidth=\u00bbon\u00bb admin_label=\u00bbHero Section\u00bb _builder_version=\u00bb3.22&#8243;][et_pb_fullwidth_header title=\u00bbTalleres 2018&#8243; subhead=\u00bbDid\u00e1ctica del espa\u00f1ol lengua extranjera en la universidad de Lovaina (UCLouvain)<br \/>\n\u00bb text_orientation=\u00bbcenter\u00bb header_fullscreen=\u00bbon\u00bb background_overlay_color=\u00bbrgba(0,0,0,0.5)\u00bb title_font_color=\u00bb#ffffff\u00bb subhead_font_color=\u00bb#ffffff\u00bb _builder_version=\u00bb4.4.9&#8243; title_font=\u00bbNunito||||||||\u00bb title_text_color=\u00bb#ffffff\u00bb title_font_size=\u00bb80px\u00bb content_font=\u00bb||||||||\u00bb subhead_font=\u00bbOpen Sans||||||||\u00bb subhead_text_color=\u00bb#ffffff\u00bb subhead_font_size=\u00bb24px\u00bb subhead_line_height=\u00bb1.6em\u00bb background_color=\u00bbrgba(255, 255, 255, 0)\u00bb background_image=\u00bbhttps:\/\/sites.uclouvain.be\/lovele\/wp-content\/uploads\/2020\/07\/kimberly-farmer-lUaaKCUANVI-unsplash-scaled.jpg\u00bb custom_button_one=\u00bbon\u00bb button_one_text_size=\u00bb14px\u00bb button_one_text_color=\u00bb#ffffff\u00bb button_one_bg_color=\u00bb#0099e5&#8243; button_one_border_width=\u00bb12px\u00bb button_one_border_color=\u00bb#0099e5&#8243; button_one_border_radius=\u00bb0px\u00bb button_one_letter_spacing=\u00bb2px\u00bb button_one_font=\u00bbNunito|700||on|||||\u00bb button_one_use_icon=\u00bboff\u00bb background_layout=\u00bblight\u00bb min_height=\u00bb166px\u00bb height=\u00bb100px\u00bb max_height=\u00bb100px\u00bb custom_padding=\u00bb||0px|||\u00bb animation_style=\u00bbfade\u00bb title_font_size_tablet=\u00bb\u00bb title_font_size_phone=\u00bb48px\u00bb title_font_size_last_edited=\u00bbon|phone\u00bb subhead_font_size_tablet=\u00bb\u00bb subhead_font_size_phone=\u00bb\u00bb subhead_font_size_last_edited=\u00bbon|phone\u00bb button_one_text_color_hover=\u00bb#ffffff\u00bb button_one_border_color_hover=\u00bb#0099e5&#8243; button_one_border_radius_hover=\u00bb0px\u00bb button_one_letter_spacing_hover=\u00bb2px\u00bb button_one_bg_color_hover=\u00bb#0099e5&#8243; button_one_text_size__hover_enabled=\u00bboff\u00bb button_two_text_size__hover_enabled=\u00bboff\u00bb button_one_text_color__hover_enabled=\u00bbon\u00bb button_one_text_color__hover=\u00bb#ffffff\u00bb button_two_text_color__hover_enabled=\u00bboff\u00bb button_one_border_width__hover_enabled=\u00bboff\u00bb button_two_border_width__hover_enabled=\u00bboff\u00bb button_one_border_color__hover_enabled=\u00bbon\u00bb button_one_border_color__hover=\u00bb#0099e5&#8243; button_two_border_color__hover_enabled=\u00bboff\u00bb button_one_border_radius__hover_enabled=\u00bbon\u00bb button_one_border_radius__hover=\u00bb0px\u00bb button_two_border_radius__hover_enabled=\u00bboff\u00bb button_one_letter_spacing__hover_enabled=\u00bbon\u00bb button_one_letter_spacing__hover=\u00bb2px\u00bb button_two_letter_spacing__hover_enabled=\u00bboff\u00bb button_one_bg_color__hover_enabled=\u00bbon\u00bb button_one_bg_color__hover=\u00bb#0099e5&#8243; button_two_bg_color__hover_enabled=\u00bboff\u00bb custom_margin=\u00bb||12px|||\u00bb hover_enabled=\u00bb0&#8243; title_text=\u00bbkimberly-farmer-lUaaKCUANVI-unsplash\u00bb][\/et_pb_fullwidth_header][\/et_pb_section][et_pb_section fb_built=\u00bb1&#8243; admin_label=\u00bbCategory Search Section\u00bb _builder_version=\u00bb3.22&#8243; min_height=\u00bb1607px\u00bb custom_margin=\u00bb||241px|||\u00bb custom_padding=\u00bb0px||110px|||\u00bb][et_pb_row admin_label=\u00bbCategory Search Title Area\u00bb _builder_version=\u00bb3.25&#8243; min_height=\u00bb87px\u00bb locked=\u00bboff\u00bb][et_pb_column type=\u00bb4_4&#8243; _builder_version=\u00bb3.25&#8243; custom_padding=\u00bb|||\u00bb custom_padding__hover=\u00bb|||\u00bb][et_pb_text admin_label=\u00bbTitle\u00bb _builder_version=\u00bb3.27.4&#8243; text_font=\u00bb||||||||\u00bb header_font=\u00bb||||||||\u00bb header_2_font=\u00bbNunito||||||||\u00bb header_2_text_align=\u00bbcenter\u00bb header_2_text_color=\u00bb#263954&#8243; header_2_font_size=\u00bb36px\u00bb header_2_line_height=\u00bb1.4em\u00bb custom_margin=\u00bb||5px|\u00bb animation_style=\u00bbfold\u00bb animation_direction=\u00bbbottom\u00bb animation_intensity_fold=\u00bb20%\u00bb animation_starting_opacity=\u00bb100%\u00bb]<\/p>\n<h2>Talleres y talleristas<\/h2>\n<p>[\/et_pb_text][et_pb_divider color=\u00bb#0099e5&#8243; divider_position=\u00bbcenter\u00bb divider_weight=\u00bb2px\u00bb _builder_version=\u00bb3.2&#8243; max_width=\u00bb50px\u00bb module_alignment=\u00bbcenter\u00bb][\/et_pb_divider][\/et_pb_column][\/et_pb_row][et_pb_row column_structure=\u00bb1_3,1_3,1_3&#8243; admin_label=\u00bbCategories\u00bb _builder_version=\u00bb4.4.9&#8243; custom_padding=\u00bb20px|||\u00bb custom_width_px=\u00bb1440px\u00bb][et_pb_column type=\u00bb1_3&#8243; _builder_version=\u00bb3.25&#8243; custom_padding=\u00bb|||\u00bb custom_padding__hover=\u00bb|||\u00bb][et_pb_blurb title=\u00bbCalendario del Certificado Interuniversitario: Did\u00e1ctica de ELE 2018&#8243; url=\u00bbhttps:\/\/sites.uclouvain.be\/lovele\/2020\/07\/17\/calendario-certificado-interuniversitario-didactica-de-ele-2018\/\u00bb image=\u00bbhttps:\/\/sites.uclouvain.be\/lovele\/wp-content\/uploads\/2020\/07\/Calendario-2018-FINAL-3-173&#215;300-1.png\u00bb _builder_version=\u00bb4.4.9&#8243; header_level=\u00bbh3&#8243; header_font=\u00bbNunito||||||||\u00bb header_text_color=\u00bb#263954&#8243; header_font_size=\u00bb24px\u00bb header_line_height=\u00bb1.3em\u00bb body_font=\u00bb||||||||\u00bb body_font_size=\u00bb15px\u00bb body_line_height=\u00bb1.8em\u00bb animation=\u00bboff\u00bb link_option_url=\u00bbhttps:\/\/sites.uclouvain.be\/lovele\/2020\/07\/17\/calendario-certificado-interuniversitario-didactica-de-ele-2018\/\u00bb title_text=\u00bbCalendario-2018-FINAL-3-173&#215;300&#8243; hover_enabled=\u00bb0&#8243;]<\/p>\n<h4 style=\"text-align: center;\">Cartel para la cuarta edici\u00f3n de ELE Lovaina. Profesores y talleristas, grandes especialistas de la did\u00e1ctica m\u00e1s actual de ELE<\/h4>\n<p>[\/et_pb_blurb][\/et_pb_column][et_pb_column type=\u00bb1_3&#8243; _builder_version=\u00bb3.25&#8243; custom_padding=\u00bb|||\u00bb custom_padding__hover=\u00bb|||\u00bb][et_pb_blurb title=\u00bb26.01.2018 Aprender del aula: aprender a indagareve\u00bb url=\u00bbhttps:\/\/sites.uclouvain.be\/lovele\/2020\/07\/17\/26-01-2018-taller-inaugural-ele-lovaina-2018-con-olga-esteve\/\u00bb image=\u00bbhttps:\/\/sites.uclouvain.be\/lovele\/wp-content\/uploads\/2020\/07\/thought-2123970_1920-300&#215;208-1.jpg\u00bb _builder_version=\u00bb4.4.9&#8243; header_level=\u00bbh3&#8243; header_font=\u00bbNunito||||||||\u00bb header_text_color=\u00bb#263954&#8243; header_font_size=\u00bb24px\u00bb header_line_height=\u00bb1.3em\u00bb body_font=\u00bb||||||||\u00bb body_font_size=\u00bb15px\u00bb body_line_height=\u00bb1.8em\u00bb animation=\u00bboff\u00bb link_option_url=\u00bbhttps:\/\/sites.uclouvain.be\/lovele\/2020\/07\/17\/26-01-2018-taller-inaugural-ele-lovaina-2018-con-olga-esteve\/\u00bb locked=\u00bboff\u00bb title_text=\u00bbthought-2123970_1920-300&#215;208&#8243; hover_enabled=\u00bb0&#8243;]<\/p>\n<h4 style=\"text-align: center;\"><\/h4>\n<h4 style=\"text-align: center;\"><span>Olga Esteve<\/span><\/h4>\n<p>[\/et_pb_blurb][\/et_pb_column][et_pb_column type=\u00bb1_3&#8243; _builder_version=\u00bb3.25&#8243; custom_padding=\u00bb|||\u00bb custom_padding__hover=\u00bb|||\u00bb][et_pb_blurb title=\u00bb16.02.2018 El componente teatral y creativo en clase de ELE\u00bb url=\u00bbhttps:\/\/sites.uclouvain.be\/lovele\/2020\/07\/17\/16-02-2018-taller-ele-lovaina-2018-con-luis-jaraquemada\/\u00bb image=\u00bbhttps:\/\/sites.uclouvain.be\/lovele\/wp-content\/uploads\/2020\/07\/teatro1-300&#215;169-1.jpg\u00bb _builder_version=\u00bb4.4.9&#8243; header_level=\u00bbh3&#8243; header_font=\u00bbNunito||||||||\u00bb header_text_color=\u00bb#263954&#8243; header_font_size=\u00bb24px\u00bb header_line_height=\u00bb1.3em\u00bb body_font=\u00bb||||||||\u00bb body_font_size=\u00bb15px\u00bb body_line_height=\u00bb1.8em\u00bb animation=\u00bboff\u00bb link_option_url=\u00bbhttps:\/\/sites.uclouvain.be\/lovele\/2020\/07\/17\/16-02-2018-taller-ele-lovaina-2018-con-luis-jaraquemada\/\u00bb locked=\u00bboff\u00bb title_text=\u00bbteatro1-300&#215;169&#8243; hover_enabled=\u00bb0&#8243;]<\/p>\n<h4 style=\"text-align: center;\"><span>Luis Jaraquemada<\/span><\/h4>\n<p>[\/et_pb_blurb][\/et_pb_column][\/et_pb_row][et_pb_row column_structure=\u00bb1_3,1_3,1_3&#8243; admin_label=\u00bbCategories\u00bb _builder_version=\u00bb4.4.9&#8243; custom_padding=\u00bb20px|||\u00bb custom_width_px=\u00bb1440px\u00bb custom_margin=\u00bb|auto|-1px|auto||\u00bb min_height=\u00bb594px\u00bb][et_pb_column type=\u00bb1_3&#8243; _builder_version=\u00bb3.25&#8243; custom_padding=\u00bb|||\u00bb custom_padding__hover=\u00bb|||\u00bb][et_pb_blurb title=\u00bb16.03.2018 Artefactos digitales para la ense\u00f1anza de ELE: posibilidades de dise\u00f1o\u00bb url=\u00bbhttps:\/\/sites.uclouvain.be\/lovele\/2020\/07\/17\/16-03-2018-taller-ele-lovaina-2018-con-fernando-trujillo\/\u00bb image=\u00bbhttps:\/\/sites.uclouvain.be\/lovele\/wp-content\/uploads\/2020\/07\/trujillo-imagen-def-300&#215;172-1.jpg\u00bb _builder_version=\u00bb4.4.9&#8243; header_level=\u00bbh3&#8243; header_font=\u00bbNunito||||||||\u00bb header_text_color=\u00bb#263954&#8243; header_font_size=\u00bb24px\u00bb header_line_height=\u00bb1.3em\u00bb body_font=\u00bb||||||||\u00bb body_font_size=\u00bb15px\u00bb body_line_height=\u00bb1.8em\u00bb animation=\u00bboff\u00bb link_option_url=\u00bbhttps:\/\/sites.uclouvain.be\/lovele\/2020\/07\/17\/16-03-2018-taller-ele-lovaina-2018-con-fernando-trujillo\/\u00bb hover_enabled=\u00bb0&#8243; title_text=\u00bbtrujillo-imagen-def-300&#215;172&#8243;]<\/p>\n<h4 style=\"text-align: center;\"><\/h4>\n<h4 style=\"text-align: center;\"><span>Fernando Trujillo<\/span><\/h4>\n<h3><\/h3>\n<p>[\/et_pb_blurb][\/et_pb_column][et_pb_column type=\u00bb1_3&#8243; _builder_version=\u00bb3.25&#8243; custom_padding=\u00bb|||\u00bb custom_padding__hover=\u00bb|||\u00bb][et_pb_blurb title=\u00bb18.05.2018 Los procesos de desarrollo y validaci\u00f3n de pruebas de examen de comprensi\u00f3n de lectura y comprensi\u00f3n auditiva\u00bb url=\u00bbhttps:\/\/sites.uclouvain.be\/lovele\/2020\/07\/17\/18-05-2018-taller-ele-lovaina-2018-con-susana-llorian\/\u00bb image=\u00bbhttps:\/\/sites.uclouvain.be\/lovele\/wp-content\/uploads\/2020\/07\/cuestionario-300&#215;189-1.jpg\u00bb _builder_version=\u00bb4.4.9&#8243; header_level=\u00bbh3&#8243; header_font=\u00bbNunito||||||||\u00bb header_text_color=\u00bb#263954&#8243; header_font_size=\u00bb24px\u00bb header_line_height=\u00bb1.3em\u00bb body_font=\u00bb||||||||\u00bb body_font_size=\u00bb15px\u00bb body_line_height=\u00bb1.8em\u00bb animation=\u00bboff\u00bb link_option_url=\u00bbhttps:\/\/sites.uclouvain.be\/lovele\/2020\/07\/17\/18-05-2018-taller-ele-lovaina-2018-con-susana-llorian\/\u00bb hover_enabled=\u00bb0&#8243; title_text=\u00bbcuestionario-300&#215;189&#8243;]<\/p>\n<h4 style=\"text-align: center;\"><\/h4>\n<h4 style=\"text-align: center;\"><span>Susana Llori\u00e1n<\/span><\/h4>\n<h3><\/h3>\n<p>[\/et_pb_blurb][et_pb_blurb title=\u00bb06.07.2018 Taller de Clausura ELE Lovaina 2018&#8243; url=\u00bbhttps:\/\/sites.uclouvain.be\/lovele\/2020\/07\/17\/06-07-2018-taller-de-clausura-ele-lovaina-2018-con-daniel-cassany\/\u00bb image=\u00bbhttps:\/\/sites.uclouvain.be\/lovele\/wp-content\/uploads\/2020\/07\/brain-2146168_1920-300&#215;154-1.jpg\u00bb _builder_version=\u00bb4.4.9&#8243; header_level=\u00bbh3&#8243; header_font=\u00bbNunito||||||||\u00bb header_text_color=\u00bb#263954&#8243; header_font_size=\u00bb24px\u00bb header_line_height=\u00bb1.3em\u00bb body_font=\u00bb||||||||\u00bb body_font_size=\u00bb15px\u00bb body_line_height=\u00bb1.8em\u00bb animation=\u00bboff\u00bb link_option_url=\u00bbhttps:\/\/sites.uclouvain.be\/lovele\/2020\/07\/17\/06-07-2018-taller-de-clausura-ele-lovaina-2018-con-daniel-cassany\/\u00bb hover_enabled=\u00bb0&#8243; title_text=\u00bbbrain-2146168_1920-300&#215;154&#8243;]<\/p>\n<h4 style=\"text-align: center;\"><strong>Aprendiendo de los fans de ELE\/L2<\/strong><\/h4>\n<h4 style=\"text-align: center;\"><span>Daniel Cassany<\/span><\/h4>\n<h3><\/h3>\n<p>[\/et_pb_blurb][\/et_pb_column][et_pb_column type=\u00bb1_3&#8243; _builder_version=\u00bb3.25&#8243; custom_padding=\u00bb|||\u00bb custom_padding__hover=\u00bb|||\u00bb][et_pb_blurb title=\u00bb04.07.17- Pistas para la interacci\u00f3n en la clase de ELE\u00bb url=\u00bbhttps:\/\/sites.uclouvain.be\/lovele\/2020\/07\/17\/22-06-2018-taller-ele-lovaina-2018-con-begona-montmany\/\u00bb image=\u00bbhttps:\/\/sites.uclouvain.be\/lovele\/wp-content\/uploads\/2020\/07\/TELE\u0301FONO-300&#215;200-1.png\u00bb _builder_version=\u00bb4.4.9&#8243; header_level=\u00bbh3&#8243; header_font=\u00bbNunito||||||||\u00bb header_text_color=\u00bb#263954&#8243; header_font_size=\u00bb24px\u00bb header_line_height=\u00bb1.3em\u00bb body_font=\u00bb||||||||\u00bb body_font_size=\u00bb15px\u00bb body_line_height=\u00bb1.8em\u00bb animation=\u00bboff\u00bb link_option_url=\u00bbhttps:\/\/sites.uclouvain.be\/lovele\/2020\/07\/17\/22-06-2018-taller-ele-lovaina-2018-con-begona-montmany\/\u00bb locked=\u00bboff\u00bb hover_enabled=\u00bb0&#8243; title_text=\u00bbTELE\u0301FONO-300&#215;200&#8243;]<\/p>\n<h4 style=\"text-align: center;\"><span>Bego\u00f1a Montmany<\/span><\/h4>\n<p>[\/et_pb_blurb][\/et_pb_column][\/et_pb_row][\/et_pb_section]<\/p>\n","protected":false},"excerpt":{"rendered":"<p>Talleres y talleristasCartel para la cuarta edici\u00f3n de ELE Lovaina. Profesores y talleristas, grandes especialistas de la did\u00e1ctica m\u00e1s actual de ELE Olga Esteve Luis Jaraquemada Fernando Trujillo Susana Llori\u00e1n Aprendiendo de los fans de ELE\/L2 Daniel Cassany Bego\u00f1a Montmany<\/p>\n","protected":false},"author":13,"featured_media":0,"parent":0,"menu_order":0,"comment_status":"closed","ping_status":"closed","template":"","meta":{"_et_pb_use_builder":"on","_et_pb_old_content":"","_et_gb_content_width":"","footnotes":""},"class_list":["post-6563","page","type-page","status-publish","hentry"],"yoast_head":"<!-- This site is optimized with the Yoast SEO plugin v27.4 - https:\/\/yoast.com\/product\/yoast-seo-wordpress\/ -->\n<title>Talleres 2018 - LovELE<\/title>\n<meta name=\"robots\" content=\"index, follow, max-snippet:-1, max-image-preview:large, max-video-preview:-1\" \/>\n<link rel=\"canonical\" href=\"https:\/\/sites.uclouvain.be\/lovele\/talleres-2018\/\" \/>\n<meta property=\"og:locale\" content=\"es_ES\" \/>\n<meta property=\"og:type\" content=\"article\" \/>\n<meta property=\"og:title\" content=\"Talleres 2018 - LovELE\" \/>\n<meta property=\"og:description\" content=\"Talleres y talleristasCartel para la cuarta edici\u00f3n de ELE Lovaina. Profesores y talleristas, grandes especialistas de la did\u00e1ctica m\u00e1s actual de ELE Olga Esteve Luis Jaraquemada Fernando Trujillo Susana Llori\u00e1n Aprendiendo de los fans de ELE\/L2 Daniel Cassany Bego\u00f1a Montmany\" \/>\n<meta property=\"og:url\" content=\"https:\/\/sites.uclouvain.be\/lovele\/talleres-2018\/\" \/>\n<meta property=\"og:site_name\" content=\"LovELE\" \/>\n<meta property=\"article:publisher\" content=\"https:\/\/www.facebook.com\/Loveleucl\/\" \/>\n<meta property=\"article:modified_time\" content=\"2020-07-17T12:28:59+00:00\" \/>\n<meta name=\"twitter:card\" content=\"summary_large_image\" \/>\n<meta name=\"twitter:site\" content=\"@lovele_ucl\" \/>\n<meta name=\"twitter:label1\" content=\"Tiempo de lectura\" \/>\n\t<meta name=\"twitter:data1\" content=\"7 minutos\" \/>\n<script type=\"application\/ld+json\" class=\"yoast-schema-graph\">{\"@context\":\"https:\\\/\\\/schema.org\",\"@graph\":[{\"@type\":\"WebPage\",\"@id\":\"https:\\\/\\\/sites.uclouvain.be\\\/lovele\\\/talleres-2018\\\/\",\"url\":\"https:\\\/\\\/sites.uclouvain.be\\\/lovele\\\/talleres-2018\\\/\",\"name\":\"Talleres 2018 - LovELE\",\"isPartOf\":{\"@id\":\"https:\\\/\\\/sites.uclouvain.be\\\/lovele\\\/#website\"},\"datePublished\":\"2020-07-17T11:51:00+00:00\",\"dateModified\":\"2020-07-17T12:28:59+00:00\",\"breadcrumb\":{\"@id\":\"https:\\\/\\\/sites.uclouvain.be\\\/lovele\\\/talleres-2018\\\/#breadcrumb\"},\"inLanguage\":\"es\",\"potentialAction\":[{\"@type\":\"ReadAction\",\"target\":[\"https:\\\/\\\/sites.uclouvain.be\\\/lovele\\\/talleres-2018\\\/\"]}]},{\"@type\":\"BreadcrumbList\",\"@id\":\"https:\\\/\\\/sites.uclouvain.be\\\/lovele\\\/talleres-2018\\\/#breadcrumb\",\"itemListElement\":[{\"@type\":\"ListItem\",\"position\":1,\"name\":\"Portada\",\"item\":\"https:\\\/\\\/sites.uclouvain.be\\\/lovele\\\/\"},{\"@type\":\"ListItem\",\"position\":2,\"name\":\"Talleres 2018\"}]},{\"@type\":\"WebSite\",\"@id\":\"https:\\\/\\\/sites.uclouvain.be\\\/lovele\\\/#website\",\"url\":\"https:\\\/\\\/sites.uclouvain.be\\\/lovele\\\/\",\"name\":\"LovELE\",\"description\":\"Ense\u00f1anza y el aprendizaje del espa\u00f1ol como lengua extranjera (ELE)\",\"publisher\":{\"@id\":\"https:\\\/\\\/sites.uclouvain.be\\\/lovele\\\/#organization\"},\"potentialAction\":[{\"@type\":\"SearchAction\",\"target\":{\"@type\":\"EntryPoint\",\"urlTemplate\":\"https:\\\/\\\/sites.uclouvain.be\\\/lovele\\\/?s={search_term_string}\"},\"query-input\":{\"@type\":\"PropertyValueSpecification\",\"valueRequired\":true,\"valueName\":\"search_term_string\"}}],\"inLanguage\":\"es\"},{\"@type\":\"Organization\",\"@id\":\"https:\\\/\\\/sites.uclouvain.be\\\/lovele\\\/#organization\",\"name\":\"LovELE\",\"url\":\"https:\\\/\\\/sites.uclouvain.be\\\/lovele\\\/\",\"logo\":{\"@type\":\"ImageObject\",\"inLanguage\":\"es\",\"@id\":\"https:\\\/\\\/sites.uclouvain.be\\\/lovele\\\/#\\\/schema\\\/logo\\\/image\\\/\",\"url\":\"\",\"contentUrl\":\"\",\"caption\":\"LovELE\"},\"image\":{\"@id\":\"https:\\\/\\\/sites.uclouvain.be\\\/lovele\\\/#\\\/schema\\\/logo\\\/image\\\/\"},\"sameAs\":[\"https:\\\/\\\/www.facebook.com\\\/Loveleucl\\\/\",\"https:\\\/\\\/x.com\\\/lovele_ucl\",\"https:\\\/\\\/www.instagram.com\\\/lovele_ucl\\\/\",\"https:\\\/\\\/www.youtube.com\\\/channel\\\/UCz5iDZlU09JIL3uuOngurFA\"]}]}<\/script>\n<!-- \/ Yoast SEO plugin. -->","yoast_head_json":{"title":"Talleres 2018 - LovELE","robots":{"index":"index","follow":"follow","max-snippet":"max-snippet:-1","max-image-preview":"max-image-preview:large","max-video-preview":"max-video-preview:-1"},"canonical":"https:\/\/sites.uclouvain.be\/lovele\/talleres-2018\/","og_locale":"es_ES","og_type":"article","og_title":"Talleres 2018 - LovELE","og_description":"Talleres y talleristasCartel para la cuarta edici\u00f3n de ELE Lovaina. Profesores y talleristas, grandes especialistas de la did\u00e1ctica m\u00e1s actual de ELE Olga Esteve Luis Jaraquemada Fernando Trujillo Susana Llori\u00e1n Aprendiendo de los fans de ELE\/L2 Daniel Cassany Bego\u00f1a Montmany","og_url":"https:\/\/sites.uclouvain.be\/lovele\/talleres-2018\/","og_site_name":"LovELE","article_publisher":"https:\/\/www.facebook.com\/Loveleucl\/","article_modified_time":"2020-07-17T12:28:59+00:00","twitter_card":"summary_large_image","twitter_site":"@lovele_ucl","twitter_misc":{"Tiempo de lectura":"7 minutos"},"schema":{"@context":"https:\/\/schema.org","@graph":[{"@type":"WebPage","@id":"https:\/\/sites.uclouvain.be\/lovele\/talleres-2018\/","url":"https:\/\/sites.uclouvain.be\/lovele\/talleres-2018\/","name":"Talleres 2018 - LovELE","isPartOf":{"@id":"https:\/\/sites.uclouvain.be\/lovele\/#website"},"datePublished":"2020-07-17T11:51:00+00:00","dateModified":"2020-07-17T12:28:59+00:00","breadcrumb":{"@id":"https:\/\/sites.uclouvain.be\/lovele\/talleres-2018\/#breadcrumb"},"inLanguage":"es","potentialAction":[{"@type":"ReadAction","target":["https:\/\/sites.uclouvain.be\/lovele\/talleres-2018\/"]}]},{"@type":"BreadcrumbList","@id":"https:\/\/sites.uclouvain.be\/lovele\/talleres-2018\/#breadcrumb","itemListElement":[{"@type":"ListItem","position":1,"name":"Portada","item":"https:\/\/sites.uclouvain.be\/lovele\/"},{"@type":"ListItem","position":2,"name":"Talleres 2018"}]},{"@type":"WebSite","@id":"https:\/\/sites.uclouvain.be\/lovele\/#website","url":"https:\/\/sites.uclouvain.be\/lovele\/","name":"LovELE","description":"Ense\u00f1anza y el aprendizaje del espa\u00f1ol como lengua extranjera (ELE)","publisher":{"@id":"https:\/\/sites.uclouvain.be\/lovele\/#organization"},"potentialAction":[{"@type":"SearchAction","target":{"@type":"EntryPoint","urlTemplate":"https:\/\/sites.uclouvain.be\/lovele\/?s={search_term_string}"},"query-input":{"@type":"PropertyValueSpecification","valueRequired":true,"valueName":"search_term_string"}}],"inLanguage":"es"},{"@type":"Organization","@id":"https:\/\/sites.uclouvain.be\/lovele\/#organization","name":"LovELE","url":"https:\/\/sites.uclouvain.be\/lovele\/","logo":{"@type":"ImageObject","inLanguage":"es","@id":"https:\/\/sites.uclouvain.be\/lovele\/#\/schema\/logo\/image\/","url":"","contentUrl":"","caption":"LovELE"},"image":{"@id":"https:\/\/sites.uclouvain.be\/lovele\/#\/schema\/logo\/image\/"},"sameAs":["https:\/\/www.facebook.com\/Loveleucl\/","https:\/\/x.com\/lovele_ucl","https:\/\/www.instagram.com\/lovele_ucl\/","https:\/\/www.youtube.com\/channel\/UCz5iDZlU09JIL3uuOngurFA"]}]}},"_links":{"self":[{"href":"https:\/\/sites.uclouvain.be\/lovele\/wp-json\/wp\/v2\/pages\/6563","targetHints":{"allow":["GET"]}}],"collection":[{"href":"https:\/\/sites.uclouvain.be\/lovele\/wp-json\/wp\/v2\/pages"}],"about":[{"href":"https:\/\/sites.uclouvain.be\/lovele\/wp-json\/wp\/v2\/types\/page"}],"author":[{"embeddable":true,"href":"https:\/\/sites.uclouvain.be\/lovele\/wp-json\/wp\/v2\/users\/13"}],"replies":[{"embeddable":true,"href":"https:\/\/sites.uclouvain.be\/lovele\/wp-json\/wp\/v2\/comments?post=6563"}],"version-history":[{"count":4,"href":"https:\/\/sites.uclouvain.be\/lovele\/wp-json\/wp\/v2\/pages\/6563\/revisions"}],"predecessor-version":[{"id":7003,"href":"https:\/\/sites.uclouvain.be\/lovele\/wp-json\/wp\/v2\/pages\/6563\/revisions\/7003"}],"wp:attachment":[{"href":"https:\/\/sites.uclouvain.be\/lovele\/wp-json\/wp\/v2\/media?parent=6563"}],"curies":[{"name":"wp","href":"https:\/\/api.w.org\/{rel}","templated":true}]}}