{"id":11973,"date":"2020-08-03T18:41:14","date_gmt":"2020-08-03T16:41:14","guid":{"rendered":"https:\/\/sites.uclouvain.be\/lovele\/?page_id=11973"},"modified":"2021-10-16T23:27:28","modified_gmt":"2021-10-16T21:27:28","slug":"talleres-2021","status":"publish","type":"page","link":"https:\/\/sites.uclouvain.be\/lovele\/talleres-2021\/","title":{"rendered":"Talleres 2021"},"content":{"rendered":"<p>[et_pb_section fb_built=\u00bb1&#8243; fullwidth=\u00bbon\u00bb admin_label=\u00bbHero Section\u00bb _builder_version=\u00bb3.22&#8243; global_colors_info=\u00bb{}\u00bb][et_pb_fullwidth_header title=\u00bbTalleres 2021&#8243; subhead=\u00bb INFO COVID: dada la situaci\u00f3n sanitaria actual, se ir\u00e1 informando de la modalidad de organizaci\u00f3n de los talleres. Siempre se podr\u00e1n seguir on line, incluso cuando se organicen en modalidad presencial<br \/>\n\u00bb text_orientation=\u00bbcenter\u00bb header_fullscreen=\u00bbon\u00bb background_overlay_color=\u00bbrgba(0,0,0,0.5)\u00bb title_font_color=\u00bb#ffffff\u00bb subhead_font_color=\u00bb#ffffff\u00bb _builder_version=\u00bb4.4.9&#8243; title_font=\u00bbNunito||||||||\u00bb title_text_color=\u00bb#ffffff\u00bb title_font_size=\u00bb80px\u00bb content_font=\u00bb||||||||\u00bb subhead_font=\u00bbOpen Sans||||||||\u00bb subhead_text_color=\u00bb#ffffff\u00bb subhead_font_size=\u00bb24px\u00bb subhead_line_height=\u00bb1.6em\u00bb background_color=\u00bbrgba(255, 255, 255, 0)\u00bb background_image=\u00bbhttps:\/\/sites.uclouvain.be\/lovele\/wp-content\/uploads\/2020\/07\/anna-earl-l2ARBUWlHbU-unsplash-scaled.jpg\u00bb custom_button_one=\u00bbon\u00bb button_one_text_size=\u00bb14px\u00bb button_one_text_color=\u00bb#ffffff\u00bb button_one_bg_color=\u00bb#0099e5&#8243; button_one_border_width=\u00bb12px\u00bb button_one_border_color=\u00bb#0099e5&#8243; button_one_border_radius=\u00bb0px\u00bb button_one_letter_spacing=\u00bb2px\u00bb button_one_font=\u00bbNunito|700||on|||||\u00bb button_one_use_icon=\u00bboff\u00bb background_layout=\u00bblight\u00bb min_height=\u00bb166px\u00bb height=\u00bb100px\u00bb max_height=\u00bb100px\u00bb custom_margin=\u00bb||12px|||\u00bb custom_padding=\u00bb||0px|||\u00bb animation_style=\u00bbfade\u00bb title_font_size_tablet=\u00bb\u00bb title_font_size_phone=\u00bb48px\u00bb title_font_size_last_edited=\u00bbon|phone\u00bb subhead_font_size_tablet=\u00bb\u00bb subhead_font_size_phone=\u00bb\u00bb subhead_font_size_last_edited=\u00bbon|phone\u00bb button_one_text_color_hover=\u00bb#ffffff\u00bb button_one_border_color_hover=\u00bb#0099e5&#8243; button_one_border_radius_hover=\u00bb0px\u00bb button_one_letter_spacing_hover=\u00bb2px\u00bb button_one_bg_color_hover=\u00bb#0099e5&#8243; global_colors_info=\u00bb{}\u00bb button_one_text_size__hover_enabled=\u00bboff\u00bb button_two_text_size__hover_enabled=\u00bboff\u00bb button_one_text_color__hover_enabled=\u00bbon\u00bb button_one_text_color__hover=\u00bb#ffffff\u00bb button_two_text_color__hover_enabled=\u00bboff\u00bb button_one_border_width__hover_enabled=\u00bboff\u00bb button_two_border_width__hover_enabled=\u00bboff\u00bb button_one_border_color__hover_enabled=\u00bbon\u00bb button_one_border_color__hover=\u00bb#0099e5&#8243; button_two_border_color__hover_enabled=\u00bboff\u00bb button_one_border_radius__hover_enabled=\u00bbon\u00bb button_one_border_radius__hover=\u00bb0px\u00bb button_two_border_radius__hover_enabled=\u00bboff\u00bb button_one_letter_spacing__hover_enabled=\u00bbon\u00bb button_one_letter_spacing__hover=\u00bb2px\u00bb button_two_letter_spacing__hover_enabled=\u00bboff\u00bb button_one_bg_color__hover_enabled=\u00bbon\u00bb button_one_bg_color__hover=\u00bb#0099e5&#8243; button_two_bg_color__hover_enabled=\u00bboff\u00bb][\/et_pb_fullwidth_header][\/et_pb_section][et_pb_section fb_built=\u00bb1&#8243; admin_label=\u00bbCategory Search Section\u00bb _builder_version=\u00bb3.22&#8243; min_height=\u00bb1564px\u00bb custom_margin=\u00bb||25px|||\u00bb custom_padding=\u00bb0px||0px|||\u00bb global_colors_info=\u00bb{}\u00bb][et_pb_row admin_label=\u00bbCategory Search Title Area\u00bb _builder_version=\u00bb3.25&#8243; min_height=\u00bb87px\u00bb locked=\u00bboff\u00bb global_colors_info=\u00bb{}\u00bb][et_pb_column type=\u00bb4_4&#8243; _builder_version=\u00bb3.25&#8243; custom_padding=\u00bb|||\u00bb global_colors_info=\u00bb{}\u00bb custom_padding__hover=\u00bb|||\u00bb][et_pb_text admin_label=\u00bbTitle\u00bb _builder_version=\u00bb4.6.5&#8243; text_font=\u00bb||||||||\u00bb header_font=\u00bb||||||||\u00bb header_2_font=\u00bbNunito||||||||\u00bb header_2_text_align=\u00bbcenter\u00bb header_2_text_color=\u00bb#263954&#8243; header_2_font_size=\u00bb36px\u00bb header_2_line_height=\u00bb1.4em\u00bb custom_margin=\u00bb||5px|\u00bb animation_style=\u00bbfold\u00bb animation_direction=\u00bbbottom\u00bb animation_intensity_fold=\u00bb20%\u00bb animation_starting_opacity=\u00bb100%\u00bb global_colors_info=\u00bb{}\u00bb]<\/p>\n<h2>Talleres y talleristas<\/h2>\n<p style=\"text-align: center;\"><strong>\u00a0<\/strong><\/p>\n<p>[\/et_pb_text][et_pb_divider color=\u00bb#0099e5&#8243; divider_position=\u00bbcenter\u00bb divider_weight=\u00bb2px\u00bb _builder_version=\u00bb4.6.5&#8243; max_width=\u00bb50px\u00bb module_alignment=\u00bbcenter\u00bb global_colors_info=\u00bb{}\u00bb][\/et_pb_divider][\/et_pb_column][\/et_pb_row][et_pb_row admin_label=\u00bbCategories\u00bb _builder_version=\u00bb4.4.9&#8243; custom_padding=\u00bb20px|||\u00bb custom_width_px=\u00bb1440px\u00bb global_colors_info=\u00bb{}\u00bb][et_pb_column type=\u00bb4_4&#8243; _builder_version=\u00bb3.25&#8243; custom_padding=\u00bb|||\u00bb global_colors_info=\u00bb{}\u00bb custom_padding__hover=\u00bb|||\u00bb][et_pb_blurb title=\u00bbCalendario. Ciclo de talleres LovELE 2021&#8243; url=\u00bbhttps:\/\/view.genial.ly\/5f1bef4e2bae010cf05753d2\/interactive-content-calendario-lovele-2021-moduloscopia\u00bb _builder_version=\u00bb4.11.3&#8243; header_level=\u00bbh3&#8243; header_font=\u00bbNunito||||||||\u00bb header_text_color=\u00bb#263954&#8243; header_font_size=\u00bb24px\u00bb header_line_height=\u00bb1.3em\u00bb body_font=\u00bb||||||||\u00bb body_font_size=\u00bb15px\u00bb body_line_height=\u00bb1.8em\u00bb animation=\u00bboff\u00bb link_option_url=\u00bbhttps:\/\/view.genial.ly\/5f1bef4e2bae010cf05753d2\/interactive-content-calendario-lovele-2021-moduloscopia\u00bb hover_enabled=\u00bb0&#8243; locked=\u00bboff\u00bb global_colors_info=\u00bb{}\u00bb sticky_enabled=\u00bb0&#8243;]<\/p>\n<div style=\"width: 100%;\">\n<div style=\"position: relative; padding-bottom: 58.75%; padding-top: 0; height: 0;\"><iframe loading=\"lazy\" style=\"position: absolute; top: 0; left: 0; width: 100%; height: 100%;\" src=\"https:\/\/view.genial.ly\/614089ae3f5bbc0de065d726\" type=\"text\/html\" allowscriptaccess=\"always\" allowfullscreen=\"true\" scrolling=\"yes\" allownetworking=\"all\" width=\"1531.9148936170213\" height=\"900\" frameborder=\"0\"><\/iframe><\/div>\n<\/div>\n<p><span style=\"border-block: unset; border-inline: unset; border-start-start-radius: unset; border-start-end-radius: unset; border-end-start-radius: unset; border-end-end-radius: unset; overflow-inline: unset; overflow-block: unset; overscroll-behavior-inline: unset; overscroll-behavior-block: unset; margin-block: unset; margin-inline: unset; scroll-margin-block: unset; scroll-margin-inline: unset; padding-block: unset; padding-inline: unset; scroll-padding-block: unset; scroll-padding-inline: unset; inset-block: unset; inset-inline: unset; block-size: unset; min-block-size: unset; max-block-size: unset; inline-size: unset; min-inline-size: unset; max-inline-size: unset; background: unset; background-blend-mode: unset; border: unset; border-radius: unset; box-decoration-break: unset; -moz-float-edge: unset; display: unset; position: fixed; float: unset; clear: unset; vertical-align: unset; overflow: unset; overflow-anchor: unset; transition: unset; animation: unset; transform: unset; rotate: unset; scale: unset; translate: unset; offset: unset; scroll-behavior: unset; scroll-snap-align: unset; scroll-snap-type: unset; overscroll-behavior: unset; isolation: unset; break-after: unset; break-before: unset; break-inside: unset; resize: unset; perspective: unset; perspective-origin: unset; backface-visibility: unset; transform-box: unset; transform-style: unset; transform-origin: unset; contain: unset; -moz-appearance: unset; -moz-orient: unset; will-change: unset; shape-image-threshold: unset; shape-margin: unset; shape-outside: unset; touch-action: unset; -webkit-line-clamp: unset; columns: unset; column-fill: unset; column-rule: unset; column-span: unset; content: unset; counter-increment: unset; counter-reset: unset; counter-set: unset; opacity: unset; box-shadow: unset; clip: rect(0px, 0px, 0px, 0px); filter: unset; mix-blend-mode: unset; font: unset; font-synthesis: unset; visibility: unset; writing-mode: unset; text-orientation: unset; color-adjust: unset; image-rendering: unset; image-orientation: unset; dominant-baseline: unset; text-anchor: unset; color-interpolation: unset; color-interpolation-filters: unset; fill: unset; fill-opacity: unset; fill-rule: unset; shape-rendering: unset; stroke: unset; stroke-width: unset; stroke-linecap: unset; stroke-linejoin: unset; stroke-miterlimit: unset; stroke-opacity: unset; stroke-dasharray: unset; stroke-dashoffset: unset; clip-rule: unset; marker: unset; paint-order: unset; -moz-context-properties: unset; border-collapse: unset; empty-cells: unset; caption-side: unset; border-spacing: unset; color: unset; text-transform: unset; hyphens: unset; -moz-text-size-adjust: unset; text-indent: unset; overflow-wrap: unset; word-break: unset; text-justify: unset; text-align-last: unset; text-align: unset; letter-spacing: unset; word-spacing: unset; white-space: pre; text-shadow: unset; text-emphasis: unset; text-emphasis-position: unset; -moz-tab-size: unset; line-break: unset; -webkit-text-fill-color: unset; -webkit-text-stroke: unset; ruby-align: unset; ruby-position: unset; text-combine-upright: unset; text-rendering: unset; -moz-control-character-visibility: unset; text-underline-offset: unset; text-underline-position: unset; text-decoration-skip-ink: unset; cursor: unset; pointer-events: unset; -moz-user-input: unset; -moz-user-modify: unset; -moz-user-focus: unset; caret-color: unset; scrollbar-color: unset; list-style: unset; quotes: unset; -moz-image-region: unset; margin: unset; scroll-margin: unset; outline: unset; -moz-outline-radius: unset; outline-offset: unset; padding: unset; scroll-padding: unset; top: 0px; right: unset; bottom: unset; left: unset; z-index: unset; flex-flow: unset; place-content: unset; place-items: unset; flex: unset; place-self: unset; order: unset; width: unset; min-width: unset; max-width: unset; height: unset; min-height: unset; max-height: unset; box-sizing: unset; object-fit: unset; object-position: unset; grid-area: unset; grid: unset; gap: unset; vector-effect: unset; stop-color: unset; stop-opacity: unset; flood-color: unset; flood-opacity: unset; lighting-color: unset; mask-type: unset; clip-path: unset; mask: unset; x: unset; y: unset; cx: unset; cy: unset; rx: unset; ry: unset; r: unset; table-layout: unset; text-overflow: unset; text-decoration: unset; ime-mode: unset; scrollbar-width: unset; user-select: text; -moz-window-dragging: unset; -moz-force-broken-image-icon: unset; -moz-box-align: unset; -moz-box-direction: unset; -moz-box-flex: unset; -moz-box-orient: unset; -moz-box-pack: unset; -moz-box-ordinal-group: unset;\">&lt;div style=\u00bbwidth: 100%;\u00bb&gt;&lt;div style=\u00bbposition: relative; padding-bottom: 58.75%; padding-top: 0; height: 0;\u00bb&gt;&lt;iframe frameborder=\u00bb0&#8243; width=\u00bb1531.9148936170213px\u00bb height=\u00bb900px\u00bb style=\u00bbposition: absolute; top: 0; left: 0; width: 100%; height: 100%;\u00bb src=\u00bbhttps:\/\/view.genial.ly\/5f1bef4e2bae010cf05753d2&#8243; type=\u00bbtext\/html\u00bb allowscriptaccess=\u00bbalways\u00bb allowfullscreen=\u00bbtrue\u00bb scrolling=\u00bbyes\u00bb allownetworking=\u00bball\u00bb&gt;&lt;\/iframe&gt; &lt;\/div&gt; &lt;\/div<\/span><\/p>\n<div class=\"infinite vel3 grayscale-inverse\" id=\"genially-animated-827558bc-ed9a-4e70-a0a9-686467149227\">\n<div id=\"827558bc-ed9a-4e70-a0a9-686467149227\" data-genially-id=\"5f1bef4e2bae010cf05753d2\" class=\"genially-view-text text-align-center interparagraph_small genially-view-text-indent-list-v4\">\n<div style=\"text-align: center;\"><strong><\/strong><\/div>\n<div style=\"text-align: center;\"><strong><\/strong><\/div>\n<div style=\"text-align: center;\"><strong>Certificado universitario de did\u00e1ctica del espa\u00f1ol lengua extranjera<\/strong><\/div>\n<\/div>\n<\/div>\n<p>[\/et_pb_blurb][\/et_pb_column][\/et_pb_row][et_pb_row column_structure=\u00bb1_4,1_4,1_4,1_4&#8243; admin_label=\u00bbCategories\u00bb _builder_version=\u00bb4.4.9&#8243; min_height=\u00bb607px\u00bb custom_margin=\u00bb|auto|-26px|auto||\u00bb custom_padding=\u00bb20px|||\u00bb custom_width_px=\u00bb1440px\u00bb global_colors_info=\u00bb{}\u00bb][et_pb_column type=\u00bb1_4&#8243; _builder_version=\u00bb3.25&#8243; custom_padding=\u00bb|||\u00bb global_colors_info=\u00bb{}\u00bb custom_padding__hover=\u00bb|||\u00bb][et_pb_blurb title=\u00bb 22.01.2021&#8243; url=\u00bb@ET-DC@eyJkeW5hbWljIjp0cnVlLCJjb250ZW50IjoicG9zdF9saW5rX3VybF9wb3N0Iiwic2V0dGluZ3MiOnsicG9zdF9pZCI6IjEyNTQzIn19@\u00bb url_new_window=\u00bbon\u00bb image=\u00bbhttps:\/\/sites.uclouvain.be\/lovele\/wp-content\/uploads\/2020\/08\/globos-nuria-1.png\u00bb _builder_version=\u00bb4.4.9&#8243; _dynamic_attributes=\u00bburl\u00bb header_level=\u00bbh3&#8243; header_font=\u00bbNunito||||||||\u00bb header_text_color=\u00bb#263954&#8243; header_font_size=\u00bb24px\u00bb header_line_height=\u00bb1.3em\u00bb body_font=\u00bb||||||||\u00bb body_font_size=\u00bb15px\u00bb body_line_height=\u00bb1.8em\u00bb custom_padding=\u00bb||0px|||\u00bb animation=\u00bboff\u00bb global_colors_info=\u00bb{}\u00bb]<\/p>\n<h4 style=\"text-align: center;\"><span style=\"color: #333399;\"><span style=\"color: #e02b20; font-size: small;\">PLAZAS AGOTADAS<\/span><br \/><\/span><\/h4>\n<h4 style=\"text-align: justify;\"><span style=\"color: #333399; font-size: small;\">\u00bfC\u00f3mo entiende la psicolog\u00eda positiva la inteligencia?<\/span><\/h4>\n<h4 style=\"text-align: justify;\"><span style=\"color: #333399; font-size: small;\">\u00bfQu\u00e9 implicaciones tienen sus teor\u00edas para la ense\u00f1anza de lenguas extranjeras?<\/span><\/h4>\n<p><span><strong><\/strong><\/span><\/p>\n<h3 style=\"text-align: center;\"><span><strong>Nuria Vaquero<\/strong><\/span><\/h3>\n<h5 style=\"text-align: center;\"><span>Instituto Cervantes<\/span><\/h5>\n<h6 class=\"entry-title\" style=\"text-align: center;\">Taller Inaugural LovELE 2021<\/h6>\n<p>&nbsp;<\/p>\n<p>[\/et_pb_blurb][et_pb_button button_url=\u00bb@ET-DC@eyJkeW5hbWljIjp0cnVlLCJjb250ZW50IjoicG9zdF9saW5rX3VybF9wb3N0Iiwic2V0dGluZ3MiOnsicG9zdF9pZCI6IjEyNTQzIn19@\u00bb url_new_window=\u00bbon\u00bb button_text=\u00bbM\u00e1s informaci\u00f3n\u00bb button_alignment=\u00bbcenter\u00bb _builder_version=\u00bb4.4.9&#8243; _dynamic_attributes=\u00bbbutton_url\u00bb custom_button=\u00bbon\u00bb button_text_color=\u00bb#0d0da8&#8243; global_colors_info=\u00bb{}\u00bb][\/et_pb_button][et_pb_button button_url=\u00bbhttps:\/\/sites.uclouvain.be\/lovele\/taller-lovele-2021_notas-para-la-presentacion_psicologia-positiva_ele_nuria-vaquero\/\u00bb url_new_window=\u00bbon\u00bb button_text=\u00bbMaterial post-taller\u00bb button_alignment=\u00bbcenter\u00bb _builder_version=\u00bb4.9.2&#8243; custom_button=\u00bbon\u00bb button_text_color=\u00bb#FFFFFF\u00bb button_bg_color=\u00bb#007FE0&#8243; button_border_color=\u00bbRGBA(0,0,0,0)\u00bb button_icon_color=\u00bb#FFFFFF\u00bb global_colors_info=\u00bb{}\u00bb][\/et_pb_button][\/et_pb_column][et_pb_column type=\u00bb1_4&#8243; _builder_version=\u00bb4.4.9&#8243; global_colors_info=\u00bb{}\u00bb][et_pb_blurb title=\u00bb19.03.2021&#8243; url=\u00bb@ET-DC@eyJkeW5hbWljIjp0cnVlLCJjb250ZW50IjoicG9zdF9saW5rX3VybF9wb3N0Iiwic2V0dGluZ3MiOnsicG9zdF9pZCI6IjEzNDAzIn19@\u00bb url_new_window=\u00bbon\u00bb image=\u00bbhttps:\/\/sites.uclouvain.be\/lovele\/wp-content\/uploads\/2020\/08\/designecologist-hvgd0ygXuQQ-unsplash-1.jpg\u00bb _builder_version=\u00bb4.4.9&#8243; _dynamic_attributes=\u00bburl\u00bb header_level=\u00bbh3&#8243; header_font=\u00bbNunito||||||||\u00bb header_text_color=\u00bb#263954&#8243; header_font_size=\u00bb24px\u00bb header_line_height=\u00bb1.3em\u00bb body_font=\u00bb||||||||\u00bb body_font_size=\u00bb15px\u00bb body_line_height=\u00bb1.8em\u00bb min_height=\u00bb640px\u00bb animation=\u00bboff\u00bb global_colors_info=\u00bb{}\u00bb]<\/p>\n<h4 style=\"text-align: center;\"><span style=\"color: #333399;\"><span style=\"color: #e02b20; font-size: small;\">PLAZAS AGOTADAS<\/span><\/span><\/h4>\n<h4 style=\"text-align: justify;\"><span style=\"color: #333399; font-size: small;\">La integraci\u00f3n de la pronunciaci\u00f3n en nuestras clases<\/span><\/h4>\n<p><span style=\"color: #333399;\"><\/span><\/p>\n<p><span style=\"color: #333399;\"><\/span><\/p>\n<p><span style=\"color: #333399;\"><\/span><\/p>\n<p><span style=\"color: #333399;\"><\/span><\/p>\n<p><span style=\"color: #333399;\"><\/span><\/p>\n<p><span style=\"color: #333399;\"><\/span><\/p>\n<h3 class=\"entry-title\" style=\"text-align: center;\"><span><\/span><\/h3>\n<h3 class=\"entry-title\" style=\"text-align: center;\"><span><\/span><\/h3>\n<h3 class=\"entry-title\" style=\"text-align: center;\"><span>Antonio Orta Gracia<\/span><\/h3>\n<h5 class=\"entry-title\" style=\"text-align: center;\"><span color=\"#003300\">International House Sevilla<\/span><\/h5>\n<p><span color=\"#003300\"><\/span><\/p>\n<p><span color=\"#003300\"><\/span><\/p>\n<h6 class=\"entry-title\" style=\"text-align: center;\"><\/h6>\n<p>[\/et_pb_blurb][et_pb_button button_url=\u00bb@ET-DC@eyJkeW5hbWljIjp0cnVlLCJjb250ZW50IjoicG9zdF9saW5rX3VybF9wb3N0Iiwic2V0dGluZ3MiOnsicG9zdF9pZCI6IjEzNDAzIn19@\u00bb url_new_window=\u00bbon\u00bb button_text=\u00bbM\u00e1s informaci\u00f3n\u00bb button_alignment=\u00bbcenter\u00bb _builder_version=\u00bb4.4.9&#8243; _dynamic_attributes=\u00bbbutton_url\u00bb custom_button=\u00bbon\u00bb button_text_color=\u00bb#0d0da8&#8243; global_colors_info=\u00bb{}\u00bb][\/et_pb_button][et_pb_button button_url=\u00bbhttps:\/\/sites.uclouvain.be\/lovele\/taller-lovele-2021-la-integracion-de-la-pronunciacion-en-nuestras-clases-de-ele-a-orta-2\/\u00bb url_new_window=\u00bbon\u00bb button_text=\u00bbMaterial post-taller\u00bb button_alignment=\u00bbcenter\u00bb _builder_version=\u00bb4.9.2&#8243; custom_button=\u00bbon\u00bb button_text_color=\u00bb#FFFFFF\u00bb button_bg_color=\u00bb#007FE0&#8243; button_border_color=\u00bbRGBA(0,0,0,0)\u00bb button_icon_color=\u00bb#FFFFFF\u00bb custom_padding=\u00bb||3px|||\u00bb global_colors_info=\u00bb{}\u00bb][\/et_pb_button][\/et_pb_column][et_pb_column type=\u00bb1_4&#8243; _builder_version=\u00bb3.25&#8243; custom_padding=\u00bb|||\u00bb global_colors_info=\u00bb{}\u00bb custom_padding__hover=\u00bb|||\u00bb][et_pb_blurb title=\u00bb23.04.2021&#8243; url=\u00bbhttps:\/\/sites.uclouvain.be\/lovele\/?p=13443&#8243; image=\u00bbhttps:\/\/sites.uclouvain.be\/lovele\/wp-content\/uploads\/2020\/09\/hablar.jpg\u00bb _builder_version=\u00bb4.4.9&#8243; header_level=\u00bbh3&#8243; header_font=\u00bbNunito||||||||\u00bb header_text_color=\u00bb#263954&#8243; header_font_size=\u00bb24px\u00bb header_line_height=\u00bb1.3em\u00bb body_font=\u00bb||||||||\u00bb body_font_size=\u00bb15px\u00bb body_line_height=\u00bb1.8em\u00bb max_width=\u00bb100%\u00bb min_height=\u00bb653px\u00bb custom_padding=\u00bb|1px||||\u00bb animation=\u00bboff\u00bb border_radii_image=\u00bboff||||\u00bb global_colors_info=\u00bb{}\u00bb]<\/p>\n<h4 style=\"text-align: center;\"><span style=\"color: #333399;\"><span style=\"color: #e02b20; font-size: small;\">PLAZAS AGOTADAS<\/span><\/span><\/h4>\n<h4 style=\"text-align: justify;\"><span style=\"color: #333399; font-size: small;\">T\u00e9cnicas para despertar la conciencia ling\u00fc\u00edstica y empoderar la expresi\u00f3n oral del aprendiz de espa\u00f1ol<\/span><\/h4>\n<h2><span><\/span><\/h2>\n<h2 style=\"text-align: center;\"><span><\/span><\/h2>\n<p><span><\/span><\/p>\n<h2 style=\"text-align: center;\"><span><\/span><\/h2>\n<h2 style=\"text-align: center;\"><span><\/span><\/h2>\n<h3 style=\"text-align: center;\"><span>Javier Mu\u00f1oz-Basols<\/span><\/h3>\n<h4 style=\"text-align: center;\"><span color=\"#003300\">\u00a0University of Oxford<\/span><\/h4>\n<p><span><strong><\/strong><\/span><\/p>\n<h3 class=\"entry-title\" style=\"text-align: center;\"><span><\/span><\/h3>\n<h3 class=\"entry-title\" style=\"text-align: center;\"><span><\/span><\/h3>\n<h3 class=\"entry-title\" style=\"text-align: center;\"><span><\/span><\/h3>\n<h3 class=\"entry-title\" style=\"text-align: center;\"><span><\/span><\/h3>\n<p>[\/et_pb_blurb][et_pb_button button_url=\u00bb@ET-DC@eyJkeW5hbWljIjp0cnVlLCJjb250ZW50IjoicG9zdF9saW5rX3VybF9wb3N0Iiwic2V0dGluZ3MiOnsicG9zdF9pZCI6IjEzNDQzIn19@\u00bb url_new_window=\u00bbon\u00bb button_text=\u00bbM\u00e1s informaci\u00f3n\u00bb button_alignment=\u00bbcenter\u00bb _builder_version=\u00bb4.6.1&#8243; _dynamic_attributes=\u00bbbutton_url\u00bb custom_button=\u00bbon\u00bb button_text_color=\u00bb#0d0da8&#8243; custom_margin=\u00bb-8px|||||\u00bb global_colors_info=\u00bb{}\u00bb][\/et_pb_button][et_pb_button button_url=\u00bbhttps:\/\/docs.google.com\/forms\/d\/e\/1FAIpQLSeZLliPQilwFhpMprBRoKWxgIXPctWnjJfmK3KKlg1yA73YFw\/viewform\u00bb url_new_window=\u00bbon\u00bb button_text=\u00bbInscripci\u00f3n\u00bb button_alignment=\u00bbcenter\u00bb _builder_version=\u00bb4.6.1&#8243; custom_button=\u00bbon\u00bb button_text_color=\u00bb#0d0da8&#8243; global_colors_info=\u00bb{}\u00bb][\/et_pb_button][\/et_pb_column][et_pb_column type=\u00bb1_4&#8243; _builder_version=\u00bb3.25&#8243; custom_padding=\u00bb|||\u00bb global_colors_info=\u00bb{}\u00bb custom_padding__hover=\u00bb|||\u00bb][et_pb_blurb title=\u00bb25.06.2021&#8243; url=\u00bb@ET-DC@eyJkeW5hbWljIjp0cnVlLCJjb250ZW50IjoicG9zdF9saW5rX3VybF9wb3N0Iiwic2V0dGluZ3MiOnsicG9zdF9pZCI6IjEzMzczIn19@\u00bb url_new_window=\u00bbon\u00bb image=\u00bbhttps:\/\/sites.uclouvain.be\/lovele\/wp-content\/uploads\/2020\/09\/Image2.png\u00bb _builder_version=\u00bb4.9.4&#8243; _dynamic_attributes=\u00bburl\u00bb header_level=\u00bbh3&#8243; header_font=\u00bbNunito||||||||\u00bb header_text_color=\u00bb#263954&#8243; header_font_size=\u00bb24px\u00bb header_line_height=\u00bb1.3em\u00bb body_font=\u00bb||||||||\u00bb body_font_size=\u00bb15px\u00bb body_line_height=\u00bb1.8em\u00bb custom_padding=\u00bb||22px|||\u00bb animation=\u00bboff\u00bb global_colors_info=\u00bb{}\u00bb]<\/p>\n<h4 style=\"text-align: center;\"><span style=\"color: #333399;\"><span style=\"color: #e02b20; font-size: small;\">PLAZAS AGOTADAS<\/span><\/span><\/h4>\n<h4 style=\"text-align: justify;\"><span style=\"font-size: small;\"><span style=\"color: #333399;\"><strong>La evaluaci\u00f3n: migas de pan por el camino<\/strong><\/span>\u00a0<\/span><\/h4>\n<p><span><strong><\/strong><\/span><\/p>\n<p><span><strong><\/strong><\/span><\/p>\n<h3 style=\"text-align: center;\"><\/h3>\n<p>&nbsp;<\/p>\n<h3 class=\"entry-title\" style=\"text-align: center;\"><span>Encarna Atienza<\/span><\/h3>\n<h5 class=\"entry-title\" style=\"text-align: center;\"><span color=\"#003300\">Universitat Pompeu Fabr<\/span><span color=\"#003300\"><\/span><\/h5>\n<p><span color=\"#003300\"><\/span><\/p>\n<p><span color=\"#003300\"><\/span><\/p>\n<p><span color=\"#003300\"><\/span><\/p>\n<h5 style=\"text-align: center;\"><\/h5>\n<h6 class=\"entry-title\" style=\"text-align: center;\"><\/h6>\n<p>[\/et_pb_blurb][et_pb_button button_url=\u00bb@ET-DC@eyJkeW5hbWljIjp0cnVlLCJjb250ZW50IjoicG9zdF9saW5rX3VybF9wb3N0Iiwic2V0dGluZ3MiOnsicG9zdF9pZCI6IjEzMzczIn19@\u00bb url_new_window=\u00bbon\u00bb button_text=\u00bbM\u00e1s informaci\u00f3n\u00bb button_alignment=\u00bbcenter\u00bb _builder_version=\u00bb4.4.9&#8243; _dynamic_attributes=\u00bbbutton_url\u00bb custom_button=\u00bbon\u00bb button_text_color=\u00bb#0d0da8&#8243; global_colors_info=\u00bb{}\u00bb][\/et_pb_button][et_pb_button button_url=\u00bbhttps:\/\/forms.gle\/2wdoeXJxPuyJX5pr6&#8243; url_new_window=\u00bbon\u00bb button_text=\u00bbInscripci\u00f3n\u00bb button_alignment=\u00bbcenter\u00bb _builder_version=\u00bb4.4.9&#8243; custom_button=\u00bbon\u00bb button_text_color=\u00bb#0d0da8&#8243; global_colors_info=\u00bb{}\u00bb][\/et_pb_button][\/et_pb_column][\/et_pb_row][\/et_pb_section]<\/p>\n","protected":false},"excerpt":{"rendered":"<p>Talleres y talleristas \u00a0 &lt;div style=\u00bbwidth: 100%;\u00bb&gt;&lt;div style=\u00bbposition: relative; padding-bottom: 58.75%; padding-top: 0; height: 0;\u00bb&gt;&lt;iframe frameborder=\u00bb0&#8243; width=\u00bb1531.9148936170213px\u00bb height=\u00bb900px\u00bb style=\u00bbposition: absolute; top: 0; left: 0; width: 100%; height: 100%;\u00bb src=\u00bbhttps:\/\/view.genial.ly\/5f1bef4e2bae010cf05753d2&#8243; type=\u00bbtext\/html\u00bb allowscriptaccess=\u00bbalways\u00bb allowfullscreen=\u00bbtrue\u00bb scrolling=\u00bbyes\u00bb allownetworking=\u00bball\u00bb&gt;&lt;\/iframe&gt; &lt;\/div&gt; &lt;\/div Certificado universitario de did\u00e1ctica del espa\u00f1ol lengua extranjera PLAZAS AGOTADAS \u00bfC\u00f3mo entiende la psicolog\u00eda positiva la inteligencia? \u00bfQu\u00e9 implicaciones [&hellip;]<\/p>\n","protected":false},"author":13,"featured_media":0,"parent":0,"menu_order":0,"comment_status":"closed","ping_status":"closed","template":"","meta":{"_et_pb_use_builder":"on","_et_pb_old_content":"","_et_gb_content_width":"","footnotes":""},"class_list":["post-11973","page","type-page","status-publish","hentry"],"yoast_head":"<!-- This site is optimized with the Yoast SEO plugin v27.4 - https:\/\/yoast.com\/product\/yoast-seo-wordpress\/ -->\n<title>Talleres 2021 - LovELE<\/title>\n<meta name=\"robots\" content=\"index, follow, max-snippet:-1, max-image-preview:large, max-video-preview:-1\" \/>\n<link rel=\"canonical\" href=\"https:\/\/sites.uclouvain.be\/lovele\/talleres-2021\/\" \/>\n<meta property=\"og:locale\" content=\"es_ES\" \/>\n<meta property=\"og:type\" content=\"article\" \/>\n<meta property=\"og:title\" content=\"Talleres 2021 - LovELE\" \/>\n<meta property=\"og:description\" content=\"Talleres y talleristas \u00a0 &lt;div style=&quot;width: 100%;&quot;&gt;&lt;div style=&quot;position: relative; padding-bottom: 58.75%; padding-top: 0; height: 0;&quot;&gt;&lt;iframe frameborder=&quot;0&quot; width=&quot;1531.9148936170213px&quot; height=&quot;900px&quot; style=&quot;position: absolute; top: 0; left: 0; width: 100%; height: 100%;&quot; src=&quot;https:\/\/view.genial.ly\/5f1bef4e2bae010cf05753d2&quot; type=&quot;text\/html&quot; allowscriptaccess=&quot;always&quot; allowfullscreen=&quot;true&quot; scrolling=&quot;yes&quot; allownetworking=&quot;all&quot;&gt;&lt;\/iframe&gt; &lt;\/div&gt; &lt;\/div Certificado universitario de did\u00e1ctica del espa\u00f1ol lengua extranjera PLAZAS AGOTADAS \u00bfC\u00f3mo entiende la psicolog\u00eda positiva la inteligencia? \u00bfQu\u00e9 implicaciones [&hellip;]\" \/>\n<meta property=\"og:url\" content=\"https:\/\/sites.uclouvain.be\/lovele\/talleres-2021\/\" \/>\n<meta property=\"og:site_name\" content=\"LovELE\" \/>\n<meta property=\"article:publisher\" content=\"https:\/\/www.facebook.com\/Loveleucl\/\" \/>\n<meta property=\"article:modified_time\" content=\"2021-10-16T21:27:28+00:00\" \/>\n<meta name=\"twitter:card\" content=\"summary_large_image\" \/>\n<meta name=\"twitter:site\" content=\"@lovele_ucl\" \/>\n<meta name=\"twitter:label1\" content=\"Tiempo de lectura\" \/>\n\t<meta name=\"twitter:data1\" content=\"8 minutos\" \/>\n<script type=\"application\/ld+json\" class=\"yoast-schema-graph\">{\"@context\":\"https:\\\/\\\/schema.org\",\"@graph\":[{\"@type\":\"WebPage\",\"@id\":\"https:\\\/\\\/sites.uclouvain.be\\\/lovele\\\/talleres-2021\\\/\",\"url\":\"https:\\\/\\\/sites.uclouvain.be\\\/lovele\\\/talleres-2021\\\/\",\"name\":\"Talleres 2021 - LovELE\",\"isPartOf\":{\"@id\":\"https:\\\/\\\/sites.uclouvain.be\\\/lovele\\\/#website\"},\"datePublished\":\"2020-08-03T16:41:14+00:00\",\"dateModified\":\"2021-10-16T21:27:28+00:00\",\"breadcrumb\":{\"@id\":\"https:\\\/\\\/sites.uclouvain.be\\\/lovele\\\/talleres-2021\\\/#breadcrumb\"},\"inLanguage\":\"es\",\"potentialAction\":[{\"@type\":\"ReadAction\",\"target\":[\"https:\\\/\\\/sites.uclouvain.be\\\/lovele\\\/talleres-2021\\\/\"]}]},{\"@type\":\"BreadcrumbList\",\"@id\":\"https:\\\/\\\/sites.uclouvain.be\\\/lovele\\\/talleres-2021\\\/#breadcrumb\",\"itemListElement\":[{\"@type\":\"ListItem\",\"position\":1,\"name\":\"Portada\",\"item\":\"https:\\\/\\\/sites.uclouvain.be\\\/lovele\\\/\"},{\"@type\":\"ListItem\",\"position\":2,\"name\":\"Talleres 2021\"}]},{\"@type\":\"WebSite\",\"@id\":\"https:\\\/\\\/sites.uclouvain.be\\\/lovele\\\/#website\",\"url\":\"https:\\\/\\\/sites.uclouvain.be\\\/lovele\\\/\",\"name\":\"LovELE\",\"description\":\"Ense\u00f1anza y el aprendizaje del espa\u00f1ol como lengua extranjera (ELE)\",\"publisher\":{\"@id\":\"https:\\\/\\\/sites.uclouvain.be\\\/lovele\\\/#organization\"},\"potentialAction\":[{\"@type\":\"SearchAction\",\"target\":{\"@type\":\"EntryPoint\",\"urlTemplate\":\"https:\\\/\\\/sites.uclouvain.be\\\/lovele\\\/?s={search_term_string}\"},\"query-input\":{\"@type\":\"PropertyValueSpecification\",\"valueRequired\":true,\"valueName\":\"search_term_string\"}}],\"inLanguage\":\"es\"},{\"@type\":\"Organization\",\"@id\":\"https:\\\/\\\/sites.uclouvain.be\\\/lovele\\\/#organization\",\"name\":\"LovELE\",\"url\":\"https:\\\/\\\/sites.uclouvain.be\\\/lovele\\\/\",\"logo\":{\"@type\":\"ImageObject\",\"inLanguage\":\"es\",\"@id\":\"https:\\\/\\\/sites.uclouvain.be\\\/lovele\\\/#\\\/schema\\\/logo\\\/image\\\/\",\"url\":\"\",\"contentUrl\":\"\",\"caption\":\"LovELE\"},\"image\":{\"@id\":\"https:\\\/\\\/sites.uclouvain.be\\\/lovele\\\/#\\\/schema\\\/logo\\\/image\\\/\"},\"sameAs\":[\"https:\\\/\\\/www.facebook.com\\\/Loveleucl\\\/\",\"https:\\\/\\\/x.com\\\/lovele_ucl\",\"https:\\\/\\\/www.instagram.com\\\/lovele_ucl\\\/\",\"https:\\\/\\\/www.youtube.com\\\/channel\\\/UCz5iDZlU09JIL3uuOngurFA\"]}]}<\/script>\n<!-- \/ Yoast SEO plugin. -->","yoast_head_json":{"title":"Talleres 2021 - LovELE","robots":{"index":"index","follow":"follow","max-snippet":"max-snippet:-1","max-image-preview":"max-image-preview:large","max-video-preview":"max-video-preview:-1"},"canonical":"https:\/\/sites.uclouvain.be\/lovele\/talleres-2021\/","og_locale":"es_ES","og_type":"article","og_title":"Talleres 2021 - LovELE","og_description":"Talleres y talleristas \u00a0 &lt;div style=\"width: 100%;\"&gt;&lt;div style=\"position: relative; padding-bottom: 58.75%; padding-top: 0; height: 0;\"&gt;&lt;iframe frameborder=\"0\" width=\"1531.9148936170213px\" height=\"900px\" style=\"position: absolute; top: 0; left: 0; width: 100%; height: 100%;\" src=\"https:\/\/view.genial.ly\/5f1bef4e2bae010cf05753d2\" type=\"text\/html\" allowscriptaccess=\"always\" allowfullscreen=\"true\" scrolling=\"yes\" allownetworking=\"all\"&gt;&lt;\/iframe&gt; &lt;\/div&gt; &lt;\/div Certificado universitario de did\u00e1ctica del espa\u00f1ol lengua extranjera PLAZAS AGOTADAS \u00bfC\u00f3mo entiende la psicolog\u00eda positiva la inteligencia? \u00bfQu\u00e9 implicaciones [&hellip;]","og_url":"https:\/\/sites.uclouvain.be\/lovele\/talleres-2021\/","og_site_name":"LovELE","article_publisher":"https:\/\/www.facebook.com\/Loveleucl\/","article_modified_time":"2021-10-16T21:27:28+00:00","twitter_card":"summary_large_image","twitter_site":"@lovele_ucl","twitter_misc":{"Tiempo de lectura":"8 minutos"},"schema":{"@context":"https:\/\/schema.org","@graph":[{"@type":"WebPage","@id":"https:\/\/sites.uclouvain.be\/lovele\/talleres-2021\/","url":"https:\/\/sites.uclouvain.be\/lovele\/talleres-2021\/","name":"Talleres 2021 - LovELE","isPartOf":{"@id":"https:\/\/sites.uclouvain.be\/lovele\/#website"},"datePublished":"2020-08-03T16:41:14+00:00","dateModified":"2021-10-16T21:27:28+00:00","breadcrumb":{"@id":"https:\/\/sites.uclouvain.be\/lovele\/talleres-2021\/#breadcrumb"},"inLanguage":"es","potentialAction":[{"@type":"ReadAction","target":["https:\/\/sites.uclouvain.be\/lovele\/talleres-2021\/"]}]},{"@type":"BreadcrumbList","@id":"https:\/\/sites.uclouvain.be\/lovele\/talleres-2021\/#breadcrumb","itemListElement":[{"@type":"ListItem","position":1,"name":"Portada","item":"https:\/\/sites.uclouvain.be\/lovele\/"},{"@type":"ListItem","position":2,"name":"Talleres 2021"}]},{"@type":"WebSite","@id":"https:\/\/sites.uclouvain.be\/lovele\/#website","url":"https:\/\/sites.uclouvain.be\/lovele\/","name":"LovELE","description":"Ense\u00f1anza y el aprendizaje del espa\u00f1ol como lengua extranjera (ELE)","publisher":{"@id":"https:\/\/sites.uclouvain.be\/lovele\/#organization"},"potentialAction":[{"@type":"SearchAction","target":{"@type":"EntryPoint","urlTemplate":"https:\/\/sites.uclouvain.be\/lovele\/?s={search_term_string}"},"query-input":{"@type":"PropertyValueSpecification","valueRequired":true,"valueName":"search_term_string"}}],"inLanguage":"es"},{"@type":"Organization","@id":"https:\/\/sites.uclouvain.be\/lovele\/#organization","name":"LovELE","url":"https:\/\/sites.uclouvain.be\/lovele\/","logo":{"@type":"ImageObject","inLanguage":"es","@id":"https:\/\/sites.uclouvain.be\/lovele\/#\/schema\/logo\/image\/","url":"","contentUrl":"","caption":"LovELE"},"image":{"@id":"https:\/\/sites.uclouvain.be\/lovele\/#\/schema\/logo\/image\/"},"sameAs":["https:\/\/www.facebook.com\/Loveleucl\/","https:\/\/x.com\/lovele_ucl","https:\/\/www.instagram.com\/lovele_ucl\/","https:\/\/www.youtube.com\/channel\/UCz5iDZlU09JIL3uuOngurFA"]}]}},"_links":{"self":[{"href":"https:\/\/sites.uclouvain.be\/lovele\/wp-json\/wp\/v2\/pages\/11973","targetHints":{"allow":["GET"]}}],"collection":[{"href":"https:\/\/sites.uclouvain.be\/lovele\/wp-json\/wp\/v2\/pages"}],"about":[{"href":"https:\/\/sites.uclouvain.be\/lovele\/wp-json\/wp\/v2\/types\/page"}],"author":[{"embeddable":true,"href":"https:\/\/sites.uclouvain.be\/lovele\/wp-json\/wp\/v2\/users\/13"}],"replies":[{"embeddable":true,"href":"https:\/\/sites.uclouvain.be\/lovele\/wp-json\/wp\/v2\/comments?post=11973"}],"version-history":[{"count":5,"href":"https:\/\/sites.uclouvain.be\/lovele\/wp-json\/wp\/v2\/pages\/11973\/revisions"}],"predecessor-version":[{"id":23553,"href":"https:\/\/sites.uclouvain.be\/lovele\/wp-json\/wp\/v2\/pages\/11973\/revisions\/23553"}],"wp:attachment":[{"href":"https:\/\/sites.uclouvain.be\/lovele\/wp-json\/wp\/v2\/media?parent=11973"}],"curies":[{"name":"wp","href":"https:\/\/api.w.org\/{rel}","templated":true}]}}