{"id":753,"date":"2019-09-10T20:33:45","date_gmt":"2019-09-10T18:33:45","guid":{"rendered":"https:\/\/sites.uclouvain.be\/chairealtissia\/?page_id=753"},"modified":"2020-02-05T11:02:47","modified_gmt":"2020-02-05T10:02:47","slug":"evenements","status":"publish","type":"page","link":"https:\/\/sites.uclouvain.be\/chairealtissia\/evenements\/","title":{"rendered":"\u00c9v\u00e9nements"},"content":{"rendered":"\n<p class=\"wp-block-paragraph\"><em>le 6 f\u00e9vrier, 2020 &#8211; hall du Coll\u00e8ge Erasme<\/em><\/p>\n\n\n\n<h2 class=\"wp-block-heading\"><strong>Labo: Le Num\u00e9rique &#8211; Ouverture<\/strong><\/h2>\n\n\n\n<h2 class=\"wp-block-heading\"><img fetchpriority=\"high\" decoding=\"async\" width=\"700\" height=\"991\" class=\"wp-image-3463\" style=\"width: 700px;\" src=\"https:\/\/sites.uclouvain.be\/chairealtissia\/wp-content\/uploads\/2020\/02\/LLN-poster.jpg\" alt=\"\" srcset=\"https:\/\/sites.uclouvain.be\/chairealtissia\/wp-content\/uploads\/2020\/02\/LLN-poster.jpg 1239w, https:\/\/sites.uclouvain.be\/chairealtissia\/wp-content\/uploads\/2020\/02\/LLN-poster-212x300.jpg 212w, https:\/\/sites.uclouvain.be\/chairealtissia\/wp-content\/uploads\/2020\/02\/LLN-poster-723x1024.jpg 723w, https:\/\/sites.uclouvain.be\/chairealtissia\/wp-content\/uploads\/2020\/02\/LLN-poster-768x1087.jpg 768w, https:\/\/sites.uclouvain.be\/chairealtissia\/wp-content\/uploads\/2020\/02\/LLN-poster-1085x1536.jpg 1085w\" sizes=\"(max-width: 700px) 100vw, 700px\" \/><\/h2>\n\n\n\n<p class=\"wp-block-paragraph\">\nNous\n vivons \u00e0 l&rsquo;\u00e8re num\u00e9rique et tout est fa\u00e7onn\u00e9 par le num\u00e9rique. Cet \naspect est indispensable \u00e0 notre recherche, \u00e0 notre \u00e9ducation et \u00e0 la \nvie contemporaine\nen g\u00e9n\u00e9ral : il fait partie de tout et il engloutit tout. Le Digital Lab\n \/ LLN (Labo: Le Num\u00e9rique) est l\u2019endroit parfait pour exp\u00e9rimenter, \napprendre, \u00e9changer des id\u00e9es, travailler et s\u2019amuser avec le num\u00e9rique,\n tout d\u2019un coup.&nbsp;<\/p>\n\n\n\n<p class=\"wp-block-paragraph\">\nAvez-vous\n un projet de recherche ou un travail de cours impliquant un aspect \nnum\u00e9rique pour lequel vous ne pouvez pas trouver la solution ad\u00e9quate ? \nNous\nvous invitons au Digital Lab \/ LLN pour voir quelles id\u00e9es nous avons.&nbsp;<\/p>\n\n\n\n<p class=\"wp-block-paragraph\">\nVenez\n nous rejoindre ce jeudi, le 6 f\u00e9vrier, \u00e0 15h00, dans le hall du Coll\u00e8ge\n Erasme pour l\u2019ouverture officielle du Digital Lab \/ LLN.&nbsp;De la pizza \nvous sera\nofferte !<\/p>\n\n\n\n<p class=\"wp-block-paragraph\"> L&rsquo;\u00e9quipe de la Chaire Altissia<br><strong>Opening of the Digital Lab<\/strong><\/p>\n\n\n\n<p class=\"wp-block-paragraph\">\nWe\n live in the digital age and everything is informed by the digital. The \ndigital\nis indispensable to our research, education, and lives in general: it is\n a part of everything and it engulfs everything. The Digital Lab \/ LLN \n(Labo: Le Numerique) will be a place to experiment, learn, exchange \nideas, work, and have fun with the digital.&nbsp;<\/p>\n\n\n\n<p class=\"wp-block-paragraph\">\nYou\n have a research project or class assignment involving the digital that \nyou can\u2019t figure out? You will want to stop by the Digital Lab \/ LLN to \npick our brains.&nbsp;<\/p>\n\n\n\n<p class=\"wp-block-paragraph\">\nCome join us this Thursday 3 pm in the lobby of College Erasme for the official opening of the Digital Lab \/ LLN.&nbsp;<\/p>\n\n\n\n<p class=\"wp-block-paragraph\">\nFree Pizza!<\/p>\n\n\n\n<p class=\"wp-block-paragraph\"> Altissia Chair\u2019s Team<\/p>\n\n\n\n<p class=\"wp-block-paragraph\">&#8212;&#8212;&#8212;&#8212;&#8212;&#8212;&#8211;<\/p>\n\n\n\n<p class=\"wp-block-paragraph\"><em>November 25, 2019 <\/em>&#8211; <em>Aula Magna, Foyer Royal<\/em><\/p>\n\n\n\n<h2 class=\"wp-block-heading\"><strong>INAUGURATION OF THE ALTISSIA CHAIR<\/strong> <strong>IN DIGITAL CULTURES AND ETHICS<\/strong><\/h2>\n\n\n\n<p class=\"wp-block-paragraph\"><strong>Keynote speakers:<\/strong><\/p>\n\n\n<p><img decoding=\"async\" class=\" wp-image-1913 aligncenter\" src=\"https:\/\/sites.uclouvain.be\/chairealtissia\/wp-content\/uploads\/2019\/10\/Antoinette-Rouvroy-300x225.jpg\" alt=\"\" width=\"401\" height=\"300\" srcset=\"https:\/\/sites.uclouvain.be\/chairealtissia\/wp-content\/uploads\/2019\/10\/Antoinette-Rouvroy-300x225.jpg 300w, https:\/\/sites.uclouvain.be\/chairealtissia\/wp-content\/uploads\/2019\/10\/Antoinette-Rouvroy.jpg 615w\" sizes=\"(max-width: 401px) 100vw, 401px\" \/><\/p>\n<p><strong data-rich-text-format-boundary=\"true\">Antoinette Rouvroy <\/strong>&#8211; Uni\u00adver\u00adsi\u00adty of Na\u00admur, Bel\u00adgi\u00adum<\/p>\n<p>Re\u00adse\u00adarch as\u00adso\u00adcia\u00adte at the Bel\u00adgi\u00adan Na\u00adtio\u00adnal Fund for Sci\u00aden\u00adti\u00adfic Re\u00adse\u00adarch (FNRS) and se\u00adni\u00ador re\u00adse\u00adar\u00adcher at the Re\u00adse\u00adarch Cent\u00adre In\u00adfor\u00adma\u00adti\u00adon, Law and So\u00adcie\u00adty<\/p>\n\n\n<p class=\"wp-block-paragraph\"><\/p>\n\n\n<p><img decoding=\"async\" class=\" wp-image-1883 aligncenter\" src=\"https:\/\/sites.uclouvain.be\/chairealtissia\/wp-content\/uploads\/2019\/10\/Siemens-300x197.jpg\" alt=\"\" width=\"405\" height=\"266\" srcset=\"https:\/\/sites.uclouvain.be\/chairealtissia\/wp-content\/uploads\/2019\/10\/Siemens-300x197.jpg 300w, https:\/\/sites.uclouvain.be\/chairealtissia\/wp-content\/uploads\/2019\/10\/Siemens.jpg 360w\" sizes=\"(max-width: 405px) 100vw, 405px\" \/><\/p>\n<p><strong data-rich-text-format-boundary=\"true\">Ray Siemens<\/strong> &#8211;&nbsp;University of Victoria, Canada<\/p>\n<p>Distinguished Professor of English, and Canada Research Chair in Humanities Computing (2004-2015), founder and director of the <a href=\"https:\/\/dhsi.org\/\">Digital Humanities Summer Institute (DHSI)<\/a>.<\/p>\n\n\n<p class=\"has-text-align-center wp-block-paragraph\">***<\/p>\n\n\n\n<p class=\"wp-block-paragraph\"><strong>PROGRAM<\/strong><\/p>\n\n\n\n<p class=\"wp-block-paragraph\">1:50 PM  Welcome remarks: <strong>C\u00e9drick Fairon<\/strong>, Dean of FIAL <\/p>\n\n\n\n<p class=\"wp-block-paragraph\">2:00 PM Welcome remarks: <strong>Marco Cavalieri<\/strong>, President of INCAL<\/p>\n\n\n\n<p class=\"wp-block-paragraph\">2:15 PM Keynote Lecture 1: <strong>Antoinette Rouvroy<\/strong>: <strong>\u00ab\u00a0La gouvernementalit\u00e9 algorithmique: une symptomatologie du contemporain\u00a0\u00bb<\/strong><\/p>\n\n\n\n<p class=\"wp-block-paragraph\">3:00 PM Round table: <strong> \u00ab\u00a0DH in Benelux and Beyond\u00a0\u00bb <\/strong><\/p>\n\n\n\n<p class=\"wp-block-paragraph\"><em>4:00 PM Coffee Break<\/em><\/p>\n\n\n\n<p class=\"wp-block-paragraph\">4:15 PM  Keynote Lecture 2: <strong>Ray Siemens<\/strong>: <strong>\u201cThe Digital Humanities and Open, Social Scholarship\u201d<\/strong><\/p>\n\n\n\n<p class=\"wp-block-paragraph\">5:00 PM Altissia Chair Lecture: <strong>Chris Tanasescu<\/strong>: <strong>\u201cDH@UCL Networks of Networks\u201d<\/strong><\/p>\n\n\n\n<p class=\"wp-block-paragraph\">5:25 PM Concluding remarks: <strong>Nicholas-Louis Bo\u00ebl<\/strong> (CEO &#8211; Altissia)<\/p>\n\n\n\n<p class=\"wp-block-paragraph\">5:30 PM Cocktail party (Louvain House, Lounge)<\/p>\n","protected":false},"excerpt":{"rendered":"<p>le 6 f\u00e9vrier, 2020 &#8211; hall du Coll\u00e8ge Erasme Labo: Le Num\u00e9rique &#8211; Ouverture Nous vivons \u00e0 l&rsquo;\u00e8re num\u00e9rique et tout est fa\u00e7onn\u00e9 par le num\u00e9rique. Cet aspect est indispensable \u00e0 notre recherche, \u00e0 notre \u00e9ducation et \u00e0 la vie contemporaine en g\u00e9n\u00e9ral : il fait partie de tout et il engloutit tout. Le Digital [&hellip;]<\/p>\n","protected":false},"author":13,"featured_media":0,"parent":0,"menu_order":0,"comment_status":"closed","ping_status":"open","template":"","meta":{"site-sidebar-layout":"default","site-content-layout":"","ast-site-content-layout":"default","site-content-style":"default","site-sidebar-style":"default","ast-global-header-display":"","ast-banner-title-visibility":"","ast-main-header-display":"","ast-hfb-above-header-display":"","ast-hfb-below-header-display":"","ast-hfb-mobile-header-display":"","site-post-title":"","ast-breadcrumbs-content":"","ast-featured-img":"","footer-sml-layout":"","ast-disable-related-posts":"","theme-transparent-header-meta":"","adv-header-id-meta":"","stick-header-meta":"","header-above-stick-meta":"","header-main-stick-meta":"","header-below-stick-meta":"","astra-migrate-meta-layouts":"default","ast-page-background-enabled":"default","ast-page-background-meta":{"desktop":{"background-color":"var(--ast-global-color-4)","background-image":"","background-repeat":"repeat","background-position":"center center","background-size":"auto","background-attachment":"scroll","background-type":"","background-media":"","overlay-type":"","overlay-color":"","overlay-opacity":"","overlay-gradient":""},"tablet":{"background-color":"","background-image":"","background-repeat":"repeat","background-position":"center center","background-size":"auto","background-attachment":"scroll","background-type":"","background-media":"","overlay-type":"","overlay-color":"","overlay-opacity":"","overlay-gradient":""},"mobile":{"background-color":"","background-image":"","background-repeat":"repeat","background-position":"center center","background-size":"auto","background-attachment":"scroll","background-type":"","background-media":"","overlay-type":"","overlay-color":"","overlay-opacity":"","overlay-gradient":""}},"ast-content-background-meta":{"desktop":{"background-color":"var(--ast-global-color-5)","background-image":"","background-repeat":"repeat","background-position":"center center","background-size":"auto","background-attachment":"scroll","background-type":"","background-media":"","overlay-type":"","overlay-color":"","overlay-opacity":"","overlay-gradient":""},"tablet":{"background-color":"var(--ast-global-color-5)","background-image":"","background-repeat":"repeat","background-position":"center center","background-size":"auto","background-attachment":"scroll","background-type":"","background-media":"","overlay-type":"","overlay-color":"","overlay-opacity":"","overlay-gradient":""},"mobile":{"background-color":"var(--ast-global-color-5)","background-image":"","background-repeat":"repeat","background-position":"center center","background-size":"auto","background-attachment":"scroll","background-type":"","background-media":"","overlay-type":"","overlay-color":"","overlay-opacity":"","overlay-gradient":""}},"footnotes":""},"class_list":["post-753","page","type-page","status-publish","hentry"],"_links":{"self":[{"href":"https:\/\/sites.uclouvain.be\/chairealtissia\/wp-json\/wp\/v2\/pages\/753","targetHints":{"allow":["GET"]}}],"collection":[{"href":"https:\/\/sites.uclouvain.be\/chairealtissia\/wp-json\/wp\/v2\/pages"}],"about":[{"href":"https:\/\/sites.uclouvain.be\/chairealtissia\/wp-json\/wp\/v2\/types\/page"}],"author":[{"embeddable":true,"href":"https:\/\/sites.uclouvain.be\/chairealtissia\/wp-json\/wp\/v2\/users\/13"}],"replies":[{"embeddable":true,"href":"https:\/\/sites.uclouvain.be\/chairealtissia\/wp-json\/wp\/v2\/comments?post=753"}],"version-history":[{"count":5,"href":"https:\/\/sites.uclouvain.be\/chairealtissia\/wp-json\/wp\/v2\/pages\/753\/revisions"}],"predecessor-version":[{"id":3553,"href":"https:\/\/sites.uclouvain.be\/chairealtissia\/wp-json\/wp\/v2\/pages\/753\/revisions\/3553"}],"wp:attachment":[{"href":"https:\/\/sites.uclouvain.be\/chairealtissia\/wp-json\/wp\/v2\/media?parent=753"}],"curies":[{"name":"wp","href":"https:\/\/api.w.org\/{rel}","templated":true}]}}