{"id":38083,"date":"2022-06-09T11:18:49","date_gmt":"2022-06-09T09:18:49","guid":{"rendered":"https:\/\/sites.uclouvain.be\/bkl-cbl\/?page_id=38083"},"modified":"2022-10-27T15:05:00","modified_gmt":"2022-10-27T13:05:00","slug":"journee-linguistique-2022","status":"publish","type":"page","link":"https:\/\/sites.uclouvain.be\/bkl-cbl\/fr\/congres\/journee-linguistique\/journee-linguistique-2022\/","title":{"rendered":"Journ\u00e9e linguistique 2022"},"content":{"rendered":"\n<p><strong>Vendredi 21 octobre 2022, Universit\u00e9 de Li\u00e8ge \u2013 <strong>B\u00e2timent L5<\/strong><\/strong> (<strong>Rue de Pitteurs, 18)<\/strong><\/p>\n\n\n\n<p class=\"has-text-align-center\"><strong><a rel=\"noreferrer noopener\" href=\"https:\/\/sites.uclouvain.be\/bkl-cbl\/?smd_process_download=1&amp;download_id=38243\" target=\"_blank\">Programme<\/a> | <a rel=\"noreferrer noopener\" href=\"https:\/\/sites.uclouvain.be\/bkl-cbl\/?smd_process_download=1&amp;download_id=38353\" target=\"_blank\">Book of abstracts<\/a><\/strong><\/p>\n\n\n\n<p>Merci \u00e0 tous ceux qui ont particip\u00e9 \u00e0 la Linguists\u2019 Day 2022, le&nbsp;vendredi&nbsp;21 octobre&nbsp;!<\/p>\n\n\n\n<p>Merci \u00e0 l\u2019\u00e9quipe li\u00e9geoise en charge de l\u2019organisation\u00a0!<\/p>\n\n\n\n<center><figure class=\"wp-block-image size-full is-resized is-style-rounded\"><img decoding=\"async\" src=\"https:\/\/sites.uclouvain.be\/bkl-cbl\/wp-content\/uploads\/2022\/10\/IMG-20221021-WA0000-edited.jpg\" alt=\"\" class=\"wp-image-38943\" width=\"60%\" srcset=\"https:\/\/sites.uclouvain.be\/bkl-cbl\/wp-content\/uploads\/2022\/10\/IMG-20221021-WA0000-edited.jpg 769w, https:\/\/sites.uclouvain.be\/bkl-cbl\/wp-content\/uploads\/2022\/10\/IMG-20221021-WA0000-edited-300x300.jpg 300w, https:\/\/sites.uclouvain.be\/bkl-cbl\/wp-content\/uploads\/2022\/10\/IMG-20221021-WA0000-edited-150x150.jpg 150w\" sizes=\"(max-width: 769px) 100vw, 769px\" \/><\/figure><\/center>\n\n\n\n<p>Cette Journ\u00e9e de linguistique a \u00e9t\u00e9 l\u2019occasion d\u2019entendre de nombreuses communications de jeunes et de moins jeunes chercheurs, toutes de tr\u00e8s haut niveau. Parmi le grand nombre de candidats excellents au <strong>prix du CBL-BKL<\/strong> cette ann\u00e9e, le jury a d\u00fb faire des choix difficiles pour attribuer le prix ex-aequo \u00e0<\/p>\n\n\n\n<p><strong>J\u00e9r\u00e9my Genette (UAntwerp)<\/strong>, \u201cWhere to measure within vowels? Comparison and evaluation of acoustic techniques for the selection of measurement points\u201d<\/p>\n\n\n\n<p>et<\/p>\n\n\n\n<p><strong>Joren Somers (UGent)<\/strong>,&nbsp;\u201cWord order distributions within alternating Dat-Nom \/ Nom-Dat constructions in German and Icelandic\u201d<\/p>\n\n\n\n<p><\/p>\n\n\n\n<p>F\u00e9licitations aux gagnants !<\/p>\n\n\n\n<p><\/p>\n\n\n\n<p class=\"has-text-align-left\"><strong>Organisateurs :<\/strong><br>Marie Steffens<br>Nicolas Mazziotta<br>Esther Baiwir<br>Julien Perrez<br>Laurent Rasier<br>An Van Linden<br>St\u00e9phane Polis<br>Dominique Longr\u00e9e<br>L\u00e9onore Dubru<br>Nicolas Gregov<\/p>\n","protected":false},"excerpt":{"rendered":"<p>Vendredi 21 octobre 2022, Universit\u00e9 de Li\u00e8ge \u2013 B\u00e2timent L5 (Rue de Pitteurs, 18) Programme | Book of abstracts Merci \u00e0 tous ceux qui ont &hellip; <a title=\"Journ\u00e9e linguistique 2022\" class=\"bnm-read-more\" href=\"https:\/\/sites.uclouvain.be\/bkl-cbl\/fr\/congres\/journee-linguistique\/journee-linguistique-2022\/\"><span class=\"screen-reader-text\">Journ\u00e9e linguistique 2022<\/span>Read more<\/a><\/p>\n","protected":false},"author":53,"featured_media":0,"parent":443,"menu_order":0,"comment_status":"closed","ping_status":"closed","template":"","meta":{"footnotes":""},"class_list":["post-38083","page","type-page","status-publish","hentry","bnm-entry"],"_links":{"self":[{"href":"https:\/\/sites.uclouvain.be\/bkl-cbl\/wp-json\/wp\/v2\/pages\/38083","targetHints":{"allow":["GET"]}}],"collection":[{"href":"https:\/\/sites.uclouvain.be\/bkl-cbl\/wp-json\/wp\/v2\/pages"}],"about":[{"href":"https:\/\/sites.uclouvain.be\/bkl-cbl\/wp-json\/wp\/v2\/types\/page"}],"author":[{"embeddable":true,"href":"https:\/\/sites.uclouvain.be\/bkl-cbl\/wp-json\/wp\/v2\/users\/53"}],"replies":[{"embeddable":true,"href":"https:\/\/sites.uclouvain.be\/bkl-cbl\/wp-json\/wp\/v2\/comments?post=38083"}],"version-history":[{"count":5,"href":"https:\/\/sites.uclouvain.be\/bkl-cbl\/wp-json\/wp\/v2\/pages\/38083\/revisions"}],"predecessor-version":[{"id":39023,"href":"https:\/\/sites.uclouvain.be\/bkl-cbl\/wp-json\/wp\/v2\/pages\/38083\/revisions\/39023"}],"up":[{"embeddable":true,"href":"https:\/\/sites.uclouvain.be\/bkl-cbl\/wp-json\/wp\/v2\/pages\/443"}],"wp:attachment":[{"href":"https:\/\/sites.uclouvain.be\/bkl-cbl\/wp-json\/wp\/v2\/media?parent=38083"}],"curies":[{"name":"wp","href":"https:\/\/api.w.org\/{rel}","templated":true}]}}