{"id":663,"date":"2021-05-13T15:06:39","date_gmt":"2021-05-13T13:06:39","guid":{"rendered":"https:\/\/sites.uclouvain.be\/DCP_Tusele\/?page_id=663"},"modified":"2023-05-27T14:11:23","modified_gmt":"2023-05-27T12:11:23","slug":"asociados-y-colaboradores","status":"publish","type":"page","link":"https:\/\/sites.uclouvain.be\/DCP_Tusele\/asociados-y-colaboradores\/","title":{"rendered":"Asociados y colaboradores"},"content":{"rendered":"<p>[et_pb_section fb_built=\u00a0\u00bb1&Prime; admin_label=\u00a0\u00bbHero\u00a0\u00bb _builder_version=\u00a0\u00bb4.16&Prime; custom_padding=\u00a0\u00bb0|0px|0px|0px|false|false\u00a0\u00bb bottom_divider_height=\u00a0\u00bb0px\u00a0\u00bb border_width_bottom=\u00a0\u00bb1px\u00a0\u00bb border_color_bottom=\u00a0\u00bb#efefef\u00a0\u00bb global_colors_info=\u00a0\u00bb{}\u00a0\u00bb][et_pb_row column_structure=\u00a0\u00bb1_2,1_2&Prime; _builder_version=\u00a0\u00bb4.16&Prime; width=\u00a0\u00bb100%\u00a0\u00bb max_width=\u00a0\u00bb100%\u00a0\u00bb custom_margin=\u00a0\u00bb|auto|-6px|auto||\u00a0\u00bb custom_margin_tablet=\u00a0\u00bb||0px|\u00a0\u00bb custom_margin_phone=\u00a0\u00bb\u00a0\u00bb custom_margin_last_edited=\u00a0\u00bbon|desktop\u00a0\u00bb custom_padding=\u00a0\u00bb0|0px|27px|0px|false|false\u00a0\u00bb use_custom_width=\u00a0\u00bbon\u00a0\u00bb width_unit=\u00a0\u00bboff\u00a0\u00bb custom_width_percent=\u00a0\u00bb100%\u00a0\u00bb global_colors_info=\u00a0\u00bb{}\u00a0\u00bb][et_pb_column type=\u00a0\u00bb1_2&Prime; _builder_version=\u00a0\u00bb4.16&Prime; custom_padding=\u00a0\u00bb6%||6%|12%\u00a0\u00bb custom_padding_tablet=\u00a0\u00bb50px|50px|50px|50px\u00a0\u00bb custom_padding_phone=\u00a0\u00bb\u00a0\u00bb custom_padding_last_edited=\u00a0\u00bbon|tablet\u00a0\u00bb global_colors_info=\u00a0\u00bb{}\u00a0\u00bb padding_tablet=\u00a0\u00bb50px|50px|50px|50px\u00a0\u00bb padding_last_edited=\u00a0\u00bbon|tablet\u00a0\u00bb custom_padding__hover=\u00a0\u00bb|||\u00a0\u00bb padding_phone=\u00a0\u00bb50px|50px|50px|50px\u00a0\u00bb][et_pb_text _builder_version=\u00a0\u00bb4.16&Prime; text_font=\u00a0\u00bbMontserrat|300|||||||\u00a0\u00bb text_text_color=\u00a0\u00bb#677a92&Prime; text_font_size=\u00a0\u00bb16px\u00a0\u00bb text_line_height=\u00a0\u00bb1.8em\u00a0\u00bb header_font=\u00a0\u00bbMontserrat||||||||\u00a0\u00bb header_font_size=\u00a0\u00bb50px\u00a0\u00bb header_line_height=\u00a0\u00bb1.3em\u00a0\u00bb header_2_font=\u00a0\u00bb||||||||\u00a0\u00bb max_width=\u00a0\u00bb600px\u00a0\u00bb custom_margin=\u00a0\u00bb|||\u00a0\u00bb custom_margin_tablet=\u00a0\u00bb0px|50px||50px\u00a0\u00bb custom_margin_phone=\u00a0\u00bb|20px||\u00a0\u00bb custom_margin_last_edited=\u00a0\u00bboff|desktop\u00a0\u00bb custom_padding=\u00a0\u00bb|0px||||\u00a0\u00bb text_line_height_tablet=\u00a0\u00bb1.8em\u00a0\u00bb text_line_height_phone=\u00a0\u00bb1.8em\u00a0\u00bb text_line_height_last_edited=\u00a0\u00bbon|phone\u00a0\u00bb header_font_size_tablet=\u00a0\u00bb\u00a0\u00bb header_font_size_phone=\u00a0\u00bb36px\u00a0\u00bb header_font_size_last_edited=\u00a0\u00bbon|phone\u00a0\u00bb header_2_font_size_phone=\u00a0\u00bb30px\u00a0\u00bb header_2_font_size_last_edited=\u00a0\u00bboff|desktop\u00a0\u00bb locked=\u00a0\u00bboff\u00a0\u00bb global_colors_info=\u00a0\u00bb{}\u00a0\u00bb]<\/p>\n<h1>Asociados y colaboradores<\/h1>\n<p>[\/et_pb_text][\/et_pb_column][et_pb_column type=\u00a0\u00bb1_2&Prime; _builder_version=\u00a0\u00bb4.16&Prime; custom_padding=\u00a0\u00bb|||\u00a0\u00bb global_colors_info=\u00a0\u00bb{}\u00a0\u00bb custom_padding__hover=\u00a0\u00bb|||\u00a0\u00bb][et_pb_image src=\u00a0\u00bbhttps:\/\/sites.uclouvain.be\/DCP_Tusele\/wp-content\/uploads\/2021\/05\/hannah-busing-Zyx1bK9mqmA-unsplash-scaled.jpg\u00a0\u00bb title_text=\u00a0\u00bbhannah-busing-Zyx1bK9mqmA-unsplash\u00a0\u00bb force_fullwidth=\u00a0\u00bbon\u00a0\u00bb align_tablet=\u00a0\u00bbcenter\u00a0\u00bb align_phone=\u00a0\u00bb\u00a0\u00bb align_last_edited=\u00a0\u00bbon|desktop\u00a0\u00bb _builder_version=\u00a0\u00bb4.16&Prime; min_height=\u00a0\u00bb115.9px\u00a0\u00bb height=\u00a0\u00bb394px\u00a0\u00bb custom_margin=\u00a0\u00bb|||\u00a0\u00bb custom_padding=\u00a0\u00bb|||\u00a0\u00bb animation_style=\u00a0\u00bbslide\u00a0\u00bb animation_direction=\u00a0\u00bbtop\u00a0\u00bb animation_intensity_slide=\u00a0\u00bb5%\u00a0\u00bb border_radii=\u00a0\u00bb|20vw|||30px\u00a0\u00bb border_color_all=\u00a0\u00bb#0ee1f4&Prime; border_width_left=\u00a0\u00bb2vw\u00a0\u00bb border_color_left=\u00a0\u00bb#37dfff\u00a0\u00bb box_shadow_style=\u00a0\u00bbpreset4&Prime; box_shadow_horizontal=\u00a0\u00bb-30px\u00a0\u00bb box_shadow_vertical=\u00a0\u00bb0px\u00a0\u00bb box_shadow_color=\u00a0\u00bbrgba(14,225,244,0.33)\u00a0\u00bb global_colors_info=\u00a0\u00bb{}\u00a0\u00bb][\/et_pb_image][\/et_pb_column][\/et_pb_row][\/et_pb_section][et_pb_section fb_built=\u00a0\u00bb1&Prime; custom_padding_last_edited=\u00a0\u00bbon|desktop\u00a0\u00bb admin_label=\u00a0\u00bbServices\u00a0\u00bb _builder_version=\u00a0\u00bb4.20.4&Prime; min_height=\u00a0\u00bb1040.4px\u00a0\u00bb custom_margin=\u00a0\u00bb0px||25px|||\u00a0\u00bb custom_padding=\u00a0\u00bb66px||66px||true|false\u00a0\u00bb custom_padding_tablet=\u00a0\u00bb100px||40px|\u00a0\u00bb custom_padding_phone=\u00a0\u00bb||40px|\u00a0\u00bb global_colors_info=\u00a0\u00bb{}\u00a0\u00bb][et_pb_row custom_padding_last_edited=\u00a0\u00bboff|desktop\u00a0\u00bb _builder_version=\u00a0\u00bb4.16&Prime; min_height=\u00a0\u00bb133.7px\u00a0\u00bb custom_margin=\u00a0\u00bb-36px|auto||auto||\u00a0\u00bb custom_padding=\u00a0\u00bb|||\u00a0\u00bb custom_padding_tablet=\u00a0\u00bb100px||50px|\u00a0\u00bb locked=\u00a0\u00bboff\u00a0\u00bb global_colors_info=\u00a0\u00bb{}\u00a0\u00bb][et_pb_column type=\u00a0\u00bb4_4&Prime; _builder_version=\u00a0\u00bb4.16&Prime; custom_padding=\u00a0\u00bb|||\u00a0\u00bb global_colors_info=\u00a0\u00bb{}\u00a0\u00bb custom_padding__hover=\u00a0\u00bb|||\u00a0\u00bb][et_pb_text _builder_version=\u00a0\u00bb4.16&Prime; text_font=\u00a0\u00bbMontserrat|300|||||||\u00a0\u00bb text_font_size=\u00a0\u00bb16px\u00a0\u00bb text_line_height=\u00a0\u00bb1.8em\u00a0\u00bb ul_font=\u00a0\u00bb||||||||\u00a0\u00bb ol_font=\u00a0\u00bb||||||||\u00a0\u00bb header_font=\u00a0\u00bb||||||||\u00a0\u00bb header_2_font=\u00a0\u00bbMontserrat|300|||||||\u00a0\u00bb header_2_font_size=\u00a0\u00bb40px\u00a0\u00bb header_2_line_height=\u00a0\u00bb1.5em\u00a0\u00bb text_orientation=\u00a0\u00bbcenter\u00a0\u00bb max_width=\u00a0\u00bb600px\u00a0\u00bb module_alignment=\u00a0\u00bbcenter\u00a0\u00bb custom_margin=\u00a0\u00bb|||\u00a0\u00bb custom_margin_tablet=\u00a0\u00bb0px|50px||50px\u00a0\u00bb custom_margin_last_edited=\u00a0\u00bboff|desktop\u00a0\u00bb custom_padding=\u00a0\u00bb|||\u00a0\u00bb text_line_height_tablet=\u00a0\u00bb1.8em\u00a0\u00bb text_line_height_phone=\u00a0\u00bb1.8em\u00a0\u00bb text_line_height_last_edited=\u00a0\u00bboff|desktop\u00a0\u00bb header_2_font_size_tablet=\u00a0\u00bb40px\u00a0\u00bb header_2_font_size_phone=\u00a0\u00bb30px\u00a0\u00bb header_2_font_size_last_edited=\u00a0\u00bbon|phone\u00a0\u00bb global_colors_info=\u00a0\u00bb{}\u00a0\u00bb]<\/p>\n<h2>Asociados<\/h2>\n<p>[\/et_pb_text][\/et_pb_column][\/et_pb_row][et_pb_row column_structure=\u00a0\u00bb1_4,1_4,1_4,1_4&Prime; admin_label=\u00a0\u00bbContent Area\u00a0\u00bb _builder_version=\u00a0\u00bb4.16&Prime; max_width=\u00a0\u00bb1280px\u00a0\u00bb custom_padding=\u00a0\u00bb|||\u00a0\u00bb use_custom_width=\u00a0\u00bbon\u00a0\u00bb custom_width_px=\u00a0\u00bb1280px\u00a0\u00bb global_colors_info=\u00a0\u00bb{}\u00a0\u00bb][et_pb_column type=\u00a0\u00bb1_4&Prime; _builder_version=\u00a0\u00bb4.16&Prime; custom_padding=\u00a0\u00bb|||\u00a0\u00bb global_colors_info=\u00a0\u00bb{}\u00a0\u00bb custom_padding__hover=\u00a0\u00bb|||\u00a0\u00bb][et_pb_image src=\u00a0\u00bbhttps:\/\/sites.uclouvain.be\/DCP_Tusele\/wp-content\/uploads\/2021\/05\/embajada-belg.jpg\u00a0\u00bb title_text=\u00a0\u00bbembajada belg\u00a0\u00bb _builder_version=\u00a0\u00bb4.16&Prime; animation_style=\u00a0\u00bbzoom\u00a0\u00bb animation_direction=\u00a0\u00bbleft\u00a0\u00bb animation_intensity_zoom=\u00a0\u00bb5%\u00a0\u00bb always_center_on_mobile=\u00a0\u00bboff\u00a0\u00bb global_colors_info=\u00a0\u00bb{}\u00a0\u00bb][\/et_pb_image][et_pb_toggle title=\u00a0\u00bbConsejer\u00eda de Educaci\u00f3n de la Embajada de Espa\u00f1a en B\u00e9lgica\u00a0\u00bb icon_color=\u00a0\u00bb#0C71C3&Prime; open_icon_color=\u00a0\u00bb#0C71C3&Prime; _builder_version=\u00a0\u00bb4.20.2&Prime; _module_preset=\u00a0\u00bbdefault\u00a0\u00bb title_font_size=\u00a0\u00bb18px\u00a0\u00bb title_line_height=\u00a0\u00bb1.1em\u00a0\u00bb body_text_color=\u00a0\u00bb#969696&Prime; text_orientation=\u00a0\u00bbcenter\u00a0\u00bb width=\u00a0\u00bb100%\u00a0\u00bb max_width=\u00a0\u00bb100%\u00a0\u00bb min_height=\u00a0\u00bb100px\u00a0\u00bb height=\u00a0\u00bb142px\u00a0\u00bb custom_padding=\u00a0\u00bb||58px||false|false\u00a0\u00bb text_shadow_style=\u00a0\u00bbpreset1&Prime; text_shadow_blur_strength=\u00a0\u00bb0em\u00a0\u00bb text_shadow_color=\u00a0\u00bb#0C71C3&Prime; global_colors_info=\u00a0\u00bb{}\u00a0\u00bb]<\/p>\n<p>Representa al Ministerio de Educaci\u00f3n espa\u00f1ol en B\u00e9lgica, Pa\u00edses Bajos y Luxemburgo. Apoya la ense\u00f1anza y difusi\u00f3n del espa\u00f1ol en el sistema educativo de estos pa\u00edses, as\u00ed como el desarrollo profesional de los casi 1000 profesores que trabajan en ellos.<\/p>\n<p>[\/et_pb_toggle][et_pb_button button_url=\u00a0\u00bbhttps:\/\/www.educacionyfp.gob.es\/belgica\/oficinasycentros\/oficinas-educacion.html\u00a0\u00bb url_new_window=\u00a0\u00bbon\u00a0\u00bb button_text=\u00a0\u00bbEnlace\u00a0\u00bb button_alignment=\u00a0\u00bbcenter\u00a0\u00bb _builder_version=\u00a0\u00bb4.20.2&Prime; _module_preset=\u00a0\u00bbdefault\u00a0\u00bb custom_button=\u00a0\u00bbon\u00a0\u00bb button_border_width=\u00a0\u00bb1px\u00a0\u00bb button_border_radius=\u00a0\u00bb0px\u00a0\u00bb button_letter_spacing=\u00a0\u00bb0px\u00a0\u00bb button_icon=\u00a0\u00bb&#x45;||divi||400&Prime; global_colors_info=\u00a0\u00bb{}\u00a0\u00bb][\/et_pb_button][\/et_pb_column][et_pb_column type=\u00a0\u00bb1_4&Prime; _builder_version=\u00a0\u00bb4.16&Prime; custom_padding=\u00a0\u00bb|||\u00a0\u00bb global_colors_info=\u00a0\u00bb{}\u00a0\u00bb custom_padding__hover=\u00a0\u00bb|||\u00a0\u00bb][et_pb_image src=\u00a0\u00bbhttps:\/\/sites.uclouvain.be\/DCP_Tusele\/wp-content\/uploads\/2021\/06\/embaja.alemania.png\u00a0\u00bb title_text=\u00a0\u00bbembaja.alemania\u00a0\u00bb _builder_version=\u00a0\u00bb4.16&Prime; animation_style=\u00a0\u00bbzoom\u00a0\u00bb animation_direction=\u00a0\u00bbleft\u00a0\u00bb animation_delay=\u00a0\u00bb100ms\u00a0\u00bb animation_intensity_zoom=\u00a0\u00bb5%\u00a0\u00bb always_center_on_mobile=\u00a0\u00bboff\u00a0\u00bb global_colors_info=\u00a0\u00bb{}\u00a0\u00bb][\/et_pb_image][et_pb_toggle title=\u00a0\u00bbLa Consejer\u00eda de Educaci\u00f3n de la Embajada de Espa\u00f1a en Alemania\u00a0\u00bb icon_color=\u00a0\u00bb#0C71C3&Prime; open_icon_color=\u00a0\u00bb#0C71C3&Prime; _builder_version=\u00a0\u00bb4.16&Prime; _module_preset=\u00a0\u00bbdefault\u00a0\u00bb title_font_size=\u00a0\u00bb18px\u00a0\u00bb title_line_height=\u00a0\u00bb1.1em\u00a0\u00bb body_text_color=\u00a0\u00bb#969696&Prime; text_orientation=\u00a0\u00bbcenter\u00a0\u00bb min_height=\u00a0\u00bb100px\u00a0\u00bb height=\u00a0\u00bb143px\u00a0\u00bb max_height=\u00a0\u00bb148px\u00a0\u00bb custom_margin=\u00a0\u00bb-3px||||false|false\u00a0\u00bb custom_padding=\u00a0\u00bb||39px||false|false\u00a0\u00bb text_shadow_style=\u00a0\u00bbpreset1&Prime; text_shadow_blur_strength=\u00a0\u00bb0em\u00a0\u00bb text_shadow_color=\u00a0\u00bb#0C71C3&Prime; global_colors_info=\u00a0\u00bb{}\u00a0\u00bb]<\/p>\n<p style=\"text-align: center;\">Representa al Ministerio de Educaci\u00f3n espa\u00f1ol en Alemania, Dinamarca, Finlandia, Noruega y Suecia. Promociona la lengua y cultura espa\u00f1olas en los sistema educativos de los cinco pa\u00edses, informa y asesora sobre la movilidad de estudiantes, docentes y profesionales.<\/p>\n<p>[\/et_pb_toggle][et_pb_button button_url=\u00a0\u00bbhttps:\/\/www.educacionyfp.gob.es\/alemania\/portada.html?\u00a0\u00bb url_new_window=\u00a0\u00bbon\u00a0\u00bb button_text=\u00a0\u00bbEnlace\u00a0\u00bb button_alignment=\u00a0\u00bbcenter\u00a0\u00bb _builder_version=\u00a0\u00bb4.20.2&Prime; _module_preset=\u00a0\u00bbdefault\u00a0\u00bb custom_button=\u00a0\u00bbon\u00a0\u00bb button_border_width=\u00a0\u00bb1px\u00a0\u00bb button_border_radius=\u00a0\u00bb0px\u00a0\u00bb button_letter_spacing=\u00a0\u00bb0px\u00a0\u00bb button_icon=\u00a0\u00bb&#x45;||divi||400&Prime; global_colors_info=\u00a0\u00bb{}\u00a0\u00bb][\/et_pb_button][\/et_pb_column][et_pb_column type=\u00a0\u00bb1_4&Prime; _builder_version=\u00a0\u00bb4.16&Prime; custom_padding=\u00a0\u00bb|||\u00a0\u00bb global_colors_info=\u00a0\u00bb{}\u00a0\u00bb custom_padding__hover=\u00a0\u00bb|||\u00a0\u00bb][et_pb_image src=\u00a0\u00bbhttps:\/\/sites.uclouvain.be\/DCP_Tusele\/wp-content\/uploads\/2021\/06\/asele.logo_.png\u00a0\u00bb title_text=\u00a0\u00bbasele.logo_\u00a0\u00bb _builder_version=\u00a0\u00bb4.16&Prime; animation_style=\u00a0\u00bbzoom\u00a0\u00bb animation_direction=\u00a0\u00bbleft\u00a0\u00bb animation_delay=\u00a0\u00bb300ms\u00a0\u00bb animation_intensity_zoom=\u00a0\u00bb5%\u00a0\u00bb always_center_on_mobile=\u00a0\u00bboff\u00a0\u00bb global_colors_info=\u00a0\u00bb{}\u00a0\u00bb][\/et_pb_image][et_pb_toggle title=\u00a0\u00bbAsociaci\u00f3n para la Ense\u00f1anza del Espa\u00f1ol como Lengua Extranjera (ASELE)\u00a0\u00bb icon_color=\u00a0\u00bb#0C71C3&Prime; open_icon_color=\u00a0\u00bb#0C71C3&Prime; _builder_version=\u00a0\u00bb4.16&Prime; _module_preset=\u00a0\u00bbdefault\u00a0\u00bb title_font_size=\u00a0\u00bb18px\u00a0\u00bb title_line_height=\u00a0\u00bb1.1em\u00a0\u00bb body_text_color=\u00a0\u00bb#969696&Prime; text_orientation=\u00a0\u00bbcenter\u00a0\u00bb min_height=\u00a0\u00bb100px\u00a0\u00bb height=\u00a0\u00bb143px\u00a0\u00bb max_height=\u00a0\u00bb712px\u00a0\u00bb custom_margin=\u00a0\u00bb34px||||false|false\u00a0\u00bb custom_padding=\u00a0\u00bb18px||46px||false|false\u00a0\u00bb text_shadow_style=\u00a0\u00bbpreset1&Prime; text_shadow_blur_strength=\u00a0\u00bb0em\u00a0\u00bb text_shadow_color=\u00a0\u00bb#0C71C3&Prime; global_colors_info=\u00a0\u00bb{}\u00a0\u00bb]<\/p>\n<p>Organizaci\u00f3n internacional que tiene como objetivo apoyar la dimensi\u00f3n acad\u00e9mica y cient\u00edfica de la ense\u00f1anza del espa\u00f1ol mediante la organizaci\u00f3n de conferencias y otros eventos para el desarrollo profesional de los profesores de espa\u00f1ol.<\/p>\n<p>[\/et_pb_toggle][et_pb_button button_url=\u00a0\u00bbhttp:\/\/www.aselered.org\/\u00a0\u00bb url_new_window=\u00a0\u00bbon\u00a0\u00bb button_text=\u00a0\u00bbEnlace\u00a0\u00bb button_alignment=\u00a0\u00bbcenter\u00a0\u00bb _builder_version=\u00a0\u00bb4.16&Prime; _module_preset=\u00a0\u00bbdefault\u00a0\u00bb custom_button=\u00a0\u00bbon\u00a0\u00bb button_border_width=\u00a0\u00bb1px\u00a0\u00bb button_border_radius=\u00a0\u00bb0px\u00a0\u00bb button_letter_spacing=\u00a0\u00bb0px\u00a0\u00bb button_icon=\u00a0\u00bb&#x45;||divi||400&Prime; global_colors_info=\u00a0\u00bb{}\u00a0\u00bb][\/et_pb_button][\/et_pb_column][et_pb_column type=\u00a0\u00bb1_4&Prime; _builder_version=\u00a0\u00bb4.16&Prime; custom_padding=\u00a0\u00bb|||\u00a0\u00bb global_colors_info=\u00a0\u00bb{}\u00a0\u00bb custom_padding__hover=\u00a0\u00bb|||\u00a0\u00bb][et_pb_image src=\u00a0\u00bbhttps:\/\/sites.uclouvain.be\/DCP_Tusele\/wp-content\/uploads\/2021\/08\/cental_logo.png\u00a0\u00bb title_text=\u00a0\u00bbcental_logo\u00a0\u00bb _builder_version=\u00a0\u00bb4.16&Prime; width=\u00a0\u00bb100%\u00a0\u00bb min_height=\u00a0\u00bb100px\u00a0\u00bb height=\u00a0\u00bb107px\u00a0\u00bb max_height=\u00a0\u00bb530px\u00a0\u00bb custom_margin=\u00a0\u00bb-26px||||false|false\u00a0\u00bb custom_padding=\u00a0\u00bb0px||||false|false\u00a0\u00bb animation_style=\u00a0\u00bbzoom\u00a0\u00bb animation_direction=\u00a0\u00bbleft\u00a0\u00bb animation_intensity_zoom=\u00a0\u00bb5%\u00a0\u00bb always_center_on_mobile=\u00a0\u00bboff\u00a0\u00bb global_colors_info=\u00a0\u00bb{}\u00a0\u00bb][\/et_pb_image][et_pb_toggle title=\u00a0\u00bbCentro de tratamiento autom\u00e1tico del lenguaje\u00a0\u00bb icon_color=\u00a0\u00bb#0C71C3&Prime; open_icon_color=\u00a0\u00bb#0C71C3&Prime; _builder_version=\u00a0\u00bb4.16&Prime; _module_preset=\u00a0\u00bbdefault\u00a0\u00bb title_font_size=\u00a0\u00bb18px\u00a0\u00bb title_line_height=\u00a0\u00bb1.1em\u00a0\u00bb body_text_color=\u00a0\u00bb#969696&Prime; text_orientation=\u00a0\u00bbcenter\u00a0\u00bb min_height=\u00a0\u00bb143px\u00a0\u00bb custom_margin=\u00a0\u00bb-15px||||false|false\u00a0\u00bb custom_padding=\u00a0\u00bb||36px||false|false\u00a0\u00bb text_shadow_style=\u00a0\u00bbpreset1&Prime; text_shadow_blur_strength=\u00a0\u00bb0em\u00a0\u00bb text_shadow_color=\u00a0\u00bb#0C71C3&Prime; global_colors_info=\u00a0\u00bb{}\u00a0\u00bb]<\/p>\n<p style=\"text-align: center;\">Plataforma tecnol\u00f3gica de la UCLouvain que participa tanto en<br \/>actividades de investigaci\u00f3n y ense\u00f1anza. Colabora en proyectos de<br \/>varios centros de investigaci\u00f3n de la UCLouvain a los que aporta su experiencia en<br \/>en el \u00e1mbito del tratamiento inform\u00e1tico de datos textuales.<\/p>\n<p>[\/et_pb_toggle][et_pb_button button_url=\u00a0\u00bbhttps:\/\/uclouvain.be\/fr\/instituts-recherche\/ilc\/cental\u00a0\u00bb url_new_window=\u00a0\u00bbon\u00a0\u00bb button_text=\u00a0\u00bbEnlace\u00a0\u00bb button_alignment=\u00a0\u00bbcenter\u00a0\u00bb _builder_version=\u00a0\u00bb4.16&Prime; _module_preset=\u00a0\u00bbdefault\u00a0\u00bb custom_button=\u00a0\u00bbon\u00a0\u00bb button_border_width=\u00a0\u00bb1px\u00a0\u00bb button_border_radius=\u00a0\u00bb0px\u00a0\u00bb button_letter_spacing=\u00a0\u00bb0px\u00a0\u00bb button_icon=\u00a0\u00bb&#x45;||divi||400&Prime; global_colors_info=\u00a0\u00bb{}\u00a0\u00bb][\/et_pb_button][\/et_pb_column][\/et_pb_row][et_pb_row column_structure=\u00a0\u00bb1_4,1_4,1_4,1_4&Prime; admin_label=\u00a0\u00bbContent Area\u00a0\u00bb _builder_version=\u00a0\u00bb4.16&Prime; max_width=\u00a0\u00bb1280px\u00a0\u00bb custom_padding=\u00a0\u00bb||0px|||\u00a0\u00bb use_custom_width=\u00a0\u00bbon\u00a0\u00bb custom_width_px=\u00a0\u00bb1280px\u00a0\u00bb global_colors_info=\u00a0\u00bb{}\u00a0\u00bb][et_pb_column type=\u00a0\u00bb1_4&Prime; _builder_version=\u00a0\u00bb4.16&Prime; custom_padding=\u00a0\u00bb|||\u00a0\u00bb global_colors_info=\u00a0\u00bb{}\u00a0\u00bb custom_padding__hover=\u00a0\u00bb|||\u00a0\u00bb][et_pb_image src=\u00a0\u00bbhttps:\/\/sites.uclouvain.be\/DCP_Tusele\/wp-content\/uploads\/2021\/06\/ele-UK-new-logo.gif\u00a0\u00bb title_text=\u00a0\u00bbele-UK-new-logo\u00a0\u00bb show_bottom_space=\u00a0\u00bboff\u00a0\u00bb _builder_version=\u00a0\u00bb4.16&Prime; custom_margin=\u00a0\u00bb||9px||false|false\u00a0\u00bb animation_style=\u00a0\u00bbzoom\u00a0\u00bb animation_direction=\u00a0\u00bbleft\u00a0\u00bb animation_delay=\u00a0\u00bb300ms\u00a0\u00bb animation_intensity_zoom=\u00a0\u00bb5%\u00a0\u00bb always_center_on_mobile=\u00a0\u00bboff\u00a0\u00bb global_colors_info=\u00a0\u00bb{}\u00a0\u00bb][\/et_pb_image][et_pb_toggle title=\u00a0\u00bbLa Asociaci\u00f3n ELEUK\u00a0\u00bb icon_color=\u00a0\u00bb#0C71C3&Prime; open_icon_color=\u00a0\u00bb#0C71C3&Prime; _builder_version=\u00a0\u00bb4.16&Prime; _module_preset=\u00a0\u00bbdefault\u00a0\u00bb title_font_size=\u00a0\u00bb18px\u00a0\u00bb title_line_height=\u00a0\u00bb1.1em\u00a0\u00bb body_text_color=\u00a0\u00bb#969696&Prime; text_orientation=\u00a0\u00bbcenter\u00a0\u00bb min_height=\u00a0\u00bb100px\u00a0\u00bb height=\u00a0\u00bb100px\u00a0\u00bb max_height=\u00a0\u00bb100px\u00a0\u00bb custom_padding=\u00a0\u00bb||102px||false|false\u00a0\u00bb text_shadow_style=\u00a0\u00bbpreset1&Prime; text_shadow_blur_strength=\u00a0\u00bb0em\u00a0\u00bb text_shadow_color=\u00a0\u00bb#0C71C3&Prime; global_colors_info=\u00a0\u00bb{}\u00a0\u00bb]<\/p>\n<p>La Asociaci\u00f3n ELEUK, constituida en 2014, es una asociaci\u00f3n profesional de profesores de espa\u00f1ol en instituciones superiores y de formaci\u00f3n de docentes en el Reino Unido. ELEUK ofrece apoyo directo a los profesores de espa\u00f1ol a trav\u00e9s de una conferencia anual, talleres pr\u00e1cticos y otras actividades acad\u00e9micas.<\/p>\n<p>[\/et_pb_toggle][et_pb_button button_url=\u00a0\u00bbhttps:\/\/www.eleuk.org\/\u00a0\u00bb url_new_window=\u00a0\u00bbon\u00a0\u00bb button_text=\u00a0\u00bbEnlace\u00a0\u00bb button_alignment=\u00a0\u00bbcenter\u00a0\u00bb _builder_version=\u00a0\u00bb4.16&Prime; _module_preset=\u00a0\u00bbdefault\u00a0\u00bb custom_button=\u00a0\u00bbon\u00a0\u00bb button_border_width=\u00a0\u00bb1px\u00a0\u00bb button_border_radius=\u00a0\u00bb0px\u00a0\u00bb button_letter_spacing=\u00a0\u00bb0px\u00a0\u00bb button_icon=\u00a0\u00bb&#x45;||divi||400&Prime; global_colors_info=\u00a0\u00bb{}\u00a0\u00bb][\/et_pb_button][\/et_pb_column][et_pb_column type=\u00a0\u00bb1_4&Prime; _builder_version=\u00a0\u00bb4.16&Prime; custom_padding=\u00a0\u00bb|||\u00a0\u00bb global_colors_info=\u00a0\u00bb{}\u00a0\u00bb custom_padding__hover=\u00a0\u00bb|||\u00a0\u00bb][et_pb_image src=\u00a0\u00bbhttps:\/\/sites.uclouvain.be\/DCP_Tusele\/wp-content\/uploads\/2021\/06\/alce-portada.jpg-2.jpg\u00a0\u00bb title_text=\u00a0\u00bbalce-portada.jpg (2)\u00a0\u00bb _builder_version=\u00a0\u00bb4.16&Prime; animation_style=\u00a0\u00bbzoom\u00a0\u00bb animation_direction=\u00a0\u00bbleft\u00a0\u00bb animation_delay=\u00a0\u00bb200ms\u00a0\u00bb animation_intensity_zoom=\u00a0\u00bb5%\u00a0\u00bb always_center_on_mobile=\u00a0\u00bboff\u00a0\u00bb global_colors_info=\u00a0\u00bb{}\u00a0\u00bb][\/et_pb_image][et_pb_toggle title=\u00a0\u00bbLos profesores del programa ALCE (Asociaciones de Lengua y Cultura Espa\u00f1olas)\u00a0\u00bb icon_color=\u00a0\u00bb#0C71C3&Prime; open_icon_color=\u00a0\u00bb#0C71C3&Prime; _builder_version=\u00a0\u00bb4.16&Prime; _module_preset=\u00a0\u00bbdefault\u00a0\u00bb title_font_size=\u00a0\u00bb18px\u00a0\u00bb title_line_height=\u00a0\u00bb1.1em\u00a0\u00bb body_text_color=\u00a0\u00bb#969696&Prime; text_orientation=\u00a0\u00bbcenter\u00a0\u00bb custom_padding=\u00a0\u00bb11px|14px|16px|4px|false|false\u00a0\u00bb text_shadow_style=\u00a0\u00bbpreset1&Prime; text_shadow_blur_strength=\u00a0\u00bb0em\u00a0\u00bb text_shadow_color=\u00a0\u00bb#0C71C3&Prime; global_colors_info=\u00a0\u00bb{}\u00a0\u00bb]<\/p>\n<p style=\"text-align: center;\">Los profesores del programa ALCE (Asociaciones de Lengua y Cultura Espa\u00f1olas) ser\u00e1n de gran ayuda en el pilotaje de materiales para su uso en contextos de espa\u00f1ol como lengua de herencia.<\/p>\n<p>[\/et_pb_toggle][et_pb_button button_url=\u00a0\u00bbhttps:\/\/www.educacionyfp.gob.es\/mc\/accion-exterior\/conoce-nuestra-red\/alce.html\u00a0\u00bb url_new_window=\u00a0\u00bbon\u00a0\u00bb button_text=\u00a0\u00bbEnlace\u00a0\u00bb button_alignment=\u00a0\u00bbcenter\u00a0\u00bb _builder_version=\u00a0\u00bb4.16&Prime; _module_preset=\u00a0\u00bbdefault\u00a0\u00bb custom_button=\u00a0\u00bbon\u00a0\u00bb button_border_width=\u00a0\u00bb1px\u00a0\u00bb button_border_radius=\u00a0\u00bb0px\u00a0\u00bb button_letter_spacing=\u00a0\u00bb0px\u00a0\u00bb button_icon=\u00a0\u00bb&#x45;||divi||400&Prime; global_colors_info=\u00a0\u00bb{}\u00a0\u00bb][\/et_pb_button][\/et_pb_column][et_pb_column type=\u00a0\u00bb1_4&Prime; _builder_version=\u00a0\u00bb4.16&Prime; custom_padding=\u00a0\u00bb|||\u00a0\u00bb global_colors_info=\u00a0\u00bb{}\u00a0\u00bb custom_padding__hover=\u00a0\u00bb|||\u00a0\u00bb][et_pb_image src=\u00a0\u00bbhttps:\/\/sites.uclouvain.be\/DCP_Tusele\/wp-content\/uploads\/2021\/06\/puzzle2-1.png\u00a0\u00bb title_text=\u00a0\u00bbpuzzle2&Prime; _builder_version=\u00a0\u00bb4.16&Prime; animation_style=\u00a0\u00bbzoom\u00a0\u00bb animation_direction=\u00a0\u00bbleft\u00a0\u00bb animation_intensity_zoom=\u00a0\u00bb5%\u00a0\u00bb always_center_on_mobile=\u00a0\u00bboff\u00a0\u00bb global_colors_info=\u00a0\u00bb{}\u00a0\u00bb][\/et_pb_image][et_pb_toggle title=\u00a0\u00bbSociedad belga de profesores de espa\u00f1ol\u00a0\u00bb icon_color=\u00a0\u00bb#0C71C3&Prime; open_icon_color=\u00a0\u00bb#0C71C3&Prime; _builder_version=\u00a0\u00bb4.16&Prime; _module_preset=\u00a0\u00bbdefault\u00a0\u00bb title_font_size=\u00a0\u00bb18px\u00a0\u00bb title_line_height=\u00a0\u00bb1.1em\u00a0\u00bb body_text_color=\u00a0\u00bb#969696&Prime; text_orientation=\u00a0\u00bbcenter\u00a0\u00bb custom_padding=\u00a0\u00bb||44px||false|false\u00a0\u00bb text_shadow_style=\u00a0\u00bbpreset1&Prime; text_shadow_blur_strength=\u00a0\u00bb0em\u00a0\u00bb text_shadow_color=\u00a0\u00bb#0C71C3&Prime; global_colors_info=\u00a0\u00bb{}\u00a0\u00bb]<\/p>\n<p style=\"text-align: center;\">La sociedad belga de profesores de espa\u00f1ol agrupa desde 1975 profesionales del espa\u00f1ol que trabajan en B\u00e9lgica, difundiendo informaciones para sus miembros y publicando la revista Puente. Tambi\u00e9n organiza jornadas anuales de formaci\u00f3n.<\/p>\n<p>[\/et_pb_toggle][et_pb_button button_url=\u00a0\u00bbhttps:\/\/sbpe.info\/site\/\u00a0\u00bb url_new_window=\u00a0\u00bbon\u00a0\u00bb button_text=\u00a0\u00bbEnlace\u00a0\u00bb button_alignment=\u00a0\u00bbcenter\u00a0\u00bb _builder_version=\u00a0\u00bb4.16&Prime; _module_preset=\u00a0\u00bbdefault\u00a0\u00bb custom_button=\u00a0\u00bbon\u00a0\u00bb button_border_width=\u00a0\u00bb1px\u00a0\u00bb button_border_radius=\u00a0\u00bb0px\u00a0\u00bb button_letter_spacing=\u00a0\u00bb0px\u00a0\u00bb button_icon=\u00a0\u00bb&#x45;||divi||400&Prime; global_colors_info=\u00a0\u00bb{}\u00a0\u00bb][\/et_pb_button][\/et_pb_column][et_pb_column type=\u00a0\u00bb1_4&Prime; _builder_version=\u00a0\u00bb4.16&Prime; custom_padding=\u00a0\u00bb|||\u00a0\u00bb global_colors_info=\u00a0\u00bb{}\u00a0\u00bb custom_padding__hover=\u00a0\u00bb|||\u00a0\u00bb][et_pb_image src=\u00a0\u00bbhttps:\/\/sites.uclouvain.be\/DCP_Tusele\/wp-content\/uploads\/2021\/06\/membrete-AAPE-5-1.jpg\u00a0\u00bb title_text=\u00a0\u00bbmembrete AAPE 5 (1)\u00a0\u00bb _builder_version=\u00a0\u00bb4.16&Prime; animation_style=\u00a0\u00bbzoom\u00a0\u00bb animation_direction=\u00a0\u00bbleft\u00a0\u00bb animation_delay=\u00a0\u00bb100ms\u00a0\u00bb animation_intensity_zoom=\u00a0\u00bb5%\u00a0\u00bb always_center_on_mobile=\u00a0\u00bboff\u00a0\u00bb global_colors_info=\u00a0\u00bb{}\u00a0\u00bb][\/et_pb_image][et_pb_toggle title=\u00a0\u00bbAsociaci\u00f3n Austriaca de Profesores de Espa\u00f1ol (AAPE)\u00a0\u00bb icon_color=\u00a0\u00bb#0C71C3&Prime; open_icon_color=\u00a0\u00bb#0C71C3&Prime; _builder_version=\u00a0\u00bb4.16&Prime; _module_preset=\u00a0\u00bbdefault\u00a0\u00bb title_font_size=\u00a0\u00bb18px\u00a0\u00bb title_line_height=\u00a0\u00bb1.1em\u00a0\u00bb body_text_color=\u00a0\u00bb#969696&Prime; text_orientation=\u00a0\u00bbcenter\u00a0\u00bb min_height=\u00a0\u00bb120px\u00a0\u00bb height=\u00a0\u00bb113px\u00a0\u00bb max_height=\u00a0\u00bb627px\u00a0\u00bb custom_margin=\u00a0\u00bb-12px||||false|false\u00a0\u00bb text_shadow_style=\u00a0\u00bbpreset1&Prime; text_shadow_blur_strength=\u00a0\u00bb0em\u00a0\u00bb text_shadow_color=\u00a0\u00bb#0C71C3&Prime; global_colors_info=\u00a0\u00bb{}\u00a0\u00bb]<\/p>\n<p style=\"text-align: center;\">La Asociaci\u00f3n Austriaca de Profesores de Espa\u00f1ol (AAPE), fundada en 1987, cuenta con unos 300 miembros y organiza de forma regular cursos y seminarios de formaci\u00f3n de profesores, tanto propios como en cooperaci\u00f3n con otras instituciones.<\/p>\n<p>[\/et_pb_toggle][et_pb_button button_url=\u00a0\u00bbhttps:\/\/aape.at\/about\/\u00a0\u00bb url_new_window=\u00a0\u00bbon\u00a0\u00bb button_text=\u00a0\u00bbEnlace\u00a0\u00bb button_alignment=\u00a0\u00bbcenter\u00a0\u00bb _builder_version=\u00a0\u00bb4.16&Prime; _module_preset=\u00a0\u00bbdefault\u00a0\u00bb custom_button=\u00a0\u00bbon\u00a0\u00bb button_border_width=\u00a0\u00bb1px\u00a0\u00bb button_border_radius=\u00a0\u00bb0px\u00a0\u00bb button_letter_spacing=\u00a0\u00bb0px\u00a0\u00bb button_icon=\u00a0\u00bb&#x45;||divi||400&Prime; global_colors_info=\u00a0\u00bb{}\u00a0\u00bb][\/et_pb_button][\/et_pb_column][\/et_pb_row][et_pb_row column_structure=\u00a0\u00bb1_4,1_4,1_4,1_4&Prime; admin_label=\u00a0\u00bbContent Area\u00a0\u00bb _builder_version=\u00a0\u00bb4.20.4&Prime; max_width=\u00a0\u00bb1280px\u00a0\u00bb custom_padding=\u00a0\u00bb|3px||||\u00a0\u00bb use_custom_width=\u00a0\u00bbon\u00a0\u00bb custom_width_px=\u00a0\u00bb1280px\u00a0\u00bb global_colors_info=\u00a0\u00bb{}\u00a0\u00bb][et_pb_column type=\u00a0\u00bb1_4&Prime; _builder_version=\u00a0\u00bb4.16&Prime; custom_padding=\u00a0\u00bb|||\u00a0\u00bb global_colors_info=\u00a0\u00bb{}\u00a0\u00bb custom_padding__hover=\u00a0\u00bb|||\u00a0\u00bb][et_pb_image src=\u00a0\u00bbhttps:\/\/sites.uclouvain.be\/DCP_Tusele\/wp-content\/uploads\/2021\/06\/logo-dsv-1.jpg\u00a0\u00bb title_text=\u00a0\u00bblogo-dsv\u00a0\u00bb _builder_version=\u00a0\u00bb4.16&Prime; animation_style=\u00a0\u00bbzoom\u00a0\u00bb animation_direction=\u00a0\u00bbleft\u00a0\u00bb animation_delay=\u00a0\u00bb200ms\u00a0\u00bb animation_intensity_zoom=\u00a0\u00bb5%\u00a0\u00bb always_center_on_mobile=\u00a0\u00bboff\u00a0\u00bb global_colors_info=\u00a0\u00bb{}\u00a0\u00bb][\/et_pb_image][et_pb_toggle title=\u00a0\u00bbAsociaci\u00f3n Alemana de Profesores de Espa\u00f1ol, Baviera (DSV)\u00a0\u00bb icon_color=\u00a0\u00bb#0C71C3&Prime; open_icon_color=\u00a0\u00bb#0C71C3&Prime; _builder_version=\u00a0\u00bb4.20.2&Prime; _module_preset=\u00a0\u00bbdefault\u00a0\u00bb title_font_size=\u00a0\u00bb18px\u00a0\u00bb title_line_height=\u00a0\u00bb1.1em\u00a0\u00bb body_text_color=\u00a0\u00bb#969696&Prime; text_orientation=\u00a0\u00bbcenter\u00a0\u00bb min_height=\u00a0\u00bb100px\u00a0\u00bb height=\u00a0\u00bb116px\u00a0\u00bb max_height=\u00a0\u00bb170px\u00a0\u00bb custom_margin=\u00a0\u00bb-2px||||false|false\u00a0\u00bb custom_padding=\u00a0\u00bb||57px||false|false\u00a0\u00bb text_shadow_style=\u00a0\u00bbpreset1&Prime; text_shadow_blur_strength=\u00a0\u00bb0em\u00a0\u00bb text_shadow_color=\u00a0\u00bb#0C71C3&Prime; global_colors_info=\u00a0\u00bb{}\u00a0\u00bb]<\/p>\n<p style=\"text-align: center;\">La Asociaci\u00f3n Regional B\u00e1vara, que forma parte de la Asociaci\u00f3n Alemana de Profesores de Espa\u00f1ol (DSV), dispone de una red de m\u00e1s de 400 profesores de ense\u00f1anza secundaria y universitaria y organiza un congreso anual de formaci\u00f3n de profesores.<\/p>\n<p>[\/et_pb_toggle][et_pb_button button_url=\u00a0\u00bbhttps:\/\/www.hispanorama.de\/es\/asociaciones-regionales\/baviera\/\u00a0\u00bb url_new_window=\u00a0\u00bbon\u00a0\u00bb button_text=\u00a0\u00bbEnlace\u00a0\u00bb button_alignment=\u00a0\u00bbcenter\u00a0\u00bb _builder_version=\u00a0\u00bb4.16&Prime; _module_preset=\u00a0\u00bbdefault\u00a0\u00bb custom_button=\u00a0\u00bbon\u00a0\u00bb button_border_width=\u00a0\u00bb1px\u00a0\u00bb button_border_radius=\u00a0\u00bb0px\u00a0\u00bb button_letter_spacing=\u00a0\u00bb0px\u00a0\u00bb button_icon=\u00a0\u00bb&#x45;||divi||400&Prime; global_colors_info=\u00a0\u00bb{}\u00a0\u00bb][\/et_pb_button][\/et_pb_column][et_pb_column type=\u00a0\u00bb1_4&Prime; _builder_version=\u00a0\u00bb4.16&Prime; custom_padding=\u00a0\u00bb|||\u00a0\u00bb global_colors_info=\u00a0\u00bb{}\u00a0\u00bb custom_padding__hover=\u00a0\u00bb|||\u00a0\u00bb][et_pb_image src=\u00a0\u00bbhttps:\/\/sites.uclouvain.be\/DCP_Tusele\/wp-content\/uploads\/2021\/06\/logo-ESCULEA-MEXICANA.png\u00a0\u00bb title_text=\u00a0\u00bblogo ESCULEA MEXICANA\u00a0\u00bb _builder_version=\u00a0\u00bb4.16&Prime; animation_style=\u00a0\u00bbzoom\u00a0\u00bb animation_direction=\u00a0\u00bbleft\u00a0\u00bb animation_delay=\u00a0\u00bb300ms\u00a0\u00bb animation_intensity_zoom=\u00a0\u00bb5%\u00a0\u00bb always_center_on_mobile=\u00a0\u00bboff\u00a0\u00bb global_colors_info=\u00a0\u00bb{}\u00a0\u00bb][\/et_pb_image][et_pb_toggle title=\u00a0\u00bbEscuela Mexicana\u00a0\u00bb icon_color=\u00a0\u00bb#0C71C3&Prime; open_icon_color=\u00a0\u00bb#0C71C3&Prime; _builder_version=\u00a0\u00bb4.16&Prime; _module_preset=\u00a0\u00bbdefault\u00a0\u00bb title_font_size=\u00a0\u00bb18px\u00a0\u00bb title_line_height=\u00a0\u00bb1.1em\u00a0\u00bb body_text_color=\u00a0\u00bb#969696&Prime; text_orientation=\u00a0\u00bbcenter\u00a0\u00bb min_height=\u00a0\u00bb100px\u00a0\u00bb height=\u00a0\u00bb116px\u00a0\u00bb max_height=\u00a0\u00bb1000px\u00a0\u00bb custom_margin=\u00a0\u00bb-11px||||false|false\u00a0\u00bb custom_padding=\u00a0\u00bb||61px||false|false\u00a0\u00bb text_shadow_style=\u00a0\u00bbpreset1&Prime; text_shadow_blur_strength=\u00a0\u00bb0em\u00a0\u00bb text_shadow_color=\u00a0\u00bb#0C71C3&Prime; global_colors_info=\u00a0\u00bb{}\u00a0\u00bb]<\/p>\n<p style=\"text-align: center;\">Escuela Mexicana, es una instituci\u00f3n en Guanajuato, cuyo objetivo principal es la ense\u00f1anza de la cultura mexicana, as\u00ed como la ense\u00f1anza del espa\u00f1ol como segunda lengua y la tutor\u00eda de estudiantes de magisterio.<\/p>\n<p>[\/et_pb_toggle][et_pb_button button_url=\u00a0\u00bbhttps:\/\/escuelamexicana.com\/escmex2019\/\u00a0\u00bb url_new_window=\u00a0\u00bbon\u00a0\u00bb button_text=\u00a0\u00bbEnlace\u00a0\u00bb button_alignment=\u00a0\u00bbcenter\u00a0\u00bb _builder_version=\u00a0\u00bb4.16&Prime; _module_preset=\u00a0\u00bbdefault\u00a0\u00bb custom_button=\u00a0\u00bbon\u00a0\u00bb button_border_width=\u00a0\u00bb1px\u00a0\u00bb button_border_radius=\u00a0\u00bb0px\u00a0\u00bb button_letter_spacing=\u00a0\u00bb0px\u00a0\u00bb button_icon=\u00a0\u00bb&#x45;||divi||400&Prime; global_colors_info=\u00a0\u00bb{}\u00a0\u00bb][\/et_pb_button][\/et_pb_column][et_pb_column type=\u00a0\u00bb1_4&Prime; _builder_version=\u00a0\u00bb4.20.4&Prime; custom_padding=\u00a0\u00bb|||\u00a0\u00bb global_colors_info=\u00a0\u00bb{}\u00a0\u00bb custom_padding__hover=\u00a0\u00bb|||\u00a0\u00bb][et_pb_image src=\u00a0\u00bbhttps:\/\/sites.uclouvain.be\/DCP_Tusele\/wp-content\/uploads\/2021\/06\/escuela-de-espanol-en-1.jpg\u00a0\u00bb title_text=\u00a0\u00bbescuela-de-espanol-en\u00a0\u00bb _builder_version=\u00a0\u00bb4.20.4&Prime; animation_style=\u00a0\u00bbzoom\u00a0\u00bb animation_direction=\u00a0\u00bbleft\u00a0\u00bb animation_delay=\u00a0\u00bb300ms\u00a0\u00bb animation_intensity_zoom=\u00a0\u00bb5%\u00a0\u00bb always_center_on_mobile=\u00a0\u00bboff\u00a0\u00bb global_colors_info=\u00a0\u00bb{}\u00a0\u00bb][\/et_pb_image][et_pb_toggle title=\u00a0\u00bbFenix Language School\u00a0\u00bb icon_color=\u00a0\u00bb#0C71C3&Prime; open_icon_color=\u00a0\u00bb#0C71C3&Prime; _builder_version=\u00a0\u00bb4.20.4&Prime; _module_preset=\u00a0\u00bbdefault\u00a0\u00bb title_font_size=\u00a0\u00bb18px\u00a0\u00bb title_line_height=\u00a0\u00bb1.1em\u00a0\u00bb body_text_color=\u00a0\u00bb#969696&Prime; text_orientation=\u00a0\u00bbcenter\u00a0\u00bb custom_margin=\u00a0\u00bb-3px||||false|false\u00a0\u00bb custom_padding=\u00a0\u00bb||55px||false|false\u00a0\u00bb text_shadow_style=\u00a0\u00bbpreset1&Prime; text_shadow_blur_strength=\u00a0\u00bb0em\u00a0\u00bb text_shadow_color=\u00a0\u00bb#0C71C3&Prime; global_colors_info=\u00a0\u00bb{}\u00a0\u00bb]<\/p>\n<p style=\"text-align: center;\">Fenix Language School es una escuela privada en Guanajuato con una larga tradici\u00f3n de ense\u00f1anza a trav\u00e9s de la inmersi\u00f3n en un pa\u00eds de habla hispana y la tutor\u00eda profesores en pr\u00e1cticas. Es un lugar para crear experiencias ling\u00fc\u00edsticas y culturales inmersas.<\/p>\n<p>[\/et_pb_toggle][et_pb_button button_url=\u00a0\u00bbhttps:\/\/www.fenixschool.com\/\u00a0\u00bb url_new_window=\u00a0\u00bbon\u00a0\u00bb button_text=\u00a0\u00bbEnlace\u00a0\u00bb button_alignment=\u00a0\u00bbcenter\u00a0\u00bb _builder_version=\u00a0\u00bb4.20.4&Prime; _module_preset=\u00a0\u00bbdefault\u00a0\u00bb custom_button=\u00a0\u00bbon\u00a0\u00bb button_border_width=\u00a0\u00bb1px\u00a0\u00bb button_border_radius=\u00a0\u00bb0px\u00a0\u00bb button_letter_spacing=\u00a0\u00bb0px\u00a0\u00bb button_icon=\u00a0\u00bb&#x45;||divi||400&Prime; global_colors_info=\u00a0\u00bb{}\u00a0\u00bb][\/et_pb_button][\/et_pb_column][et_pb_column type=\u00a0\u00bb1_4&Prime; _builder_version=\u00a0\u00bb4.20.4&Prime; _module_preset=\u00a0\u00bbdefault\u00a0\u00bb global_colors_info=\u00a0\u00bb{}\u00a0\u00bb][et_pb_image src=\u00a0\u00bbhttps:\/\/sites.uclouvain.be\/DCP_Tusele\/wp-content\/uploads\/2023\/04\/Captura-de-pantalla-2023-04-19-a-las-11.28.14-1-e1681897892405.png\u00a0\u00bb title_text=\u00a0\u00bbCaptura de pantalla 2023-04-19 a las 11.28.14&Prime; align=\u00a0\u00bbcenter\u00a0\u00bb _builder_version=\u00a0\u00bb4.20.4&Prime; custom_margin=\u00a0\u00bb||59px||false|false\u00a0\u00bb animation_style=\u00a0\u00bbzoom\u00a0\u00bb animation_direction=\u00a0\u00bbleft\u00a0\u00bb animation_delay=\u00a0\u00bb300ms\u00a0\u00bb animation_intensity_zoom=\u00a0\u00bb5%\u00a0\u00bb always_center_on_mobile=\u00a0\u00bboff\u00a0\u00bb global_colors_info=\u00a0\u00bb{}\u00a0\u00bb][\/et_pb_image][et_pb_toggle title=\u00a0\u00bbEditorial Difusi\u00f3n                  \u00a0\u00bb icon_color=\u00a0\u00bb#0C71C3&Prime; open_icon_color=\u00a0\u00bb#0C71C3&Prime; _builder_version=\u00a0\u00bb4.20.4&Prime; _module_preset=\u00a0\u00bbdefault\u00a0\u00bb title_font_size=\u00a0\u00bb18px\u00a0\u00bb title_line_height=\u00a0\u00bb1.1em\u00a0\u00bb body_text_color=\u00a0\u00bb#969696&Prime; text_orientation=\u00a0\u00bbcenter\u00a0\u00bb custom_margin=\u00a0\u00bb-3px||||false|false\u00a0\u00bb custom_padding=\u00a0\u00bb||55px||false|false\u00a0\u00bb text_shadow_style=\u00a0\u00bbpreset1&Prime; text_shadow_blur_strength=\u00a0\u00bb0em\u00a0\u00bb text_shadow_color=\u00a0\u00bb#0C71C3&Prime; global_colors_info=\u00a0\u00bb{}\u00a0\u00bb]<\/p>\n<p style=\"text-align: center;\">Editorial Difusi\u00f3n<\/p>\n<p>[\/et_pb_toggle][et_pb_button button_url=\u00a0\u00bbhttps:\/\/difusion.com\/\u00a0\u00bb url_new_window=\u00a0\u00bbon\u00a0\u00bb button_text=\u00a0\u00bbEnlace\u00a0\u00bb button_alignment=\u00a0\u00bbcenter\u00a0\u00bb _builder_version=\u00a0\u00bb4.20.4&Prime; _module_preset=\u00a0\u00bbdefault\u00a0\u00bb custom_button=\u00a0\u00bbon\u00a0\u00bb button_border_width=\u00a0\u00bb1px\u00a0\u00bb button_border_radius=\u00a0\u00bb0px\u00a0\u00bb button_letter_spacing=\u00a0\u00bb0px\u00a0\u00bb button_icon=\u00a0\u00bb&#x45;||divi||400&Prime; global_colors_info=\u00a0\u00bb{}\u00a0\u00bb][\/et_pb_button][\/et_pb_column][\/et_pb_row][\/et_pb_section][et_pb_section fb_built=\u00a0\u00bb1&Prime; admin_label=\u00a0\u00bbDoctors\u00a0\u00bb _builder_version=\u00a0\u00bb4.16&Prime; background_color=\u00a0\u00bb#f1f5f7&Prime; min_height=\u00a0\u00bb568.4px\u00a0\u00bb custom_margin=\u00a0\u00bb-256px|||||\u00a0\u00bb custom_padding=\u00a0\u00bb4px|0px|4px|0px|true|false\u00a0\u00bb global_colors_info=\u00a0\u00bb{}\u00a0\u00bb][et_pb_row custom_padding_last_edited=\u00a0\u00bbon|tablet\u00a0\u00bb _builder_version=\u00a0\u00bb4.16&Prime; min_height=\u00a0\u00bb182.7px\u00a0\u00bb custom_padding=\u00a0\u00bb|||\u00a0\u00bb custom_padding_tablet=\u00a0\u00bb100px||50px|\u00a0\u00bb custom_padding_phone=\u00a0\u00bb\u00a0\u00bb global_colors_info=\u00a0\u00bb{}\u00a0\u00bb][et_pb_column type=\u00a0\u00bb4_4&Prime; _builder_version=\u00a0\u00bb4.16&Prime; custom_padding=\u00a0\u00bb|||\u00a0\u00bb global_colors_info=\u00a0\u00bb{}\u00a0\u00bb custom_padding__hover=\u00a0\u00bb|||\u00a0\u00bb][et_pb_image src=\u00a0\u00bbhttps:\/\/sites.uclouvain.be\/DCP_Tusele\/wp-content\/uploads\/2021\/05\/health-icon-1-3.png\u00a0\u00bb align=\u00a0\u00bbcenter\u00a0\u00bb align_tablet=\u00a0\u00bbcenter\u00a0\u00bb align_phone=\u00a0\u00bb\u00a0\u00bb align_last_edited=\u00a0\u00bbon|desktop\u00a0\u00bb _builder_version=\u00a0\u00bb4.16&Prime; global_colors_info=\u00a0\u00bb{}\u00a0\u00bb][\/et_pb_image][et_pb_text _builder_version=\u00a0\u00bb4.16&Prime; text_font=\u00a0\u00bbMontserrat|300|||||||\u00a0\u00bb text_font_size=\u00a0\u00bb16px\u00a0\u00bb text_line_height=\u00a0\u00bb1.8em\u00a0\u00bb header_font=\u00a0\u00bb||||||||\u00a0\u00bb header_2_font=\u00a0\u00bbMontserrat|300|||||||\u00a0\u00bb header_2_font_size=\u00a0\u00bb40px\u00a0\u00bb header_2_line_height=\u00a0\u00bb1.5em\u00a0\u00bb text_orientation=\u00a0\u00bbcenter\u00a0\u00bb max_width=\u00a0\u00bb800px\u00a0\u00bb module_alignment=\u00a0\u00bbcenter\u00a0\u00bb custom_margin=\u00a0\u00bb|||\u00a0\u00bb custom_margin_tablet=\u00a0\u00bb0px|50px||50px\u00a0\u00bb custom_margin_last_edited=\u00a0\u00bboff|desktop\u00a0\u00bb custom_padding=\u00a0\u00bb|||\u00a0\u00bb header_2_font_size_tablet=\u00a0\u00bb\u00a0\u00bb header_2_font_size_phone=\u00a0\u00bb30px\u00a0\u00bb header_2_font_size_last_edited=\u00a0\u00bbon|phone\u00a0\u00bb locked=\u00a0\u00bboff\u00a0\u00bb global_colors_info=\u00a0\u00bb{}\u00a0\u00bb]<\/p>\n<h2>Colaboradores<\/h2>\n<p>[\/et_pb_text][\/et_pb_column][\/et_pb_row][et_pb_row column_structure=\u00a0\u00bb1_6,1_6,1_6,1_6,1_6,1_6&Prime; _builder_version=\u00a0\u00bb4.21.0&Prime; width=\u00a0\u00bb100%\u00a0\u00bb max_width=\u00a0\u00bb1738px\u00a0\u00bb module_alignment=\u00a0\u00bbcenter\u00a0\u00bb custom_margin=\u00a0\u00bb|auto||731px||\u00a0\u00bb custom_padding=\u00a0\u00bb|||0px||\u00a0\u00bb locked=\u00a0\u00bboff\u00a0\u00bb global_colors_info=\u00a0\u00bb{}\u00a0\u00bb][et_pb_column type=\u00a0\u00bb1_6&Prime; _builder_version=\u00a0\u00bb4.16&Prime; custom_padding=\u00a0\u00bb|||\u00a0\u00bb global_colors_info=\u00a0\u00bb{}\u00a0\u00bb custom_padding__hover=\u00a0\u00bb|||\u00a0\u00bb][et_pb_image src=\u00a0\u00bbhttps:\/\/sites.uclouvain.be\/DCP_Tusele\/wp-content\/uploads\/2021\/09\/pixlr-bg-result-3-e1632411393954.png\u00a0\u00bb title_text=\u00a0\u00bbpixlr-bg-result (3)\u00a0\u00bb show_bottom_space=\u00a0\u00bboff\u00a0\u00bb force_fullwidth=\u00a0\u00bbon\u00a0\u00bb align_tablet=\u00a0\u00bbcenter\u00a0\u00bb align_phone=\u00a0\u00bb\u00a0\u00bb align_last_edited=\u00a0\u00bbon|desktop\u00a0\u00bb _builder_version=\u00a0\u00bb4.16&Prime; custom_padding=\u00a0\u00bb0px||||false|false\u00a0\u00bb animation_style=\u00a0\u00bbslide\u00a0\u00bb animation_direction=\u00a0\u00bbbottom\u00a0\u00bb animation_delay=\u00a0\u00bb100ms\u00a0\u00bb animation_intensity_slide=\u00a0\u00bb12%\u00a0\u00bb border_radii=\u00a0\u00bbon|126px|126px|126px|126px\u00a0\u00bb locked=\u00a0\u00bboff\u00a0\u00bb global_colors_info=\u00a0\u00bb{}\u00a0\u00bb][\/et_pb_image][et_pb_text _builder_version=\u00a0\u00bb4.21.0&Prime; _module_preset=\u00a0\u00bbdefault\u00a0\u00bb custom_margin=\u00a0\u00bb||12px|||\u00a0\u00bb global_colors_info=\u00a0\u00bb{}\u00a0\u00bb]<\/p>\n<p style=\"text-align: center;\"><strong>Universit\u00e9 catholique de Louvain<\/strong><\/p>\n<p>[\/et_pb_text][et_pb_toggle title=\u00a0\u00bbHubert Naets\u00a0\u00bb icon_color=\u00a0\u00bb#0C71C3&Prime; open_icon_color=\u00a0\u00bb#0C71C3&Prime; _builder_version=\u00a0\u00bb4.21.0&Prime; _module_preset=\u00a0\u00bbdefault\u00a0\u00bb title_font_size=\u00a0\u00bb18px\u00a0\u00bb title_line_height=\u00a0\u00bb1.1em\u00a0\u00bb body_text_color=\u00a0\u00bb#969696&Prime; text_orientation=\u00a0\u00bbcenter\u00a0\u00bb custom_padding=\u00a0\u00bb||36px||false|false\u00a0\u00bb text_shadow_style=\u00a0\u00bbpreset1&Prime; text_shadow_blur_strength=\u00a0\u00bb0em\u00a0\u00bb text_shadow_color=\u00a0\u00bb#0C71C3&Prime; global_colors_info=\u00a0\u00bb{}\u00a0\u00bb]<\/p>\n<p style=\"text-align: justify;\">Lling\u00fcista-inform\u00e1tico del CENTAL desde 2007.<br \/>Sus trabajos e investigaciones se centran en una amplia gama de campos relacionados con el procesamiento autom\u00e1tico del lenguaje, incluyendo el tratamiento de corpus en lenguas modernas y antiguas y las lenguas antiguas, la adquisici\u00f3n de segundas lenguas y la informaci\u00f3n y la extracci\u00f3n de informaci\u00f3n sem\u00e1ntica.<\/p>\n<p>[\/et_pb_toggle][\/et_pb_column][et_pb_column type=\u00a0\u00bb1_6&Prime; _builder_version=\u00a0\u00bb4.16&Prime; custom_padding=\u00a0\u00bb|||\u00a0\u00bb global_colors_info=\u00a0\u00bb{}\u00a0\u00bb custom_padding__hover=\u00a0\u00bb|||\u00a0\u00bb][et_pb_image src=\u00a0\u00bbhttps:\/\/sites.uclouvain.be\/DCP_Tusele\/wp-content\/uploads\/2023\/05\/foto2-removebg-preview-1.png\u00a0\u00bb title_text=\u00a0\u00bbfoto2-removebg-preview\u00a0\u00bb show_bottom_space=\u00a0\u00bboff\u00a0\u00bb force_fullwidth=\u00a0\u00bbon\u00a0\u00bb align_tablet=\u00a0\u00bbcenter\u00a0\u00bb align_phone=\u00a0\u00bb\u00a0\u00bb align_last_edited=\u00a0\u00bbon|desktop\u00a0\u00bb _builder_version=\u00a0\u00bb4.21.0&Prime; min_height=\u00a0\u00bb139px\u00a0\u00bb height=\u00a0\u00bb220px\u00a0\u00bb max_height=\u00a0\u00bb506px\u00a0\u00bb custom_margin=\u00a0\u00bb||3px|||\u00a0\u00bb custom_padding=\u00a0\u00bb0px||7px||false|false\u00a0\u00bb animation_style=\u00a0\u00bbslide\u00a0\u00bb animation_direction=\u00a0\u00bbbottom\u00a0\u00bb animation_delay=\u00a0\u00bb100ms\u00a0\u00bb animation_intensity_slide=\u00a0\u00bb12%\u00a0\u00bb border_radii=\u00a0\u00bbon|126px|126px|126px|126px\u00a0\u00bb locked=\u00a0\u00bboff\u00a0\u00bb global_colors_info=\u00a0\u00bb{}\u00a0\u00bb][\/et_pb_image][et_pb_text _builder_version=\u00a0\u00bb4.21.0&Prime; _module_preset=\u00a0\u00bbdefault\u00a0\u00bb custom_margin=\u00a0\u00bb||12px|||\u00a0\u00bb global_colors_info=\u00a0\u00bb{}\u00a0\u00bb]<\/p>\n<p style=\"text-align: center;\"><strong>Universit\u00e9 catholique de Louvain<\/strong><\/p>\n<p>[\/et_pb_text][et_pb_toggle title=\u00a0\u00bbMar\u00eda Est\u00e9vez Funes\u00a0\u00bb icon_color=\u00a0\u00bb#0C71C3&Prime; open_icon_color=\u00a0\u00bb#0C71C3&Prime; _builder_version=\u00a0\u00bb4.21.0&Prime; _module_preset=\u00a0\u00bbdefault\u00a0\u00bb title_font_size=\u00a0\u00bb18px\u00a0\u00bb title_line_height=\u00a0\u00bb1.1em\u00a0\u00bb body_text_color=\u00a0\u00bb#969696&Prime; text_orientation=\u00a0\u00bbcenter\u00a0\u00bb min_height=\u00a0\u00bb71.5px\u00a0\u00bb custom_margin=\u00a0\u00bb-9px|||||\u00a0\u00bb custom_padding=\u00a0\u00bb15px||37px||false|false\u00a0\u00bb text_shadow_style=\u00a0\u00bbpreset1&Prime; text_shadow_blur_strength=\u00a0\u00bb0em\u00a0\u00bb text_shadow_color=\u00a0\u00bb#0C71C3&Prime; global_colors_info=\u00a0\u00bb{}\u00a0\u00bb]<\/p>\n<p class=\"western\" align=\"justify\"><span style=\"font-family: Calibri, serif;\">Licenciada en Filolog\u00eda Inglesa por la Universidad de Granada y con un M\u00e1ster en <\/span><span style=\"font-family: Calibri, serif;\"><b>Ense\u00f1anza del Espa\u00f1ol como Lengua Extranjera<\/b><\/span><span style=\"font-family: Calibri, serif;\"> cursado en la <\/span><span style=\"font-family: Calibri, serif;\"><i>Universidad de Antonio de Nebrija<\/i><\/span><span style=\"font-family: Calibri, serif;\">. Se dedica desde el a\u00f1o 1998 a la ense\u00f1anza del espa\u00f1ol para extranjeros. En 2003 empieza a trabajar como profesora de espa\u00f1ol en el Centro de Lenguas Modernas (CLM) de la Universidad de Granada, donde ahora ocupa el cargo de Subdirectora Acad\u00e9mica de espa\u00f1ol. Participa en los <\/span><span style=\"font-family: Calibri, serif;\"><b>cursos de formaci\u00f3n de profesorado<\/b><\/span><span style=\"font-family: Calibri, serif;\"> extranjeros de espa\u00f1ol. Igualmente, forma parte de la plantilla que imparte el <\/span><span style=\"font-family: Calibri, serif;\"><b>M\u00e1ster para la ense\u00f1anza\/aprendizaje del idioma espa\u00f1ol y su cultura<\/b><\/span><span style=\"font-family: Calibri, serif;\"><i>, <\/i><\/span><span style=\"font-family: Calibri, serif;\">impartido en el CLM. Imparte, asimismo, <\/span><span style=\"font-family: Calibri, serif;\"><b>cursos de formaci\u00f3n interna<\/b><\/span><span style=\"font-family: Calibri, serif;\"> sobre diferentes aspectos pr\u00e1cticos relacionados con la docencia de ELE. <\/span><\/p>\n<p class=\"western\" align=\"justify\"><span style=\"font-family: Calibri, serif;\">A lo largo de su carrera ha participado como ponente en diferentes <\/span><span style=\"font-family: Calibri, serif;\"><b>Encuentros, Jornadas <\/b><\/span><span style=\"font-family: Calibri, serif;\">y <\/span><span style=\"font-family: Calibri, serif;\"><b>Congresos<\/b><\/span><span style=\"font-family: Calibri, serif;\"> relacionados con la ense\u00f1anza del Espa\u00f1ol como Lengua Extranjera (ELE). Doctoranda en el programa de Ciencias Humanas y Sociales de la Universidad de Almer\u00eda. <\/span><\/p>\n<p class=\"western\" align=\"justify\"><span style=\"font-family: Calibri, serif;\">Sus l\u00edneas de investigaci\u00f3n se centran en la Formaci\u00f3n inicial del profesorado a trav\u00e9s de la Pr\u00e1ctica reflexiva y la ense\u00f1anza de lenguas dentro de un enfoque socioconstructivista.<\/span><\/p>\n<p>[\/et_pb_toggle][\/et_pb_column][et_pb_column type=\u00a0\u00bb1_6&Prime; _builder_version=\u00a0\u00bb4.16&Prime; custom_padding=\u00a0\u00bb|||\u00a0\u00bb global_colors_info=\u00a0\u00bb{}\u00a0\u00bb custom_padding__hover=\u00a0\u00bb|||\u00a0\u00bb][et_pb_image src=\u00a0\u00bbhttps:\/\/sites.uclouvain.be\/DCP_Tusele\/wp-content\/uploads\/2021\/09\/begona-garcia-150&#215;150-1-1-1.png\u00a0\u00bb title_text=\u00a0\u00bbbego\u00f1a-garcia-150&#215;150-1-1 (1)\u00a0\u00bb show_bottom_space=\u00a0\u00bboff\u00a0\u00bb force_fullwidth=\u00a0\u00bbon\u00a0\u00bb align_tablet=\u00a0\u00bbcenter\u00a0\u00bb align_phone=\u00a0\u00bb\u00a0\u00bb align_last_edited=\u00a0\u00bbon|desktop\u00a0\u00bb _builder_version=\u00a0\u00bb4.21.0&Prime; custom_padding=\u00a0\u00bb0px||||false|false\u00a0\u00bb animation_style=\u00a0\u00bbslide\u00a0\u00bb animation_direction=\u00a0\u00bbbottom\u00a0\u00bb animation_delay=\u00a0\u00bb100ms\u00a0\u00bb animation_intensity_slide=\u00a0\u00bb12%\u00a0\u00bb border_radii=\u00a0\u00bbon|126px|126px|126px|126px\u00a0\u00bb locked=\u00a0\u00bboff\u00a0\u00bb global_colors_info=\u00a0\u00bb{}\u00a0\u00bb][\/et_pb_image][et_pb_text _builder_version=\u00a0\u00bb4.21.0&Prime; _module_preset=\u00a0\u00bbdefault\u00a0\u00bb custom_margin=\u00a0\u00bb||12px|||\u00a0\u00bb global_colors_info=\u00a0\u00bb{}\u00a0\u00bb]<\/p>\n<p style=\"text-align: center;\"><strong>Universit\u00e9 catholique de Louvain<\/strong><\/p>\n<p>[\/et_pb_text][et_pb_toggle title=\u00a0\u00bbBego\u00f1a Garc\u00eda Migura\u00a0\u00bb icon_color=\u00a0\u00bb#0C71C3&Prime; open_icon_color=\u00a0\u00bb#0C71C3&Prime; _builder_version=\u00a0\u00bb4.21.0&Prime; _module_preset=\u00a0\u00bbdefault\u00a0\u00bb title_font_size=\u00a0\u00bb18px\u00a0\u00bb title_line_height=\u00a0\u00bb1.1em\u00a0\u00bb body_text_color=\u00a0\u00bb#969696&Prime; text_orientation=\u00a0\u00bbcenter\u00a0\u00bb custom_padding=\u00a0\u00bb||26px||false|false\u00a0\u00bb text_shadow_style=\u00a0\u00bbpreset1&Prime; text_shadow_blur_strength=\u00a0\u00bb0em\u00a0\u00bb text_shadow_color=\u00a0\u00bb#0C71C3&Prime; global_colors_info=\u00a0\u00bb{}\u00a0\u00bb]<\/p>\n<p style=\"text-align: justify;\">Licenciada en Filolog\u00eda Hisp\u00e1nica, M\u00e1ster en Aprendizaje y Ense\u00f1anza del Espa\u00f1ol en Contextos Multiling\u00fces e Internacionales, y doctoranda en la Universidad de Valencia. Desde 2001 ha trabajado en distintos \u00e1mbitos de la did\u00e1ctica de la lengua y la literatura, incluyendo la impartici\u00f3n de asignaturas de la licenciatura de Hisp\u00e1nicas para no nativos, la ense\u00f1anza de ELE y la formaci\u00f3n de profesores en pa\u00edses como Suiza, Suecia, Estados Unidos y Vietnam, adem\u00e1s de en Espa\u00f1a.<\/p>\n<p style=\"text-align: justify;\">Fue durante m\u00e1s de 3 a\u00f1os Coordinadora del Instituto Cervantes de Han\u00f3i donde, destaca su labor en gesti\u00f3n acad\u00e9mica, la difusi\u00f3n y administraci\u00f3n de los ex\u00e1menes DELE y la puesta en marcha de programas de formaci\u00f3n del profesorado de ELE orientados a la creaci\u00f3n y consolidaci\u00f3n de departamentos de espa\u00f1ol de universidades vietnamitas. Actualmente, desempe\u00f1a su trabajo en el Instituto de Lenguas Vivas de la Universidad de Lovaina (ILV-UC Louvain) y colabora con otras instituciones de reconocido prestigio como la Universidad de Valencia y la Universidad Jaime I de Castell\u00f3n.<\/p>\n<p style=\"text-align: justify;\">Sus principales \u00e1reas de inter\u00e9s en ELE son la expresi\u00f3n escrita, la ense\u00f1anza mediante tareas (EMT), la ense\u00f1anza por contenidos (AICLE\/CLIL), el aprendizaje cooperativo y la ling\u00fc\u00edstica textual. En la formaci\u00f3n de profesores, su \u00e1mbito de estudio es la pr\u00e1ctica reflexiva y la observaci\u00f3n de clases.<\/p>\n<p>[\/et_pb_toggle][\/et_pb_column][et_pb_column type=\u00a0\u00bb1_6&Prime; _builder_version=\u00a0\u00bb4.16&Prime; custom_padding=\u00a0\u00bb|||\u00a0\u00bb global_colors_info=\u00a0\u00bb{}\u00a0\u00bb custom_padding__hover=\u00a0\u00bb|||\u00a0\u00bb][et_pb_image src=\u00a0\u00bbhttps:\/\/sites.uclouvain.be\/DCP_Tusele\/wp-content\/uploads\/2021\/06\/Alicia-Tirado-150&#215;150-1-1.png\u00a0\u00bb title_text=\u00a0\u00bbAlicia-Tirado-150&#215;150 (1)\u00a0\u00bb show_bottom_space=\u00a0\u00bboff\u00a0\u00bb force_fullwidth=\u00a0\u00bbon\u00a0\u00bb align_tablet=\u00a0\u00bbcenter\u00a0\u00bb align_phone=\u00a0\u00bb\u00a0\u00bb align_last_edited=\u00a0\u00bbon|desktop\u00a0\u00bb _builder_version=\u00a0\u00bb4.21.0&Prime; custom_padding=\u00a0\u00bb0px||||false|false\u00a0\u00bb animation_style=\u00a0\u00bbslide\u00a0\u00bb animation_direction=\u00a0\u00bbbottom\u00a0\u00bb animation_delay=\u00a0\u00bb100ms\u00a0\u00bb animation_intensity_slide=\u00a0\u00bb12%\u00a0\u00bb border_radii=\u00a0\u00bbon|126px|126px|126px|126px\u00a0\u00bb locked=\u00a0\u00bboff\u00a0\u00bb global_colors_info=\u00a0\u00bb{}\u00a0\u00bb][\/et_pb_image][et_pb_text _builder_version=\u00a0\u00bb4.21.0&Prime; _module_preset=\u00a0\u00bbdefault\u00a0\u00bb custom_margin=\u00a0\u00bb||12px|||\u00a0\u00bb global_colors_info=\u00a0\u00bb{}\u00a0\u00bb]<\/p>\n<p style=\"text-align: center;\"><strong>Universit\u00e9 catholique de Louvain<\/strong><\/p>\n<p>[\/et_pb_text][et_pb_toggle title=\u00a0\u00bbAlicia Tirado Fernandez\u00a0\u00bb icon_color=\u00a0\u00bb#0C71C3&Prime; open_icon_color=\u00a0\u00bb#0C71C3&Prime; _builder_version=\u00a0\u00bb4.21.0&Prime; _module_preset=\u00a0\u00bbdefault\u00a0\u00bb title_font_size=\u00a0\u00bb18px\u00a0\u00bb title_line_height=\u00a0\u00bb1.1em\u00a0\u00bb body_text_color=\u00a0\u00bb#969696&Prime; text_orientation=\u00a0\u00bbcenter\u00a0\u00bb custom_padding=\u00a0\u00bb||23px|0px|false|false\u00a0\u00bb text_shadow_style=\u00a0\u00bbpreset1&Prime; text_shadow_blur_strength=\u00a0\u00bb0em\u00a0\u00bb text_shadow_color=\u00a0\u00bb#0C71C3&Prime; global_colors_info=\u00a0\u00bb{}\u00a0\u00bb]<\/p>\n<p style=\"text-align: justify;\">Experta universitaria en Ense\u00f1anza del Espa\u00f1ol como Lengua Extranjera por la UNED , Licenciada en Ciencias de la Informaci\u00f3n y M\u00e1ster en Radio y en Comunicaci\u00f3n institucional y corporativa. Desde 2001 ha trabajado en distintos \u00e1mbitos de la comunicaci\u00f3n y la formaci\u00f3n, as\u00ed como en la ense\u00f1anza del espa\u00f1ol como lengua extranjera, tanto en Francia (Universidad de Estrasburgo \u2013 UNISTRA) como en B\u00e9lgica.<\/p>\n<p style=\"text-align: justify;\">En la actualidad trabaja en el Institut des langues vivantes de la Universidad de Lovaina (UC Louvain) y colabora habitualmente con el Instituto Cervantes de Bruselas.<\/p>\n<p style=\"text-align: justify;\">Sus \u00e1reas de inter\u00e9s actuales son la pr\u00e1ctica reflexiva, uso de portafolios y comunidades de aprendizaje as\u00ed como creaci\u00f3n de materiales tecnopedag\u00f3gicos.<\/p>\n<p>[\/et_pb_toggle][\/et_pb_column][et_pb_column type=\u00a0\u00bb1_6&Prime; _builder_version=\u00a0\u00bb4.16&Prime; custom_padding=\u00a0\u00bb|||\u00a0\u00bb global_colors_info=\u00a0\u00bb{}\u00a0\u00bb custom_padding__hover=\u00a0\u00bb|||\u00a0\u00bb][et_pb_image src=\u00a0\u00bbhttps:\/\/sites.uclouvain.be\/DCP_Tusele\/wp-content\/uploads\/2021\/06\/CRISTINA-1-2.png\u00a0\u00bb title_text=\u00a0\u00bbCRISTINA (1)\u00a0\u00bb show_bottom_space=\u00a0\u00bboff\u00a0\u00bb force_fullwidth=\u00a0\u00bbon\u00a0\u00bb align_tablet=\u00a0\u00bbcenter\u00a0\u00bb align_phone=\u00a0\u00bb\u00a0\u00bb align_last_edited=\u00a0\u00bbon|desktop\u00a0\u00bb _builder_version=\u00a0\u00bb4.21.0&Prime; custom_padding=\u00a0\u00bb0px||||false|false\u00a0\u00bb animation_style=\u00a0\u00bbslide\u00a0\u00bb animation_direction=\u00a0\u00bbbottom\u00a0\u00bb animation_delay=\u00a0\u00bb100ms\u00a0\u00bb animation_intensity_slide=\u00a0\u00bb12%\u00a0\u00bb border_radii=\u00a0\u00bbon|126px|126px|126px|126px\u00a0\u00bb locked=\u00a0\u00bboff\u00a0\u00bb global_colors_info=\u00a0\u00bb{}\u00a0\u00bb][\/et_pb_image][et_pb_text _builder_version=\u00a0\u00bb4.21.0&Prime; _module_preset=\u00a0\u00bbdefault\u00a0\u00bb custom_margin=\u00a0\u00bb||12px|||\u00a0\u00bb global_colors_info=\u00a0\u00bb{}\u00a0\u00bb min_height=\u00a0\u00bb41.8px\u00a0\u00bb][\/et_pb_text][et_pb_toggle title=\u00a0\u00bbCristina Montasell Jordana\u00a0\u00bb icon_color=\u00a0\u00bb#0C71C3&Prime; open_icon_color=\u00a0\u00bb#0C71C3&Prime; _builder_version=\u00a0\u00bb4.21.0&Prime; _module_preset=\u00a0\u00bbdefault\u00a0\u00bb title_font_size=\u00a0\u00bb18px\u00a0\u00bb title_line_height=\u00a0\u00bb1.1em\u00a0\u00bb body_text_color=\u00a0\u00bb#969696&Prime; text_orientation=\u00a0\u00bbcenter\u00a0\u00bb custom_padding=\u00a0\u00bb||23px|0px|false|false\u00a0\u00bb hover_enabled=\u00a0\u00bb0&Prime; text_shadow_style=\u00a0\u00bbpreset1&Prime; text_shadow_blur_strength=\u00a0\u00bb0em\u00a0\u00bb text_shadow_color=\u00a0\u00bb#0C71C3&Prime; global_colors_info=\u00a0\u00bb{}\u00a0\u00bb sticky_enabled=\u00a0\u00bb0&Prime;]<\/p>\n<p style=\"text-align: justify;\">M\u00e1ster en educaci\u00f3n y TIC (e-learning) en la Especialidad de Dise\u00f1o Tecnopedag\u00f3gico en Educaci\u00f3n por la Universitat Oberta de Catalunya. Diplomada en magisterio, especialidad de lenguas extranjeras por la Facultad de Psicolog\u00eda y Ciencias de la Educaci\u00f3n y del Deporte Blanquerna, Universidad Ram\u00f3n Llull de Barcelona. En 2017, ha sido profesora de espa\u00f1ol en el Instituto de Lenguas Vivas de la Universidad de Lovaina (ILV-UC Louvain) e imparti\u00f3 espa\u00f1ol m\u00e9dico y espa\u00f1ol econ\u00f3mico en la Katholieke Universiteit Leuven (KU-Leuven). Colabor\u00f3 en clases de conversaci\u00f3n de espa\u00f1ol en la CVO- Strombeek grimbergen de B\u00e8lgica.<\/p>\n<p style=\"text-align: justify;\">En la actualidad, es profesora de idiomas en educaci\u00f3n infantil y educaci\u00f3n primaria en el Departamento de Educaci\u00f3n de la Generalitat de Catalunya donde imparte y realiza proyectos de innovaci\u00f3n docente, implantado metodolog\u00edas Blended-learning y e-learning para fomentar y potenciar la creatividad y motivaci\u00f3n en la ense\u00f1anza de una lengua extranjera.<\/p>\n<p style=\"text-align: justify;\">Dise\u00f1adora de las p\u00e1ginas web <a href=\"https:\/\/sites.uclouvain.be\/DCP_Tusele\">DCP_Tusele<\/a> y <a href=\"https:\/\/sites.uclouvain.be\/lovele\">LovELE<\/a>.<\/p>\n<p>[\/et_pb_toggle][\/et_pb_column][et_pb_column type=\u00a0\u00bb1_6&Prime; _builder_version=\u00a0\u00bb4.16&Prime; custom_padding=\u00a0\u00bb|||\u00a0\u00bb global_colors_info=\u00a0\u00bb{}\u00a0\u00bb custom_padding__hover=\u00a0\u00bb|||\u00a0\u00bb][et_pb_image src=\u00a0\u00bbhttps:\/\/sites.uclouvain.be\/DCP_Tusele\/wp-content\/uploads\/2021\/06\/Foto-de-carne_-KellyFavart-1-1.png\u00a0\u00bb title_text=\u00a0\u00bbFoto de carn\u00e9_ KellyFavart (1) (1)\u00a0\u00bb show_bottom_space=\u00a0\u00bboff\u00a0\u00bb force_fullwidth=\u00a0\u00bbon\u00a0\u00bb align_tablet=\u00a0\u00bbcenter\u00a0\u00bb align_phone=\u00a0\u00bb\u00a0\u00bb align_last_edited=\u00a0\u00bbon|desktop\u00a0\u00bb _builder_version=\u00a0\u00bb4.21.0&Prime; min_height=\u00a0\u00bb181.3px\u00a0\u00bb height=\u00a0\u00bb203px\u00a0\u00bb custom_padding=\u00a0\u00bb0px||0px||false|false\u00a0\u00bb animation_style=\u00a0\u00bbslide\u00a0\u00bb animation_direction=\u00a0\u00bbbottom\u00a0\u00bb animation_delay=\u00a0\u00bb100ms\u00a0\u00bb animation_intensity_slide=\u00a0\u00bb12%\u00a0\u00bb border_radii=\u00a0\u00bbon|126px|126px|126px|126px\u00a0\u00bb locked=\u00a0\u00bboff\u00a0\u00bb global_colors_info=\u00a0\u00bb{}\u00a0\u00bb][\/et_pb_image][et_pb_text _builder_version=\u00a0\u00bb4.21.0&Prime; _module_preset=\u00a0\u00bbdefault\u00a0\u00bb custom_margin=\u00a0\u00bb||12px|||\u00a0\u00bb global_colors_info=\u00a0\u00bb{}\u00a0\u00bb]<\/p>\n<p style=\"text-align: center;\"><strong>Universit\u00e9 catholique de Louvain<\/strong><\/p>\n<p>[\/et_pb_text][et_pb_toggle title=\u00a0\u00bbKelly Favart\u00a0\u00bb icon_color=\u00a0\u00bb#0C71C3&Prime; open_icon_color=\u00a0\u00bb#0C71C3&Prime; _builder_version=\u00a0\u00bb4.16&Prime; _module_preset=\u00a0\u00bbdefault\u00a0\u00bb title_font_size=\u00a0\u00bb18px\u00a0\u00bb title_line_height=\u00a0\u00bb1.1em\u00a0\u00bb body_text_color=\u00a0\u00bb#969696&Prime; text_orientation=\u00a0\u00bbcenter\u00a0\u00bb min_height=\u00a0\u00bb71.5px\u00a0\u00bb custom_padding=\u00a0\u00bb||37px||false|false\u00a0\u00bb text_shadow_style=\u00a0\u00bbpreset1&Prime; text_shadow_blur_strength=\u00a0\u00bb0em\u00a0\u00bb text_shadow_color=\u00a0\u00bb#0C71C3&Prime; global_colors_info=\u00a0\u00bb{}\u00a0\u00bb]<\/p>\n<p style=\"font-weight: 400; text-align: justify;\">M\u00e1ster en comunicaci\u00f3n multiling\u00fce (orientaci\u00f3n empresarial).<\/p>\n<p style=\"font-weight: 400; text-align: justify;\">Licenciatura en franc\u00e9s y lenguas y letras rom\u00e1nicas<span>\u00a0<\/span>en la Facultad de Letras (FIAL)<span>\u00a0<\/span>de l\u2019Universit\u00e9 de Louvain (Louvain-la-Neuve, B\u00e9lgica).<\/p>\n<p style=\"font-weight: 400; text-align: justify;\">En 2019,<span>\u00a0<\/span>hizo<span>\u00a0<\/span>un intercambio en la Universidad de Murcia (UMU) donde<span>\u00a0<\/span>sigui\u00f3<span> <\/span>el programa en lenguas extranjeras y literaturas.<\/p>\n<p>[\/et_pb_toggle][\/et_pb_column][\/et_pb_row][\/et_pb_section]<\/p>\n","protected":false},"excerpt":{"rendered":"<p>Asociados y colaboradoresAsociadosRepresenta al Ministerio de Educaci\u00f3n espa\u00f1ol en B\u00e9lgica, Pa\u00edses Bajos y Luxemburgo. Apoya la ense\u00f1anza y difusi\u00f3n del espa\u00f1ol en el sistema educativo de estos pa\u00edses, as\u00ed como el desarrollo profesional de los casi 1000 profesores que trabajan en ellos.Representa al Ministerio de Educaci\u00f3n espa\u00f1ol en Alemania, Dinamarca, Finlandia, Noruega y Suecia. Promociona [&hellip;]<\/p>\n","protected":false},"author":13,"featured_media":0,"parent":0,"menu_order":0,"comment_status":"closed","ping_status":"open","template":"","meta":{"_et_pb_use_builder":"on","_et_pb_old_content":"","_et_gb_content_width":"","_uf_show_specific_survey":0,"_uf_disable_surveys":false,"footnotes":""},"class_list":["post-663","page","type-page","status-publish","hentry"],"_links":{"self":[{"href":"https:\/\/sites.uclouvain.be\/DCP_Tusele\/wp-json\/wp\/v2\/pages\/663","targetHints":{"allow":["GET"]}}],"collection":[{"href":"https:\/\/sites.uclouvain.be\/DCP_Tusele\/wp-json\/wp\/v2\/pages"}],"about":[{"href":"https:\/\/sites.uclouvain.be\/DCP_Tusele\/wp-json\/wp\/v2\/types\/page"}],"author":[{"embeddable":true,"href":"https:\/\/sites.uclouvain.be\/DCP_Tusele\/wp-json\/wp\/v2\/users\/13"}],"replies":[{"embeddable":true,"href":"https:\/\/sites.uclouvain.be\/DCP_Tusele\/wp-json\/wp\/v2\/comments?post=663"}],"version-history":[{"count":5,"href":"https:\/\/sites.uclouvain.be\/DCP_Tusele\/wp-json\/wp\/v2\/pages\/663\/revisions"}],"predecessor-version":[{"id":21173,"href":"https:\/\/sites.uclouvain.be\/DCP_Tusele\/wp-json\/wp\/v2\/pages\/663\/revisions\/21173"}],"wp:attachment":[{"href":"https:\/\/sites.uclouvain.be\/DCP_Tusele\/wp-json\/wp\/v2\/media?parent=663"}],"curies":[{"name":"wp","href":"https:\/\/api.w.org\/{rel}","templated":true}]}}