{"id":2673,"date":"2021-05-19T17:55:18","date_gmt":"2021-05-19T15:55:18","guid":{"rendered":"https:\/\/sites.uclouvain.be\/DCP_Tusele\/?page_id=2673"},"modified":"2023-10-13T19:39:59","modified_gmt":"2023-10-13T17:39:59","slug":"output-3","status":"publish","type":"page","link":"https:\/\/sites.uclouvain.be\/DCP_Tusele\/output-3\/","title":{"rendered":"Output 3"},"content":{"rendered":"<p>[et_pb_section fb_built=\u00a0\u00bb1&Prime; custom_padding_last_edited=\u00a0\u00bbon|tablet\u00a0\u00bb admin_label=\u00a0\u00bbHero Section\u00a0\u00bb _builder_version=\u00a0\u00bb4.16&Prime; use_background_color_gradient=\u00a0\u00bbon\u00a0\u00bb background_color_gradient_stops=\u00a0\u00bbrgba(255,255,255,0) 0%|#ffffff 100%\u00a0\u00bb background_color_gradient_overlays_image=\u00a0\u00bbon\u00a0\u00bb background_color_gradient_start=\u00a0\u00bbrgba(255,255,255,0)\u00a0\u00bb background_color_gradient_end=\u00a0\u00bb#ffffff\u00a0\u00bb background_image=\u00a0\u00bbhttps:\/\/sites.uclouvain.be\/DCP_Tusele\/wp-content\/uploads\/2021\/05\/marten-bjork-rH8O0FHFpfw-unsplash-scaled.jpg\u00a0\u00bb custom_padding=\u00a0\u00bb100px|0px|10px|0px||\u00a0\u00bb custom_padding_tablet=\u00a0\u00bb|||\u00a0\u00bb custom_padding_phone=\u00a0\u00bb|||\u00a0\u00bb global_colors_info=\u00a0\u00bb{}\u00a0\u00bb][et_pb_row _builder_version=\u00a0\u00bb4.16&Prime; custom_padding=\u00a0\u00bb|||\u00a0\u00bb animation_style=\u00a0\u00bbslide\u00a0\u00bb animation_direction=\u00a0\u00bbbottom\u00a0\u00bb animation_intensity_slide=\u00a0\u00bb10%\u00a0\u00bb global_colors_info=\u00a0\u00bb{}\u00a0\u00bb][et_pb_column type=\u00a0\u00bb4_4&Prime; _builder_version=\u00a0\u00bb4.16&Prime; custom_padding=\u00a0\u00bb|||\u00a0\u00bb global_colors_info=\u00a0\u00bb{}\u00a0\u00bb custom_padding__hover=\u00a0\u00bb|||\u00a0\u00bb][et_pb_text admin_label=\u00a0\u00bbTitle and subhead\u00a0\u00bb _builder_version=\u00a0\u00bb4.20.0&Prime; text_font=\u00a0\u00bbUbuntu||||||||\u00a0\u00bb text_font_size=\u00a0\u00bb16px\u00a0\u00bb text_line_height=\u00a0\u00bb1.8em\u00a0\u00bb header_font=\u00a0\u00bbMontserrat|700|||||||\u00a0\u00bb header_font_size=\u00a0\u00bb50px\u00a0\u00bb header_line_height=\u00a0\u00bb1.4em\u00a0\u00bb header_2_font=\u00a0\u00bb||||||||\u00a0\u00bb text_orientation=\u00a0\u00bbcenter\u00a0\u00bb max_width=\u00a0\u00bb1094px\u00a0\u00bb module_alignment=\u00a0\u00bbcenter\u00a0\u00bb header_font_size_tablet=\u00a0\u00bb\u00a0\u00bb header_font_size_phone=\u00a0\u00bb40px\u00a0\u00bb header_font_size_last_edited=\u00a0\u00bbon|desktop\u00a0\u00bb locked=\u00a0\u00bboff\u00a0\u00bb global_colors_info=\u00a0\u00bb{}\u00a0\u00bb]<\/p>\n<h1>Output 3<\/h1>\n<h2>Estancia en el centro de pr\u00e1cticas<\/h2>\n<p>[\/et_pb_text][\/et_pb_column][\/et_pb_row][\/et_pb_section][et_pb_section fb_built=\u00a0\u00bb1&Prime; admin_label=\u00a0\u00bbWork Process Section\u00a0\u00bb _builder_version=\u00a0\u00bb4.16&Prime; background_color=\u00a0\u00bb#024c7a\u00a0\u00bb custom_padding=\u00a0\u00bb100px|0px|6px|0px||\u00a0\u00bb global_colors_info=\u00a0\u00bb{}\u00a0\u00bb][et_pb_row column_structure=\u00a0\u00bb1_3,2_3&Prime; admin_label=\u00a0\u00bbTexts And Button\u00a0\u00bb _builder_version=\u00a0\u00bb4.16&Prime; width=\u00a0\u00bb100%\u00a0\u00bb max_width=\u00a0\u00bb1346px\u00a0\u00bb custom_margin=\u00a0\u00bb-63px|355px||auto||\u00a0\u00bb custom_padding=\u00a0\u00bb27px|0px||||\u00a0\u00bb global_colors_info=\u00a0\u00bb{}\u00a0\u00bb][et_pb_column type=\u00a0\u00bb1_3&Prime; _builder_version=\u00a0\u00bb4.16&Prime; custom_padding=\u00a0\u00bb|||\u00a0\u00bb global_colors_info=\u00a0\u00bb{}\u00a0\u00bb custom_padding__hover=\u00a0\u00bb|||\u00a0\u00bb][et_pb_text admin_label=\u00a0\u00bbTitle and subhead\u00a0\u00bb _builder_version=\u00a0\u00bb4.16&Prime; text_font=\u00a0\u00bbUbuntu||||||||\u00a0\u00bb text_text_color=\u00a0\u00bbrgba(255,255,255,0.7)\u00a0\u00bb text_font_size=\u00a0\u00bb16px\u00a0\u00bb text_line_height=\u00a0\u00bb1.8em\u00a0\u00bb header_font=\u00a0\u00bb||||||||\u00a0\u00bb header_text_color=\u00a0\u00bb#ffffff\u00a0\u00bb header_2_font=\u00a0\u00bbMontserrat|700|||||||\u00a0\u00bb header_2_text_color=\u00a0\u00bb#ffffff\u00a0\u00bb header_2_font_size=\u00a0\u00bb40px\u00a0\u00bb header_2_line_height=\u00a0\u00bb1.4em\u00a0\u00bb background_layout=\u00a0\u00bbdark\u00a0\u00bb max_width=\u00a0\u00bb600px\u00a0\u00bb module_alignment=\u00a0\u00bbleft\u00a0\u00bb global_colors_info=\u00a0\u00bb{}\u00a0\u00bb]<\/p>\n<h2>Descripci\u00f3n<\/h2>\n<p style=\"text-align: justify;\">Cuadernos de fichas, gu\u00edas y plantillas de trabajo para tutorizaci\u00f3n de los profesores en formaci\u00f3n en el\u00a0 centro de pr\u00e1cticas.<\/p>\n<p style=\"text-align: justify;\">[\/et_pb_text][\/et_pb_column][et_pb_column type=\u00a0\u00bb2_3&Prime; _builder_version=\u00a0\u00bb4.16&Prime; custom_padding=\u00a0\u00bb|||\u00a0\u00bb global_colors_info=\u00a0\u00bb{}\u00a0\u00bb custom_padding__hover=\u00a0\u00bb|||\u00a0\u00bb][et_pb_text admin_label=\u00a0\u00bbTitle and subhead\u00a0\u00bb _builder_version=\u00a0\u00bb4.20.4&Prime; text_font=\u00a0\u00bbUbuntu||||||||\u00a0\u00bb text_text_color=\u00a0\u00bbrgba(255,255,255,0.7)\u00a0\u00bb text_font_size=\u00a0\u00bb16px\u00a0\u00bb text_line_height=\u00a0\u00bb1.8em\u00a0\u00bb header_font=\u00a0\u00bb||||||||\u00a0\u00bb header_text_color=\u00a0\u00bb#ffffff\u00a0\u00bb header_2_font=\u00a0\u00bbMontserrat|700|||||||\u00a0\u00bb header_2_text_color=\u00a0\u00bb#ffffff\u00a0\u00bb header_2_font_size=\u00a0\u00bb40px\u00a0\u00bb header_2_line_height=\u00a0\u00bb1.4em\u00a0\u00bb background_layout=\u00a0\u00bbdark\u00a0\u00bb max_width=\u00a0\u00bb945px\u00a0\u00bb module_alignment=\u00a0\u00bbleft\u00a0\u00bb custom_padding=\u00a0\u00bb|0px|||false|false\u00a0\u00bb global_colors_info=\u00a0\u00bb{}\u00a0\u00bb]<\/p>\n<p style=\"text-align: justify;\"><span style=\"font-weight: 400; color: #ffffff;\"><b>Resultados :<\/b><\/span><\/p>\n<ul>\n<li style=\"text-align: justify;\">E-book con informaci\u00f3n sobre planificaci\u00f3n de clases, observaci\u00f3n y retroalimentaci\u00f3n.<\/li>\n<li style=\"text-align: justify;\">Fichas de recogida de informaci\u00f3n para tutores y profesores en formaci\u00f3n.<\/li>\n<li style=\"text-align: justify;\">Fichas de observaci\u00f3n para tutores y profesores en formaci\u00f3n.<\/li>\n<li style=\"text-align: justify;\">Videotutorial.<\/li>\n<\/ul>\n<p style=\"text-align: justify;\">\n<p>[\/et_pb_text][\/et_pb_column][\/et_pb_row][\/et_pb_section][et_pb_section fb_built=\u00a0\u00bb1&Prime; _builder_version=\u00a0\u00bb4.20.2&Prime; _module_preset=\u00a0\u00bbdefault\u00a0\u00bb custom_padding=\u00a0\u00bb||10px|||\u00a0\u00bb global_colors_info=\u00a0\u00bb{}\u00a0\u00bb][et_pb_row column_structure=\u00a0\u00bb1_3,2_3&Prime; _builder_version=\u00a0\u00bb4.20.2&Prime; _module_preset=\u00a0\u00bbdefault\u00a0\u00bb global_colors_info=\u00a0\u00bb{}\u00a0\u00bb][et_pb_column type=\u00a0\u00bb1_3&Prime; _builder_version=\u00a0\u00bb4.20.2&Prime; _module_preset=\u00a0\u00bbdefault\u00a0\u00bb global_colors_info=\u00a0\u00bb{}\u00a0\u00bb][et_pb_blurb title=\u00a0\u00bbProducto 1&Prime; image=\u00a0\u00bbhttps:\/\/sites.uclouvain.be\/DCP_Tusele\/wp-content\/uploads\/2023\/07\/EBOOK-3.png\u00a0\u00bb admin_label=\u00a0\u00bbService\u00a0\u00bb _builder_version=\u00a0\u00bb4.21.0&Prime; header_font=\u00a0\u00bbMontserrat|600|||||||\u00a0\u00bb header_text_align=\u00a0\u00bbcenter\u00a0\u00bb header_font_size=\u00a0\u00bb20px\u00a0\u00bb header_line_height=\u00a0\u00bb1.7em\u00a0\u00bb body_font=\u00a0\u00bbUbuntu||||||||\u00a0\u00bb body_text_align=\u00a0\u00bbcenter\u00a0\u00bb body_text_color=\u00a0\u00bbrgba(255,255,255,0.7)\u00a0\u00bb body_font_size=\u00a0\u00bb16px\u00a0\u00bb body_line_height=\u00a0\u00bb1.8em\u00a0\u00bb background_color=\u00a0\u00bb#1fb6ea\u00a0\u00bb background_layout=\u00a0\u00bbdark\u00a0\u00bb custom_padding=\u00a0\u00bb60px|30px|60px|40px\u00a0\u00bb animation_style=\u00a0\u00bbslide\u00a0\u00bb animation_direction=\u00a0\u00bbbottom\u00a0\u00bb animation_intensity_slide=\u00a0\u00bb10%\u00a0\u00bb animation=\u00a0\u00bboff\u00a0\u00bb border_radii=\u00a0\u00bbon|5px|5px|5px|5px\u00a0\u00bb global_colors_info=\u00a0\u00bb{}\u00a0\u00bb]<\/p>\n<p>E-book<\/p>\n<p>&nbsp;<\/p>\n<p>[\/et_pb_blurb][\/et_pb_column][et_pb_column type=\u00a0\u00bb2_3&Prime; _builder_version=\u00a0\u00bb4.20.2&Prime; _module_preset=\u00a0\u00bbdefault\u00a0\u00bb global_colors_info=\u00a0\u00bb{}\u00a0\u00bb][et_pb_text _builder_version=\u00a0\u00bb4.21.0&Prime; _module_preset=\u00a0\u00bbdefault\u00a0\u00bb min_height=\u00a0\u00bb149px\u00a0\u00bb global_colors_info=\u00a0\u00bb{}\u00a0\u00bb]<\/p>\n<h1><span style=\"color: #1b3466;\"><strong><\/strong><\/span><\/h1>\n<h1><span style=\"color: #1b3466;\"><strong><\/strong><\/span><\/h1>\n<h1><span style=\"color: #1b3466;\"><strong><\/strong><\/span><\/h1>\n<p>&nbsp;<\/p>\n<p><span style=\"color: #1b3466;\"><strong><\/strong><\/span><\/p>\n<p><span style=\"color: #1b3466;\"><strong><\/strong><\/span><\/p>\n<h1><span style=\"color: #1b3466;\"><strong>E-book output 3<\/strong><\/span><\/h1>\n<ul>\n<li style=\"list-style-type: none;\">\n<ul>\n<li style=\"font-weight: 400;\" aria-level=\"2\"><span style=\"color: #2d67ef;\"><strong><a href=\"https:\/\/sites.uclouvain.be\/DCP_Tusele\/wp-content\/uploads\/2023\/07\/ebook-2.-La-estancia-en-el-centro-de-practicas-1.pdf\" rel=\"attachment wp-att-21503\">ebook 3. La estancia en el centro de pr\u00e1cticas<\/a><\/strong><\/span><span style=\"color: #2d67ef;\"><strong><br \/><\/strong><\/span><\/li>\n<\/ul>\n<\/li>\n<\/ul>\n<p>[\/et_pb_text][et_pb_button button_url=\u00a0\u00bbhttps:\/\/sites.uclouvain.be\/DCP_Tusele\/wp-content\/uploads\/2023\/07\/ebook-2.-La-estancia-en-el-centro-de-practicas-1.pdf\u00a0\u00bb button_text=\u00a0\u00bbEbook 3: La estancia en el centro de pr\u00e1cticas\u00a0\u00bb _builder_version=\u00a0\u00bb4.21.0&Prime; _module_preset=\u00a0\u00bbdefault\u00a0\u00bb custom_button=\u00a0\u00bbon\u00a0\u00bb button_icon=\u00a0\u00bb&#xf101;||fa||900&Prime; animation_style=\u00a0\u00bbslide\u00a0\u00bb global_colors_info=\u00a0\u00bb{}\u00a0\u00bb][\/et_pb_button][\/et_pb_column][\/et_pb_row][et_pb_row column_structure=\u00a0\u00bb1_4,1_4,1_4,1_4&Prime; _builder_version=\u00a0\u00bb4.20.2&Prime; _module_preset=\u00a0\u00bbdefault\u00a0\u00bb global_colors_info=\u00a0\u00bb{}\u00a0\u00bb][et_pb_column type=\u00a0\u00bb1_4&Prime; _builder_version=\u00a0\u00bb4.20.2&Prime; _module_preset=\u00a0\u00bbdefault\u00a0\u00bb global_colors_info=\u00a0\u00bb{}\u00a0\u00bb][et_pb_blurb title=\u00a0\u00bbProducto 2: \u00a0\u00bb image=\u00a0\u00bbhttps:\/\/sites.uclouvain.be\/DCP_Tusele\/wp-content\/uploads\/2021\/06\/icon-service-2.png\u00a0\u00bb admin_label=\u00a0\u00bbService\u00a0\u00bb _builder_version=\u00a0\u00bb4.16&Prime; header_font=\u00a0\u00bbMontserrat|600|||||||\u00a0\u00bb header_text_align=\u00a0\u00bbcenter\u00a0\u00bb header_font_size=\u00a0\u00bb20px\u00a0\u00bb header_line_height=\u00a0\u00bb1.7em\u00a0\u00bb body_font=\u00a0\u00bbUbuntu||||||||\u00a0\u00bb body_text_align=\u00a0\u00bbcenter\u00a0\u00bb body_text_color=\u00a0\u00bbrgba(255,255,255,0.7)\u00a0\u00bb body_font_size=\u00a0\u00bb16px\u00a0\u00bb body_line_height=\u00a0\u00bb1.8em\u00a0\u00bb background_color=\u00a0\u00bb#3644AF\u00a0\u00bb background_layout=\u00a0\u00bbdark\u00a0\u00bb width=\u00a0\u00bb100%\u00a0\u00bb min_height=\u00a0\u00bb256px\u00a0\u00bb height=\u00a0\u00bb365px\u00a0\u00bb custom_margin=\u00a0\u00bb|-60px|254px|||\u00a0\u00bb custom_padding=\u00a0\u00bb60px|30px|0px|40px||\u00a0\u00bb animation_style=\u00a0\u00bbslide\u00a0\u00bb animation_direction=\u00a0\u00bbbottom\u00a0\u00bb animation_delay=\u00a0\u00bb100ms\u00a0\u00bb animation_intensity_slide=\u00a0\u00bb10%\u00a0\u00bb animation=\u00a0\u00bboff\u00a0\u00bb border_radii=\u00a0\u00bbon|5px|5px|5px|5px\u00a0\u00bb global_colors_info=\u00a0\u00bb{}\u00a0\u00bb]<\/p>\n<p><em>Fichas de trabajo<\/em><\/p>\n<p>[\/et_pb_blurb][\/et_pb_column][et_pb_column type=\u00a0\u00bb1_4&Prime; _builder_version=\u00a0\u00bb4.20.2&Prime; _module_preset=\u00a0\u00bbdefault\u00a0\u00bb global_colors_info=\u00a0\u00bb{}\u00a0\u00bb][et_pb_text _builder_version=\u00a0\u00bb4.20.4&Prime; _module_preset=\u00a0\u00bbdefault\u00a0\u00bb custom_margin=\u00a0\u00bb|-272px||60px||\u00a0\u00bb custom_padding=\u00a0\u00bb|0px||12px||\u00a0\u00bb global_colors_info=\u00a0\u00bb{}\u00a0\u00bb]<\/p>\n<h1><span style=\"color: #1b3466;\"><strong>Fichas rellenables<\/strong><\/span><\/h1>\n<p><span style=\"color: #1b3466;\"><strong>1. De apoyo:\u00a0<\/strong><\/span><span style=\"color: #1b3466;\"><strong><\/strong><\/span><span style=\"color: #1b3466;\"><strong><\/strong><\/span><\/p>\n<ul>\n<li style=\"list-style-type: none;\">\n<ul>\n<li><strong><a href=\"https:\/\/sites.uclouvain.be\/DCP_Tusele\/wp-content\/uploads\/2023\/04\/Ficha-1-Lista-de-cotejo-para-el-tutor-con-informacion-sobre-el-centro-de-practicas.pdf\" rel=\"attachment wp-att-18533\">Ficha 1 &#8211; Lista de cotejo para el tutor con informaci\u00f3n sobre el centro de pr\u00e1cticas<\/a><\/strong><\/li>\n<li><strong><span style=\"color: #2d67ef;\"><a href=\"https:\/\/sites.uclouvain.be\/DCP_Tusele\/wp-content\/uploads\/2023\/04\/Ficha-2-Orientaciones-para-realizar-una-visita-al-centro-de-practicas.pdf\" rel=\"attachment wp-att-18543\">Ficha 2 &#8211; Orientaciones para realizar una visita al centro de pr\u00e1cticas<\/a><\/span><\/strong><\/li>\n<li><strong><span style=\"color: #2d67ef;\"><a href=\"https:\/\/sites.uclouvain.be\/DCP_Tusele\/wp-content\/uploads\/2023\/04\/Ficha-3-\u2013-Lista-de-cotejo-para-ella-tutora-con-informacion-sobre-los-diferentes-grupos-de-clase.pdf\" rel=\"attachment wp-att-18553\">Ficha 3 \u2013 Lista de cotejo para el(la) tutor(a) con informaci\u00f3n sobre los diferentes grupos de clase<\/a><\/span><\/strong><span style=\"color: #1b3466;\"><strong><\/strong><\/span><\/li>\n<\/ul>\n<\/li>\n<\/ul>\n<p><span style=\"color: #1b3466;\"><strong>2. De observaci\u00f3n para Profesores en formaci\u00f3n (PF) :\u00a0<\/strong><\/span><\/p>\n<ul>\n<li style=\"list-style-type: none;\">\n<ul>\n<li><strong><a href=\"https:\/\/sites.uclouvain.be\/DCP_Tusele\/wp-content\/uploads\/2023\/04\/Ficha-1-Lista-de-cotejo-para-el-tutor-con-informacion-sobre-el-centro-de-practicas.pdf\" rel=\"attachment wp-att-18533\"><\/a><a href=\"https:\/\/sites.uclouvain.be\/DCP_Tusele\/wp-content\/uploads\/2023\/04\/Ficha-4-Primera-aproximacion-a-la-observacion-de-clases.pdf\" rel=\"attachment wp-att-18583\">Ficha 4 &#8211; Primera aproximaci\u00f3n a la observaci\u00f3n de clases<\/a><a href=\"https:\/\/sites.uclouvain.be\/DCP_Tusele\/wp-content\/uploads\/2023\/04\/Ficha-1-Lista-de-cotejo-para-el-tutor-con-informacion-sobre-el-centro-de-practicas.pdf\" rel=\"attachment wp-att-18533\"><\/a><\/strong><\/li>\n<li><strong><a href=\"https:\/\/sites.uclouvain.be\/DCP_Tusele\/wp-content\/uploads\/2023\/04\/Ficha-5-\u2013-Familiarizarse-con-un-grupo-clase.pdf\" rel=\"attachment wp-att-18593\">Ficha 5 \u2013 Familiarizarse con un grupo clase<\/a><\/strong><\/li>\n<li><strong><a href=\"https:\/\/sites.uclouvain.be\/DCP_Tusele\/wp-content\/uploads\/2023\/04\/Ficha-6-\u2013-Rol-della-profesora-y-della-alumnoa.pdf\" rel=\"attachment wp-att-18603\">Ficha 6 \u2013 Rol del(la) profesor(a) y del(la) alumno(a)<\/a><\/strong><\/li>\n<li><strong><a href=\"https:\/\/sites.uclouvain.be\/DCP_Tusele\/wp-content\/uploads\/2023\/04\/Ficha-7-\u2013-Destrezas-linguisticas.pdf\" rel=\"attachment wp-att-18613\">Ficha 7 \u2013 Destrezas ling\u00fc\u00edsticas<\/a><\/strong><\/li>\n<li><strong><a href=\"https:\/\/sites.uclouvain.be\/DCP_Tusele\/wp-content\/uploads\/2023\/04\/Ficha-8-\u2013-Dinamica-de-grupo.pdf\" rel=\"attachment wp-att-18623\">Ficha 8 \u2013 Din\u00e1mica de grupo<\/a><\/strong><\/li>\n<li><strong><a href=\"https:\/\/sites.uclouvain.be\/DCP_Tusele\/wp-content\/uploads\/2023\/04\/Ficha-9-\u2013-Tiempo-de-habla-profesora-y-alumnosas.pdf\" rel=\"attachment wp-att-18633\">Ficha 9 \u2013 Tiempo de habla profesor(a) y alumnos(as)<\/a><\/strong><\/li>\n<li><strong><a href=\"https:\/\/sites.uclouvain.be\/DCP_Tusele\/wp-content\/uploads\/2023\/04\/Ficha-10-\u2013-Instrucciones-della-profesora_1.pdf\" rel=\"attachment wp-att-18643\">Ficha 10 \u2013 Instrucciones del(la) profesor(a)_1<\/a><\/strong><\/li>\n<li><strong><a href=\"https:\/\/sites.uclouvain.be\/DCP_Tusele\/wp-content\/uploads\/2023\/04\/Ficha-11-\u2013-Instrucciones-della-profesora_2.pdf\" rel=\"attachment wp-att-18653\">Ficha 11 \u2013 Instrucciones del(la) profesor(a)_2<\/a><\/strong><\/li>\n<li><strong><a href=\"https:\/\/sites.uclouvain.be\/DCP_Tusele\/wp-content\/uploads\/2023\/04\/Ficha-12-\u2013-Atencion-della-profesora-a-loslas-alumnosas.pdf\" rel=\"attachment wp-att-18663\">Ficha 12 \u2013 Atenci\u00f3n del(la) profesor(a) a los(las) alumnos(as)<\/a><\/strong><\/li>\n<li><strong><a href=\"https:\/\/sites.uclouvain.be\/DCP_Tusele\/wp-content\/uploads\/2023\/04\/Ficha-13-\u2013-Feedback-della-profesora-al-grupo-clase.pdf\" rel=\"attachment wp-att-18683\">Ficha 13 \u2013 Feedback del(la) profesor(a) al grupo clase<\/a><\/strong><\/li>\n<li><strong><a href=\"https:\/\/sites.uclouvain.be\/DCP_Tusele\/wp-content\/uploads\/2023\/04\/Ficha-14-\u2013-Feedback-della-profesora-a-losas-alumnosas-individuales.pdf\" rel=\"attachment wp-att-18693\">Ficha 14 \u2013 Feedback del(la) profesor(a) a los(as) alumnos(as) individuales<\/a><\/strong><\/li>\n<\/ul>\n<\/li>\n<\/ul>\n<p><span style=\"color: #1b3466;\"><strong>3. De observaci\u00f3n para tutores de pr\u00e1cticas (TP):<\/strong><\/span><\/p>\n<ul>\n<li style=\"list-style-type: none;\">\n<ul><\/ul>\n<\/li>\n<\/ul>\n<ul>\n<li style=\"list-style-type: none;\">\n<ul>\n<li style=\"font-weight: 400;\" aria-level=\"2\"><strong><a href=\"https:\/\/sites.uclouvain.be\/DCP_Tusele\/wp-content\/uploads\/2023\/04\/Ficha-15-\u2013-Primera-observacion-de-clase-della-PF.pdf\" rel=\"attachment wp-att-18703\">Ficha 15 \u2013 Primera observaci\u00f3n de clase del(la) PF<\/a><\/strong><\/li>\n<li style=\"font-weight: 400;\" aria-level=\"2\"><strong><a href=\"https:\/\/sites.uclouvain.be\/DCP_Tusele\/wp-content\/uploads\/2023\/04\/Ficha-16-\u2013-Fases-de-la-clase-o-secuencia.pdf\" rel=\"attachment wp-att-18713\">Ficha 16 \u2013 Fases de la clase o secuencia<\/a><\/strong><\/li>\n<li style=\"font-weight: 400;\" aria-level=\"2\"><strong><a href=\"https:\/\/sites.uclouvain.be\/DCP_Tusele\/wp-content\/uploads\/2023\/04\/Ficha-17-\u2013-Atencion-a-las-caracteristicas-de-losas-alumnosas.pdf\" rel=\"attachment wp-att-18723\">Ficha 17 \u2013 Atenci\u00f3n a las caracter\u00edsticas de los(as) alumnos(as)<\/a><\/strong><\/li>\n<li style=\"font-weight: 400;\" aria-level=\"2\"><strong><a href=\"https:\/\/sites.uclouvain.be\/DCP_Tusele\/wp-content\/uploads\/2023\/04\/Ficha-18-\u2013-Relacion-entre-objetivos-y-actividades.pdf\" rel=\"attachment wp-att-18733\">Ficha 18 \u2013 Relaci\u00f3n entre objetivos y actividades<\/a><\/strong><\/li>\n<li style=\"font-weight: 400;\" aria-level=\"2\"><strong><a href=\"https:\/\/sites.uclouvain.be\/DCP_Tusele\/wp-content\/uploads\/2023\/04\/Ficha-19-\u2013-Dinamicas-de-grupo-y-su-adecuacion.pdf\" rel=\"attachment wp-att-18743\">Ficha 19 \u2013 Din\u00e1micas de grupo y su adecuaci\u00f3n<\/a><\/strong><\/li>\n<li style=\"font-weight: 400;\" aria-level=\"2\"><strong><a href=\"https:\/\/sites.uclouvain.be\/DCP_Tusele\/wp-content\/uploads\/2023\/04\/Ficha-20-\u2013-Interaccion-en-el-aula.pdf\" rel=\"attachment wp-att-18753\">Ficha 20 \u2013 Interacci\u00f3n en el aula<\/a><\/strong><\/li>\n<li style=\"font-weight: 400;\" aria-level=\"2\"><strong><a href=\"https:\/\/sites.uclouvain.be\/DCP_Tusele\/wp-content\/uploads\/2023\/04\/Ficha-21-\u2013-Integracion-de-destrezas.pdf\" rel=\"attachment wp-att-18763\">Ficha 21 \u2013 Integraci\u00f3n de destrezas<\/a><\/strong><\/li>\n<li style=\"font-weight: 400;\" aria-level=\"2\"><strong><a href=\"https:\/\/sites.uclouvain.be\/DCP_Tusele\/wp-content\/uploads\/2023\/04\/Ficha-22-\u2013-Adecuacion-de-las-instrucciones-della-profesora.pdf\" rel=\"attachment wp-att-18773\">Ficha 22 \u2013 Adecuaci\u00f3n de las instrucciones del(la) profesor(a)<\/a><\/strong><\/li>\n<li style=\"font-weight: 400;\" aria-level=\"2\"><strong><a href=\"https:\/\/sites.uclouvain.be\/DCP_Tusele\/wp-content\/uploads\/2023\/04\/Ficha-23\u2013-Gestion-del-tiempo-de-habla.pdf\" rel=\"attachment wp-att-18783\">Ficha 23\u2013 Gesti\u00f3n del tiempo de habla<\/a><\/strong><\/li>\n<li style=\"font-weight: 400;\" aria-level=\"2\"><strong><a href=\"https:\/\/sites.uclouvain.be\/DCP_Tusele\/wp-content\/uploads\/2023\/04\/Ficha-24-\u2013-Gestion-del-espacio.pdf\" rel=\"attachment wp-att-18793\">Ficha 24 \u2013 Gesti\u00f3n del espacio<\/a><\/strong><\/li>\n<\/ul>\n<\/li>\n<\/ul>\n<ol><\/ol>\n<ul>\n<li style=\"list-style-type: none;\">\n<ul><\/ul>\n<\/li>\n<\/ul>\n<p>[\/et_pb_text][\/et_pb_column][et_pb_column type=\u00a0\u00bb1_4&Prime; _builder_version=\u00a0\u00bb4.20.2&Prime; _module_preset=\u00a0\u00bbdefault\u00a0\u00bb global_colors_info=\u00a0\u00bb{}\u00a0\u00bb][\/et_pb_column][et_pb_column type=\u00a0\u00bb1_4&Prime; _builder_version=\u00a0\u00bb4.20.4&Prime; _module_preset=\u00a0\u00bbdefault\u00a0\u00bb global_colors_info=\u00a0\u00bb{}\u00a0\u00bb][et_pb_text _builder_version=\u00a0\u00bb4.22.2&Prime; _module_preset=\u00a0\u00bbdefault\u00a0\u00bb width=\u00a0\u00bb181.1%\u00a0\u00bb custom_margin=\u00a0\u00bb|-195px||||\u00a0\u00bb custom_padding=\u00a0\u00bb|0px||||\u00a0\u00bb locked=\u00a0\u00bboff\u00a0\u00bb global_colors_info=\u00a0\u00bb{}\u00a0\u00bb]<\/p>\n<h1><span style=\"color: #1b3466;\"><strong>Fichas descargables<\/strong><\/span><\/h1>\n<p><span style=\"color: #1b3466;\"><strong>1. De apoyo:\u00a0<\/strong><\/span><span style=\"color: #1b3466;\"><strong><\/strong><\/span><span style=\"color: #1b3466;\"><strong><\/strong><\/span><\/p>\n<ul>\n<li style=\"list-style-type: none;\">\n<ul>\n<li><strong><a href=\"https:\/\/sites.uclouvain.be\/DCP_Tusele\/wp-content\/uploads\/2023\/04\/Ficha-1-Lista-de-cotejo-para-el-tutor-con-informacion-sobre-el-centro-de-practicas-1.pdf\" rel=\"attachment wp-att-18833\">Ficha 1 &#8211; Lista de cotejo para el tutor con informaci\u00f3n sobre el centro de pr\u00e1cticas-1<\/a><a href=\"https:\/\/sites.uclouvain.be\/DCP_Tusele\/wp-content\/uploads\/2023\/04\/Ficha-1-Lista-de-cotejo-para-el-tutor-con-informacion-sobre-el-centro-de-practicas-1.pdf\" rel=\"attachment wp-att-18833\"><\/a><\/strong><\/li>\n<li><strong><a href=\"https:\/\/sites.uclouvain.be\/DCP_Tusele\/wp-content\/uploads\/2023\/04\/Ficha-2-Orientaciones-para-realizar-una-visita-al-centro-de-practicas-1.pdf\" rel=\"attachment wp-att-18843\">Ficha 2 &#8211; Orientaciones para realizar una visita al centro de pr\u00e1cticas-1<\/a><\/strong><\/li>\n<li><strong><a href=\"https:\/\/sites.uclouvain.be\/DCP_Tusele\/wp-content\/uploads\/2023\/04\/Ficha-3-\u2013-Lista-de-cotejo-para-ella-tutora-con-informacion-sobre-los-diferentes-grupos-de-clase-1.pdf\" rel=\"attachment wp-att-18853\">Ficha 3 \u2013 Lista de cotejo para el(la) tutor(a) con informaci\u00f3n sobre los diferentes grupos de clase-1<\/a><\/strong><\/li>\n<\/ul>\n<\/li>\n<\/ul>\n<p><span style=\"color: #1b3466;\"><strong>2. De observaci\u00f3n para Profesores en formaci\u00f3n (PF) :\u00a0<\/strong><\/span><\/p>\n<ul>\n<li style=\"list-style-type: none;\">\n<ul>\n<li><strong><a href=\"https:\/\/sites.uclouvain.be\/DCP_Tusele\/wp-content\/uploads\/2023\/04\/Ficha-4-Primera-aproximacion-a-la-observacion-de-clases-1.pdf\" rel=\"attachment wp-att-18883\">Ficha 4 &#8211; Primera aproximaci\u00f3n a la observaci\u00f3n de clases-1<\/a><\/strong><\/li>\n<li><strong><a href=\"https:\/\/sites.uclouvain.be\/DCP_Tusele\/wp-content\/uploads\/2023\/04\/Ficha-5-\u2013-Familiarizarse-con-un-grupo-clase-1.pdf\" rel=\"attachment wp-att-18893\">Ficha 5 \u2013 Familiarizarse con un grupo clase-1<\/a><\/strong><\/li>\n<li><strong><a href=\"https:\/\/sites.uclouvain.be\/DCP_Tusele\/wp-content\/uploads\/2023\/04\/Ficha-6-\u2013-Rol-della-profesora-y-della-alumnoa-1.pdf\" rel=\"attachment wp-att-18903\">Ficha 6 \u2013 Rol del(la) profesor(a) y del(la) alumno(a)-1<\/a><\/strong><\/li>\n<li><strong><a href=\"https:\/\/sites.uclouvain.be\/DCP_Tusele\/wp-content\/uploads\/2023\/04\/Ficha-7-\u2013-Destrezas-linguisticas-1-1.pdf\" rel=\"attachment wp-att-18923\">Ficha 7 \u2013 Destrezas ling\u00fc\u00edsticas-1<\/a><\/strong><\/li>\n<li><strong><a href=\"https:\/\/sites.uclouvain.be\/DCP_Tusele\/wp-content\/uploads\/2023\/04\/Ficha-8-\u2013-Dinamica-de-grupo-1.pdf\" rel=\"attachment wp-att-18933\">Ficha 8 \u2013 Din\u00e1mica de grupo-1<\/a><\/strong><\/li>\n<li><strong><a href=\"https:\/\/sites.uclouvain.be\/DCP_Tusele\/wp-content\/uploads\/2023\/04\/Ficha-9-\u2013-Tiempo-de-habla-profesora-y-alumnosas-1.pdf\" rel=\"attachment wp-att-18943\">Ficha 9 \u2013 Tiempo de habla profesor(a) y alumnos(as)-1<\/a><\/strong><\/li>\n<li><strong><a href=\"https:\/\/sites.uclouvain.be\/DCP_Tusele\/wp-content\/uploads\/2023\/04\/Ficha-10-\u2013-Instrucciones-della-profesora_1-1.pdf\" rel=\"attachment wp-att-18953\">Ficha 10 \u2013 Instrucciones del(la) profesor(a)_1-1<\/a><\/strong><\/li>\n<li><strong><a href=\"https:\/\/sites.uclouvain.be\/DCP_Tusele\/wp-content\/uploads\/2023\/04\/Ficha-11-\u2013-Instrucciones-della-profesora_2-1.pdf\" rel=\"attachment wp-att-18963\">Ficha 11 \u2013 Instrucciones del(la) profesor(a)_2-1<\/a><\/strong><\/li>\n<li><strong><a href=\"https:\/\/sites.uclouvain.be\/DCP_Tusele\/wp-content\/uploads\/2023\/04\/Ficha-12-\u2013-Atencion-della-profesora-a-loslas-alumnosas-1.pdf\" rel=\"attachment wp-att-18983\">Ficha 12 \u2013 Atenci\u00f3n del(la) profesor(a) a los(las) alumnos(as)-1<\/a><\/strong><\/li>\n<li><strong><a href=\"https:\/\/sites.uclouvain.be\/DCP_Tusele\/wp-content\/uploads\/2023\/04\/Ficha-13-\u2013-Feedback-della-profesora-al-grupo-clase-1.pdf\" rel=\"attachment wp-att-18993\">Ficha 13 \u2013 Feedback del(la) profesor(a) al grupo clase-1<\/a><\/strong><\/li>\n<li><strong><a href=\"https:\/\/sites.uclouvain.be\/DCP_Tusele\/wp-content\/uploads\/2023\/04\/Ficha-14-\u2013-Feedback-della-profesora-a-losas-alumnosas-individuales-1.pdf\" rel=\"attachment wp-att-19003\">Ficha 14 \u2013 Feedback del(la) profesor(a) a los(as) alumnos(as) individuales-1<\/a><\/strong><\/li>\n<\/ul>\n<\/li>\n<\/ul>\n<p><span style=\"color: #1b3466;\"><strong>3. De observaci\u00f3n para tutores de pr\u00e1cticas (TP):<\/strong><\/span><\/p>\n<ul>\n<li style=\"list-style-type: none;\">\n<ul><\/ul>\n<\/li>\n<\/ul>\n<ul>\n<li style=\"list-style-type: none;\">\n<ul>\n<li style=\"font-weight: 400;\" aria-level=\"2\"><strong><a href=\"https:\/\/sites.uclouvain.be\/DCP_Tusele\/wp-content\/uploads\/2023\/04\/Ficha-15-\u2013-Primera-observacion-de-clase-della-PF-1.pdf\" rel=\"attachment wp-att-19043\">Ficha 15 \u2013 Primera observaci\u00f3n de clase del(la) PF-1<\/a><\/strong><\/li>\n<li style=\"font-weight: 400;\" aria-level=\"2\"><strong><a href=\"https:\/\/sites.uclouvain.be\/DCP_Tusele\/wp-content\/uploads\/2023\/04\/Ficha-16-\u2013-Fases-de-la-clase-o-secuencia-1.pdf\" rel=\"attachment wp-att-19053\">Ficha 16 \u2013 Fases de la clase o secuencia-1<\/a><\/strong><\/li>\n<li style=\"font-weight: 400;\" aria-level=\"2\"><strong><a href=\"https:\/\/sites.uclouvain.be\/DCP_Tusele\/wp-content\/uploads\/2023\/04\/Ficha-17-\u2013-Atencion-a-las-caracteristicas-de-losas-alumnosas-1.pdf\" rel=\"attachment wp-att-19063\">Ficha 17 \u2013 Atenci\u00f3n a las caracter\u00edsticas de los(as) alumnos(as)-1<\/a><\/strong><\/li>\n<li style=\"font-weight: 400;\" aria-level=\"2\"><strong><a href=\"https:\/\/sites.uclouvain.be\/DCP_Tusele\/wp-content\/uploads\/2023\/04\/Ficha-18-\u2013-Relacion-entre-objetivos-y-actividades-1.pdf\" rel=\"attachment wp-att-19073\">Ficha 18 \u2013 Relaci\u00f3n entre objetivos y actividades-1<\/a><\/strong><\/li>\n<li style=\"font-weight: 400;\" aria-level=\"2\"><strong><a href=\"https:\/\/sites.uclouvain.be\/DCP_Tusele\/wp-content\/uploads\/2023\/04\/Ficha-19-\u2013-Dinamicas-de-grupo-y-su-adecuacion-1.pdf\" rel=\"attachment wp-att-19083\">Ficha 19 \u2013 Din\u00e1micas de grupo y su adecuaci\u00f3n-1<\/a><\/strong><\/li>\n<li style=\"font-weight: 400;\" aria-level=\"2\"><strong><a href=\"https:\/\/sites.uclouvain.be\/DCP_Tusele\/wp-content\/uploads\/2023\/10\/Ficha-20-\u2013-Interaccion-en-el-aula-1.pdf\" rel=\"attachment wp-att-21693\">Ficha-20 \u2013 Interaccion-en-el-aula-1<\/a><\/strong><\/li>\n<li style=\"font-weight: 400;\" aria-level=\"2\"><strong><a href=\"https:\/\/sites.uclouvain.be\/DCP_Tusele\/wp-content\/uploads\/2023\/04\/Ficha-21-\u2013-Integracion-de-destrezas-1.pdf\" rel=\"attachment wp-att-19103\">Ficha 21 \u2013 Integraci\u00f3n de destrezas-1<\/a><\/strong><\/li>\n<li style=\"font-weight: 400;\" aria-level=\"2\"><strong><a href=\"https:\/\/sites.uclouvain.be\/DCP_Tusele\/wp-content\/uploads\/2023\/04\/Ficha-22-\u2013-Adecuacion-de-las-instrucciones-della-profesora-1.pdf\" rel=\"attachment wp-att-19133\">Ficha 22 \u2013 Adecuaci\u00f3n de las instrucciones del(la) profesor(a)-1<\/a><\/strong><\/li>\n<li style=\"font-weight: 400;\" aria-level=\"2\"><strong><a href=\"https:\/\/sites.uclouvain.be\/DCP_Tusele\/wp-content\/uploads\/2023\/04\/Ficha-23\u2013-Gestion-del-tiempo-de-habla-1.pdf\" rel=\"attachment wp-att-19143\">Ficha 23\u2013 Gesti\u00f3n del tiempo de habla-1<\/a><\/strong><\/li>\n<li style=\"font-weight: 400;\" aria-level=\"2\"><strong><a href=\"https:\/\/sites.uclouvain.be\/DCP_Tusele\/wp-content\/uploads\/2023\/04\/Ficha-24-\u2013-Gestion-del-espacio-1.pdf\" rel=\"attachment wp-att-19153\">Ficha 24 \u2013 Gesti\u00f3n del espacio-1<\/a><\/strong><\/li>\n<\/ul>\n<\/li>\n<\/ul>\n<ol><\/ol>\n<ul>\n<li style=\"list-style-type: none;\">\n<ul><\/ul>\n<\/li>\n<\/ul>\n<p>[\/et_pb_text][\/et_pb_column][\/et_pb_row][et_pb_row column_structure=\u00a0\u00bb2_5,3_5&Prime; _builder_version=\u00a0\u00bb4.21.0&Prime; _module_preset=\u00a0\u00bbdefault\u00a0\u00bb global_colors_info=\u00a0\u00bb{}\u00a0\u00bb][et_pb_column type=\u00a0\u00bb2_5&Prime; _builder_version=\u00a0\u00bb4.21.0&Prime; _module_preset=\u00a0\u00bbdefault\u00a0\u00bb global_colors_info=\u00a0\u00bb{}\u00a0\u00bb][et_pb_blurb title=\u00a0\u00bb Producto 3: \u00a0\u00bb image=\u00a0\u00bbhttps:\/\/sites.uclouvain.be\/DCP_Tusele\/wp-content\/uploads\/2021\/06\/icon-service-3.png\u00a0\u00bb admin_label=\u00a0\u00bbService\u00a0\u00bb _builder_version=\u00a0\u00bb4.16&Prime; header_font=\u00a0\u00bbMontserrat|600|||||||\u00a0\u00bb header_text_align=\u00a0\u00bbcenter\u00a0\u00bb header_font_size=\u00a0\u00bb20px\u00a0\u00bb header_line_height=\u00a0\u00bb1.7em\u00a0\u00bb body_font=\u00a0\u00bbUbuntu||||||||\u00a0\u00bb body_text_align=\u00a0\u00bbcenter\u00a0\u00bb body_text_color=\u00a0\u00bbrgba(255,255,255,0.7)\u00a0\u00bb body_font_size=\u00a0\u00bb16px\u00a0\u00bb body_line_height=\u00a0\u00bb1.8em\u00a0\u00bb background_color=\u00a0\u00bb #2A3443&Prime; background_layout=\u00a0\u00bbdark\u00a0\u00bb width=\u00a0\u00bb81.5%\u00a0\u00bb min_height=\u00a0\u00bb238px\u00a0\u00bb height=\u00a0\u00bb365px\u00a0\u00bb custom_margin=\u00a0\u00bb|96px||||\u00a0\u00bb custom_padding=\u00a0\u00bb60px|89px|60px|40px||\u00a0\u00bb animation_style=\u00a0\u00bbslide\u00a0\u00bb animation_direction=\u00a0\u00bbbottom\u00a0\u00bb animation_delay=\u00a0\u00bb200ms\u00a0\u00bb animation_intensity_slide=\u00a0\u00bb10%\u00a0\u00bb animation=\u00a0\u00bboff\u00a0\u00bb border_radii=\u00a0\u00bbon|5px|5px|5px|5px\u00a0\u00bb global_colors_info=\u00a0\u00bb{}\u00a0\u00bb]<\/p>\n<p>Videotutorial<\/p>\n<p>&nbsp;<\/p>\n<p>[\/et_pb_blurb][\/et_pb_column][et_pb_column type=\u00a0\u00bb3_5&Prime; _builder_version=\u00a0\u00bb4.21.0&Prime; _module_preset=\u00a0\u00bbdefault\u00a0\u00bb global_colors_info=\u00a0\u00bb{}\u00a0\u00bb][et_pb_video src=\u00a0\u00bbhttps:\/\/www.youtube.com\/watch?v=V65GILKG7wQ\u00a0\u00bb _builder_version=\u00a0\u00bb4.21.0&Prime; _module_preset=\u00a0\u00bbdefault\u00a0\u00bb width=\u00a0\u00bb100%\u00a0\u00bb custom_margin=\u00a0\u00bb|-506px||-66px||\u00a0\u00bb global_colors_info=\u00a0\u00bb{}\u00a0\u00bb][\/et_pb_video][\/et_pb_column][\/et_pb_row][\/et_pb_section]<\/p>\n","protected":false},"excerpt":{"rendered":"<p>Output 3 Estancia en el centro de pr\u00e1cticasDescripci\u00f3n Cuadernos de fichas, gu\u00edas y plantillas de trabajo para tutorizaci\u00f3n de los profesores en formaci\u00f3n en el\u00a0 centro de pr\u00e1cticas. Resultados : E-book con informaci\u00f3n sobre planificaci\u00f3n de clases, observaci\u00f3n y retroalimentaci\u00f3n. Fichas de recogida de informaci\u00f3n para tutores y profesores en formaci\u00f3n. Fichas de observaci\u00f3n para [&hellip;]<\/p>\n","protected":false},"author":13,"featured_media":0,"parent":0,"menu_order":0,"comment_status":"closed","ping_status":"closed","template":"","meta":{"_et_pb_use_builder":"on","_et_pb_old_content":"<!-- wp:divi\/placeholder \/-->","_et_gb_content_width":"","_uf_show_specific_survey":0,"_uf_disable_surveys":false,"footnotes":""},"class_list":["post-2673","page","type-page","status-publish","hentry"],"_links":{"self":[{"href":"https:\/\/sites.uclouvain.be\/DCP_Tusele\/wp-json\/wp\/v2\/pages\/2673","targetHints":{"allow":["GET"]}}],"collection":[{"href":"https:\/\/sites.uclouvain.be\/DCP_Tusele\/wp-json\/wp\/v2\/pages"}],"about":[{"href":"https:\/\/sites.uclouvain.be\/DCP_Tusele\/wp-json\/wp\/v2\/types\/page"}],"author":[{"embeddable":true,"href":"https:\/\/sites.uclouvain.be\/DCP_Tusele\/wp-json\/wp\/v2\/users\/13"}],"replies":[{"embeddable":true,"href":"https:\/\/sites.uclouvain.be\/DCP_Tusele\/wp-json\/wp\/v2\/comments?post=2673"}],"version-history":[{"count":10,"href":"https:\/\/sites.uclouvain.be\/DCP_Tusele\/wp-json\/wp\/v2\/pages\/2673\/revisions"}],"predecessor-version":[{"id":21697,"href":"https:\/\/sites.uclouvain.be\/DCP_Tusele\/wp-json\/wp\/v2\/pages\/2673\/revisions\/21697"}],"wp:attachment":[{"href":"https:\/\/sites.uclouvain.be\/DCP_Tusele\/wp-json\/wp\/v2\/media?parent=2673"}],"curies":[{"name":"wp","href":"https:\/\/api.w.org\/{rel}","templated":true}]}}